{"id":82519,"date":"2026-09-04T09:00:39","date_gmt":"2026-09-04T07:00:39","guid":{"rendered":"https:\/\/escenanorte.com\/?post_type=tribe_events&#038;p=82519"},"modified":"2026-09-01T20:11:40","modified_gmt":"2026-09-01T18:11:40","slug":"non-pasaran-artika-cia-galicia-2","status":"publish","type":"tribe_events","link":"https:\/\/escenanorte.com\/gl\/evento\/non-pasaran-artika-cia-galicia-2\/","title":{"rendered":"Non pasar\u00e1n |  \u00c1rtika C\u00eda, Galicia"},"content":{"rendered":"<h5 class=\"wp-block-heading\"><strong>Tipo: Teatro<\/strong><\/h5>\n<ul class=\"wp-block-list\">\n<li class=\"has-small-font-size\"><strong>P\u00fablico: Adolescente + Adulto<\/strong><\/li>\n<li class=\"has-small-font-size\"><strong>Duraci\u00f3n: 75\u2019<\/strong><\/li>\n<li class=\"has-small-font-size\"><strong>Idioma: Castellano \u2013 Gallego<\/strong><\/li>\n<li class=\"has-small-font-size\"><strong>Estreno: 23 de noviembre del 2024. Sala \u00c1rtika, Vigo (Pontevedra) Galicia<\/strong><\/li>\n<\/ul>\n<p class=\"wp-block-paragraph\"><strong>\u2018Non pasar\u00e1n\u2019 se desarrolla en un pa\u00eds\/lugar sacudido por una ola de incendios provocados por una organizaci\u00f3n desconocida. El lema de la ciudadan\u00eda es claro: \u201cNo pasar\u00e1n\u201d, una llamada a no permitir la entrada en los hogares de extra\u00f1os, que podr\u00edan poner en peligro su integridad y a la comunidad.<br \/>\nCon todo, C\u00e1ndido y su hija Ana acogen a una misteriosa pareja en su casa, lo que desencadena una serie de sucesos que transforman su vida cotidiana. Incapaces de defender sus propios principios, los personajes se ven atrapados en una espiral de renuncias y comportamientos que los llevar\u00e1 a la destrucci\u00f3n, convirti\u00e9ndose finalmente en c\u00f3mplices incendiarios de su propio hogar.<\/strong><\/p>\n<p class=\"wp-block-paragraph\">Nuestra ambici\u00f3n es integrar el teatro como una parte esencial y enriquecedora de la vida cotidiana.<br \/>\nEn <strong>\u00c1rtika C\u00eda.<\/strong> trabajamos para acercar las artes esc\u00e9nicas a todos los p\u00fablicos, fomentando el aprendizaje, la reflexi\u00f3n y el compromiso sociocultural a trav\u00e9s de propuestas de calidad.<\/p>\n<div class=\"epyt-video-wrapper\"><iframe loading=\"lazy\"  id=\"_ytid_30906\"  width=\"800\" height=\"450\"  data-origwidth=\"800\" data-origheight=\"450\"  data-relstop=\"1\" src=\"https:\/\/www.youtube-nocookie.com\/embed\/e58SqFCG2sc?enablejsapi=1&#038;origin=https:\/\/escenanorte.com&#038;autoplay=0&#038;cc_load_policy=1&#038;cc_lang_pref=es&#038;iv_load_policy=1&#038;loop=0&#038;rel=0&#038;fs=1&#038;playsinline=0&#038;autohide=2&#038;hl=gl_ES&#038;theme=dark&#038;color=red&#038;controls=1&#038;disablekb=0&#038;\" class=\"__youtube_prefs__  epyt-is-override  no-lazyload\" title=\"YouTube player\"  allow=\"fullscreen; accelerometer; autoplay; clipboard-write; encrypted-media; gyroscope; picture-in-picture; web-share\" referrerpolicy=\"strict-origin-when-cross-origin\" allowfullscreen data-no-lazy=\"1\" data-skipgform_ajax_framebjll=\"\"><\/iframe><\/div>\n","protected":false},"excerpt":{"rendered":"<p>Tipo: Teatro P\u00fablico: Adolescente + Adulto Duraci\u00f3n: 75\u2019 Idioma: Castellano \u2013 Gallego Estreno: 23 de noviembre del 2024. Sala \u00c1rtika, Vigo (Pontevedra) Galicia \u2018Non pasar\u00e1n\u2019 se desarrolla en un pa\u00eds\/lugar [&hellip;]<\/p>\n","protected":false},"author":1,"featured_media":81740,"template":"","meta":{"_tribe_events_status":"","_tribe_events_status_reason":"","footnotes":""},"tags":[],"tribe_events_cat":[395],"class_list":["post-82519","tribe_events","type-tribe_events","status-publish","has-post-thumbnail","hentry","tribe_events_cat-constelacions-cantabria","cat_constelacions-cantabria"],"yoast_head":"<!-- This site is optimized with the Yoast SEO plugin v28.4 - https:\/\/yoast.com\/product\/yoast-seo-wordpress\/ -->\n<title>Non pasar\u00e1n | \u00c1rtika C\u00eda, Galicia - Camino Escena Norte<\/title>\n<meta name=\"robots\" content=\"index, follow, max-snippet:-1, max-image-preview:large, max-video-preview:-1\" \/>\n<link rel=\"canonical\" href=\"https:\/\/escenanorte.com\/gl\/evento\/non-pasaran-artika-cia-galicia-2\/\" \/>\n<meta property=\"og:locale\" content=\"gl_ES\" \/>\n<meta property=\"og:type\" content=\"article\" \/>\n<meta property=\"og:title\" content=\"Non pasar\u00e1n | \u00c1rtika C\u00eda, Galicia - Camino Escena Norte\" \/>\n<meta property=\"og:description\" content=\"Tipo: Teatro P\u00fablico: Adolescente + Adulto Duraci\u00f3n: 75\u2019 Idioma: Castellano \u2013 Gallego Estreno: 23 de noviembre del 2024. Sala \u00c1rtika, Vigo (Pontevedra) Galicia \u2018Non pasar\u00e1n\u2019 se desarrolla en un pa\u00eds\/lugar [&hellip;]\" \/>\n<meta property=\"og:url\" content=\"https:\/\/escenanorte.com\/gl\/evento\/non-pasaran-artika-cia-galicia-2\/\" \/>\n<meta property=\"og:site_name\" content=\"Camino Escena Norte\" \/>\n<meta property=\"article:publisher\" content=\"https:\/\/www.facebook.com\/escenanorte\" \/>\n<meta property=\"og:image\" content=\"https:\/\/escenanorte.com\/wp-content\/uploads\/2026\/06\/1-No-Pasaran_A9A3891\u00a9-Vanessa-Rabade_-1024x682.jpg\" \/>\n\t<meta property=\"og:image:width\" content=\"1024\" \/>\n\t<meta property=\"og:image:height\" content=\"682\" \/>\n\t<meta property=\"og:image:type\" content=\"image\/jpeg\" \/>\n<meta name=\"twitter:card\" content=\"summary_large_image\" \/>\n<meta name=\"twitter:label1\" content=\"Tempo de lectura\" \/>\n\t<meta name=\"twitter:data1\" content=\"1 minuto\" \/>\n<script type=\"application\/ld+json\" class=\"yoast-schema-graph\">{\"@context\":\"https:\\\/\\\/schema.org\",\"@graph\":[{\"@type\":\"WebPage\",\"@id\":\"https:\\\/\\\/escenanorte.com\\\/gl\\\/evento\\\/non-pasaran-artika-cia-galicia-2\\\/\",\"url\":\"https:\\\/\\\/escenanorte.com\\\/gl\\\/evento\\\/non-pasaran-artika-cia-galicia-2\\\/\",\"name\":\"Non pasar\u00e1n | \u00c1rtika C\u00eda, Galicia - Camino Escena Norte\",\"isPartOf\":{\"@id\":\"https:\\\/\\\/escenanorte.com\\\/gl\\\/#website\"},\"primaryImageOfPage\":{\"@id\":\"https:\\\/\\\/escenanorte.com\\\/gl\\\/evento\\\/non-pasaran-artika-cia-galicia-2\\\/#primaryimage\"},\"image\":{\"@id\":\"https:\\\/\\\/escenanorte.com\\\/gl\\\/evento\\\/non-pasaran-artika-cia-galicia-2\\\/#primaryimage\"},\"thumbnailUrl\":\"https:\\\/\\\/escenanorte.com\\\/wp-content\\\/uploads\\\/2026\\\/06\\\/1-No-Pasaran_A9A3891\u00a9-Vanessa-Rabade_.jpg\",\"datePublished\":\"2026-09-04T07:00:39+00:00\",\"breadcrumb\":{\"@id\":\"https:\\\/\\\/escenanorte.com\\\/gl\\\/evento\\\/non-pasaran-artika-cia-galicia-2\\\/#breadcrumb\"},\"inLanguage\":\"gl-ES\",\"potentialAction\":[{\"@type\":\"ReadAction\",\"target\":[\"https:\\\/\\\/escenanorte.com\\\/gl\\\/evento\\\/non-pasaran-artika-cia-galicia-2\\\/\"]}]},{\"@type\":\"ImageObject\",\"inLanguage\":\"gl-ES\",\"@id\":\"https:\\\/\\\/escenanorte.com\\\/gl\\\/evento\\\/non-pasaran-artika-cia-galicia-2\\\/#primaryimage\",\"url\":\"https:\\\/\\\/escenanorte.com\\\/wp-content\\\/uploads\\\/2026\\\/06\\\/1-No-Pasaran_A9A3891\u00a9-Vanessa-Rabade_.jpg\",\"contentUrl\":\"https:\\\/\\\/escenanorte.com\\\/wp-content\\\/uploads\\\/2026\\\/06\\\/1-No-Pasaran_A9A3891\u00a9-Vanessa-Rabade_.jpg\",\"width\":2000,\"height\":1333},{\"@type\":\"BreadcrumbList\",\"@id\":\"https:\\\/\\\/escenanorte.com\\\/gl\\\/evento\\\/non-pasaran-artika-cia-galicia-2\\\/#breadcrumb\",\"itemListElement\":[{\"@type\":\"ListItem\",\"position\":1,\"name\":\"Portada\",\"item\":\"https:\\\/\\\/escenanorte.com\\\/gl\\\/\"},{\"@type\":\"ListItem\",\"position\":2,\"name\":\"Eventos\",\"item\":\"https:\\\/\\\/escenanorte.com\\\/gl\\\/eventos\\\/\"},{\"@type\":\"ListItem\",\"position\":3,\"name\":\"Non pasar\u00e1n | \u00c1rtika C\u00eda, Galicia\"}]},{\"@type\":\"WebSite\",\"@id\":\"https:\\\/\\\/escenanorte.com\\\/gl\\\/#website\",\"url\":\"https:\\\/\\\/escenanorte.com\\\/gl\\\/\",\"name\":\"Camino Escena Norte\",\"description\":\"Escena Norte\",\"publisher\":{\"@id\":\"https:\\\/\\\/escenanorte.com\\\/gl\\\/#organization\"},\"potentialAction\":[{\"@type\":\"SearchAction\",\"target\":{\"@type\":\"EntryPoint\",\"urlTemplate\":\"https:\\\/\\\/escenanorte.com\\\/gl\\\/?s={search_term_string}\"},\"query-input\":{\"@type\":\"PropertyValueSpecification\",\"valueRequired\":true,\"valueName\":\"search_term_string\"}}],\"inLanguage\":\"gl-ES\"},{\"@type\":\"Organization\",\"@id\":\"https:\\\/\\\/escenanorte.com\\\/gl\\\/#organization\",\"name\":\"Camino Escena Norte\",\"url\":\"https:\\\/\\\/escenanorte.com\\\/gl\\\/\",\"logo\":{\"@type\":\"ImageObject\",\"inLanguage\":\"gl-ES\",\"@id\":\"https:\\\/\\\/escenanorte.com\\\/gl\\\/#\\\/schema\\\/logo\\\/image\\\/\",\"url\":\"https:\\\/\\\/escenanorte.com\\\/wp-content\\\/uploads\\\/2025\\\/09\\\/Logo-Escena-Norte-512.png\",\"contentUrl\":\"https:\\\/\\\/escenanorte.com\\\/wp-content\\\/uploads\\\/2025\\\/09\\\/Logo-Escena-Norte-512.png\",\"width\":512,\"height\":512,\"caption\":\"Camino Escena Norte\"},\"image\":{\"@id\":\"https:\\\/\\\/escenanorte.com\\\/gl\\\/#\\\/schema\\\/logo\\\/image\\\/\"},\"sameAs\":[\"https:\\\/\\\/www.facebook.com\\\/escenanorte\",\"https:\\\/\\\/instagram.com\\\/escenanorte\"]}]}<\/script>\n<!-- \/ Yoast SEO plugin. -->","yoast_head_json":{"title":"Non pasar\u00e1n | \u00c1rtika C\u00eda, Galicia - Camino Escena Norte","robots":{"index":"index","follow":"follow","max-snippet":"max-snippet:-1","max-image-preview":"max-image-preview:large","max-video-preview":"max-video-preview:-1"},"canonical":"https:\/\/escenanorte.com\/gl\/evento\/non-pasaran-artika-cia-galicia-2\/","og_locale":"gl_ES","og_type":"article","og_title":"Non pasar\u00e1n | \u00c1rtika C\u00eda, Galicia - Camino Escena Norte","og_description":"Tipo: Teatro P\u00fablico: Adolescente + Adulto Duraci\u00f3n: 75\u2019 Idioma: Castellano \u2013 Gallego Estreno: 23 de noviembre del 2024. Sala \u00c1rtika, Vigo (Pontevedra) Galicia \u2018Non pasar\u00e1n\u2019 se desarrolla en un pa\u00eds\/lugar [&hellip;]","og_url":"https:\/\/escenanorte.com\/gl\/evento\/non-pasaran-artika-cia-galicia-2\/","og_site_name":"Camino Escena Norte","article_publisher":"https:\/\/www.facebook.com\/escenanorte","og_image":[{"width":1024,"height":682,"url":"https:\/\/escenanorte.com\/wp-content\/uploads\/2026\/06\/1-No-Pasaran_A9A3891\u00a9-Vanessa-Rabade_-1024x682.jpg","type":"image\/jpeg"}],"twitter_card":"summary_large_image","twitter_misc":{"Tempo de lectura":"1 minuto"},"schema":{"@context":"https:\/\/schema.org","@graph":[{"@type":"WebPage","@id":"https:\/\/escenanorte.com\/gl\/evento\/non-pasaran-artika-cia-galicia-2\/","url":"https:\/\/escenanorte.com\/gl\/evento\/non-pasaran-artika-cia-galicia-2\/","name":"Non pasar\u00e1n | \u00c1rtika C\u00eda, Galicia - Camino Escena Norte","isPartOf":{"@id":"https:\/\/escenanorte.com\/gl\/#website"},"primaryImageOfPage":{"@id":"https:\/\/escenanorte.com\/gl\/evento\/non-pasaran-artika-cia-galicia-2\/#primaryimage"},"image":{"@id":"https:\/\/escenanorte.com\/gl\/evento\/non-pasaran-artika-cia-galicia-2\/#primaryimage"},"thumbnailUrl":"https:\/\/escenanorte.com\/wp-content\/uploads\/2026\/06\/1-No-Pasaran_A9A3891\u00a9-Vanessa-Rabade_.jpg","datePublished":"2026-09-04T07:00:39+00:00","breadcrumb":{"@id":"https:\/\/escenanorte.com\/gl\/evento\/non-pasaran-artika-cia-galicia-2\/#breadcrumb"},"inLanguage":"gl-ES","potentialAction":[{"@type":"ReadAction","target":["https:\/\/escenanorte.com\/gl\/evento\/non-pasaran-artika-cia-galicia-2\/"]}]},{"@type":"ImageObject","inLanguage":"gl-ES","@id":"https:\/\/escenanorte.com\/gl\/evento\/non-pasaran-artika-cia-galicia-2\/#primaryimage","url":"https:\/\/escenanorte.com\/wp-content\/uploads\/2026\/06\/1-No-Pasaran_A9A3891\u00a9-Vanessa-Rabade_.jpg","contentUrl":"https:\/\/escenanorte.com\/wp-content\/uploads\/2026\/06\/1-No-Pasaran_A9A3891\u00a9-Vanessa-Rabade_.jpg","width":2000,"height":1333},{"@type":"BreadcrumbList","@id":"https:\/\/escenanorte.com\/gl\/evento\/non-pasaran-artika-cia-galicia-2\/#breadcrumb","itemListElement":[{"@type":"ListItem","position":1,"name":"Portada","item":"https:\/\/escenanorte.com\/gl\/"},{"@type":"ListItem","position":2,"name":"Eventos","item":"https:\/\/escenanorte.com\/gl\/eventos\/"},{"@type":"ListItem","position":3,"name":"Non pasar\u00e1n | \u00c1rtika C\u00eda, Galicia"}]},{"@type":"WebSite","@id":"https:\/\/escenanorte.com\/gl\/#website","url":"https:\/\/escenanorte.com\/gl\/","name":"Camino Escena Norte","description":"Escena Norte","publisher":{"@id":"https:\/\/escenanorte.com\/gl\/#organization"},"potentialAction":[{"@type":"SearchAction","target":{"@type":"EntryPoint","urlTemplate":"https:\/\/escenanorte.com\/gl\/?s={search_term_string}"},"query-input":{"@type":"PropertyValueSpecification","valueRequired":true,"valueName":"search_term_string"}}],"inLanguage":"gl-ES"},{"@type":"Organization","@id":"https:\/\/escenanorte.com\/gl\/#organization","name":"Camino Escena Norte","url":"https:\/\/escenanorte.com\/gl\/","logo":{"@type":"ImageObject","inLanguage":"gl-ES","@id":"https:\/\/escenanorte.com\/gl\/#\/schema\/logo\/image\/","url":"https:\/\/escenanorte.com\/wp-content\/uploads\/2025\/09\/Logo-Escena-Norte-512.png","contentUrl":"https:\/\/escenanorte.com\/wp-content\/uploads\/2025\/09\/Logo-Escena-Norte-512.png","width":512,"height":512,"caption":"Camino Escena Norte"},"image":{"@id":"https:\/\/escenanorte.com\/gl\/#\/schema\/logo\/image\/"},"sameAs":["https:\/\/www.facebook.com\/escenanorte","https:\/\/instagram.com\/escenanorte"]}]}},"publishpress_future_workflow_manual_trigger":{"enabledWorkflows":[]},"_links":{"self":[{"href":"https:\/\/escenanorte.com\/gl\/wp-json\/wp\/v2\/tribe_events\/82519","targetHints":{"allow":["GET"]}}],"collection":[{"href":"https:\/\/escenanorte.com\/gl\/wp-json\/wp\/v2\/tribe_events"}],"about":[{"href":"https:\/\/escenanorte.com\/gl\/wp-json\/wp\/v2\/types\/tribe_events"}],"author":[{"embeddable":true,"href":"https:\/\/escenanorte.com\/gl\/wp-json\/wp\/v2\/users\/1"}],"version-history":[{"count":2,"href":"https:\/\/escenanorte.com\/gl\/wp-json\/wp\/v2\/tribe_events\/82519\/revisions"}],"predecessor-version":[{"id":82525,"href":"https:\/\/escenanorte.com\/gl\/wp-json\/wp\/v2\/tribe_events\/82519\/revisions\/82525"}],"wp:featuredmedia":[{"embeddable":true,"href":"https:\/\/escenanorte.com\/gl\/wp-json\/wp\/v2\/media\/81740"}],"wp:attachment":[{"href":"https:\/\/escenanorte.com\/gl\/wp-json\/wp\/v2\/media?parent=82519"}],"wp:term":[{"taxonomy":"post_tag","embeddable":true,"href":"https:\/\/escenanorte.com\/gl\/wp-json\/wp\/v2\/tags?post=82519"},{"taxonomy":"tribe_events_cat","embeddable":true,"href":"https:\/\/escenanorte.com\/gl\/wp-json\/wp\/v2\/tribe_events_cat?post=82519"}],"curies":[{"name":"wp","href":"https:\/\/api.w.org\/{rel}","templated":true}]}}