{"id":82363,"date":"2026-09-02T09:00:36","date_gmt":"2026-09-02T07:00:36","guid":{"rendered":"https:\/\/escenanorte.com\/?post_type=tribe_events&#038;p=82363"},"modified":"2026-08-29T21:32:30","modified_gmt":"2026-08-29T19:32:30","slug":"tierra-de-sombras-espacio-espiral-cantabria-2","status":"publish","type":"tribe_events","link":"https:\/\/escenanorte.com\/gl\/evento\/tierra-de-sombras-espacio-espiral-cantabria-2\/","title":{"rendered":"Tierra de sombras | Espacio Espiral, Cantabria"},"content":{"rendered":"<h5 class=\"wp-block-heading\"><strong>Tipo: Teatro<\/strong><\/h5>\n<ul class=\"wp-block-list\">\n<li class=\"has-small-font-size\"><strong>P\u00fablico: Adulto<\/strong><\/li>\n<li class=\"has-small-font-size\"><strong>Duraci\u00f3n: 60\u2019<\/strong><\/li>\n<li class=\"has-small-font-size\"><strong>Idioma: Castellano <\/strong><\/li>\n<li class=\"has-small-font-size\"><strong>Estreno: 16 de junio de 2025. Santander Esc\u00e9nica, Paraninfo de la UIMP, Santander \u2013 Cantabria<\/strong><\/li>\n<\/ul>\n<p class=\"wp-block-paragraph\"><strong>\u2018Tierra de sombras\u2019 es una propuesta performativa que explora la relaci\u00f3n entre estados mentales, hist\u00f3ricamente considerados enfermedades, y la creaci\u00f3n art\u00edstica.<\/strong><\/p>\n<p class=\"wp-block-paragraph\"><strong>Inspirada en historias reales, recoge las vivencias de artistas cuyas luchas ps\u00edquicas alimentaron su obra o, en otros casos, dejaron heridas profundas marcadas por pr\u00e1cticas psiqui\u00e1tricasinvasivas. La pieza conecta las trayectorias de Marilyn Monroe, Leonora Carrington, Frances Farmer, Rosemary Kennedy y Leopoldo Mar\u00eda Panero.<\/strong><\/p>\n<p class=\"wp-block-paragraph\"><strong>A trav\u00e9s de m\u00fasica, danza, poes\u00eda e im\u00e1genes simb\u00f3licas, se evocan las obras y las vidas de estos personajes y los estados emocionales que los atravesaron. La m\u00fasica, creada ex profeso para esta pieza, envuelve acci\u00f3n y palabra mientras la escena, viva y cambiante, refleja distintos estados emocionales adapt\u00e1ndose a los diversos espacios de representaci\u00f3n.<\/strong><\/p>\n<p class=\"wp-block-paragraph\">Tras a\u00f1os de investigaci\u00f3n sobre el arte del actor, fundamos el primer laboratorio esc\u00e9nico estable en Cantabria, desarrollando una l\u00ednea basada en la antropolog\u00eda teatral y el entrenamiento actoral como identidad.<\/p>\n<p class=\"wp-block-paragraph\">Nuestros espect\u00e1culos exploran nuevos lenguajes esc\u00e9nicos que, partiendo de la tradici\u00f3n, dialogan con el presente. Creamos propuestas que convierten el hecho teatral en una experiencia \u00fanica entre creador y espectador.<\/p>\n<p class=\"wp-block-paragraph\">Este trabajo ha sido reconocido en cert\u00e1menes nacionales e internacionales, destacando \u2018Beatus\u2019, estrenado por invitaci\u00f3n de la Embajada de Espa\u00f1a en Roma. Entre los galardones recibidos figuran el Premio Certamen de Nuevos Investigadores<br \/>\nTeatrales (Sevilla, 2012) y el tercer premio junto al premio a la Mejor Direcci\u00f3n en el Festival Internacional Ciudad de Trujillo (2014).<\/p>\n<p><span style=\"color: #339966;\"><b>\u24d8 Encuentro posterior con el p\u00fablico de la mano de la compa\u00f1\u00eda. <\/b><strong>Venta de entradas: <a style=\"color: #339966;\" href=\"http:\/\/www.entradas.com\">www.entradas.com<\/a><span class=\"Apple-converted-space\">\u00a0<\/span><\/strong><\/span><\/p>\n<div class=\"epyt-video-wrapper\"><iframe loading=\"lazy\"  id=\"_ytid_80642\"  width=\"800\" height=\"450\"  data-origwidth=\"800\" data-origheight=\"450\"  data-relstop=\"1\" src=\"https:\/\/www.youtube-nocookie.com\/embed\/-ri84KAOdTs?enablejsapi=1&#038;origin=https:\/\/escenanorte.com&#038;autoplay=0&#038;cc_load_policy=1&#038;cc_lang_pref=es&#038;iv_load_policy=1&#038;loop=0&#038;rel=0&#038;fs=1&#038;playsinline=0&#038;autohide=2&#038;hl=gl_ES&#038;theme=dark&#038;color=red&#038;controls=1&#038;disablekb=0&#038;\" class=\"__youtube_prefs__  epyt-is-override  no-lazyload\" title=\"YouTube player\"  allow=\"fullscreen; accelerometer; autoplay; clipboard-write; encrypted-media; gyroscope; picture-in-picture; web-share\" referrerpolicy=\"strict-origin-when-cross-origin\" allowfullscreen data-no-lazy=\"1\" data-skipgform_ajax_framebjll=\"\"><\/iframe><\/div>\n","protected":false},"excerpt":{"rendered":"<p>Tipo: Teatro P\u00fablico: Adulto Duraci\u00f3n: 60\u2019 Idioma: Castellano Estreno: 16 de junio de 2025. Santander Esc\u00e9nica, Paraninfo de la UIMP, Santander \u2013 Cantabria \u2018Tierra de sombras\u2019 es una propuesta performativa [&hellip;]<\/p>\n","protected":false},"author":1,"featured_media":81336,"template":"","meta":{"_tribe_events_status":"","_tribe_events_status_reason":"","footnotes":""},"tags":[],"tribe_events_cat":[398],"class_list":["post-82363","tribe_events","type-tribe_events","status-publish","has-post-thumbnail","hentry","tribe_events_cat-constelacions-a-rioxa","cat_constelacions-a-rioxa"],"yoast_head":"<!-- This site is optimized with the Yoast SEO plugin v28.4 - https:\/\/yoast.com\/product\/yoast-seo-wordpress\/ -->\n<title>Tierra de sombras | Espacio Espiral, Cantabria - Camino Escena Norte<\/title>\n<meta name=\"robots\" content=\"index, follow, max-snippet:-1, max-image-preview:large, max-video-preview:-1\" \/>\n<link rel=\"canonical\" href=\"https:\/\/escenanorte.com\/gl\/evento\/tierra-de-sombras-espacio-espiral-cantabria-2\/\" \/>\n<meta property=\"og:locale\" content=\"gl_ES\" \/>\n<meta property=\"og:type\" content=\"article\" \/>\n<meta property=\"og:title\" content=\"Tierra de sombras | Espacio Espiral, Cantabria - Camino Escena Norte\" \/>\n<meta property=\"og:description\" content=\"Tipo: Teatro P\u00fablico: Adulto Duraci\u00f3n: 60\u2019 Idioma: Castellano Estreno: 16 de junio de 2025. Santander Esc\u00e9nica, Paraninfo de la UIMP, Santander \u2013 Cantabria \u2018Tierra de sombras\u2019 es una propuesta performativa [&hellip;]\" \/>\n<meta property=\"og:url\" content=\"https:\/\/escenanorte.com\/gl\/evento\/tierra-de-sombras-espacio-espiral-cantabria-2\/\" \/>\n<meta property=\"og:site_name\" content=\"Camino Escena Norte\" \/>\n<meta property=\"article:publisher\" content=\"https:\/\/www.facebook.com\/escenanorte\" \/>\n<meta property=\"og:image\" content=\"https:\/\/escenanorte.com\/wp-content\/uploads\/2026\/06\/Tierra-de-Sombras-AureogomeZ-1-scaled.jpg\" \/>\n\t<meta property=\"og:image:width\" content=\"2560\" \/>\n\t<meta property=\"og:image:height\" content=\"1920\" \/>\n\t<meta property=\"og:image:type\" content=\"image\/jpeg\" \/>\n<meta name=\"twitter:card\" content=\"summary_large_image\" \/>\n<meta name=\"twitter:label1\" content=\"Tempo de lectura\" \/>\n\t<meta name=\"twitter:data1\" content=\"2 minutos\" \/>\n<script type=\"application\/ld+json\" class=\"yoast-schema-graph\">{\"@context\":\"https:\\\/\\\/schema.org\",\"@graph\":[{\"@type\":\"WebPage\",\"@id\":\"https:\\\/\\\/escenanorte.com\\\/gl\\\/evento\\\/tierra-de-sombras-espacio-espiral-cantabria-2\\\/\",\"url\":\"https:\\\/\\\/escenanorte.com\\\/gl\\\/evento\\\/tierra-de-sombras-espacio-espiral-cantabria-2\\\/\",\"name\":\"Tierra de sombras | Espacio Espiral, Cantabria - Camino Escena Norte\",\"isPartOf\":{\"@id\":\"https:\\\/\\\/escenanorte.com\\\/gl\\\/#website\"},\"primaryImageOfPage\":{\"@id\":\"https:\\\/\\\/escenanorte.com\\\/gl\\\/evento\\\/tierra-de-sombras-espacio-espiral-cantabria-2\\\/#primaryimage\"},\"image\":{\"@id\":\"https:\\\/\\\/escenanorte.com\\\/gl\\\/evento\\\/tierra-de-sombras-espacio-espiral-cantabria-2\\\/#primaryimage\"},\"thumbnailUrl\":\"https:\\\/\\\/escenanorte.com\\\/wp-content\\\/uploads\\\/2026\\\/06\\\/Tierra-de-Sombras-AureogomeZ-1-scaled.jpg\",\"datePublished\":\"2026-09-02T07:00:36+00:00\",\"breadcrumb\":{\"@id\":\"https:\\\/\\\/escenanorte.com\\\/gl\\\/evento\\\/tierra-de-sombras-espacio-espiral-cantabria-2\\\/#breadcrumb\"},\"inLanguage\":\"gl-ES\",\"potentialAction\":[{\"@type\":\"ReadAction\",\"target\":[\"https:\\\/\\\/escenanorte.com\\\/gl\\\/evento\\\/tierra-de-sombras-espacio-espiral-cantabria-2\\\/\"]}]},{\"@type\":\"ImageObject\",\"inLanguage\":\"gl-ES\",\"@id\":\"https:\\\/\\\/escenanorte.com\\\/gl\\\/evento\\\/tierra-de-sombras-espacio-espiral-cantabria-2\\\/#primaryimage\",\"url\":\"https:\\\/\\\/escenanorte.com\\\/wp-content\\\/uploads\\\/2026\\\/06\\\/Tierra-de-Sombras-AureogomeZ-1-scaled.jpg\",\"contentUrl\":\"https:\\\/\\\/escenanorte.com\\\/wp-content\\\/uploads\\\/2026\\\/06\\\/Tierra-de-Sombras-AureogomeZ-1-scaled.jpg\",\"width\":2560,\"height\":1920},{\"@type\":\"BreadcrumbList\",\"@id\":\"https:\\\/\\\/escenanorte.com\\\/gl\\\/evento\\\/tierra-de-sombras-espacio-espiral-cantabria-2\\\/#breadcrumb\",\"itemListElement\":[{\"@type\":\"ListItem\",\"position\":1,\"name\":\"Portada\",\"item\":\"https:\\\/\\\/escenanorte.com\\\/gl\\\/\"},{\"@type\":\"ListItem\",\"position\":2,\"name\":\"Eventos\",\"item\":\"https:\\\/\\\/escenanorte.com\\\/gl\\\/eventos\\\/\"},{\"@type\":\"ListItem\",\"position\":3,\"name\":\"Tierra de sombras | Espacio Espiral, Cantabria\"}]},{\"@type\":\"WebSite\",\"@id\":\"https:\\\/\\\/escenanorte.com\\\/gl\\\/#website\",\"url\":\"https:\\\/\\\/escenanorte.com\\\/gl\\\/\",\"name\":\"Camino Escena Norte\",\"description\":\"Escena Norte\",\"publisher\":{\"@id\":\"https:\\\/\\\/escenanorte.com\\\/gl\\\/#organization\"},\"potentialAction\":[{\"@type\":\"SearchAction\",\"target\":{\"@type\":\"EntryPoint\",\"urlTemplate\":\"https:\\\/\\\/escenanorte.com\\\/gl\\\/?s={search_term_string}\"},\"query-input\":{\"@type\":\"PropertyValueSpecification\",\"valueRequired\":true,\"valueName\":\"search_term_string\"}}],\"inLanguage\":\"gl-ES\"},{\"@type\":\"Organization\",\"@id\":\"https:\\\/\\\/escenanorte.com\\\/gl\\\/#organization\",\"name\":\"Camino Escena Norte\",\"url\":\"https:\\\/\\\/escenanorte.com\\\/gl\\\/\",\"logo\":{\"@type\":\"ImageObject\",\"inLanguage\":\"gl-ES\",\"@id\":\"https:\\\/\\\/escenanorte.com\\\/gl\\\/#\\\/schema\\\/logo\\\/image\\\/\",\"url\":\"https:\\\/\\\/escenanorte.com\\\/wp-content\\\/uploads\\\/2025\\\/09\\\/Logo-Escena-Norte-512.png\",\"contentUrl\":\"https:\\\/\\\/escenanorte.com\\\/wp-content\\\/uploads\\\/2025\\\/09\\\/Logo-Escena-Norte-512.png\",\"width\":512,\"height\":512,\"caption\":\"Camino Escena Norte\"},\"image\":{\"@id\":\"https:\\\/\\\/escenanorte.com\\\/gl\\\/#\\\/schema\\\/logo\\\/image\\\/\"},\"sameAs\":[\"https:\\\/\\\/www.facebook.com\\\/escenanorte\",\"https:\\\/\\\/instagram.com\\\/escenanorte\"]}]}<\/script>\n<!-- \/ Yoast SEO plugin. -->","yoast_head_json":{"title":"Tierra de sombras | Espacio Espiral, Cantabria - Camino Escena Norte","robots":{"index":"index","follow":"follow","max-snippet":"max-snippet:-1","max-image-preview":"max-image-preview:large","max-video-preview":"max-video-preview:-1"},"canonical":"https:\/\/escenanorte.com\/gl\/evento\/tierra-de-sombras-espacio-espiral-cantabria-2\/","og_locale":"gl_ES","og_type":"article","og_title":"Tierra de sombras | Espacio Espiral, Cantabria - Camino Escena Norte","og_description":"Tipo: Teatro P\u00fablico: Adulto Duraci\u00f3n: 60\u2019 Idioma: Castellano Estreno: 16 de junio de 2025. Santander Esc\u00e9nica, Paraninfo de la UIMP, Santander \u2013 Cantabria \u2018Tierra de sombras\u2019 es una propuesta performativa [&hellip;]","og_url":"https:\/\/escenanorte.com\/gl\/evento\/tierra-de-sombras-espacio-espiral-cantabria-2\/","og_site_name":"Camino Escena Norte","article_publisher":"https:\/\/www.facebook.com\/escenanorte","og_image":[{"width":2560,"height":1920,"url":"https:\/\/escenanorte.com\/wp-content\/uploads\/2026\/06\/Tierra-de-Sombras-AureogomeZ-1-scaled.jpg","type":"image\/jpeg"}],"twitter_card":"summary_large_image","twitter_misc":{"Tempo de lectura":"2 minutos"},"schema":{"@context":"https:\/\/schema.org","@graph":[{"@type":"WebPage","@id":"https:\/\/escenanorte.com\/gl\/evento\/tierra-de-sombras-espacio-espiral-cantabria-2\/","url":"https:\/\/escenanorte.com\/gl\/evento\/tierra-de-sombras-espacio-espiral-cantabria-2\/","name":"Tierra de sombras | Espacio Espiral, Cantabria - Camino Escena Norte","isPartOf":{"@id":"https:\/\/escenanorte.com\/gl\/#website"},"primaryImageOfPage":{"@id":"https:\/\/escenanorte.com\/gl\/evento\/tierra-de-sombras-espacio-espiral-cantabria-2\/#primaryimage"},"image":{"@id":"https:\/\/escenanorte.com\/gl\/evento\/tierra-de-sombras-espacio-espiral-cantabria-2\/#primaryimage"},"thumbnailUrl":"https:\/\/escenanorte.com\/wp-content\/uploads\/2026\/06\/Tierra-de-Sombras-AureogomeZ-1-scaled.jpg","datePublished":"2026-09-02T07:00:36+00:00","breadcrumb":{"@id":"https:\/\/escenanorte.com\/gl\/evento\/tierra-de-sombras-espacio-espiral-cantabria-2\/#breadcrumb"},"inLanguage":"gl-ES","potentialAction":[{"@type":"ReadAction","target":["https:\/\/escenanorte.com\/gl\/evento\/tierra-de-sombras-espacio-espiral-cantabria-2\/"]}]},{"@type":"ImageObject","inLanguage":"gl-ES","@id":"https:\/\/escenanorte.com\/gl\/evento\/tierra-de-sombras-espacio-espiral-cantabria-2\/#primaryimage","url":"https:\/\/escenanorte.com\/wp-content\/uploads\/2026\/06\/Tierra-de-Sombras-AureogomeZ-1-scaled.jpg","contentUrl":"https:\/\/escenanorte.com\/wp-content\/uploads\/2026\/06\/Tierra-de-Sombras-AureogomeZ-1-scaled.jpg","width":2560,"height":1920},{"@type":"BreadcrumbList","@id":"https:\/\/escenanorte.com\/gl\/evento\/tierra-de-sombras-espacio-espiral-cantabria-2\/#breadcrumb","itemListElement":[{"@type":"ListItem","position":1,"name":"Portada","item":"https:\/\/escenanorte.com\/gl\/"},{"@type":"ListItem","position":2,"name":"Eventos","item":"https:\/\/escenanorte.com\/gl\/eventos\/"},{"@type":"ListItem","position":3,"name":"Tierra de sombras | Espacio Espiral, Cantabria"}]},{"@type":"WebSite","@id":"https:\/\/escenanorte.com\/gl\/#website","url":"https:\/\/escenanorte.com\/gl\/","name":"Camino Escena Norte","description":"Escena Norte","publisher":{"@id":"https:\/\/escenanorte.com\/gl\/#organization"},"potentialAction":[{"@type":"SearchAction","target":{"@type":"EntryPoint","urlTemplate":"https:\/\/escenanorte.com\/gl\/?s={search_term_string}"},"query-input":{"@type":"PropertyValueSpecification","valueRequired":true,"valueName":"search_term_string"}}],"inLanguage":"gl-ES"},{"@type":"Organization","@id":"https:\/\/escenanorte.com\/gl\/#organization","name":"Camino Escena Norte","url":"https:\/\/escenanorte.com\/gl\/","logo":{"@type":"ImageObject","inLanguage":"gl-ES","@id":"https:\/\/escenanorte.com\/gl\/#\/schema\/logo\/image\/","url":"https:\/\/escenanorte.com\/wp-content\/uploads\/2025\/09\/Logo-Escena-Norte-512.png","contentUrl":"https:\/\/escenanorte.com\/wp-content\/uploads\/2025\/09\/Logo-Escena-Norte-512.png","width":512,"height":512,"caption":"Camino Escena Norte"},"image":{"@id":"https:\/\/escenanorte.com\/gl\/#\/schema\/logo\/image\/"},"sameAs":["https:\/\/www.facebook.com\/escenanorte","https:\/\/instagram.com\/escenanorte"]}]}},"publishpress_future_workflow_manual_trigger":{"enabledWorkflows":[]},"_links":{"self":[{"href":"https:\/\/escenanorte.com\/gl\/wp-json\/wp\/v2\/tribe_events\/82363","targetHints":{"allow":["GET"]}}],"collection":[{"href":"https:\/\/escenanorte.com\/gl\/wp-json\/wp\/v2\/tribe_events"}],"about":[{"href":"https:\/\/escenanorte.com\/gl\/wp-json\/wp\/v2\/types\/tribe_events"}],"author":[{"embeddable":true,"href":"https:\/\/escenanorte.com\/gl\/wp-json\/wp\/v2\/users\/1"}],"version-history":[{"count":1,"href":"https:\/\/escenanorte.com\/gl\/wp-json\/wp\/v2\/tribe_events\/82363\/revisions"}],"predecessor-version":[{"id":82367,"href":"https:\/\/escenanorte.com\/gl\/wp-json\/wp\/v2\/tribe_events\/82363\/revisions\/82367"}],"wp:featuredmedia":[{"embeddable":true,"href":"https:\/\/escenanorte.com\/gl\/wp-json\/wp\/v2\/media\/81336"}],"wp:attachment":[{"href":"https:\/\/escenanorte.com\/gl\/wp-json\/wp\/v2\/media?parent=82363"}],"wp:term":[{"taxonomy":"post_tag","embeddable":true,"href":"https:\/\/escenanorte.com\/gl\/wp-json\/wp\/v2\/tags?post=82363"},{"taxonomy":"tribe_events_cat","embeddable":true,"href":"https:\/\/escenanorte.com\/gl\/wp-json\/wp\/v2\/tribe_events_cat?post=82363"}],"curies":[{"name":"wp","href":"https:\/\/api.w.org\/{rel}","templated":true}]}}