{"id":82275,"date":"2026-09-02T09:00:35","date_gmt":"2026-09-02T07:00:35","guid":{"rendered":"https:\/\/escenanorte.com\/?post_type=tribe_events&#038;p=82275"},"modified":"2026-08-29T19:21:39","modified_gmt":"2026-08-29T17:21:39","slug":"el-gato-con-botas-de-agua-el-callejon-del-gato-asturias","status":"publish","type":"tribe_events","link":"https:\/\/escenanorte.com\/gl\/evento\/el-gato-con-botas-de-agua-el-callejon-del-gato-asturias\/","title":{"rendered":"El gato con botas de agua | El callej\u00f3n del gato, Asturias"},"content":{"rendered":"<h5 class=\"wp-block-heading\"><strong>Tipo: Teatro<\/strong> y t\u00edteres<\/h5>\n<ul class=\"wp-block-list\">\n<li class=\"has-small-font-size\"><strong>P\u00fablico: Infantil y familiar<\/strong><\/li>\n<li class=\"has-small-font-size\"><strong>Duraci\u00f3n: 42\u2019<\/strong><\/li>\n<li class=\"has-small-font-size\"><strong>Idioma: Castellano<\/strong><\/li>\n<li class=\"has-small-font-size\"><strong>Estreno: 3 de diciembre de 2023. Teatro de La Laboral, Gij\u00f3n \u2013 Principado de Asturias<\/strong><\/li>\n<\/ul>\n<p class=\"wp-block-paragraph\"><strong>\u2018El gato con botas de agua\u2019 es nuestra versi\u00f3n del cuento cl\u00e1sico, pensada para llegar a la sensibilidad del p\u00fablico infantil y familiar del siglo XXI. Una propuesta de teatro visual, de t\u00edteres y objetos, que busca reflexionar sobre los derechos<br \/>\nfundamentales de la infancia.<\/strong><\/p>\n<p class=\"wp-block-paragraph\"><strong>Un barco de pesca en alta mar, una tormenta y un rescate, una ni\u00f1a y un gato\u2026 la trama intemporal de un cuento nos puede ayudar a pasar la noche y llegar felizmente a puerto.<\/strong><\/p>\n<p class=\"wp-block-paragraph\"><strong>El Callej\u00f3n del Gato Producciones<\/strong> es una de las compa\u00f1\u00edas m\u00e1s consolidadas del panorama teatral asturiano y una referencia en creaciones para la infancia y la juventud, con proyecci\u00f3n nacional e internacional.<\/p>\n<p class=\"wp-block-paragraph\">Desde su fundaci\u00f3n en 2007, ha concretado un proyecto s\u00f3lido de investigaci\u00f3n y creaci\u00f3n esc\u00e9nica contando con un amplio equipo de colaboradores en direcci\u00f3n, autor\u00eda textual y musical, dise\u00f1o, creaci\u00f3n multidisciplinar y pedagog\u00eda teatral.<\/p>\n<p class=\"wp-block-paragraph\">Premios y reconocimientos:<\/p>\n<ul class=\"wp-block-list\">\n<li>2025: Premio Oh! al Mejor Espect\u00e1culo para la Infancia.<\/li>\n<li>2022: Premio Festival Territorio Violeta, Artes Esc\u00e9nicas e<br \/>\nIgualdad.<\/li>\n<li>2021: Premio FETEN a la Mejor Adaptaci\u00f3n Esc\u00e9nica.<\/li>\n<li>2020: XV Premio Jovellanos a la Producci\u00f3n Esc\u00e9nica.<\/li>\n<li>2017: Premio Impulsa a la Mejor Industria Creativa y Cultural<\/li>\n<\/ul>\n<p><span style=\"color: #339966;\"><b>\u24d8 Encuentro posterior con el p\u00fablico de la mano de la compa\u00f1\u00eda<\/b><\/span><\/p>\n<div class=\"epyt-video-wrapper\"><iframe loading=\"lazy\"  id=\"_ytid_30203\"  width=\"800\" height=\"450\"  data-origwidth=\"800\" data-origheight=\"450\"  data-relstop=\"1\" src=\"https:\/\/www.youtube-nocookie.com\/embed\/uHuTWlLOM9U?enablejsapi=1&#038;origin=https:\/\/escenanorte.com&#038;autoplay=0&#038;cc_load_policy=1&#038;cc_lang_pref=es&#038;iv_load_policy=1&#038;loop=0&#038;rel=0&#038;fs=1&#038;playsinline=0&#038;autohide=2&#038;hl=gl_ES&#038;theme=dark&#038;color=red&#038;controls=1&#038;disablekb=0&#038;\" class=\"__youtube_prefs__  epyt-is-override  no-lazyload\" title=\"YouTube player\"  allow=\"fullscreen; accelerometer; autoplay; clipboard-write; encrypted-media; gyroscope; picture-in-picture; web-share\" referrerpolicy=\"strict-origin-when-cross-origin\" allowfullscreen data-no-lazy=\"1\" data-skipgform_ajax_framebjll=\"\"><\/iframe><\/div>\n","protected":false},"excerpt":{"rendered":"<p>Tipo: Teatro y t\u00edteres P\u00fablico: Infantil y familiar Duraci\u00f3n: 42\u2019 Idioma: Castellano Estreno: 3 de diciembre de 2023. Teatro de La Laboral, Gij\u00f3n \u2013 Principado de Asturias \u2018El gato con [&hellip;]<\/p>\n","protected":false},"author":1,"featured_media":81739,"template":"","meta":{"_tribe_events_status":"","_tribe_events_status_reason":"","footnotes":""},"tags":[],"tribe_events_cat":[398],"class_list":["post-82275","tribe_events","type-tribe_events","status-publish","has-post-thumbnail","hentry","tribe_events_cat-constelacions-a-rioxa","cat_constelacions-a-rioxa"],"yoast_head":"<!-- This site is optimized with the Yoast SEO plugin v28.4 - https:\/\/yoast.com\/product\/yoast-seo-wordpress\/ -->\n<title>El gato con botas de agua | El callej\u00f3n del gato, Asturias - Camino Escena Norte<\/title>\n<meta name=\"robots\" content=\"index, follow, max-snippet:-1, max-image-preview:large, max-video-preview:-1\" \/>\n<link rel=\"canonical\" href=\"https:\/\/escenanorte.com\/gl\/evento\/el-gato-con-botas-de-agua-el-callejon-del-gato-asturias\/\" \/>\n<meta property=\"og:locale\" content=\"gl_ES\" \/>\n<meta property=\"og:type\" content=\"article\" \/>\n<meta property=\"og:title\" content=\"El gato con botas de agua | El callej\u00f3n del gato, Asturias - Camino Escena Norte\" \/>\n<meta property=\"og:description\" content=\"Tipo: Teatro y t\u00edteres P\u00fablico: Infantil y familiar Duraci\u00f3n: 42\u2019 Idioma: Castellano Estreno: 3 de diciembre de 2023. Teatro de La Laboral, Gij\u00f3n \u2013 Principado de Asturias \u2018El gato con [&hellip;]\" \/>\n<meta property=\"og:url\" content=\"https:\/\/escenanorte.com\/gl\/evento\/el-gato-con-botas-de-agua-el-callejon-del-gato-asturias\/\" \/>\n<meta property=\"og:site_name\" content=\"Camino Escena Norte\" \/>\n<meta property=\"article:publisher\" content=\"https:\/\/www.facebook.com\/escenanorte\" \/>\n<meta property=\"og:image\" content=\"https:\/\/escenanorte.com\/wp-content\/uploads\/2026\/06\/elgatoconbotasdeagua1-@Pablo-Albala.png\" \/>\n\t<meta property=\"og:image:width\" content=\"2318\" \/>\n\t<meta property=\"og:image:height\" content=\"1446\" \/>\n\t<meta property=\"og:image:type\" content=\"image\/png\" \/>\n<meta name=\"twitter:card\" content=\"summary_large_image\" \/>\n<meta name=\"twitter:label1\" content=\"Tempo de lectura\" \/>\n\t<meta name=\"twitter:data1\" content=\"1 minuto\" \/>\n<script type=\"application\/ld+json\" class=\"yoast-schema-graph\">{\"@context\":\"https:\\\/\\\/schema.org\",\"@graph\":[{\"@type\":\"WebPage\",\"@id\":\"https:\\\/\\\/escenanorte.com\\\/gl\\\/evento\\\/el-gato-con-botas-de-agua-el-callejon-del-gato-asturias\\\/\",\"url\":\"https:\\\/\\\/escenanorte.com\\\/gl\\\/evento\\\/el-gato-con-botas-de-agua-el-callejon-del-gato-asturias\\\/\",\"name\":\"El gato con botas de agua | El callej\u00f3n del gato, Asturias - Camino Escena Norte\",\"isPartOf\":{\"@id\":\"https:\\\/\\\/escenanorte.com\\\/gl\\\/#website\"},\"primaryImageOfPage\":{\"@id\":\"https:\\\/\\\/escenanorte.com\\\/gl\\\/evento\\\/el-gato-con-botas-de-agua-el-callejon-del-gato-asturias\\\/#primaryimage\"},\"image\":{\"@id\":\"https:\\\/\\\/escenanorte.com\\\/gl\\\/evento\\\/el-gato-con-botas-de-agua-el-callejon-del-gato-asturias\\\/#primaryimage\"},\"thumbnailUrl\":\"https:\\\/\\\/escenanorte.com\\\/wp-content\\\/uploads\\\/2026\\\/06\\\/elgatoconbotasdeagua1-@Pablo-Albala.png\",\"datePublished\":\"2026-09-02T07:00:35+00:00\",\"breadcrumb\":{\"@id\":\"https:\\\/\\\/escenanorte.com\\\/gl\\\/evento\\\/el-gato-con-botas-de-agua-el-callejon-del-gato-asturias\\\/#breadcrumb\"},\"inLanguage\":\"gl-ES\",\"potentialAction\":[{\"@type\":\"ReadAction\",\"target\":[\"https:\\\/\\\/escenanorte.com\\\/gl\\\/evento\\\/el-gato-con-botas-de-agua-el-callejon-del-gato-asturias\\\/\"]}]},{\"@type\":\"ImageObject\",\"inLanguage\":\"gl-ES\",\"@id\":\"https:\\\/\\\/escenanorte.com\\\/gl\\\/evento\\\/el-gato-con-botas-de-agua-el-callejon-del-gato-asturias\\\/#primaryimage\",\"url\":\"https:\\\/\\\/escenanorte.com\\\/wp-content\\\/uploads\\\/2026\\\/06\\\/elgatoconbotasdeagua1-@Pablo-Albala.png\",\"contentUrl\":\"https:\\\/\\\/escenanorte.com\\\/wp-content\\\/uploads\\\/2026\\\/06\\\/elgatoconbotasdeagua1-@Pablo-Albala.png\",\"width\":2318,\"height\":1446},{\"@type\":\"BreadcrumbList\",\"@id\":\"https:\\\/\\\/escenanorte.com\\\/gl\\\/evento\\\/el-gato-con-botas-de-agua-el-callejon-del-gato-asturias\\\/#breadcrumb\",\"itemListElement\":[{\"@type\":\"ListItem\",\"position\":1,\"name\":\"Portada\",\"item\":\"https:\\\/\\\/escenanorte.com\\\/gl\\\/\"},{\"@type\":\"ListItem\",\"position\":2,\"name\":\"Eventos\",\"item\":\"https:\\\/\\\/escenanorte.com\\\/gl\\\/eventos\\\/\"},{\"@type\":\"ListItem\",\"position\":3,\"name\":\"El gato con botas de agua | El callej\u00f3n del gato, Asturias\"}]},{\"@type\":\"WebSite\",\"@id\":\"https:\\\/\\\/escenanorte.com\\\/gl\\\/#website\",\"url\":\"https:\\\/\\\/escenanorte.com\\\/gl\\\/\",\"name\":\"Camino Escena Norte\",\"description\":\"Escena Norte\",\"publisher\":{\"@id\":\"https:\\\/\\\/escenanorte.com\\\/gl\\\/#organization\"},\"potentialAction\":[{\"@type\":\"SearchAction\",\"target\":{\"@type\":\"EntryPoint\",\"urlTemplate\":\"https:\\\/\\\/escenanorte.com\\\/gl\\\/?s={search_term_string}\"},\"query-input\":{\"@type\":\"PropertyValueSpecification\",\"valueRequired\":true,\"valueName\":\"search_term_string\"}}],\"inLanguage\":\"gl-ES\"},{\"@type\":\"Organization\",\"@id\":\"https:\\\/\\\/escenanorte.com\\\/gl\\\/#organization\",\"name\":\"Camino Escena Norte\",\"url\":\"https:\\\/\\\/escenanorte.com\\\/gl\\\/\",\"logo\":{\"@type\":\"ImageObject\",\"inLanguage\":\"gl-ES\",\"@id\":\"https:\\\/\\\/escenanorte.com\\\/gl\\\/#\\\/schema\\\/logo\\\/image\\\/\",\"url\":\"https:\\\/\\\/escenanorte.com\\\/wp-content\\\/uploads\\\/2025\\\/09\\\/Logo-Escena-Norte-512.png\",\"contentUrl\":\"https:\\\/\\\/escenanorte.com\\\/wp-content\\\/uploads\\\/2025\\\/09\\\/Logo-Escena-Norte-512.png\",\"width\":512,\"height\":512,\"caption\":\"Camino Escena Norte\"},\"image\":{\"@id\":\"https:\\\/\\\/escenanorte.com\\\/gl\\\/#\\\/schema\\\/logo\\\/image\\\/\"},\"sameAs\":[\"https:\\\/\\\/www.facebook.com\\\/escenanorte\",\"https:\\\/\\\/instagram.com\\\/escenanorte\"]}]}<\/script>\n<!-- \/ Yoast SEO plugin. -->","yoast_head_json":{"title":"El gato con botas de agua | El callej\u00f3n del gato, Asturias - Camino Escena Norte","robots":{"index":"index","follow":"follow","max-snippet":"max-snippet:-1","max-image-preview":"max-image-preview:large","max-video-preview":"max-video-preview:-1"},"canonical":"https:\/\/escenanorte.com\/gl\/evento\/el-gato-con-botas-de-agua-el-callejon-del-gato-asturias\/","og_locale":"gl_ES","og_type":"article","og_title":"El gato con botas de agua | El callej\u00f3n del gato, Asturias - Camino Escena Norte","og_description":"Tipo: Teatro y t\u00edteres P\u00fablico: Infantil y familiar Duraci\u00f3n: 42\u2019 Idioma: Castellano Estreno: 3 de diciembre de 2023. Teatro de La Laboral, Gij\u00f3n \u2013 Principado de Asturias \u2018El gato con [&hellip;]","og_url":"https:\/\/escenanorte.com\/gl\/evento\/el-gato-con-botas-de-agua-el-callejon-del-gato-asturias\/","og_site_name":"Camino Escena Norte","article_publisher":"https:\/\/www.facebook.com\/escenanorte","og_image":[{"width":2318,"height":1446,"url":"https:\/\/escenanorte.com\/wp-content\/uploads\/2026\/06\/elgatoconbotasdeagua1-@Pablo-Albala.png","type":"image\/png"}],"twitter_card":"summary_large_image","twitter_misc":{"Tempo de lectura":"1 minuto"},"schema":{"@context":"https:\/\/schema.org","@graph":[{"@type":"WebPage","@id":"https:\/\/escenanorte.com\/gl\/evento\/el-gato-con-botas-de-agua-el-callejon-del-gato-asturias\/","url":"https:\/\/escenanorte.com\/gl\/evento\/el-gato-con-botas-de-agua-el-callejon-del-gato-asturias\/","name":"El gato con botas de agua | El callej\u00f3n del gato, Asturias - Camino Escena Norte","isPartOf":{"@id":"https:\/\/escenanorte.com\/gl\/#website"},"primaryImageOfPage":{"@id":"https:\/\/escenanorte.com\/gl\/evento\/el-gato-con-botas-de-agua-el-callejon-del-gato-asturias\/#primaryimage"},"image":{"@id":"https:\/\/escenanorte.com\/gl\/evento\/el-gato-con-botas-de-agua-el-callejon-del-gato-asturias\/#primaryimage"},"thumbnailUrl":"https:\/\/escenanorte.com\/wp-content\/uploads\/2026\/06\/elgatoconbotasdeagua1-@Pablo-Albala.png","datePublished":"2026-09-02T07:00:35+00:00","breadcrumb":{"@id":"https:\/\/escenanorte.com\/gl\/evento\/el-gato-con-botas-de-agua-el-callejon-del-gato-asturias\/#breadcrumb"},"inLanguage":"gl-ES","potentialAction":[{"@type":"ReadAction","target":["https:\/\/escenanorte.com\/gl\/evento\/el-gato-con-botas-de-agua-el-callejon-del-gato-asturias\/"]}]},{"@type":"ImageObject","inLanguage":"gl-ES","@id":"https:\/\/escenanorte.com\/gl\/evento\/el-gato-con-botas-de-agua-el-callejon-del-gato-asturias\/#primaryimage","url":"https:\/\/escenanorte.com\/wp-content\/uploads\/2026\/06\/elgatoconbotasdeagua1-@Pablo-Albala.png","contentUrl":"https:\/\/escenanorte.com\/wp-content\/uploads\/2026\/06\/elgatoconbotasdeagua1-@Pablo-Albala.png","width":2318,"height":1446},{"@type":"BreadcrumbList","@id":"https:\/\/escenanorte.com\/gl\/evento\/el-gato-con-botas-de-agua-el-callejon-del-gato-asturias\/#breadcrumb","itemListElement":[{"@type":"ListItem","position":1,"name":"Portada","item":"https:\/\/escenanorte.com\/gl\/"},{"@type":"ListItem","position":2,"name":"Eventos","item":"https:\/\/escenanorte.com\/gl\/eventos\/"},{"@type":"ListItem","position":3,"name":"El gato con botas de agua | El callej\u00f3n del gato, Asturias"}]},{"@type":"WebSite","@id":"https:\/\/escenanorte.com\/gl\/#website","url":"https:\/\/escenanorte.com\/gl\/","name":"Camino Escena Norte","description":"Escena Norte","publisher":{"@id":"https:\/\/escenanorte.com\/gl\/#organization"},"potentialAction":[{"@type":"SearchAction","target":{"@type":"EntryPoint","urlTemplate":"https:\/\/escenanorte.com\/gl\/?s={search_term_string}"},"query-input":{"@type":"PropertyValueSpecification","valueRequired":true,"valueName":"search_term_string"}}],"inLanguage":"gl-ES"},{"@type":"Organization","@id":"https:\/\/escenanorte.com\/gl\/#organization","name":"Camino Escena Norte","url":"https:\/\/escenanorte.com\/gl\/","logo":{"@type":"ImageObject","inLanguage":"gl-ES","@id":"https:\/\/escenanorte.com\/gl\/#\/schema\/logo\/image\/","url":"https:\/\/escenanorte.com\/wp-content\/uploads\/2025\/09\/Logo-Escena-Norte-512.png","contentUrl":"https:\/\/escenanorte.com\/wp-content\/uploads\/2025\/09\/Logo-Escena-Norte-512.png","width":512,"height":512,"caption":"Camino Escena Norte"},"image":{"@id":"https:\/\/escenanorte.com\/gl\/#\/schema\/logo\/image\/"},"sameAs":["https:\/\/www.facebook.com\/escenanorte","https:\/\/instagram.com\/escenanorte"]}]}},"publishpress_future_workflow_manual_trigger":{"enabledWorkflows":[]},"_links":{"self":[{"href":"https:\/\/escenanorte.com\/gl\/wp-json\/wp\/v2\/tribe_events\/82275","targetHints":{"allow":["GET"]}}],"collection":[{"href":"https:\/\/escenanorte.com\/gl\/wp-json\/wp\/v2\/tribe_events"}],"about":[{"href":"https:\/\/escenanorte.com\/gl\/wp-json\/wp\/v2\/types\/tribe_events"}],"author":[{"embeddable":true,"href":"https:\/\/escenanorte.com\/gl\/wp-json\/wp\/v2\/users\/1"}],"version-history":[{"count":1,"href":"https:\/\/escenanorte.com\/gl\/wp-json\/wp\/v2\/tribe_events\/82275\/revisions"}],"predecessor-version":[{"id":82319,"href":"https:\/\/escenanorte.com\/gl\/wp-json\/wp\/v2\/tribe_events\/82275\/revisions\/82319"}],"wp:featuredmedia":[{"embeddable":true,"href":"https:\/\/escenanorte.com\/gl\/wp-json\/wp\/v2\/media\/81739"}],"wp:attachment":[{"href":"https:\/\/escenanorte.com\/gl\/wp-json\/wp\/v2\/media?parent=82275"}],"wp:term":[{"taxonomy":"post_tag","embeddable":true,"href":"https:\/\/escenanorte.com\/gl\/wp-json\/wp\/v2\/tags?post=82275"},{"taxonomy":"tribe_events_cat","embeddable":true,"href":"https:\/\/escenanorte.com\/gl\/wp-json\/wp\/v2\/tribe_events_cat?post=82275"}],"curies":[{"name":"wp","href":"https:\/\/api.w.org\/{rel}","templated":true}]}}