{"id":153,"date":"2020-08-18T11:18:18","date_gmt":"2020-08-18T09:18:18","guid":{"rendered":"http:\/\/escenaf.cluster028.hosting.ovh.net\/index.php\/quienes-somos\/"},"modified":"2026-08-25T13:36:52","modified_gmt":"2026-08-25T11:36:52","slug":"quienes-somos","status":"publish","type":"page","link":"https:\/\/escenanorte.com\/gl\/quienes-somos\/","title":{"rendered":"Quen somos"},"content":{"rendered":"<h1>Quen somos<\/h1>\n<div>\n<p>        <img decoding=\"async\" src=\"\/wp-content\/uploads\/2020\/08\/logo_escenagalega-2.png\" alt=\"\"><\/p>\n<div>\n<p>Con 24 anos de vida <strong>ESCENA GALEGA<\/strong> \u00e9 a asociaci\u00f3n de referencia do sector profesional en Galicia, actualmente con 57 compa\u00f1\u00edas asociadas. Somos un colectivo comprometido coa defensa da lingua e a cultura como ben com\u00fan, que traballa na interlocuci\u00f3n coas instituci\u00f3ns e cos distintos axentes implicados na modernizaci\u00f3n do sector das artes esc\u00e9nicas e que busca conexi\u00f3ns estrat\u00e9xicas con asociaci\u00f3ns af\u00edns doutros territorios.<\/p>\n<\/div>\n<p><a href=\"http:\/\/www.escenagalega.gal\/\">www.escenagalega.gal<\/a><\/p>\n<\/div>\n<div>\n<p>        <img decoding=\"async\" src=\"\/wp-content\/uploads\/2020\/08\/logo_escenasturias.png\" alt=\"\"><\/p>\n<div>\n<p>A <strong>Asociaci\u00f3n de Compa\u00f1\u00edas Profesionais de Artes Esc\u00e9nicas de Asturias<\/strong> (ESCENASTURIAS) constit\u00faese no ano 2018 tras a uni\u00f3n das d\u00faas asociaci\u00f3ns de empresas de artes esc\u00e9nicas da rexi\u00f3n (FOROESCENA e ACPTA) Integrada actualmente por 35 compa\u00f1\u00edas vinculadas profesionalmente ao mundo do espect\u00e1culo, ten o prop\u00f3sito de promover as artes esc\u00e9nicas que se fan en Asturias e contribu\u00edr \u00e1 s\u00faa proxecci\u00f3n a nivel nacional e internacional.<\/p>\n<\/div>\n<p><a href=\"http:\/\/www.escenasturias.com\/\">www.escenasturias.com<\/a><\/p>\n<\/div>\n<div>\n<p>        <img decoding=\"async\" src=\"\/wp-content\/uploads\/2020\/08\/logo_acepae.png\" alt=\"\"><\/p>\n<div>\n<p><strong>A Asociaci\u00f3n<\/strong> \u00e9 unha entidade que engloba a 24 empresas creada co obxectivo de reunir produtoras de teatro, danza, circo e maxia\u00a0de Cantabria. Ha de servir como \u00f3rgano de coordinaci\u00f3n, representaci\u00f3n, xesti\u00f3n, fomento e defensa dos intereses xerais dos seus membros. Entendemos a Asociaci\u00f3n como unha necesidade para abordar o ordeamento e vertebraci\u00f3n do noso sector e conseguir o reco\u00f1ecemento e a dignificaci\u00f3n do noso oficio.<\/p>\n<\/div>\n<p><a href=\"http:\/\/www.acepae.es\/\">www.acepae.es<\/a><\/p>\n<\/div>\n<div>\n<p>        <img decoding=\"async\" src=\"\/wp-content\/uploads\/2020\/08\/logo_eskena.png\" alt=\"\"><\/p>\n<div>\n<p>A asociaci\u00f3n <strong>ESKENA<\/strong> creouse en 1995 co obxectivo de dar voz, espazo e oportunidades \u00e1s diferentes empresas do mundo teatral vasco. Na actualidade est\u00e1 formada por 29 produtoras. Somos unha asociaci\u00f3n que traballa para a mellora da comunicaci\u00f3n, a estabilidade e o desenvolvemento das empresas do sector na nosa comunidade. Levamos m\u00e1is de 30 anos sendo unha referencia consolidada como promotora e interlocutora das artes esc\u00e9nicas en Euskadi.<br \/>Desde 2011 Eskena enc\u00e1rgase de xestionar o Centro de Innovaci\u00f3n Esc\u00e9nica Harrobia sito en Bilbao.<\/p>\n<\/div>\n<p><a href=\"http:\/\/www.eskena.org\/\">www.eskena.org<\/a><\/p>\n<\/div>\n<div>\n<p>        <img decoding=\"async\" src=\"\/wp-content\/uploads\/2023\/05\/logo-ESNA.png\" alt=\"\"><\/p>\n<div>\n<p>A Asociaci\u00f3n Empresarial Escena Navarra, <strong>ESNA<\/strong>, \u00e9 unha asociaci\u00f3n profesional de empresas de produci\u00f3n esc\u00e9nica que traballan na Comunidade Foral de Navarra. Actualmente, ESNA componse de 8 empresas asociadas, todas elas cunha longa traxectoria na produci\u00f3n de espect\u00e1culos teatrais e de maxia, na asistencia t\u00e9cnica de espect\u00e1culos ao vivo, as\u00ed como no desenvolvemento de diversos tipos de proxectos culturais e art\u00edsticos. \u00c1 s\u00faa vez, <strong>ESNA<\/strong> \u00e9 unha das 15 organizaci\u00f3ns que compo\u00f1en \u00e1 Federaci\u00f3n Estatal de Asociaci\u00f3ns de Empresas de Teatro e Danza, FAETEDA, sendo na actualidade o \u00fanico membro en representaci\u00f3n do territorio navarro.<\/p>\n<\/div>\n<p><a href=\"http:\/\/www.escenanavarra.com\/\">www.escenanavarra.com<\/a><\/p>\n<\/div>\n<div>\n<p>        <img decoding=\"async\" src=\"\/wp-content\/uploads\/2025\/02\/AESCENA.png\" alt=\"\"><\/p>\n<div>\n<p><strong>AESCENA<\/strong> \u00e9 unha comunidade profesional de artes esc\u00e9nicas da Rioxa, diversa en linguaxes, formatos e traxectorias, unida polo compromiso coa creaci\u00f3n art\u00edstica e o desenvolvemento do sector. Creamos, investigamos, producimos, formamos e compartimos proxectos esc\u00e9nicos que dialogan co noso territorio e se proxectan m\u00e1is al\u00f3 del, desde o local cara a \u00e1mbitos nacionais e internacionais. Apostamos polas artes esc\u00e9nicas como un espazo de encontro, innovaci\u00f3n e transformaci\u00f3n social, promovendo a inclusi\u00f3n, a diversidade, a colaboraci\u00f3n, a sustentabilidade e o respecto cara a todas as miradas que conforman a nosa comunidade.<\/p>\n<\/div>\n<p><a href=\"https:\/\/sie.fer.es\/esp\/Asociaciones\/Servicios\/AESCENA\/dir_3361.htm\">aescena<\/a><\/p>\n<\/div>\n<h1>\n<p>O equipo do proxecto<\/p>\n<\/h1>\n<div>\n<ul>\n<li><b>Coordinaci\u00f3n: <\/b>Nerea Soto.<\/li>\n<li><b>Xesti\u00f3n: <\/b>Amaia Ib\u00e1\u00f1ez.<\/li>\n<li><b>Produci\u00f3n Asturias: <\/b>Patricia Baraga\u00f1o, UEvents.<\/li>\n<li><b>Produci\u00f3n Galicia: <\/b><span>CUNDE, Servicios de Producci\u00f3n<\/span>.<\/li>\n<li><strong>Produci\u00f3n Navarra: <\/strong>Global Servicios Culturales.<\/li>\n<li><b>Produci\u00f3n Cantabria: <\/b>Bego\u00f1a Garc\u00eda.<\/li>\n<li><b><b>Produci\u00f3n Euskadi: <\/b><\/b>Idoia Ayestar\u00e1n.<\/li>\n<li><strong>Produci\u00f3n A Rioxa: <\/strong>Fernando Moreno.<\/li>\n<li><b>Gabinete de comunicaci\u00f3n: <br \/><\/b><span>Luc\u00eda Pita-The Office Comunicaci\u00f3n (Galicia).<\/span><br \/><span>Marta Barb\u00f3n-MB Comunicaci\u00f3n (Asturias).<\/span><br \/><span>Felisa Palacio (Cantabria).<\/span><br \/><span>Gontzal Sa\u00e9nz-ieR &#8211; Informaci\u00f3n en Red (Euskadi).<\/span><br \/><span>Alberto Laiglesia &#8211; Global Servicios Culturales <\/span>(Navarra).<br \/>Rebeca Ortega &#8211; Colibr\u00ed Comunicaci\u00f3n (A Rioxa).<\/li>\n<li><b>Redes sociais e estratexia<span class=\"Apple-converted-space\">\u00a0 <\/span>online:<span class=\"Apple-converted-space\"> <\/span><\/b>The Office Comunicaci\u00f3n.<\/li>\n<li><b>Dese\u00f1o gr\u00e1fico:\u00a0<\/b>MINIM Comunicaci\u00f3n.<\/li>\n<li><b>Elaboraci\u00f3n de materiais e imprenta: <br \/><\/b><span><span><span>LAU Creaciones e Imprenta da Deputaci\u00f3n de \u00c1raba<\/span><\/span><\/span>.<\/li>\n<li><b>Dese\u00f1o web: <\/b>Diego Seixo.<\/li>\n<li><b>Cobertura fotogr\u00e1fica e de v\u00eddeo: <br \/><\/b>Miguel Lamas Fotograf\u00eda.<br \/>Ana Mart\u00edn-Estudio La Central.<br \/><span><span>JPEG Estudio de Fotograf\u00eda<\/span><\/span>.<\/li>\n<li><b>Montaxe e edici\u00f3n de v\u00eddeo: <\/b>Miguel Lamas Fotograf\u00eda.<\/li>\n<li><b>Traduci\u00f3ns e asesor\u00eda ling\u00fc\u00edstica:<br \/><\/b><span>Laura Iglesia.<\/span><br \/><span>Interwords.<\/span><br \/><span>Santiago Cortegoso.<\/span><\/li>\n<li><b>Comisi\u00f3n permanente de seguimento do proxecto: <\/b><br \/><span><span><span>Marta Alonso Tejada e Guillermo Carbajo (Escena Galega).<br \/>Luis Alija e Mayra Fern\u00e1ndez (EscenAsturias).<br \/>Carlos Troyano e Bego\u00f1a Garc\u00eda (ACEPAE).<br \/><\/span><\/span><\/span><span><span>Gorka M\u00ednguez e Idoia Ayestaran (Eskena).<br \/>David Lainez e Martxel Rodr\u00edguez (Esna).<br \/><\/span><\/span>S\u00f3nia Olveira e Bego\u00f1a Gonz\u00e1lez (aescena).<\/li>\n<li><span><strong>Imaxe da edici\u00f3n:<\/strong> Sergio Llunik.<\/span><\/li>\n<\/ul>\n<\/div>\n<h1>\n<p>Composici\u00f3n das comisi\u00f3ns profesionais de selecci\u00f3n de espect\u00e1culos para o presente cat\u00e1logo<\/p>\n<\/h1>\n<div>\n<h3>Comisi\u00f3n de Galicia, Principado de Asturias e Cantabria<\/h3>\n<p>Escolleu espect\u00e1culos de Euskadi, Comunidade Foral Navarra e A Rioxa.<\/p>\n<div>\n<ul>\n<li><span data-subtree=\"aimfl\" data-processed=\"true\" data-copy-service-computed-style=\"font-family: &quot;Google Sans&quot;, &quot;Helvetica Neue&quot;, sans-serif; font-size: 16px; font-weight: 400; margin: 0px; text-decoration: none; border-bottom: 0px rgb(10, 10, 10);\"><strong>Santiago S. Nieto Romar\u00eds.<\/strong> Funcionario de Carreira. T\u00e9cnico de Cultura do Concello de Outes, A Coru\u00f1a.<\/span><\/li>\n<li><span><strong>Gustavo del R\u00edo Prieto.<\/strong> Xestor cultural.<\/span><\/li>\n<li><span><strong>Adolfo Camilo D\u00edaz L\u00f3pez.<\/strong> Xerente de Cultura do Concello de Corvera D\u2019Asturies.<\/span><\/li>\n<li><span><strong>Ver\u00f3nica Rodr\u00edguez Fern\u00e1ndez.<\/strong> Xefa do Departamento de Innovaci\u00f3n Cultural da FMCE e UP do Concello de Xix\u00f3n.<\/span><\/li>\n<li><span><strong>Marta Romero Diego.<\/strong> Xestora e mediadora cultural.<\/span><\/li>\n<li><span><strong>Isabel Ibarra Arenado.<\/strong> Responsable Programaci\u00f3n e Produci\u00f3n do Palacio de Festivales de Cantabria.<\/span><\/li>\n<\/ul>\n<\/div>\n<\/div>\n<div>\n<h3>Comisi\u00f3n de Euskadi, Comunidade Foral de Navarra e A Rioxa<\/h3>\n<p>Escolleu espect\u00e1culos de Galicia, Principado de Asturias e Cantabria.<\/p>\n<div>\n<ul>\n<li><span data-subtree=\"aimfl\" data-processed=\"true\" data-copy-service-computed-style=\"font-family: &quot;Google Sans&quot;, &quot;Helvetica Neue&quot;, sans-serif; font-size: 16px; font-weight: 400; margin: 0px; text-decoration: none; border-bottom: 0px rgb(10, 10, 10);\"><strong>Nagore Irastorza Artola.<\/strong> Responsable do Departamento de Cultura do Concello de Zarautz.<\/span><\/li>\n<li><span><strong>Pello Mirena Guti\u00e9rrez Salceda.<\/strong> Ex-coordinador de Estudos e Proxectos de Eskena.<\/span><\/li>\n<li><span><strong>Nerea Garde Iriarte.<\/strong> Coordinadora cultural do Concello de Zizur Mayor.<\/span><\/li>\n<li><span><strong>Iker Bengotxea Goya.<\/strong> Xestor de Circuito Sendaberri da RTN-NAS.<\/span><\/li>\n<li><span><strong>Gabriel Santos Ruiz.<\/strong> Xefe de Servizo de Promoci\u00f3n Cultural, Goberno da Rioxa.<\/span><\/li>\n<li><span><strong>Yolanda Mar\u00edn Solano.<\/strong> Directora de Actividades Culturais do Concello de Logro\u00f1o.<\/span><\/li>\n<\/ul>\n<\/div>\n<\/div>\n<div>\n<p>Un agradecemento especial \u00e1s Xuntas Directivas e todas as compa\u00f1\u00edas que forman parte de Escena Galega, EscenAsturias, Acepae, Eskena, ESNA e aescena.<\/p>\n<\/div>\n<p><!--more--><br \/>\n<!-- {\"name\":\"Quienes somos\",\"type\":\"layout\",\"children\":[{\"type\":\"section\",\"props\":{\"animation\":\"fade\",\"animation_delay\":\"200\",\"image_position\":\"center-center\",\"padding_bottom\":\"none\",\"padding_top\":\"small\",\"style\":\"default\",\"title_breakpoint\":\"xl\",\"title_position\":\"top-left\",\"title_rotation\":\"left\",\"vertical_align\":\"\",\"width\":\"default\"},\"children\":[{\"type\":\"row\",\"children\":[{\"type\":\"column\",\"props\":{\"image_position\":\"center-center\",\"position_sticky_breakpoint\":\"m\",\"width_medium\":\"1-1\"},\"children\":[{\"type\":\"headline\",\"props\":{\"content\":\"Quen somos\",\"image_align\":\"left\",\"image_margin\":\"xsmall\",\"title_element\":\"h1\"}}]}]}]},{\"name\":\"Asociaciones\",\"type\":\"section\",\"props\":{\"animation\":\"fade\",\"animation_delay\":\"200\",\"image_position\":\"center-center\",\"overlap\":true,\"padding_bottom\":\"small\",\"padding_top\":\"small\",\"style\":\"default\",\"title_breakpoint\":\"s\",\"title_position\":\"center-right\",\"title_rotation\":\"left\",\"vertical_align\":\"\",\"width\":\"default\"},\"children\":[{\"type\":\"row\",\"props\":{\"layout\":\"1-3,1-3,1-3\"},\"children\":[{\"type\":\"column\",\"props\":{\"image_position\":\"center-center\",\"position_sticky_breakpoint\":\"m\",\"width_medium\":\"1-3\"},\"children\":[{\"type\":\"panel\",\"props\":{\"content\":\"\n\n<p>Con 24 anos de vida <strong>ESCENA GALEGA<\/strong> \u00e9 a asociaci\u00f3n de referencia do sector profesional en Galicia, actualmente con 57 compa\u00f1\u00edas asociadas. Somos un colectivo comprometido coa defensa da lingua e a cultura como ben com\u00fan, que traballa na interlocuci\u00f3n coas instituci\u00f3ns e cos distintos axentes implicados na modernizaci\u00f3n do sector das artes esc\u00e9nicas e que busca conexi\u00f3ns estrat\u00e9xicas con asociaci\u00f3ns af\u00edns doutros territorios.<\/p>\n\n\",\"content_column_breakpoint\":\"m\",\"image\":\"wp-content\/uploads\/2020\/08\/logo_escenagalega-2.png\",\"image_align\":\"top\",\"image_box_shadow_bottom\":false,\"image_grid_breakpoint\":\"m\",\"image_grid_width\":\"1-2\",\"image_height\":\"250\",\"image_svg_color\":\"emphasis\",\"link\":\"http:\/\/www.escenagalega.gal\/\",\"link_style\":\"text\",\"link_target\":true,\"link_text\":\"www.escenagalega.gal\",\"margin_bottom\":\"default\",\"margin_top\":\"default\",\"meta_align\":\"below-title\",\"meta_element\":\"div\",\"meta_style\":\"text-meta\",\"title_align\":\"top\",\"title_element\":\"h3\",\"title_grid_breakpoint\":\"m\",\"title_grid_width\":\"1-2\",\"title_hover_style\":\"reset\"}}]},{\"type\":\"column\",\"props\":{\"image_position\":\"center-center\",\"position_sticky_breakpoint\":\"m\",\"width_medium\":\"1-3\"},\"children\":[{\"type\":\"panel\",\"props\":{\"content\":\"\n\n<p>A <strong>Asociaci\u00f3n de Compa\u00f1\u00edas Profesionais de Artes Esc\u00e9nicas de Asturias<\/strong> (ESCENASTURIAS) constit\u00faese no ano 2018 tras a uni\u00f3n das d\u00faas asociaci\u00f3ns de empresas de artes esc\u00e9nicas da rexi\u00f3n (FOROESCENA e ACPTA) Integrada actualmente por 35 compa\u00f1\u00edas vinculadas profesionalmente ao mundo do espect\u00e1culo, ten o prop\u00f3sito de promover as artes esc\u00e9nicas que se fan en Asturias e contribu\u00edr \u00e1 s\u00faa proxecci\u00f3n a nivel nacional e internacional.<\/p>\n\n\",\"content_column_breakpoint\":\"m\",\"image\":\"wp-content\/uploads\/2020\/08\/logo_escenasturias.png\",\"image_align\":\"top\",\"image_grid_breakpoint\":\"m\",\"image_grid_width\":\"1-2\",\"image_height\":\"250\",\"image_svg_color\":\"emphasis\",\"link\":\"http:\/\/www.escenasturias.com\/\",\"link_style\":\"text\",\"link_target\":true,\"link_text\":\"www.escenasturias.com\",\"margin_bottom\":\"default\",\"margin_top\":\"default\",\"meta_align\":\"below-title\",\"meta_element\":\"div\",\"meta_style\":\"text-meta\",\"title_align\":\"top\",\"title_element\":\"h3\",\"title_grid_breakpoint\":\"m\",\"title_grid_width\":\"1-2\",\"title_hover_style\":\"reset\"}}]},{\"type\":\"column\",\"props\":{\"image_position\":\"center-center\",\"position_sticky_breakpoint\":\"m\",\"width_medium\":\"1-3\"},\"children\":[{\"type\":\"panel\",\"props\":{\"content\":\"\n\n<p><strong>A Asociaci\u00f3n<\/strong> \u00e9 unha entidade que engloba a 24 empresas creada co obxectivo de reunir produtoras de teatro, danza, circo e maxia\u00a0de Cantabria. Ha de servir como \u00f3rgano de coordinaci\u00f3n, representaci\u00f3n, xesti\u00f3n, fomento e defensa dos intereses xerais dos seus membros. Entendemos a Asociaci\u00f3n como unha necesidade para abordar o ordeamento e vertebraci\u00f3n do noso sector e conseguir o reco\u00f1ecemento e a dignificaci\u00f3n do noso oficio.<\/p>\n\n\",\"content_column_breakpoint\":\"m\",\"image\":\"wp-content\/uploads\/2020\/08\/logo_acepae.png\",\"image_align\":\"top\",\"image_grid_breakpoint\":\"m\",\"image_grid_width\":\"1-2\",\"image_height\":\"250\",\"image_svg_color\":\"emphasis\",\"link\":\"http:\/\/www.acepae.es\/\",\"link_style\":\"text\",\"link_target\":true,\"link_text\":\"www.acepae.es\",\"margin_bottom\":\"default\",\"margin_top\":\"default\",\"meta_align\":\"below-title\",\"meta_element\":\"div\",\"meta_style\":\"text-meta\",\"title_align\":\"top\",\"title_element\":\"h3\",\"title_grid_breakpoint\":\"m\",\"title_grid_width\":\"1-2\",\"title_hover_style\":\"reset\"}}]}]},{\"type\":\"row\",\"props\":{\"layout\":\"1-3,1-3,1-3\"},\"children\":[{\"type\":\"column\",\"props\":{\"image_position\":\"center-center\",\"position_sticky_breakpoint\":\"m\",\"width_medium\":\"1-3\"},\"children\":[{\"type\":\"panel\",\"props\":{\"content\":\"\n\n<p>A asociaci\u00f3n <strong>ESKENA<\/strong> creouse en 1995 co obxectivo de dar voz, espazo e oportunidades \u00e1s diferentes empresas do mundo teatral vasco. Na actualidade est\u00e1 formada por 29 produtoras. Somos unha asociaci\u00f3n que traballa para a mellora da comunicaci\u00f3n, a estabilidade e o desenvolvemento das empresas do sector na nosa comunidade. Levamos m\u00e1is de 30 anos sendo unha referencia consolidada como promotora e interlocutora das artes esc\u00e9nicas en Euskadi.<br \/>Desde 2011 Eskena enc\u00e1rgase de xestionar o Centro de Innovaci\u00f3n Esc\u00e9nica Harrobia sito en Bilbao.<\/p>\n\n\",\"content_column_breakpoint\":\"m\",\"image\":\"wp-content\/uploads\/2020\/08\/logo_eskena.png\",\"image_align\":\"top\",\"image_grid_breakpoint\":\"m\",\"image_grid_width\":\"1-2\",\"image_height\":\"250\",\"image_svg_color\":\"emphasis\",\"link\":\"http:\/\/www.eskena.org\/\",\"link_style\":\"text\",\"link_target\":true,\"link_text\":\"www.eskena.org\",\"margin_bottom\":\"default\",\"margin_top\":\"default\",\"meta_align\":\"below-title\",\"meta_element\":\"div\",\"meta_style\":\"text-meta\",\"title_align\":\"top\",\"title_element\":\"h3\",\"title_grid_breakpoint\":\"m\",\"title_grid_width\":\"1-2\",\"title_hover_style\":\"reset\"}}]},{\"type\":\"column\",\"props\":{\"image_position\":\"center-center\",\"position_sticky_breakpoint\":\"m\",\"width_medium\":\"1-3\"},\"children\":[{\"type\":\"panel\",\"props\":{\"content\":\"\n\n<p>A Asociaci\u00f3n Empresarial Escena Navarra, <strong>ESNA<\/strong>, \u00e9 unha asociaci\u00f3n profesional de empresas de produci\u00f3n esc\u00e9nica que traballan na Comunidade Foral de Navarra. Actualmente, ESNA componse de 8 empresas asociadas, todas elas cunha longa traxectoria na produci\u00f3n de espect\u00e1culos teatrais e de maxia, na asistencia t\u00e9cnica de espect\u00e1culos ao vivo, as\u00ed como no desenvolvemento de diversos tipos de proxectos culturais e art\u00edsticos. \u00c1 s\u00faa vez, <strong>ESNA<\/strong> \u00e9 unha das 15 organizaci\u00f3ns que compo\u00f1en \u00e1 Federaci\u00f3n Estatal de Asociaci\u00f3ns de Empresas de Teatro e Danza, FAETEDA, sendo na actualidade o \u00fanico membro en representaci\u00f3n do territorio navarro.<\/p>\n\n\",\"content_column_breakpoint\":\"m\",\"image\":\"wp-content\/uploads\/2023\/05\/logo-ESNA.png\",\"image_align\":\"top\",\"image_grid_breakpoint\":\"m\",\"image_grid_width\":\"1-2\",\"image_height\":\"250\",\"image_svg_color\":\"emphasis\",\"link\":\"http:\/\/www.escenanavarra.com\/\",\"link_style\":\"text\",\"link_target\":true,\"link_text\":\"www.escenanavarra.com\",\"margin_bottom\":\"default\",\"margin_top\":\"default\",\"meta_align\":\"below-title\",\"meta_element\":\"div\",\"meta_style\":\"text-meta\",\"title\":\"\",\"title_align\":\"top\",\"title_element\":\"h3\",\"title_grid_breakpoint\":\"m\",\"title_grid_width\":\"1-2\",\"title_hover_style\":\"reset\"}}]},{\"type\":\"column\",\"props\":{\"image_position\":\"center-center\",\"position_sticky_breakpoint\":\"m\",\"width_medium\":\"1-3\"},\"children\":[{\"type\":\"panel\",\"props\":{\"content\":\"\n\n<p><strong>AESCENA<\/strong> \u00e9 unha comunidade profesional de artes esc\u00e9nicas da Rioxa, diversa en linguaxes, formatos e traxectorias, unida polo compromiso coa creaci\u00f3n art\u00edstica e o desenvolvemento do sector. Creamos, investigamos, producimos, formamos e compartimos proxectos esc\u00e9nicos que dialogan co noso territorio e se proxectan m\u00e1is al\u00f3 del, desde o local cara a \u00e1mbitos nacionais e internacionais. Apostamos polas artes esc\u00e9nicas como un espazo de encontro, innovaci\u00f3n e transformaci\u00f3n social, promovendo a inclusi\u00f3n, a diversidade, a colaboraci\u00f3n, a sustentabilidade e o respecto cara a todas as miradas que conforman a nosa comunidade.<\/p>\n\n\",\"content_column_breakpoint\":\"m\",\"image\":\"wp-content\/uploads\/2025\/02\/AESCENA.png\",\"image_align\":\"top\",\"image_grid_breakpoint\":\"m\",\"image_grid_width\":\"1-2\",\"image_height\":\"250\",\"image_svg_color\":\"emphasis\",\"link\":\"https:\/\/sie.fer.es\/esp\/Asociaciones\/Servicios\/AESCENA\/dir_3361.htm\",\"link_style\":\"text\",\"link_target\":true,\"link_text\":\"aescena\",\"margin_bottom\":\"default\",\"margin_top\":\"default\",\"meta_align\":\"below-title\",\"meta_element\":\"div\",\"meta_style\":\"text-meta\",\"title\":\"\",\"title_align\":\"top\",\"title_element\":\"h3\",\"title_grid_breakpoint\":\"m\",\"title_grid_width\":\"1-2\",\"title_hover_style\":\"reset\"}}]}]}]},{\"type\":\"section\",\"props\":{\"animation\":\"fade\",\"animation_delay\":\"200\",\"image_position\":\"center-center\",\"overlap\":false,\"padding_bottom\":\"none\",\"padding_top\":\"small\",\"style\":\"muted\",\"title_breakpoint\":\"xl\",\"title_position\":\"top-left\",\"title_rotation\":\"left\",\"vertical_align\":\"\",\"width\":\"default\"},\"children\":[{\"type\":\"row\",\"children\":[{\"type\":\"column\",\"props\":{\"image_position\":\"center-center\",\"position_sticky_breakpoint\":\"m\",\"width_medium\":\"1-1\"},\"children\":[{\"type\":\"headline\",\"props\":{\"content\":\"\n\n<p>O equipo do proxecto<\/p>\n\n\",\"image_align\":\"left\",\"image_margin\":\"xsmall\",\"title_color\":\"success\",\"title_element\":\"h1\"}}]}]}]},{\"type\":\"section\",\"props\":{\"animation\":\"fade\",\"animation_delay\":\"200\",\"image_position\":\"center-center\",\"overlap\":true,\"style\":\"muted\",\"title_breakpoint\":\"s\",\"title_position\":\"center-right\",\"title_rotation\":\"left\",\"vertical_align\":\"\",\"width\":\"default\"},\"children\":[{\"type\":\"row\",\"children\":[{\"type\":\"column\",\"props\":{\"image_position\":\"center-center\",\"position_sticky_breakpoint\":\"m\",\"width_medium\":\"1-1\"},\"children\":[{\"type\":\"text\",\"props\":{\"column\":\"1-2\",\"column_breakpoint\":\"l\",\"content\":\"\n\n<ul>\\n\n\n<li><b>Coordinaci\u00f3n: <\/b>Nerea Soto.<\/li>\n\n\\n\n\n<li><b>Xesti\u00f3n: <\/b>Amaia Ib\u00e1\u00f1ez.<\/li>\n\n\\n\n\n<li><b>Produci\u00f3n Asturias: <\/b>Patricia Baraga\u00f1o, UEvents.<\/li>\n\n\\n\n\n<li><b>Produci\u00f3n Galicia: <\/b><span>CUNDE, Servicios de Producci\u00f3n<\/span>.<\/li>\n\n\\n\n\n<li><strong>Produci\u00f3n Navarra: <\/strong>Global Servicios Culturales.<\/li>\n\n\\n\n\n<li><b>Produci\u00f3n Cantabria: <\/b>Bego\u00f1a Garc\u00eda.<\/li>\n\n\\n\n\n<li><b><b>Produci\u00f3n Euskadi: <\/b><\/b>Idoia Ayestar\u00e1n.<\/li>\n\n\\n\n\n<li><strong>Produci\u00f3n A Rioxa: <\/strong>Fernando Moreno.<\/li>\n\n\\n\n\n<li><b>Gabinete de comunicaci\u00f3n: <br \/><\/b><span>Luc\u00eda Pita-The Office Comunicaci\u00f3n (Galicia).<\/span><br \/><span>Marta Barb\u00f3n-MB Comunicaci\u00f3n (Asturias).<\/span><br \/><span>Felisa Palacio (Cantabria).<\/span><br \/><span>Gontzal Sa\u00e9nz-ieR - Informaci\u00f3n en Red (Euskadi).<\/span><br \/><span>Alberto Laiglesia - Global Servicios Culturales <\/span>(Navarra).<br \/>Rebeca Ortega - Colibr\u00ed Comunicaci\u00f3n (A Rioxa).<\/li>\n\n\\n\n\n<li><b>Redes sociais e estratexia<span class=\\\"Apple-converted-space\\\">\u00a0 <\/span>online:<span class=\\\"Apple-converted-space\\\"> <\/span><\/b>The Office Comunicaci\u00f3n.<\/li>\n\n\\n\n\n<li><b>Dese\u00f1o gr\u00e1fico:\u00a0<\/b>MINIM Comunicaci\u00f3n.<\/li>\n\n\\n\n\n<li><b>Elaboraci\u00f3n de materiais e imprenta: <br \/><\/b><span><span><span>LAU Creaciones e Imprenta da Deputaci\u00f3n de \u00c1raba<\/span><\/span><\/span>.<\/li>\n\n\\n\n\n<li><b>Dese\u00f1o web: <\/b>Diego Seixo.<\/li>\n\n\\n\n\n<li><b>Cobertura fotogr\u00e1fica e de v\u00eddeo: <br \/><\/b>Miguel Lamas Fotograf\u00eda.<br \/>Ana Mart\u00edn-Estudio La Central.<br \/><span><span>JPEG Estudio de Fotograf\u00eda<\/span><\/span>.<\/li>\n\n\\n\n\n<li><b>Montaxe e edici\u00f3n de v\u00eddeo: <\/b>Miguel Lamas Fotograf\u00eda.<\/li>\n\n\\n\n\n<li><b>Traduci\u00f3ns e asesor\u00eda ling\u00fc\u00edstica:<br \/><\/b><span>Laura Iglesia.<\/span><br \/><span>Interwords.<\/span><br \/><span>Santiago Cortegoso.<\/span><\/li>\n\n\\n\n\n<li><b>Comisi\u00f3n permanente de seguimento do proxecto: <\/b><br \/><span><span><span>Marta Alonso Tejada e Guillermo Carbajo (Escena Galega).<br \/>Luis Alija e Mayra Fern\u00e1ndez (EscenAsturias).<br \/>Carlos Troyano e Bego\u00f1a Garc\u00eda (ACEPAE).<br \/><\/span><\/span><\/span><span><span>Gorka M\u00ednguez e Idoia Ayestaran (Eskena).<br \/>David Lainez e Martxel Rodr\u00edguez (Esna).<br \/><\/span><\/span>S\u00f3nia Olveira e Bego\u00f1a Gonz\u00e1lez (aescena).<\/li>\n\n\\n\n\n<li><span><strong>Imaxe da edici\u00f3n:<\/strong> Sergio Llunik.<\/span><\/li>\n\n\\n<\/ul>\n\n\\n\n\n\n\n\",\"margin_bottom\":\"default\",\"margin_top\":\"default\"}}]}]}]},{\"type\":\"section\",\"props\":{\"animation\":\"fade\",\"animation_delay\":\"200\",\"image_position\":\"center-center\",\"overlap\":false,\"padding_bottom\":\"none\",\"padding_top\":\"small\",\"style\":\"default\",\"title_breakpoint\":\"xl\",\"title_position\":\"top-left\",\"title_rotation\":\"left\",\"vertical_align\":\"\",\"width\":\"default\"},\"children\":[{\"type\":\"row\",\"children\":[{\"type\":\"column\",\"props\":{\"image_position\":\"center-center\",\"position_sticky_breakpoint\":\"m\",\"width_medium\":\"1-1\"},\"children\":[{\"name\":\"Comisiones\",\"type\":\"headline\",\"props\":{\"content\":\"\n\n<p>Composici\u00f3n das comisi\u00f3ns profesionais de selecci\u00f3n de espect\u00e1culos para o presente cat\u00e1logo<\/p>\n\n\",\"image_align\":\"left\",\"image_margin\":\"xsmall\",\"title_color\":\"primary\",\"title_element\":\"h1\",\"title_style\":\"h2\"}}]}]}]},{\"name\":\"Asociaciones\",\"type\":\"section\",\"props\":{\"animation\":\"fade\",\"animation_delay\":\"200\",\"image_position\":\"center-center\",\"overlap\":true,\"padding_bottom\":\"none\",\"padding_top\":\"small\",\"style\":\"default\",\"title_breakpoint\":\"s\",\"title_position\":\"center-right\",\"title_rotation\":\"left\",\"vertical_align\":\"\",\"width\":\"default\"},\"children\":[{\"type\":\"row\",\"props\":{\"layout\":\"1-2,1-2\"},\"children\":[{\"type\":\"column\",\"props\":{\"image_position\":\"center-center\",\"position_sticky_breakpoint\":\"m\",\"width_medium\":\"1-2\"},\"children\":[{\"type\":\"panel\",\"props\":{\"content\":\"\n\n<ul>\\n\n\n<li><span data-subtree=\\\"aimfl\\\" data-processed=\\\"true\\\" data-copy-service-computed-style=\\\"font-family: &quot;Google Sans&quot;, &quot;Helvetica Neue&quot;, sans-serif; font-size: 16px; font-weight: 400; margin: 0px; text-decoration: none; border-bottom: 0px rgb(10, 10, 10);\\\"><strong>Santiago S. Nieto Romar\u00eds.<\/strong> Funcionario de Carreira. T\u00e9cnico de Cultura do Concello de Outes, A Coru\u00f1a.<\/span><\/li>\n\n\\n\n\n<li><span><strong>Gustavo del R\u00edo Prieto.<\/strong> Xestor cultural.<\/span><\/li>\n\n\\n\n\n<li><span><strong>Adolfo Camilo D\u00edaz L\u00f3pez.<\/strong> Xerente de Cultura do Concello de Corvera D\u2019Asturies.<\/span><\/li>\n\n\\n\n\n<li><span><strong>Ver\u00f3nica Rodr\u00edguez Fern\u00e1ndez.<\/strong> Xefa do Departamento de Innovaci\u00f3n Cultural da FMCE e UP do Concello de Xix\u00f3n.<\/span><\/li>\n\n\\n\n\n<li><span><strong>Marta Romero Diego.<\/strong> Xestora e mediadora cultural.<\/span><\/li>\n\n\\n\n\n<li><span><strong>Isabel Ibarra Arenado.<\/strong> Responsable Programaci\u00f3n e Produci\u00f3n do Palacio de Festivales de Cantabria.<\/span><\/li>\n\n\\n<\/ul>\n\n\",\"content_column_breakpoint\":\"m\",\"image\":\"\",\"image_align\":\"top\",\"image_box_shadow_bottom\":false,\"image_grid_breakpoint\":\"m\",\"image_grid_width\":\"1-2\",\"image_height\":\"250\",\"image_svg_color\":\"emphasis\",\"link_style\":\"default\",\"link_text\":\"Read more\",\"margin_bottom\":\"default\",\"margin_top\":\"default\",\"meta\":\"Escolleu espect\u00e1culos de Euskadi, Comunidade Foral Navarra e A Rioxa.\",\"meta_align\":\"below-title\",\"meta_element\":\"div\",\"meta_style\":\"text-meta\",\"title\":\"Comisi\u00f3n de Galicia, Principado de Asturias e Cantabria\",\"title_align\":\"top\",\"title_color\":\"success\",\"title_element\":\"h3\",\"title_grid_breakpoint\":\"m\",\"title_grid_width\":\"1-2\",\"title_hover_style\":\"reset\"}}]},{\"type\":\"column\",\"props\":{\"image_position\":\"center-center\",\"position_sticky_breakpoint\":\"m\",\"width_medium\":\"1-2\"},\"children\":[{\"type\":\"panel\",\"props\":{\"content\":\"\n\n<ul>\\n\n\n<li><span data-subtree=\\\"aimfl\\\" data-processed=\\\"true\\\" data-copy-service-computed-style=\\\"font-family: &quot;Google Sans&quot;, &quot;Helvetica Neue&quot;, sans-serif; font-size: 16px; font-weight: 400; margin: 0px; text-decoration: none; border-bottom: 0px rgb(10, 10, 10);\\\"><strong>Nagore Irastorza Artola.<\/strong> Responsable do Departamento de Cultura do Concello de Zarautz.<\/span><\/li>\n\n\\n\n\n<li><span><strong>Pello Mirena Guti\u00e9rrez Salceda.<\/strong> Ex-coordinador de Estudos e Proxectos de Eskena.<\/span><\/li>\n\n\\n\n\n<li><span><strong>Nerea Garde Iriarte.<\/strong> Coordinadora cultural do Concello de Zizur Mayor.<\/span><\/li>\n\n\\n\n\n<li><span><strong>Iker Bengotxea Goya.<\/strong> Xestor de Circuito Sendaberri da RTN-NAS.<\/span><\/li>\n\n\\n\n\n<li><span><strong>Gabriel Santos Ruiz.<\/strong> Xefe de Servizo de Promoci\u00f3n Cultural, Goberno da Rioxa.<\/span><\/li>\n\n\\n\n\n<li><span><strong>Yolanda Mar\u00edn Solano.<\/strong> Directora de Actividades Culturais do Concello de Logro\u00f1o.<\/span><\/li>\n\n\\n<\/ul>\n\n\",\"content_column_breakpoint\":\"m\",\"image\":\"\",\"image_align\":\"top\",\"image_grid_breakpoint\":\"m\",\"image_grid_width\":\"1-2\",\"image_height\":\"250\",\"image_svg_color\":\"emphasis\",\"link_style\":\"default\",\"link_text\":\"Read more\",\"margin_bottom\":\"default\",\"margin_top\":\"default\",\"meta\":\"Escolleu espect\u00e1culos de Galicia, Principado de Asturias e Cantabria.\",\"meta_align\":\"below-title\",\"meta_element\":\"div\",\"meta_style\":\"text-meta\",\"title\":\"Comisi\u00f3n de Euskadi, Comunidade Foral de Navarra e A Rioxa\",\"title_align\":\"top\",\"title_element\":\"h3\",\"title_grid_breakpoint\":\"m\",\"title_grid_width\":\"1-2\",\"title_hover_style\":\"reset\"}}]}]}]},{\"name\":\"Asociaciones\",\"type\":\"section\",\"props\":{\"animation\":\"fade\",\"animation_delay\":\"200\",\"image_position\":\"center-center\",\"overlap\":true,\"padding_bottom\":\"small\",\"padding_top\":\"none\",\"style\":\"default\",\"title_breakpoint\":\"s\",\"title_position\":\"center-right\",\"title_rotation\":\"left\",\"vertical_align\":\"\",\"width\":\"small\"},\"children\":[{\"type\":\"row\",\"children\":[{\"type\":\"column\",\"props\":{\"image_position\":\"center-center\",\"position_sticky_breakpoint\":\"m\",\"width_medium\":\"1-1\"},\"children\":[{\"type\":\"text\",\"props\":{\"column_breakpoint\":\"m\",\"content\":\"\n\n<p>Un agradecemento especial \u00e1s Xuntas Directivas e todas as compa\u00f1\u00edas que forman parte de Escena Galega, EscenAsturias, Acepae, Eskena, ESNA e aescena.<\/p>\n\n\",\"dropcap\":false,\"margin_bottom\":\"default\",\"margin_top\":\"default\",\"text_align\":\"center\",\"text_style\":\"lead\"}}]}]}]}],\"version\":\"5.0.42\"} --><\/p>\n","protected":false},"excerpt":{"rendered":"<p>Quen somos Con 24 anos de vida ESCENA GALEGA \u00e9 a asociaci\u00f3n de referencia do sector profesional en Galicia, actualmente con 57 compa\u00f1\u00edas asociadas. Somos un colectivo comprometido coa defensa [&hellip;]<\/p>\n","protected":false},"author":1,"featured_media":0,"parent":0,"menu_order":0,"comment_status":"closed","ping_status":"open","template":"","meta":{"footnotes":""},"class_list":["post-153","page","type-page","status-publish","hentry"],"yoast_head":"<!-- This site is optimized with the Yoast SEO plugin v28.4 - https:\/\/yoast.com\/product\/yoast-seo-wordpress\/ -->\n<title>Quen somos - Camino Escena Norte<\/title>\n<meta name=\"robots\" content=\"index, follow, max-snippet:-1, max-image-preview:large, max-video-preview:-1\" \/>\n<link rel=\"canonical\" href=\"https:\/\/escenanorte.com\/gl\/quienes-somos\/\" \/>\n<meta property=\"og:locale\" content=\"gl_ES\" \/>\n<meta property=\"og:type\" content=\"article\" \/>\n<meta property=\"og:title\" content=\"Quen somos - Camino Escena Norte\" \/>\n<meta property=\"og:description\" content=\"Quen somos Con 24 anos de vida ESCENA GALEGA \u00e9 a asociaci\u00f3n de referencia do sector profesional en Galicia, actualmente con 57 compa\u00f1\u00edas asociadas. Somos un colectivo comprometido coa defensa [&hellip;]\" \/>\n<meta property=\"og:url\" content=\"https:\/\/escenanorte.com\/gl\/quienes-somos\/\" \/>\n<meta property=\"og:site_name\" content=\"Camino Escena Norte\" \/>\n<meta property=\"article:publisher\" content=\"https:\/\/www.facebook.com\/escenanorte\" \/>\n<meta property=\"article:modified_time\" content=\"2026-08-25T11:36:52+00:00\" \/>\n<meta property=\"og:image\" content=\"https:\/\/escenanorte.com\/wp-content\/uploads\/2025\/06\/AAFF-CEN-ARTE-50X70-AS.jpg\" \/>\n\t<meta property=\"og:image:width\" content=\"926\" \/>\n\t<meta property=\"og:image:height\" content=\"1280\" \/>\n\t<meta property=\"og:image:type\" content=\"image\/jpeg\" \/>\n<meta name=\"twitter:card\" content=\"summary_large_image\" \/>\n<meta name=\"twitter:label1\" content=\"Tempo de lectura\" \/>\n\t<meta name=\"twitter:data1\" content=\"5 minutos\" \/>\n<script type=\"application\/ld+json\" class=\"yoast-schema-graph\">{\"@context\":\"https:\\\/\\\/schema.org\",\"@graph\":[{\"@type\":\"WebPage\",\"@id\":\"https:\\\/\\\/escenanorte.com\\\/gl\\\/quienes-somos\\\/\",\"url\":\"https:\\\/\\\/escenanorte.com\\\/gl\\\/quienes-somos\\\/\",\"name\":\"Quen somos - Camino Escena Norte\",\"isPartOf\":{\"@id\":\"https:\\\/\\\/escenanorte.com\\\/gl\\\/#website\"},\"datePublished\":\"2020-08-18T09:18:18+00:00\",\"dateModified\":\"2026-08-25T11:36:52+00:00\",\"breadcrumb\":{\"@id\":\"https:\\\/\\\/escenanorte.com\\\/gl\\\/quienes-somos\\\/#breadcrumb\"},\"inLanguage\":\"gl-ES\",\"potentialAction\":[{\"@type\":\"ReadAction\",\"target\":[\"https:\\\/\\\/escenanorte.com\\\/gl\\\/quienes-somos\\\/\"]}]},{\"@type\":\"BreadcrumbList\",\"@id\":\"https:\\\/\\\/escenanorte.com\\\/gl\\\/quienes-somos\\\/#breadcrumb\",\"itemListElement\":[{\"@type\":\"ListItem\",\"position\":1,\"name\":\"Portada\",\"item\":\"https:\\\/\\\/escenanorte.com\\\/gl\\\/\"},{\"@type\":\"ListItem\",\"position\":2,\"name\":\"Quen somos\"}]},{\"@type\":\"WebSite\",\"@id\":\"https:\\\/\\\/escenanorte.com\\\/gl\\\/#website\",\"url\":\"https:\\\/\\\/escenanorte.com\\\/gl\\\/\",\"name\":\"Camino Escena Norte\",\"description\":\"Escena Norte\",\"publisher\":{\"@id\":\"https:\\\/\\\/escenanorte.com\\\/gl\\\/#organization\"},\"potentialAction\":[{\"@type\":\"SearchAction\",\"target\":{\"@type\":\"EntryPoint\",\"urlTemplate\":\"https:\\\/\\\/escenanorte.com\\\/gl\\\/?s={search_term_string}\"},\"query-input\":{\"@type\":\"PropertyValueSpecification\",\"valueRequired\":true,\"valueName\":\"search_term_string\"}}],\"inLanguage\":\"gl-ES\"},{\"@type\":\"Organization\",\"@id\":\"https:\\\/\\\/escenanorte.com\\\/gl\\\/#organization\",\"name\":\"Camino Escena Norte\",\"url\":\"https:\\\/\\\/escenanorte.com\\\/gl\\\/\",\"logo\":{\"@type\":\"ImageObject\",\"inLanguage\":\"gl-ES\",\"@id\":\"https:\\\/\\\/escenanorte.com\\\/gl\\\/#\\\/schema\\\/logo\\\/image\\\/\",\"url\":\"https:\\\/\\\/escenanorte.com\\\/wp-content\\\/uploads\\\/2025\\\/09\\\/Logo-Escena-Norte-512.png\",\"contentUrl\":\"https:\\\/\\\/escenanorte.com\\\/wp-content\\\/uploads\\\/2025\\\/09\\\/Logo-Escena-Norte-512.png\",\"width\":512,\"height\":512,\"caption\":\"Camino Escena Norte\"},\"image\":{\"@id\":\"https:\\\/\\\/escenanorte.com\\\/gl\\\/#\\\/schema\\\/logo\\\/image\\\/\"},\"sameAs\":[\"https:\\\/\\\/www.facebook.com\\\/escenanorte\",\"https:\\\/\\\/instagram.com\\\/escenanorte\"]}]}<\/script>\n<!-- \/ Yoast SEO plugin. -->","yoast_head_json":{"title":"Quen somos - Camino Escena Norte","robots":{"index":"index","follow":"follow","max-snippet":"max-snippet:-1","max-image-preview":"max-image-preview:large","max-video-preview":"max-video-preview:-1"},"canonical":"https:\/\/escenanorte.com\/gl\/quienes-somos\/","og_locale":"gl_ES","og_type":"article","og_title":"Quen somos - Camino Escena Norte","og_description":"Quen somos Con 24 anos de vida ESCENA GALEGA \u00e9 a asociaci\u00f3n de referencia do sector profesional en Galicia, actualmente con 57 compa\u00f1\u00edas asociadas. Somos un colectivo comprometido coa defensa [&hellip;]","og_url":"https:\/\/escenanorte.com\/gl\/quienes-somos\/","og_site_name":"Camino Escena Norte","article_publisher":"https:\/\/www.facebook.com\/escenanorte","article_modified_time":"2026-08-25T11:36:52+00:00","og_image":[{"width":926,"height":1280,"url":"https:\/\/escenanorte.com\/wp-content\/uploads\/2025\/06\/AAFF-CEN-ARTE-50X70-AS.jpg","type":"image\/jpeg"}],"twitter_card":"summary_large_image","twitter_misc":{"Tempo de lectura":"5 minutos"},"schema":{"@context":"https:\/\/schema.org","@graph":[{"@type":"WebPage","@id":"https:\/\/escenanorte.com\/gl\/quienes-somos\/","url":"https:\/\/escenanorte.com\/gl\/quienes-somos\/","name":"Quen somos - Camino Escena Norte","isPartOf":{"@id":"https:\/\/escenanorte.com\/gl\/#website"},"datePublished":"2020-08-18T09:18:18+00:00","dateModified":"2026-08-25T11:36:52+00:00","breadcrumb":{"@id":"https:\/\/escenanorte.com\/gl\/quienes-somos\/#breadcrumb"},"inLanguage":"gl-ES","potentialAction":[{"@type":"ReadAction","target":["https:\/\/escenanorte.com\/gl\/quienes-somos\/"]}]},{"@type":"BreadcrumbList","@id":"https:\/\/escenanorte.com\/gl\/quienes-somos\/#breadcrumb","itemListElement":[{"@type":"ListItem","position":1,"name":"Portada","item":"https:\/\/escenanorte.com\/gl\/"},{"@type":"ListItem","position":2,"name":"Quen somos"}]},{"@type":"WebSite","@id":"https:\/\/escenanorte.com\/gl\/#website","url":"https:\/\/escenanorte.com\/gl\/","name":"Camino Escena Norte","description":"Escena Norte","publisher":{"@id":"https:\/\/escenanorte.com\/gl\/#organization"},"potentialAction":[{"@type":"SearchAction","target":{"@type":"EntryPoint","urlTemplate":"https:\/\/escenanorte.com\/gl\/?s={search_term_string}"},"query-input":{"@type":"PropertyValueSpecification","valueRequired":true,"valueName":"search_term_string"}}],"inLanguage":"gl-ES"},{"@type":"Organization","@id":"https:\/\/escenanorte.com\/gl\/#organization","name":"Camino Escena Norte","url":"https:\/\/escenanorte.com\/gl\/","logo":{"@type":"ImageObject","inLanguage":"gl-ES","@id":"https:\/\/escenanorte.com\/gl\/#\/schema\/logo\/image\/","url":"https:\/\/escenanorte.com\/wp-content\/uploads\/2025\/09\/Logo-Escena-Norte-512.png","contentUrl":"https:\/\/escenanorte.com\/wp-content\/uploads\/2025\/09\/Logo-Escena-Norte-512.png","width":512,"height":512,"caption":"Camino Escena Norte"},"image":{"@id":"https:\/\/escenanorte.com\/gl\/#\/schema\/logo\/image\/"},"sameAs":["https:\/\/www.facebook.com\/escenanorte","https:\/\/instagram.com\/escenanorte"]}]}},"publishpress_future_action":{"enabled":false,"date":"2026-09-13 06:11:50","action":"change-status","newStatus":"draft","terms":[],"taxonomy":"translation_priority","extraData":[]},"publishpress_future_workflow_manual_trigger":{"enabledWorkflows":[]},"_links":{"self":[{"href":"https:\/\/escenanorte.com\/gl\/wp-json\/wp\/v2\/pages\/153","targetHints":{"allow":["GET"]}}],"collection":[{"href":"https:\/\/escenanorte.com\/gl\/wp-json\/wp\/v2\/pages"}],"about":[{"href":"https:\/\/escenanorte.com\/gl\/wp-json\/wp\/v2\/types\/page"}],"author":[{"embeddable":true,"href":"https:\/\/escenanorte.com\/gl\/wp-json\/wp\/v2\/users\/1"}],"replies":[{"embeddable":true,"href":"https:\/\/escenanorte.com\/gl\/wp-json\/wp\/v2\/comments?post=153"}],"version-history":[{"count":100,"href":"https:\/\/escenanorte.com\/gl\/wp-json\/wp\/v2\/pages\/153\/revisions"}],"predecessor-version":[{"id":81870,"href":"https:\/\/escenanorte.com\/gl\/wp-json\/wp\/v2\/pages\/153\/revisions\/81870"}],"wp:attachment":[{"href":"https:\/\/escenanorte.com\/gl\/wp-json\/wp\/v2\/media?parent=153"}],"curies":[{"name":"wp","href":"https:\/\/api.w.org\/{rel}","templated":true}]}}