{"id":82532,"date":"2026-09-04T09:00:28","date_gmt":"2026-09-04T07:00:28","guid":{"rendered":"https:\/\/escenanorte.com\/?post_type=tribe_events&#038;p=82532"},"modified":"2026-09-01T20:56:55","modified_gmt":"2026-09-01T18:56:55","slug":"peter-pan-y-wendy-el-perro-azul-la-rioja-2","status":"publish","type":"tribe_events","link":"https:\/\/escenanorte.com\/eu\/evento\/peter-pan-y-wendy-el-perro-azul-la-rioja-2\/","title":{"rendered":"Peter Pan y Wendy |  El perro azul, La Rioja"},"content":{"rendered":"<h5 class=\"wp-block-heading\"><strong>Tipo: Teatro y t\u00edteres<\/strong><\/h5>\n<ul class=\"wp-block-list\">\n<li class=\"has-small-font-size\"><strong>P\u00fablico: Todos los p\u00fablicos<\/strong><\/li>\n<li class=\"has-small-font-size\"><strong>Duraci\u00f3n: 55\u2019<\/strong><\/li>\n<li class=\"has-small-font-size\"><strong>Idioma: Castellano<\/strong><\/li>\n<li class=\"has-small-font-size\"><strong>Estreno: 19 de enero del 2018.. MADferia, Matadero Madrid. Madrid<\/strong><\/li>\n<\/ul>\n<p class=\"wp-block-paragraph\"><strong>Todos los ni\u00f1os crecen, menos uno: Peter Pan.<\/strong><\/p>\n<p class=\"wp-block-paragraph\"><strong>La ni\u00f1a Wendy deja su casa y marcha, volando con Peter Pan y Campanilla, al pa\u00eds de Nunca Jam\u00e1s, una isla m\u00e1gica, con los ni\u00f1os perdidos, las hadas y las sirenas, para vivir fant\u00e1sticas aventuras en compa\u00f1\u00eda de los indios, peleando con los piratas y su capit\u00e1n, Garfio. Finalmente, Wendy regresa a casa con los ni\u00f1os perdidos.<\/strong><\/p>\n<p class=\"wp-block-paragraph\"><strong>Peter Pan volver\u00e1, pasados los a\u00f1os, al llegar la fiesta de primavera y, si no se olvida, se llevar\u00e1 a la hija de Wendy al pa\u00eds de Nunca Jam\u00e1s.<\/strong><\/p>\n<p class=\"wp-block-paragraph\"><strong>Cuando la ni\u00f1a crezca, tendr\u00e1 una hija que a su vez ir\u00e1 al pa\u00eds de Nunca Jam\u00e1s.<\/strong><\/p>\n<p class=\"wp-block-paragraph\"><strong>Y as\u00ed suceder\u00e1 siempre, mientras los ni\u00f1os sigan siendo alegres, inocentes y crueles.<\/strong><\/p>\n<p class=\"wp-block-paragraph\"><strong>El Perro Azul<\/strong> es un proyecto de artes esc\u00e9nicas creado y dirigido por Fernando Moreno. Nace desde una mirada art\u00edstica personal y arriesgada, con la intenci\u00f3n de crear espect\u00e1culos capaces de emocionar al p\u00fablico de cualquier edad. M\u00e1s all\u00e1<br \/>\ndel mero entretenimiento, el trabajo de la compa\u00f1\u00eda busca que el espectador participe de un encuentro evocador sobre el escenario. Un espacio com\u00fan donde habitar nuestras preguntas y sue\u00f1os. Creamos a trav\u00e9s del lenguaje gestual, donde el cuerpo del actor habla, mientras sus palabras pueden volar.<\/p>\n<p class=\"wp-block-paragraph\">El Perro Azul ha participado en importantes ferias y festivales nacionales: FETEN (Gij\u00f3n), MADferia (Madrid), Teatralia (Madrid), Umore Azoka Leioa, Mostra Igualada, FIET (Islas Baleares), el Circuito ASSITEJ o en el Programa PLATEA, entre otros.<\/p>\n<p><span style=\"color: #339966;\"><strong>Reserva entrada en taquilla o en <a style=\"color: #339966;\" href=\"https:\/\/www.reservaentradas.com\" target=\"_blank\" rel=\"noopener\">www.reservaentradas.com<\/a><\/strong><\/span><\/p>\n<div class=\"epyt-video-wrapper\"><iframe loading=\"lazy\"  id=\"_ytid_27524\"  width=\"800\" height=\"450\"  data-origwidth=\"800\" data-origheight=\"450\"  data-relstop=\"1\" src=\"https:\/\/www.youtube-nocookie.com\/embed\/1kGebfaKaT4?enablejsapi=1&#038;origin=https:\/\/escenanorte.com&#038;autoplay=0&#038;cc_load_policy=1&#038;cc_lang_pref=es&#038;iv_load_policy=1&#038;loop=0&#038;rel=0&#038;fs=1&#038;playsinline=0&#038;autohide=2&#038;hl=eu_ES&#038;theme=dark&#038;color=red&#038;controls=1&#038;disablekb=0&#038;\" class=\"__youtube_prefs__  epyt-is-override  no-lazyload\" title=\"YouTube player\"  allow=\"fullscreen; accelerometer; autoplay; clipboard-write; encrypted-media; gyroscope; picture-in-picture; web-share\" referrerpolicy=\"strict-origin-when-cross-origin\" allowfullscreen data-no-lazy=\"1\" data-skipgform_ajax_framebjll=\"\"><\/iframe><\/div>\n","protected":false},"excerpt":{"rendered":"<p>Tipo: Teatro y t\u00edteres P\u00fablico: Todos los p\u00fablicos Duraci\u00f3n: 55\u2019 Idioma: Castellano Estreno: 19 de enero del 2018.. MADferia, Matadero Madrid. Madrid Todos los ni\u00f1os crecen, menos uno: Peter Pan. [&hellip;]<\/p>\n","protected":false},"author":1,"featured_media":81391,"template":"","meta":{"_tribe_events_status":"","_tribe_events_status_reason":"","footnotes":""},"tags":[],"tribe_events_cat":[390],"class_list":["post-82532","tribe_events","type-tribe_events","status-publish","has-post-thumbnail","hentry","tribe_events_cat-konstelazioen-kantabria","cat_konstelazioen-kantabria"],"yoast_head":"<!-- This site is optimized with the Yoast SEO plugin v28.4 - https:\/\/yoast.com\/product\/yoast-seo-wordpress\/ -->\n<title>Peter Pan y Wendy | El perro azul, La Rioja - Camino Escena Norte<\/title>\n<meta name=\"robots\" content=\"index, follow, max-snippet:-1, max-image-preview:large, max-video-preview:-1\" \/>\n<link rel=\"canonical\" href=\"https:\/\/escenanorte.com\/eu\/evento\/peter-pan-y-wendy-el-perro-azul-la-rioja-2\/\" \/>\n<meta property=\"og:locale\" content=\"eu_ES\" \/>\n<meta property=\"og:type\" content=\"article\" \/>\n<meta property=\"og:title\" content=\"Peter Pan y Wendy | El perro azul, La Rioja - Camino Escena Norte\" \/>\n<meta property=\"og:description\" content=\"Tipo: Teatro y t\u00edteres P\u00fablico: Todos los p\u00fablicos Duraci\u00f3n: 55\u2019 Idioma: Castellano Estreno: 19 de enero del 2018.. MADferia, Matadero Madrid. Madrid Todos los ni\u00f1os crecen, menos uno: Peter Pan. [&hellip;]\" \/>\n<meta property=\"og:url\" content=\"https:\/\/escenanorte.com\/eu\/evento\/peter-pan-y-wendy-el-perro-azul-la-rioja-2\/\" \/>\n<meta property=\"og:site_name\" content=\"Camino Escena Norte\" \/>\n<meta property=\"article:publisher\" content=\"https:\/\/www.facebook.com\/escenanorte\" \/>\n<meta property=\"og:image\" content=\"https:\/\/escenanorte.com\/wp-content\/uploads\/2026\/06\/Foto-1-@Rafa-Lafuente-scaled.jpg\" \/>\n\t<meta property=\"og:image:width\" content=\"2560\" \/>\n\t<meta property=\"og:image:height\" content=\"1707\" \/>\n\t<meta property=\"og:image:type\" content=\"image\/jpeg\" \/>\n<meta name=\"twitter:card\" content=\"summary_large_image\" \/>\n<meta name=\"twitter:label1\" content=\"Est. reading time\" \/>\n\t<meta name=\"twitter:data1\" content=\"2 minutes\" \/>\n<script type=\"application\/ld+json\" class=\"yoast-schema-graph\">{\"@context\":\"https:\\\/\\\/schema.org\",\"@graph\":[{\"@type\":\"WebPage\",\"@id\":\"https:\\\/\\\/escenanorte.com\\\/eu\\\/evento\\\/peter-pan-y-wendy-el-perro-azul-la-rioja-2\\\/\",\"url\":\"https:\\\/\\\/escenanorte.com\\\/eu\\\/evento\\\/peter-pan-y-wendy-el-perro-azul-la-rioja-2\\\/\",\"name\":\"Peter Pan y Wendy | El perro azul, La Rioja - Camino Escena Norte\",\"isPartOf\":{\"@id\":\"https:\\\/\\\/escenanorte.com\\\/eu\\\/#website\"},\"primaryImageOfPage\":{\"@id\":\"https:\\\/\\\/escenanorte.com\\\/eu\\\/evento\\\/peter-pan-y-wendy-el-perro-azul-la-rioja-2\\\/#primaryimage\"},\"image\":{\"@id\":\"https:\\\/\\\/escenanorte.com\\\/eu\\\/evento\\\/peter-pan-y-wendy-el-perro-azul-la-rioja-2\\\/#primaryimage\"},\"thumbnailUrl\":\"https:\\\/\\\/escenanorte.com\\\/wp-content\\\/uploads\\\/2026\\\/06\\\/Foto-1-@Rafa-Lafuente-scaled.jpg\",\"datePublished\":\"2026-09-04T07:00:28+00:00\",\"breadcrumb\":{\"@id\":\"https:\\\/\\\/escenanorte.com\\\/eu\\\/evento\\\/peter-pan-y-wendy-el-perro-azul-la-rioja-2\\\/#breadcrumb\"},\"inLanguage\":\"eu-ES\",\"potentialAction\":[{\"@type\":\"ReadAction\",\"target\":[\"https:\\\/\\\/escenanorte.com\\\/eu\\\/evento\\\/peter-pan-y-wendy-el-perro-azul-la-rioja-2\\\/\"]}]},{\"@type\":\"ImageObject\",\"inLanguage\":\"eu-ES\",\"@id\":\"https:\\\/\\\/escenanorte.com\\\/eu\\\/evento\\\/peter-pan-y-wendy-el-perro-azul-la-rioja-2\\\/#primaryimage\",\"url\":\"https:\\\/\\\/escenanorte.com\\\/wp-content\\\/uploads\\\/2026\\\/06\\\/Foto-1-@Rafa-Lafuente-scaled.jpg\",\"contentUrl\":\"https:\\\/\\\/escenanorte.com\\\/wp-content\\\/uploads\\\/2026\\\/06\\\/Foto-1-@Rafa-Lafuente-scaled.jpg\",\"width\":2560,\"height\":1707},{\"@type\":\"BreadcrumbList\",\"@id\":\"https:\\\/\\\/escenanorte.com\\\/eu\\\/evento\\\/peter-pan-y-wendy-el-perro-azul-la-rioja-2\\\/#breadcrumb\",\"itemListElement\":[{\"@type\":\"ListItem\",\"position\":1,\"name\":\"Portada\",\"item\":\"https:\\\/\\\/escenanorte.com\\\/eu\\\/\"},{\"@type\":\"ListItem\",\"position\":2,\"name\":\"Eventos\",\"item\":\"https:\\\/\\\/escenanorte.com\\\/eu\\\/eventos\\\/\"},{\"@type\":\"ListItem\",\"position\":3,\"name\":\"Peter Pan y Wendy | El perro azul, La Rioja\"}]},{\"@type\":\"WebSite\",\"@id\":\"https:\\\/\\\/escenanorte.com\\\/eu\\\/#website\",\"url\":\"https:\\\/\\\/escenanorte.com\\\/eu\\\/\",\"name\":\"Camino Escena Norte\",\"description\":\"Escena Norte\",\"publisher\":{\"@id\":\"https:\\\/\\\/escenanorte.com\\\/eu\\\/#organization\"},\"potentialAction\":[{\"@type\":\"SearchAction\",\"target\":{\"@type\":\"EntryPoint\",\"urlTemplate\":\"https:\\\/\\\/escenanorte.com\\\/eu\\\/?s={search_term_string}\"},\"query-input\":{\"@type\":\"PropertyValueSpecification\",\"valueRequired\":true,\"valueName\":\"search_term_string\"}}],\"inLanguage\":\"eu-ES\"},{\"@type\":\"Organization\",\"@id\":\"https:\\\/\\\/escenanorte.com\\\/eu\\\/#organization\",\"name\":\"Camino Escena Norte\",\"url\":\"https:\\\/\\\/escenanorte.com\\\/eu\\\/\",\"logo\":{\"@type\":\"ImageObject\",\"inLanguage\":\"eu-ES\",\"@id\":\"https:\\\/\\\/escenanorte.com\\\/eu\\\/#\\\/schema\\\/logo\\\/image\\\/\",\"url\":\"https:\\\/\\\/escenanorte.com\\\/wp-content\\\/uploads\\\/2025\\\/09\\\/Logo-Escena-Norte-512.png\",\"contentUrl\":\"https:\\\/\\\/escenanorte.com\\\/wp-content\\\/uploads\\\/2025\\\/09\\\/Logo-Escena-Norte-512.png\",\"width\":512,\"height\":512,\"caption\":\"Camino Escena Norte\"},\"image\":{\"@id\":\"https:\\\/\\\/escenanorte.com\\\/eu\\\/#\\\/schema\\\/logo\\\/image\\\/\"},\"sameAs\":[\"https:\\\/\\\/www.facebook.com\\\/escenanorte\",\"https:\\\/\\\/instagram.com\\\/escenanorte\"]}]}<\/script>\n<!-- \/ Yoast SEO plugin. -->","yoast_head_json":{"title":"Peter Pan y Wendy | El perro azul, La Rioja - Camino Escena Norte","robots":{"index":"index","follow":"follow","max-snippet":"max-snippet:-1","max-image-preview":"max-image-preview:large","max-video-preview":"max-video-preview:-1"},"canonical":"https:\/\/escenanorte.com\/eu\/evento\/peter-pan-y-wendy-el-perro-azul-la-rioja-2\/","og_locale":"eu_ES","og_type":"article","og_title":"Peter Pan y Wendy | El perro azul, La Rioja - Camino Escena Norte","og_description":"Tipo: Teatro y t\u00edteres P\u00fablico: Todos los p\u00fablicos Duraci\u00f3n: 55\u2019 Idioma: Castellano Estreno: 19 de enero del 2018.. MADferia, Matadero Madrid. Madrid Todos los ni\u00f1os crecen, menos uno: Peter Pan. [&hellip;]","og_url":"https:\/\/escenanorte.com\/eu\/evento\/peter-pan-y-wendy-el-perro-azul-la-rioja-2\/","og_site_name":"Camino Escena Norte","article_publisher":"https:\/\/www.facebook.com\/escenanorte","og_image":[{"width":2560,"height":1707,"url":"https:\/\/escenanorte.com\/wp-content\/uploads\/2026\/06\/Foto-1-@Rafa-Lafuente-scaled.jpg","type":"image\/jpeg"}],"twitter_card":"summary_large_image","twitter_misc":{"Est. reading time":"2 minutes"},"schema":{"@context":"https:\/\/schema.org","@graph":[{"@type":"WebPage","@id":"https:\/\/escenanorte.com\/eu\/evento\/peter-pan-y-wendy-el-perro-azul-la-rioja-2\/","url":"https:\/\/escenanorte.com\/eu\/evento\/peter-pan-y-wendy-el-perro-azul-la-rioja-2\/","name":"Peter Pan y Wendy | El perro azul, La Rioja - Camino Escena Norte","isPartOf":{"@id":"https:\/\/escenanorte.com\/eu\/#website"},"primaryImageOfPage":{"@id":"https:\/\/escenanorte.com\/eu\/evento\/peter-pan-y-wendy-el-perro-azul-la-rioja-2\/#primaryimage"},"image":{"@id":"https:\/\/escenanorte.com\/eu\/evento\/peter-pan-y-wendy-el-perro-azul-la-rioja-2\/#primaryimage"},"thumbnailUrl":"https:\/\/escenanorte.com\/wp-content\/uploads\/2026\/06\/Foto-1-@Rafa-Lafuente-scaled.jpg","datePublished":"2026-09-04T07:00:28+00:00","breadcrumb":{"@id":"https:\/\/escenanorte.com\/eu\/evento\/peter-pan-y-wendy-el-perro-azul-la-rioja-2\/#breadcrumb"},"inLanguage":"eu-ES","potentialAction":[{"@type":"ReadAction","target":["https:\/\/escenanorte.com\/eu\/evento\/peter-pan-y-wendy-el-perro-azul-la-rioja-2\/"]}]},{"@type":"ImageObject","inLanguage":"eu-ES","@id":"https:\/\/escenanorte.com\/eu\/evento\/peter-pan-y-wendy-el-perro-azul-la-rioja-2\/#primaryimage","url":"https:\/\/escenanorte.com\/wp-content\/uploads\/2026\/06\/Foto-1-@Rafa-Lafuente-scaled.jpg","contentUrl":"https:\/\/escenanorte.com\/wp-content\/uploads\/2026\/06\/Foto-1-@Rafa-Lafuente-scaled.jpg","width":2560,"height":1707},{"@type":"BreadcrumbList","@id":"https:\/\/escenanorte.com\/eu\/evento\/peter-pan-y-wendy-el-perro-azul-la-rioja-2\/#breadcrumb","itemListElement":[{"@type":"ListItem","position":1,"name":"Portada","item":"https:\/\/escenanorte.com\/eu\/"},{"@type":"ListItem","position":2,"name":"Eventos","item":"https:\/\/escenanorte.com\/eu\/eventos\/"},{"@type":"ListItem","position":3,"name":"Peter Pan y Wendy | El perro azul, La Rioja"}]},{"@type":"WebSite","@id":"https:\/\/escenanorte.com\/eu\/#website","url":"https:\/\/escenanorte.com\/eu\/","name":"Camino Escena Norte","description":"Escena Norte","publisher":{"@id":"https:\/\/escenanorte.com\/eu\/#organization"},"potentialAction":[{"@type":"SearchAction","target":{"@type":"EntryPoint","urlTemplate":"https:\/\/escenanorte.com\/eu\/?s={search_term_string}"},"query-input":{"@type":"PropertyValueSpecification","valueRequired":true,"valueName":"search_term_string"}}],"inLanguage":"eu-ES"},{"@type":"Organization","@id":"https:\/\/escenanorte.com\/eu\/#organization","name":"Camino Escena Norte","url":"https:\/\/escenanorte.com\/eu\/","logo":{"@type":"ImageObject","inLanguage":"eu-ES","@id":"https:\/\/escenanorte.com\/eu\/#\/schema\/logo\/image\/","url":"https:\/\/escenanorte.com\/wp-content\/uploads\/2025\/09\/Logo-Escena-Norte-512.png","contentUrl":"https:\/\/escenanorte.com\/wp-content\/uploads\/2025\/09\/Logo-Escena-Norte-512.png","width":512,"height":512,"caption":"Camino Escena Norte"},"image":{"@id":"https:\/\/escenanorte.com\/eu\/#\/schema\/logo\/image\/"},"sameAs":["https:\/\/www.facebook.com\/escenanorte","https:\/\/instagram.com\/escenanorte"]}]}},"publishpress_future_workflow_manual_trigger":{"enabledWorkflows":[]},"_links":{"self":[{"href":"https:\/\/escenanorte.com\/eu\/wp-json\/wp\/v2\/tribe_events\/82532","targetHints":{"allow":["GET"]}}],"collection":[{"href":"https:\/\/escenanorte.com\/eu\/wp-json\/wp\/v2\/tribe_events"}],"about":[{"href":"https:\/\/escenanorte.com\/eu\/wp-json\/wp\/v2\/types\/tribe_events"}],"author":[{"embeddable":true,"href":"https:\/\/escenanorte.com\/eu\/wp-json\/wp\/v2\/users\/1"}],"version-history":[{"count":1,"href":"https:\/\/escenanorte.com\/eu\/wp-json\/wp\/v2\/tribe_events\/82532\/revisions"}],"predecessor-version":[{"id":82536,"href":"https:\/\/escenanorte.com\/eu\/wp-json\/wp\/v2\/tribe_events\/82532\/revisions\/82536"}],"wp:featuredmedia":[{"embeddable":true,"href":"https:\/\/escenanorte.com\/eu\/wp-json\/wp\/v2\/media\/81391"}],"wp:attachment":[{"href":"https:\/\/escenanorte.com\/eu\/wp-json\/wp\/v2\/media?parent=82532"}],"wp:term":[{"taxonomy":"post_tag","embeddable":true,"href":"https:\/\/escenanorte.com\/eu\/wp-json\/wp\/v2\/tags?post=82532"},{"taxonomy":"tribe_events_cat","embeddable":true,"href":"https:\/\/escenanorte.com\/eu\/wp-json\/wp\/v2\/tribe_events_cat?post=82532"}],"curies":[{"name":"wp","href":"https:\/\/api.w.org\/{rel}","templated":true}]}}