{"id":82058,"date":"2026-09-01T10:00:25","date_gmt":"2026-09-01T08:00:25","guid":{"rendered":"https:\/\/escenanorte.com\/?post_type=tribe_events&#038;p=82058"},"modified":"2026-08-27T18:11:44","modified_gmt":"2026-08-27T16:11:44","slug":"esto-es-un-poema-violeta-y-pendula-la-rioja-2","status":"publish","type":"tribe_events","link":"https:\/\/escenanorte.com\/eu\/evento\/esto-es-un-poema-violeta-y-pendula-la-rioja-2\/","title":{"rendered":"Esto es un poema | Violeta y P\u00e9ndula, La Rioja"},"content":{"rendered":"<h5 class=\"wp-block-heading\"><strong>Tipo: Teatro, t\u00edteres y nuevo circo<\/strong><\/h5>\n<ul class=\"wp-block-list\">\n<li class=\"has-small-font-size\"><strong>P\u00fablico: Todos los p\u00fablicos<\/strong><\/li>\n<li class=\"has-small-font-size\"><strong>Duraci\u00f3n: 60\u2019<\/strong><\/li>\n<li class=\"has-small-font-size\"><strong>Idioma: Castellano <\/strong><\/li>\n<li class=\"has-small-font-size\"><strong>Estreno: 7 de octubre de 2018. Teatro Municipal. Los Titiriteros de Bin\u00e9far, Bin\u00e9far (Huesca) \u2013 Arag\u00f3n<\/strong><\/li>\n<\/ul>\n<div class=\"uk-panel uk-margin uk-scrollspy-inview\" uk-scrollspy-class=\"\">\n<div class=\"wp-block-columns is-layout-flex wp-container-core-columns-is-layout-8f761849 wp-block-columns-is-layout-flex\">\n<div class=\"wp-block-column is-layout-flow wp-block-column-is-layout-flow\">\n<p class=\"wp-block-paragraph\"><strong>La uni\u00f3n de esfuerzos de la experimentada compa\u00f1\u00eda Los Titiriteros de Bin\u00e9far y la joven compa\u00f1\u00eda Violeta y P\u00e9ndula da como resultado esta disparatada y divertida historia de t\u00edteres y clown, que no dejar\u00e1 indiferente al p\u00fablico joven.<\/strong><\/p>\n<p class=\"wp-block-paragraph\"><strong>Verduras que quieren escapar de la nevera y recorrer mundo; dos amigas que compiten por un primer puesto en un concurso de poemas y un final inesperado que nos sugiere la necesidad de aprender a disfrutar m\u00e1s de la vida y ayudar al amigo acept\u00e1ndole tal y como es.<\/strong><\/p>\n<p class=\"wp-block-paragraph\">En 2015, <strong>Violeta y P\u00e9ndula<\/strong> gana el Concurso Nacional de Payasos de Xirivella con su n\u00famero \u2018Hemos venido a ganar\u2019. En sus espect\u00e1culos incluyen tambi\u00e9n los t\u00edteres.<\/p>\n<p class=\"wp-block-paragraph\">Cuentan con Paco Paricio, de Los Titiriteros de Bin\u00e9far, para que les dirija el espect\u00e1culo \u2018Esto es un poema\u2019.<\/p>\n<p class=\"wp-block-paragraph\">Han actuado en el Festival de T\u00edteres de Logro\u00f1o, Mostreta Escolar de Xirivella, Territorio Goya, programaciones de Castilla y Le\u00f3n, Cucha de \u00dabeda y Festival Menudo Teatro.<\/p>\n<p class=\"wp-block-paragraph\">La compa\u00f1\u00eda est\u00e1 en continua b\u00fasqueda y conocimiento de nuevos lenguajes art\u00edsticos. Durante la pandemia descubren la t\u00e9cnica Lambe Lambe y crean su primera historia, con la que han tenido muy buena acogida y participado en festivales como Escenarios Ins\u00f3litos de Actual, Festival 150 gr y Jornadas Monstrenkas de Vitoria.<\/p>\n<p><span style=\"color: #339966;\"><b>\u24d8 Encuentro posterior con el p\u00fablico de la mano de la compa\u00f1\u00eda<\/b><\/span><\/p>\n<div class=\"epyt-video-wrapper\"><iframe loading=\"lazy\"  id=\"_ytid_82450\"  width=\"800\" height=\"450\"  data-origwidth=\"800\" data-origheight=\"450\"  data-relstop=\"1\" src=\"https:\/\/www.youtube-nocookie.com\/embed\/7PT41nJBZYM?enablejsapi=1&#038;origin=https:\/\/escenanorte.com&#038;autoplay=0&#038;cc_load_policy=1&#038;cc_lang_pref=es&#038;iv_load_policy=1&#038;loop=0&#038;rel=0&#038;fs=1&#038;playsinline=0&#038;autohide=2&#038;hl=eu_ES&#038;theme=dark&#038;color=red&#038;controls=1&#038;disablekb=0&#038;\" class=\"__youtube_prefs__  epyt-is-override  no-lazyload\" title=\"YouTube player\"  allow=\"fullscreen; accelerometer; autoplay; clipboard-write; encrypted-media; gyroscope; picture-in-picture; web-share\" referrerpolicy=\"strict-origin-when-cross-origin\" allowfullscreen data-no-lazy=\"1\" data-skipgform_ajax_framebjll=\"\"><\/iframe><\/div>\n<\/div>\n<\/div>\n<\/div>\n","protected":false},"excerpt":{"rendered":"<p>Tipo: Teatro, t\u00edteres y nuevo circo P\u00fablico: Todos los p\u00fablicos Duraci\u00f3n: 60\u2019 Idioma: Castellano Estreno: 7 de octubre de 2018. Teatro Municipal. Los Titiriteros de Bin\u00e9far, Bin\u00e9far (Huesca) \u2013 Arag\u00f3n [&hellip;]<\/p>\n","protected":false},"author":1,"featured_media":81746,"template":"","meta":{"_tribe_events_status":"","_tribe_events_status_reason":"","footnotes":""},"tags":[],"tribe_events_cat":[387],"class_list":["post-82058","tribe_events","type-tribe_events","status-publish","has-post-thumbnail","hentry","tribe_events_cat-konstelazioen-asturias","cat_konstelazioen-asturias"],"yoast_head":"<!-- This site is optimized with the Yoast SEO plugin v28.4 - https:\/\/yoast.com\/product\/yoast-seo-wordpress\/ -->\n<title>Esto es un poema | Violeta y P\u00e9ndula, La Rioja - Camino Escena Norte<\/title>\n<meta name=\"robots\" content=\"index, follow, max-snippet:-1, max-image-preview:large, max-video-preview:-1\" \/>\n<link rel=\"canonical\" href=\"https:\/\/escenanorte.com\/eu\/evento\/esto-es-un-poema-violeta-y-pendula-la-rioja-2\/\" \/>\n<meta property=\"og:locale\" content=\"eu_ES\" \/>\n<meta property=\"og:type\" content=\"article\" \/>\n<meta property=\"og:title\" content=\"Esto es un poema | Violeta y P\u00e9ndula, La Rioja - Camino Escena Norte\" \/>\n<meta property=\"og:description\" content=\"Tipo: Teatro, t\u00edteres y nuevo circo P\u00fablico: Todos los p\u00fablicos Duraci\u00f3n: 60\u2019 Idioma: Castellano Estreno: 7 de octubre de 2018. Teatro Municipal. Los Titiriteros de Bin\u00e9far, Bin\u00e9far (Huesca) \u2013 Arag\u00f3n [&hellip;]\" \/>\n<meta property=\"og:url\" content=\"https:\/\/escenanorte.com\/eu\/evento\/esto-es-un-poema-violeta-y-pendula-la-rioja-2\/\" \/>\n<meta property=\"og:site_name\" content=\"Camino Escena Norte\" \/>\n<meta property=\"article:publisher\" content=\"https:\/\/www.facebook.com\/escenanorte\" \/>\n<meta property=\"og:image\" content=\"https:\/\/escenanorte.com\/wp-content\/uploads\/2026\/06\/1-@Andres-Hernandez-Pena.jpg\" \/>\n\t<meta property=\"og:image:width\" content=\"2048\" \/>\n\t<meta property=\"og:image:height\" content=\"1365\" \/>\n\t<meta property=\"og:image:type\" content=\"image\/jpeg\" \/>\n<meta name=\"twitter:card\" content=\"summary_large_image\" \/>\n<meta name=\"twitter:label1\" content=\"Est. reading time\" \/>\n\t<meta name=\"twitter:data1\" content=\"1 minute\" \/>\n<script type=\"application\/ld+json\" class=\"yoast-schema-graph\">{\"@context\":\"https:\\\/\\\/schema.org\",\"@graph\":[{\"@type\":\"WebPage\",\"@id\":\"https:\\\/\\\/escenanorte.com\\\/eu\\\/evento\\\/esto-es-un-poema-violeta-y-pendula-la-rioja-2\\\/\",\"url\":\"https:\\\/\\\/escenanorte.com\\\/eu\\\/evento\\\/esto-es-un-poema-violeta-y-pendula-la-rioja-2\\\/\",\"name\":\"Esto es un poema | Violeta y P\u00e9ndula, La Rioja - Camino Escena Norte\",\"isPartOf\":{\"@id\":\"https:\\\/\\\/escenanorte.com\\\/eu\\\/#website\"},\"primaryImageOfPage\":{\"@id\":\"https:\\\/\\\/escenanorte.com\\\/eu\\\/evento\\\/esto-es-un-poema-violeta-y-pendula-la-rioja-2\\\/#primaryimage\"},\"image\":{\"@id\":\"https:\\\/\\\/escenanorte.com\\\/eu\\\/evento\\\/esto-es-un-poema-violeta-y-pendula-la-rioja-2\\\/#primaryimage\"},\"thumbnailUrl\":\"https:\\\/\\\/escenanorte.com\\\/wp-content\\\/uploads\\\/2026\\\/06\\\/1-@Andres-Hernandez-Pena.jpg\",\"datePublished\":\"2026-09-01T08:00:25+00:00\",\"breadcrumb\":{\"@id\":\"https:\\\/\\\/escenanorte.com\\\/eu\\\/evento\\\/esto-es-un-poema-violeta-y-pendula-la-rioja-2\\\/#breadcrumb\"},\"inLanguage\":\"eu-ES\",\"potentialAction\":[{\"@type\":\"ReadAction\",\"target\":[\"https:\\\/\\\/escenanorte.com\\\/eu\\\/evento\\\/esto-es-un-poema-violeta-y-pendula-la-rioja-2\\\/\"]}]},{\"@type\":\"ImageObject\",\"inLanguage\":\"eu-ES\",\"@id\":\"https:\\\/\\\/escenanorte.com\\\/eu\\\/evento\\\/esto-es-un-poema-violeta-y-pendula-la-rioja-2\\\/#primaryimage\",\"url\":\"https:\\\/\\\/escenanorte.com\\\/wp-content\\\/uploads\\\/2026\\\/06\\\/1-@Andres-Hernandez-Pena.jpg\",\"contentUrl\":\"https:\\\/\\\/escenanorte.com\\\/wp-content\\\/uploads\\\/2026\\\/06\\\/1-@Andres-Hernandez-Pena.jpg\",\"width\":2048,\"height\":1365},{\"@type\":\"BreadcrumbList\",\"@id\":\"https:\\\/\\\/escenanorte.com\\\/eu\\\/evento\\\/esto-es-un-poema-violeta-y-pendula-la-rioja-2\\\/#breadcrumb\",\"itemListElement\":[{\"@type\":\"ListItem\",\"position\":1,\"name\":\"Portada\",\"item\":\"https:\\\/\\\/escenanorte.com\\\/eu\\\/\"},{\"@type\":\"ListItem\",\"position\":2,\"name\":\"Eventos\",\"item\":\"https:\\\/\\\/escenanorte.com\\\/eu\\\/eventos\\\/\"},{\"@type\":\"ListItem\",\"position\":3,\"name\":\"Esto es un poema | Violeta y P\u00e9ndula, La Rioja\"}]},{\"@type\":\"WebSite\",\"@id\":\"https:\\\/\\\/escenanorte.com\\\/eu\\\/#website\",\"url\":\"https:\\\/\\\/escenanorte.com\\\/eu\\\/\",\"name\":\"Camino Escena Norte\",\"description\":\"Escena Norte\",\"publisher\":{\"@id\":\"https:\\\/\\\/escenanorte.com\\\/eu\\\/#organization\"},\"potentialAction\":[{\"@type\":\"SearchAction\",\"target\":{\"@type\":\"EntryPoint\",\"urlTemplate\":\"https:\\\/\\\/escenanorte.com\\\/eu\\\/?s={search_term_string}\"},\"query-input\":{\"@type\":\"PropertyValueSpecification\",\"valueRequired\":true,\"valueName\":\"search_term_string\"}}],\"inLanguage\":\"eu-ES\"},{\"@type\":\"Organization\",\"@id\":\"https:\\\/\\\/escenanorte.com\\\/eu\\\/#organization\",\"name\":\"Camino Escena Norte\",\"url\":\"https:\\\/\\\/escenanorte.com\\\/eu\\\/\",\"logo\":{\"@type\":\"ImageObject\",\"inLanguage\":\"eu-ES\",\"@id\":\"https:\\\/\\\/escenanorte.com\\\/eu\\\/#\\\/schema\\\/logo\\\/image\\\/\",\"url\":\"https:\\\/\\\/escenanorte.com\\\/wp-content\\\/uploads\\\/2025\\\/09\\\/Logo-Escena-Norte-512.png\",\"contentUrl\":\"https:\\\/\\\/escenanorte.com\\\/wp-content\\\/uploads\\\/2025\\\/09\\\/Logo-Escena-Norte-512.png\",\"width\":512,\"height\":512,\"caption\":\"Camino Escena Norte\"},\"image\":{\"@id\":\"https:\\\/\\\/escenanorte.com\\\/eu\\\/#\\\/schema\\\/logo\\\/image\\\/\"},\"sameAs\":[\"https:\\\/\\\/www.facebook.com\\\/escenanorte\",\"https:\\\/\\\/instagram.com\\\/escenanorte\"]}]}<\/script>\n<!-- \/ Yoast SEO plugin. -->","yoast_head_json":{"title":"Esto es un poema | Violeta y P\u00e9ndula, La Rioja - Camino Escena Norte","robots":{"index":"index","follow":"follow","max-snippet":"max-snippet:-1","max-image-preview":"max-image-preview:large","max-video-preview":"max-video-preview:-1"},"canonical":"https:\/\/escenanorte.com\/eu\/evento\/esto-es-un-poema-violeta-y-pendula-la-rioja-2\/","og_locale":"eu_ES","og_type":"article","og_title":"Esto es un poema | Violeta y P\u00e9ndula, La Rioja - Camino Escena Norte","og_description":"Tipo: Teatro, t\u00edteres y nuevo circo P\u00fablico: Todos los p\u00fablicos Duraci\u00f3n: 60\u2019 Idioma: Castellano Estreno: 7 de octubre de 2018. Teatro Municipal. Los Titiriteros de Bin\u00e9far, Bin\u00e9far (Huesca) \u2013 Arag\u00f3n [&hellip;]","og_url":"https:\/\/escenanorte.com\/eu\/evento\/esto-es-un-poema-violeta-y-pendula-la-rioja-2\/","og_site_name":"Camino Escena Norte","article_publisher":"https:\/\/www.facebook.com\/escenanorte","og_image":[{"width":2048,"height":1365,"url":"https:\/\/escenanorte.com\/wp-content\/uploads\/2026\/06\/1-@Andres-Hernandez-Pena.jpg","type":"image\/jpeg"}],"twitter_card":"summary_large_image","twitter_misc":{"Est. reading time":"1 minute"},"schema":{"@context":"https:\/\/schema.org","@graph":[{"@type":"WebPage","@id":"https:\/\/escenanorte.com\/eu\/evento\/esto-es-un-poema-violeta-y-pendula-la-rioja-2\/","url":"https:\/\/escenanorte.com\/eu\/evento\/esto-es-un-poema-violeta-y-pendula-la-rioja-2\/","name":"Esto es un poema | Violeta y P\u00e9ndula, La Rioja - Camino Escena Norte","isPartOf":{"@id":"https:\/\/escenanorte.com\/eu\/#website"},"primaryImageOfPage":{"@id":"https:\/\/escenanorte.com\/eu\/evento\/esto-es-un-poema-violeta-y-pendula-la-rioja-2\/#primaryimage"},"image":{"@id":"https:\/\/escenanorte.com\/eu\/evento\/esto-es-un-poema-violeta-y-pendula-la-rioja-2\/#primaryimage"},"thumbnailUrl":"https:\/\/escenanorte.com\/wp-content\/uploads\/2026\/06\/1-@Andres-Hernandez-Pena.jpg","datePublished":"2026-09-01T08:00:25+00:00","breadcrumb":{"@id":"https:\/\/escenanorte.com\/eu\/evento\/esto-es-un-poema-violeta-y-pendula-la-rioja-2\/#breadcrumb"},"inLanguage":"eu-ES","potentialAction":[{"@type":"ReadAction","target":["https:\/\/escenanorte.com\/eu\/evento\/esto-es-un-poema-violeta-y-pendula-la-rioja-2\/"]}]},{"@type":"ImageObject","inLanguage":"eu-ES","@id":"https:\/\/escenanorte.com\/eu\/evento\/esto-es-un-poema-violeta-y-pendula-la-rioja-2\/#primaryimage","url":"https:\/\/escenanorte.com\/wp-content\/uploads\/2026\/06\/1-@Andres-Hernandez-Pena.jpg","contentUrl":"https:\/\/escenanorte.com\/wp-content\/uploads\/2026\/06\/1-@Andres-Hernandez-Pena.jpg","width":2048,"height":1365},{"@type":"BreadcrumbList","@id":"https:\/\/escenanorte.com\/eu\/evento\/esto-es-un-poema-violeta-y-pendula-la-rioja-2\/#breadcrumb","itemListElement":[{"@type":"ListItem","position":1,"name":"Portada","item":"https:\/\/escenanorte.com\/eu\/"},{"@type":"ListItem","position":2,"name":"Eventos","item":"https:\/\/escenanorte.com\/eu\/eventos\/"},{"@type":"ListItem","position":3,"name":"Esto es un poema | Violeta y P\u00e9ndula, La Rioja"}]},{"@type":"WebSite","@id":"https:\/\/escenanorte.com\/eu\/#website","url":"https:\/\/escenanorte.com\/eu\/","name":"Camino Escena Norte","description":"Escena Norte","publisher":{"@id":"https:\/\/escenanorte.com\/eu\/#organization"},"potentialAction":[{"@type":"SearchAction","target":{"@type":"EntryPoint","urlTemplate":"https:\/\/escenanorte.com\/eu\/?s={search_term_string}"},"query-input":{"@type":"PropertyValueSpecification","valueRequired":true,"valueName":"search_term_string"}}],"inLanguage":"eu-ES"},{"@type":"Organization","@id":"https:\/\/escenanorte.com\/eu\/#organization","name":"Camino Escena Norte","url":"https:\/\/escenanorte.com\/eu\/","logo":{"@type":"ImageObject","inLanguage":"eu-ES","@id":"https:\/\/escenanorte.com\/eu\/#\/schema\/logo\/image\/","url":"https:\/\/escenanorte.com\/wp-content\/uploads\/2025\/09\/Logo-Escena-Norte-512.png","contentUrl":"https:\/\/escenanorte.com\/wp-content\/uploads\/2025\/09\/Logo-Escena-Norte-512.png","width":512,"height":512,"caption":"Camino Escena Norte"},"image":{"@id":"https:\/\/escenanorte.com\/eu\/#\/schema\/logo\/image\/"},"sameAs":["https:\/\/www.facebook.com\/escenanorte","https:\/\/instagram.com\/escenanorte"]}]}},"publishpress_future_workflow_manual_trigger":{"enabledWorkflows":[]},"_links":{"self":[{"href":"https:\/\/escenanorte.com\/eu\/wp-json\/wp\/v2\/tribe_events\/82058","targetHints":{"allow":["GET"]}}],"collection":[{"href":"https:\/\/escenanorte.com\/eu\/wp-json\/wp\/v2\/tribe_events"}],"about":[{"href":"https:\/\/escenanorte.com\/eu\/wp-json\/wp\/v2\/types\/tribe_events"}],"author":[{"embeddable":true,"href":"https:\/\/escenanorte.com\/eu\/wp-json\/wp\/v2\/users\/1"}],"version-history":[{"count":1,"href":"https:\/\/escenanorte.com\/eu\/wp-json\/wp\/v2\/tribe_events\/82058\/revisions"}],"predecessor-version":[{"id":82071,"href":"https:\/\/escenanorte.com\/eu\/wp-json\/wp\/v2\/tribe_events\/82058\/revisions\/82071"}],"wp:featuredmedia":[{"embeddable":true,"href":"https:\/\/escenanorte.com\/eu\/wp-json\/wp\/v2\/media\/81746"}],"wp:attachment":[{"href":"https:\/\/escenanorte.com\/eu\/wp-json\/wp\/v2\/media?parent=82058"}],"wp:term":[{"taxonomy":"post_tag","embeddable":true,"href":"https:\/\/escenanorte.com\/eu\/wp-json\/wp\/v2\/tags?post=82058"},{"taxonomy":"tribe_events_cat","embeddable":true,"href":"https:\/\/escenanorte.com\/eu\/wp-json\/wp\/v2\/tribe_events_cat?post=82058"}],"curies":[{"name":"wp","href":"https:\/\/api.w.org\/{rel}","templated":true}]}}