{"id":152,"date":"2020-08-18T11:18:18","date_gmt":"2020-08-18T09:18:18","guid":{"rendered":"http:\/\/escenaf.cluster028.hosting.ovh.net\/index.php\/quienes-somos\/"},"modified":"2026-08-26T11:00:09","modified_gmt":"2026-08-26T09:00:09","slug":"nor-gara","status":"publish","type":"page","link":"https:\/\/escenanorte.com\/eu\/nor-gara\/","title":{"rendered":"Nor gara?"},"content":{"rendered":"<h1>Nor gara?<\/h1>\n<div>\n<p>        <img decoding=\"async\" src=\"\/wp-content\/uploads\/2020\/08\/logo_escenagalega-2.png\" alt=\"\"><\/p>\n<div>\n<p>24 urteko ibilbidearekin, <strong>Escena Galega<\/strong> sektore profesionaleko erreferentziazko elkartea da Galizian, eta gaur egun 57 konpainia bazkide ditu. Ondasun komunak diren aldetik, hizkuntza eta kultura defendatzearekin konpromisoa duen kolektiboa gara; erakundeekin eta arte eszenikoen sektorearen modernizazioan inplikatutako eragileekin elkarrekintzan aritzeko egiten dugu lan, eta konexio estrategikoak lortu nahi ditugu beste lurralde batzuetako pareko elkarteekin.<\/p>\n<\/div>\n<p><a href=\"http:\/\/www.escenagalega.gal\/\">www.escenagalega.gal<\/a><\/p>\n<\/div>\n<div>\n<p>        <img decoding=\"async\" src=\"\/wp-content\/uploads\/2020\/08\/logo_escenasturias.png\" alt=\"\"><\/p>\n<div>\n<p>Asturiasko Arte Eszenikoen Konpainia Profesionalen Elkartea (<strong>EscenAsturias<\/strong>) 2018. urtean eratu zen, erkidegoko arte eszenikoen bi enpresa elkarte batu ondoren (ForoEscena eta ACPTA). Gaur egun ikuskizunen mundura profesionalki lotutako 35 konpainiak osatzen dute; Asturiasen egindako arte eszenikoak sustatu eta estatu mailako zein nazioarteko proiekzioan laguntzea du xede.<\/p>\n<\/div>\n<p><a href=\"http:\/\/www.escenasturias.com\/\">www.escenasturias.com<\/a><\/p>\n<\/div>\n<div>\n<p>        <img decoding=\"async\" src=\"\/wp-content\/uploads\/2020\/08\/logo_acepae.png\" alt=\"\"><\/p>\n<div>24 enpresa biltzen dituen elkartea da, eta Kantabriako antzerki, dantza, zirkua eta magia ekoizleak elkartzeko sortu zen. Kideen interes orokorren defentsa, sustapen, koordinazio, ordezkaritza eta kudeaketarako organo modura balio behar du. Elkartea beharrizan modura ulertzen dugu, gure sektorea antolatu eta egituratzeari heltzeko eta gure ofizioa aintzatestea eta duintasuna ematea lortzeko.<\/div>\n<p><a href=\"http:\/\/www.acepae.es\/\">www.acepae.es<\/a><\/p>\n<\/div>\n<div>\n<p>        <img decoding=\"async\" src=\"\/wp-content\/uploads\/2020\/08\/logo_eskena.png\" alt=\"\"><\/p>\n<div>\n<p><strong>Eskena<\/strong> elkartea 1995ean sortu zen, euskal antzerki munduaren enpresei ahotsa, espazioa eta aukerak emate aldera. Gaur egun 29 produkzio etxek osatzen dute. Gure erkidegoan sektoreko enpresen komunikazioa, egonkortasuna eta garapena hobetzeko lan egiten duen elkartea gara. 30 urte baino gehiago ibilbidea egin dugu Euskadiko arte eszenikoen solaskide eta sustatzaile gisa erreferentzia sendoa izaten.<br \/>2011z geroztik, Eskena arduratzen da Bilbon dagoen Harrobia Berrikuntza Eszenikoko Zentroa kudeatzeaz.<\/p>\n<\/div>\n<p><a href=\"http:\/\/www.eskena.org\/\">www.eskena.org<\/a><\/p>\n<\/div>\n<div>\n<p>        <img decoding=\"async\" src=\"\/wp-content\/uploads\/2023\/05\/logo-ESNA.png\" alt=\"\"><\/p>\n<div>\n<p>Escena Navarra Enpresa Elkartea, <strong>ESNA<\/strong>, Nafarroako Foru Erkidegoan lan egiten duten ekoizpen eszenikoko enpresen elkarte profesionala da. Gaur egun, 8 enpresa elkartuk osatzen dute ESNA. Guztiek ibilbide luzea dute antzerki- eta magia-ikuskizunen ekoizpenean, zuzeneko ikuskizunen laguntza teknikoan eta kultura- eta arte-proiektuen garapenean. Era berean, ESNA Antzerki eta Dantza Enpresen Elkarteen Estatuko Federazioa (FAETEDA) osatzen duten 15 erakundeetako bat da, eta gaur egun Nafarroako lurraldea ordezkatzen duen kide bakarra da.<\/p>\n<\/div>\n<p><a href=\"http:\/\/www.escenanavarra.com\/\">www.escenanavarra.com<\/a><\/p>\n<\/div>\n<div>\n<p>        <img decoding=\"async\" src=\"\/wp-content\/uploads\/2025\/02\/AESCENA.png\" alt=\"\"><\/p>\n<div>\n<p><strong>AESCENA<\/strong> Errioxako arte eszenikoen komunitate profesionala da, askotarikoa lengoaia, formatu eta ibilbideei dagokienez, eta sorkuntza artistikoarekiko eta sektorearen garapenarekiko konpromisoak batua. Gure lurraldearekin elkarrizketan aritzen diren eta bertatik harago proiektatzen diren egitasmo eszenikoak sortu, ikertu, ekoitzi, eratu eta partekatzen ditugu, tokikotik nazioko eta nazioarteko esparruetarantz. Arte eszenikoak topaketarako, berrikuntzarako eta eraldaketa sozialerako gune eta bitarteko izan daitezen egiten dugu haien alde, inklusioa, aniztasuna, elkarlana, jasangarritasuna eta gure komunitatea osatzen duten begirada guztiekiko errespetua sustatuz.<\/p>\n<\/div>\n<p><a href=\"https:\/\/sie.fer.es\/esp\/Asociaciones\/Servicios\/AESCENA\/dir_3361.htm\">aescena<\/a><\/p>\n<\/div>\n<h1>\n<p>Proiektuaren lantaldea<\/p>\n<\/h1>\n<div>\n<ul>\n<li><strong>Koordinazioa:<\/strong> Nerea Soto Guti\u00e9rrez.<\/li>\n<li><strong>Kudeatzailetza:<\/strong> Amaia Ib\u00e1\u00f1ez.<\/li>\n<li><strong>Asturiasko produkzioa:<\/strong> Patricia Baraga\u00f1o, UEvents.<\/li>\n<li><strong>Galiziako produkzioa:<\/strong> <span>CUNDE, Servicios de Producci\u00f3n.<\/span><\/li>\n<li><strong>Nafarroako\u00a0produkzioa: <\/strong>Global Servicios Culturales.<\/li>\n<li><strong>Kantabriako produkzioa:<\/strong> Bego\u00f1a Garc\u00eda.<\/li>\n<li><strong>Euskadiko produkzioa:<\/strong> Idoia Ayestar\u00e1n<\/li>\n<li><strong>Errioxako produkzioa: <\/strong>Fernando Moreno.<\/li>\n<li><strong>Komunikazio kabinetea:<\/strong><span class=\"Apple-converted-space\">\u00a0<br \/><\/span>Luc\u00eda Pita-The Office Comunicaci\u00f3n (Galizia).<br \/>Marta Barb\u00f3n, MB Comunicaci\u00f3n (Asturias).<br \/><span>Felisa Palacio<\/span> (Kantabria).<span class=\"Apple-converted-space\"><br \/><\/span>Gontzal Sa\u00e9nz, ieR \u2013 Informaci\u00f3n en Red (Euskadi).<br \/><span><span>Alberto Laiglesia, Global Servicios Culturales (Nafarroa).<br \/><\/span><\/span>Rebeca Ortega &#8211; Colibr\u00ed Comunicaci\u00f3n (Errioxa)<\/li>\n<li><strong>Sare sozialak eta <i>online<\/i> estrategia: <\/strong>The Office Comunicaci\u00f3n.<\/li>\n<li><strong>Diseinu grafikoa:<\/strong> MINIM Comunicaci\u00f3n.<\/li>\n<li><strong>Materialak prestatzea eta inprimategia:<br \/><\/strong><span>LAU Creaciones eta Arabako Foru Aldundiaren Inprimategia<\/span>.<\/li>\n<li><strong>Web diseinua:<\/strong> Diego Seixo.<\/li>\n<li><strong><span>Argazki- eta bideo-estaldura<\/span>:<br \/><\/strong>Miguel Lamas Fotograf\u00eda.<br \/>Ana Mart\u00edn-Estudio La Central:<br \/>JPEG Estudio de Fotograf\u00eda.<\/li>\n<li><strong>Bideoen edizioa eta muntaketa:<\/strong>\u00a0Miguel Lamas Fotograf\u00eda.<\/li>\n<li><strong>Itzulpenak eta hizkuntza-aholkularitza:<br \/><\/strong>Laura Iglesia.<br \/>Interwords.<br \/>Santiago Cortegoso.<\/li>\n<li><strong>Proiektuaren Jarraipenaren Batzorde Iraunkorra:<\/strong><span class=\"Apple-converted-space\"> <br \/><\/span>Marta Alonso Tejada eta Guillermo Carbajo (Escena Galega).<br \/>Luis Alija eta Mayra Fern\u00e1ndez (EscenAsturias).<br \/>Carlos Troyano eta Bego\u00f1a Garc\u00eda (ACEPAE).<br \/>Gorka M\u00ednguez eta Idoia Ayestaran (Eskena).<br \/>David Lainez eta Martxel Rodr\u00edguez (Esna).<br \/>S\u00f3nia Olveira eta Bego\u00f1a Gonz\u00e1lez (aescena)<br \/><span class=\"Apple-converted-space\"><\/span><\/li>\n<li><span><span><strong>Edizioaren irudia: <\/strong><\/span><\/span>Sergio Llunik.<\/li>\n<\/ul>\n<\/div>\n<h1>\n<p>Katalogo honetarako ikuskizunak hautatzeko batzorde profesionalen osaera<\/p>\n<\/h1>\n<div>\n<h3>Galizia, Asturiasko Printzerriko eta Kantabriako Batzordea<\/h3>\n<p>Euskadi, Nafarroako Foru Komunitateko eta Errioxako ikuskizunak aukeratu ditu.<\/p>\n<div>\n<ul>\n<li><span class=\"iNqyIf\" data-sfc-cp=\"\" jsaction=\"\" jscontroller=\"KdQfFc#d5Qebf\" data-sfc-root=\"ep\" jsuid=\"jY9cMd_l\" data-complete=\"true\" data-processed=\"true\" data-copy-service-computed-style=\"font-family: &quot;Google Sans&quot;, &quot;Helvetica Neue&quot;, sans-serif; font-size: 16px; font-weight: 400; margin: 0px; text-decoration: none; border-bottom: 0px rgb(10, 10, 10);\"><strong><span data-sfc-cp=\"\" jsaction=\"\" jscontroller=\"qWh5id#Yojwnf\" data-sfc-root=\"ep\" jsuid=\"jY9cMd_m\" data-complete=\"true\" data-processed=\"true\" data-copy-service-computed-style=\"font-family: &quot;Google Sans&quot;, &quot;Helvetica Neue&quot;, sans-serif; font-size: 16px; font-weight: 400; margin: 0px; text-decoration: none; border-bottom: 0px rgb(10, 10, 10);\"><span data-sfc-cp=\"\" jsaction=\"\" jscontroller=\"qWh5id#HfJy7c\" data-sfc-root=\"c\" jsuid=\"jY9cMd_n\" data-complete=\"true\" data-processed=\"true\" data-copy-service-computed-style=\"font-family: &quot;Google Sans&quot;, &quot;Helvetica Neue&quot;, sans-serif; font-size: 16px; font-weight: 400; margin: 0px; text-decoration: none; border-bottom: 0px rgb(10, 10, 10);\"><span jsuid=\"jY9cMd_o\" class=\"\" data-sfc-cp=\"\" jsaction=\"click:&amp;jY9cMd_o|ZUljYd;keydown:&amp;jY9cMd_o|aXD3Gb;\" jscontroller=\"qWh5id#ekrNbb\" data-sfc-root=\"c\" data-ved=\"2ahUKEwjK89HakrKWAxW-REEAHVUbA1UQ0fERegYIAAgFEAE\" data-complete=\"true\" data-processed=\"true\" data-copy-service-computed-style=\"font-family: &quot;Google Sans&quot;, &quot;Helvetica Neue&quot;, sans-serif; font-size: 16px; font-weight: 400; margin: 0px; text-decoration: none; border-bottom: 0px rgb(10, 10, 10);\"><span class=\"iNqyIf\" data-sfc-cp=\"\" jsaction=\"\" jscontroller=\"KdQfFc#d5Qebf\" data-sfc-root=\"ep\" jsuid=\"jY9cMd_p\" data-complete=\"true\" data-processed=\"true\" data-copy-service-computed-style=\"font-family: &quot;Google Sans&quot;, &quot;Helvetica Neue&quot;, sans-serif; font-size: 16px; font-weight: 400; margin: 0px; text-decoration: none; border-bottom: 0px rgb(10, 10, 10);\">Santiago S. Nieto Romar\u00eds<\/span><\/span><\/span><\/span>.<\/strong> Karrerako funtzionarioa. A Coru\u00f1ako Concello de Outes Kultura teknikaria.<\/span><\/li>\n<li><span class=\"iNqyIf\" data-sfc-cp=\"\" jsaction=\"\" jscontroller=\"KdQfFc#d5Qebf\" data-sfc-root=\"ep\" jsuid=\"jY9cMd_s\" data-complete=\"true\" data-processed=\"true\" data-copy-service-computed-style=\"font-family: &quot;Google Sans&quot;, &quot;Helvetica Neue&quot;, sans-serif; font-size: 16px; font-weight: 400; margin: 0px; text-decoration: none; border-bottom: 0px rgb(10, 10, 10);\"><strong><span data-sfc-cp=\"\" jsaction=\"\" jscontroller=\"qWh5id#Yojwnf\" data-sfc-root=\"ep\" jsuid=\"jY9cMd_t\" data-complete=\"true\" data-processed=\"true\" data-copy-service-computed-style=\"font-family: &quot;Google Sans&quot;, &quot;Helvetica Neue&quot;, sans-serif; font-size: 16px; font-weight: 400; margin: 0px; text-decoration: none; border-bottom: 0px rgb(10, 10, 10);\"><span data-sfc-cp=\"\" jsaction=\"\" jscontroller=\"qWh5id#HfJy7c\" data-sfc-root=\"c\" jsuid=\"jY9cMd_u\" data-complete=\"true\" data-processed=\"true\" data-copy-service-computed-style=\"font-family: &quot;Google Sans&quot;, &quot;Helvetica Neue&quot;, sans-serif; font-size: 16px; font-weight: 400; margin: 0px; text-decoration: none; border-bottom: 0px rgb(10, 10, 10);\"><span jsuid=\"jY9cMd_v\" class=\"\" data-sfc-cp=\"\" jsaction=\"click:&amp;jY9cMd_v|ZUljYd;keydown:&amp;jY9cMd_v|aXD3Gb;\" jscontroller=\"qWh5id#ekrNbb\" data-sfc-root=\"c\" data-ved=\"2ahUKEwjK89HakrKWAxW-REEAHVUbA1UQ0fERegYIAAgFEAI\" data-complete=\"true\" data-processed=\"true\" data-copy-service-computed-style=\"font-family: &quot;Google Sans&quot;, &quot;Helvetica Neue&quot;, sans-serif; font-size: 16px; font-weight: 400; margin: 0px; text-decoration: none; border-bottom: 0px rgb(10, 10, 10);\"><span class=\"iNqyIf\" data-sfc-cp=\"\" jsaction=\"\" jscontroller=\"KdQfFc#d5Qebf\" data-sfc-root=\"ep\" jsuid=\"jY9cMd_w\" data-complete=\"true\" data-processed=\"true\" data-copy-service-computed-style=\"font-family: &quot;Google Sans&quot;, &quot;Helvetica Neue&quot;, sans-serif; font-size: 16px; font-weight: 400; margin: 0px; text-decoration: none; border-bottom: 0px rgb(10, 10, 10);\">Gustavo del R\u00edo Prieto<\/span><\/span><\/span><\/span>.<\/strong> Kultura-kudeatzailea.<\/span><\/li>\n<li><span class=\"iNqyIf\" data-sfc-cp=\"\" jsaction=\"\" jscontroller=\"KdQfFc#d5Qebf\" data-sfc-root=\"ep\" jsuid=\"jY9cMd_y\" data-complete=\"true\" data-processed=\"true\" data-copy-service-computed-style=\"font-family: &quot;Google Sans&quot;, &quot;Helvetica Neue&quot;, sans-serif; font-size: 16px; font-weight: 400; margin: 0px; text-decoration: none; border-bottom: 0px rgb(10, 10, 10);\"><strong>Adolfo Camilo D\u00edaz L\u00f3pez.<\/strong> Corvera Asturiasko Udaleko Kulturako gerentea.<\/span><\/li>\n<li><span class=\"iNqyIf\" data-sfc-cp=\"\" jsaction=\"\" jscontroller=\"KdQfFc#d5Qebf\" data-sfc-root=\"ep\" jsuid=\"jY9cMd_15\" data-complete=\"true\" data-processed=\"true\" data-copy-service-computed-style=\"font-family: &quot;Google Sans&quot;, &quot;Helvetica Neue&quot;, sans-serif; font-size: 16px; font-weight: 400; margin: 0px; text-decoration: none; border-bottom: 0px rgb(10, 10, 10);\"><strong><span data-sfc-cp=\"\" jsaction=\"\" jscontroller=\"qWh5id#Yojwnf\" data-sfc-root=\"ep\" jsuid=\"jY9cMd_16\" data-complete=\"true\" data-processed=\"true\" data-copy-service-computed-style=\"font-family: &quot;Google Sans&quot;, &quot;Helvetica Neue&quot;, sans-serif; font-size: 16px; font-weight: 400; margin: 0px; text-decoration: none; border-bottom: 0px rgb(10, 10, 10);\"><span data-sfc-cp=\"\" jsaction=\"\" jscontroller=\"qWh5id#HfJy7c\" data-sfc-root=\"c\" jsuid=\"jY9cMd_17\" data-complete=\"true\" data-processed=\"true\" data-copy-service-computed-style=\"font-family: &quot;Google Sans&quot;, &quot;Helvetica Neue&quot;, sans-serif; font-size: 16px; font-weight: 400; margin: 0px; text-decoration: none; border-bottom: 0px rgb(10, 10, 10);\"><span jsuid=\"jY9cMd_18\" class=\"\" data-sfc-cp=\"\" jsaction=\"click:&amp;jY9cMd_18|ZUljYd;keydown:&amp;jY9cMd_18|aXD3Gb;\" jscontroller=\"qWh5id#ekrNbb\" data-sfc-root=\"c\" data-ved=\"2ahUKEwjK89HakrKWAxW-REEAHVUbA1UQ0fERegYIAAgFEAQ\" data-complete=\"true\" data-processed=\"true\" data-copy-service-computed-style=\"font-family: &quot;Google Sans&quot;, &quot;Helvetica Neue&quot;, sans-serif; font-size: 16px; font-weight: 400; margin: 0px; text-decoration: none; border-bottom: 0px rgb(10, 10, 10);\"><span class=\"iNqyIf\" data-sfc-cp=\"\" jsaction=\"\" jscontroller=\"KdQfFc#d5Qebf\" data-sfc-root=\"ep\" jsuid=\"jY9cMd_19\" data-complete=\"true\" data-processed=\"true\" data-copy-service-computed-style=\"font-family: &quot;Google Sans&quot;, &quot;Helvetica Neue&quot;, sans-serif; font-size: 16px; font-weight: 400; margin: 0px; text-decoration: none; border-bottom: 0px rgb(10, 10, 10);\">Ver\u00f3nica Rodr\u00edguez Fern\u00e1ndez<\/span><\/span><\/span><\/span>.<\/strong> Xixongo Udaleko FMCE eta UPko Kultura Berrikuntzako Departamentuko burua.<\/span><\/li>\n<li><span class=\"iNqyIf\" data-sfc-cp=\"\" jsaction=\"\" jscontroller=\"KdQfFc#d5Qebf\" data-sfc-root=\"ep\" jsuid=\"jY9cMd_1b\" data-complete=\"true\" data-processed=\"true\" data-copy-service-computed-style=\"font-family: &quot;Google Sans&quot;, &quot;Helvetica Neue&quot;, sans-serif; font-size: 16px; font-weight: 400; margin: 0px; text-decoration: none; border-bottom: 0px rgb(10, 10, 10);\"><strong><span data-sfc-cp=\"\" jsaction=\"\" jscontroller=\"qWh5id#Yojwnf\" data-sfc-root=\"ep\" jsuid=\"jY9cMd_1c\" data-complete=\"true\" data-processed=\"true\" data-copy-service-computed-style=\"font-family: &quot;Google Sans&quot;, &quot;Helvetica Neue&quot;, sans-serif; font-size: 16px; font-weight: 400; margin: 0px; text-decoration: none; border-bottom: 0px rgb(10, 10, 10);\"><span data-sfc-cp=\"\" jsaction=\"\" jscontroller=\"qWh5id#HfJy7c\" data-sfc-root=\"c\" jsuid=\"jY9cMd_1d\" data-complete=\"true\" data-processed=\"true\" data-copy-service-computed-style=\"font-family: &quot;Google Sans&quot;, &quot;Helvetica Neue&quot;, sans-serif; font-size: 16px; font-weight: 400; margin: 0px; text-decoration: none; border-bottom: 0px rgb(10, 10, 10);\"><span jsuid=\"jY9cMd_1e\" class=\"\" data-sfc-cp=\"\" jsaction=\"click:&amp;jY9cMd_1e|ZUljYd;keydown:&amp;jY9cMd_1e|aXD3Gb;\" jscontroller=\"qWh5id#ekrNbb\" data-sfc-root=\"c\" data-ved=\"2ahUKEwjK89HakrKWAxW-REEAHVUbA1UQ0fERegYIAAgFEAU\" data-complete=\"true\" data-processed=\"true\" data-copy-service-computed-style=\"font-family: &quot;Google Sans&quot;, &quot;Helvetica Neue&quot;, sans-serif; font-size: 16px; font-weight: 400; margin: 0px; text-decoration: none; border-bottom: 0px rgb(10, 10, 10);\"><span class=\"iNqyIf\" data-sfc-cp=\"\" jsaction=\"\" jscontroller=\"KdQfFc#d5Qebf\" data-sfc-root=\"ep\" jsuid=\"jY9cMd_1f\" data-complete=\"true\" data-processed=\"true\" data-copy-service-computed-style=\"font-family: &quot;Google Sans&quot;, &quot;Helvetica Neue&quot;, sans-serif; font-size: 16px; font-weight: 400; margin: 0px; text-decoration: none; border-bottom: 0px rgb(10, 10, 10);\">Marta Romero Diego<\/span><\/span><\/span><\/span>.<\/strong> Kultura-kudeatzailea eta -bitartekaria.<\/span><\/li>\n<li><span class=\"iNqyIf\" data-sfc-cp=\"\" jsaction=\"\" jscontroller=\"KdQfFc#d5Qebf\" data-sfc-root=\"ep\" jsuid=\"jY9cMd_1h\" data-complete=\"true\" data-processed=\"true\" aria-owns=\"action-menu-parent-container\" data-copy-service-computed-style=\"font-family: &quot;Google Sans&quot;, &quot;Helvetica Neue&quot;, sans-serif; font-size: 16px; font-weight: 400; margin: 0px; text-decoration: none; border-bottom: 0px rgb(10, 10, 10);\"><strong><span data-sfc-cp=\"\" jsaction=\"\" jscontroller=\"qWh5id#Yojwnf\" data-sfc-root=\"ep\" jsuid=\"jY9cMd_1i\" data-complete=\"true\" data-processed=\"true\" data-copy-service-computed-style=\"font-family: &quot;Google Sans&quot;, &quot;Helvetica Neue&quot;, sans-serif; font-size: 16px; font-weight: 400; margin: 0px; text-decoration: none; border-bottom: 0px rgb(10, 10, 10);\"><span data-sfc-cp=\"\" jsaction=\"\" jscontroller=\"qWh5id#HfJy7c\" data-sfc-root=\"c\" jsuid=\"jY9cMd_1j\" data-complete=\"true\" data-processed=\"true\" data-copy-service-computed-style=\"font-family: &quot;Google Sans&quot;, &quot;Helvetica Neue&quot;, sans-serif; font-size: 16px; font-weight: 400; margin: 0px; text-decoration: none; border-bottom: 0px rgb(10, 10, 10);\"><span jsuid=\"jY9cMd_1k\" class=\"\" data-sfc-cp=\"\" jsaction=\"click:&amp;jY9cMd_1k|ZUljYd;keydown:&amp;jY9cMd_1k|aXD3Gb;\" jscontroller=\"qWh5id#ekrNbb\" data-sfc-root=\"c\" data-ved=\"2ahUKEwjK89HakrKWAxW-REEAHVUbA1UQ0fERegYIAAgFEAY\" data-complete=\"true\" data-processed=\"true\" data-copy-service-computed-style=\"font-family: &quot;Google Sans&quot;, &quot;Helvetica Neue&quot;, sans-serif; font-size: 16px; font-weight: 400; margin: 0px; text-decoration: none; border-bottom: 0px rgb(10, 10, 10);\"><span class=\"iNqyIf\" data-sfc-cp=\"\" jsaction=\"\" jscontroller=\"KdQfFc#d5Qebf\" data-sfc-root=\"ep\" jsuid=\"jY9cMd_1l\" data-complete=\"true\" data-processed=\"true\" data-copy-service-computed-style=\"font-family: &quot;Google Sans&quot;, &quot;Helvetica Neue&quot;, sans-serif; font-size: 16px; font-weight: 400; margin: 0px; text-decoration: none; border-bottom: 0px rgb(10, 10, 10);\">Isabel Ibarra Arenado<\/span><\/span><\/span><\/span>.<\/strong> Kantabriako Jaialdien Jauregiko Programazio eta Produkzio arduraduna.<\/span><\/li>\n<\/ul>\n<\/div>\n<\/div>\n<div>\n<h3>Euskadi, Nafarroako Foru Komunitateko eta Errioxako Batzordea<\/h3>\n<p>Galizia, Asturiasko Printzerriko eta Kantabriako ikuskizunak aukeratu ditu.<\/p>\n<div>\n<ul>\n<li><strong>Nagore Irastorza Artola.<\/strong> Zarauzko Udaleko Kultura Saileko arduraduna.<\/li>\n<li><strong>Pello Mirena Guti\u00e9rrez Salceda.<\/strong> Eskenako azterlan eta proiektuen koordinatzaile ohia.<\/li>\n<li><strong>Nerea Garde Iriarte.<\/strong> Zizur Nagusiko Udaleko Kultur koordinatzailea.<\/li>\n<li><strong>Iker Bengotxea Goya.<\/strong> RTN-NASeko Sendaberri Zirkuituaren kudeatzailea.<\/li>\n<li><strong>Gabriel Santos Ruiz.<\/strong> Kultura Sustatzeko zerbitzuburua, Errioxako Gobernua.<\/li>\n<li><strong>Yolanda Mar\u00edn Solano.<\/strong> Logro\u00f1oko Udaleko Kultur Jardueren zuzendaria.<\/li>\n<\/ul>\n<\/div>\n<\/div>\n<div>\n<p>Eskerrik berezienak Escena Galega, EscenAsturias, ACEPAE, <span>Eskena, Esna eta aescena<\/span> osatzen dituzten konpainia guztiei eta zuzendaritza batzordeei.<\/p>\n<\/div>\n<p><!--more--><br \/>\n<!-- {\"name\":\"Quienes somos\",\"type\":\"layout\",\"children\":[{\"type\":\"section\",\"props\":{\"animation\":\"fade\",\"animation_delay\":\"200\",\"image_position\":\"center-center\",\"padding_bottom\":\"none\",\"padding_top\":\"small\",\"style\":\"default\",\"title_breakpoint\":\"xl\",\"title_position\":\"top-left\",\"title_rotation\":\"left\",\"vertical_align\":\"\",\"width\":\"default\"},\"children\":[{\"type\":\"row\",\"children\":[{\"type\":\"column\",\"props\":{\"image_position\":\"center-center\",\"position_sticky_breakpoint\":\"m\",\"width_medium\":\"1-1\"},\"children\":[{\"type\":\"headline\",\"props\":{\"content\":\"Nor gara?\",\"image_align\":\"left\",\"image_margin\":\"xsmall\",\"title_element\":\"h1\"}}]}]}]},{\"name\":\"Asociaciones\",\"type\":\"section\",\"props\":{\"animation\":\"fade\",\"animation_delay\":\"200\",\"image_position\":\"center-center\",\"overlap\":true,\"padding_bottom\":\"small\",\"padding_top\":\"small\",\"style\":\"default\",\"title_breakpoint\":\"s\",\"title_position\":\"center-right\",\"title_rotation\":\"left\",\"vertical_align\":\"\",\"width\":\"default\"},\"children\":[{\"type\":\"row\",\"props\":{\"layout\":\"1-3,1-3,1-3\"},\"children\":[{\"type\":\"column\",\"props\":{\"image_position\":\"center-center\",\"position_sticky_breakpoint\":\"m\",\"width_medium\":\"1-3\"},\"children\":[{\"type\":\"panel\",\"props\":{\"content\":\"\n\n<p>24 urteko ibilbidearekin, <strong>Escena Galega<\/strong> sektore profesionaleko erreferentziazko elkartea da Galizian, eta gaur egun 57 konpainia bazkide ditu. Ondasun komunak diren aldetik, hizkuntza eta kultura defendatzearekin konpromisoa duen kolektiboa gara; erakundeekin eta arte eszenikoen sektorearen modernizazioan inplikatutako eragileekin elkarrekintzan aritzeko egiten dugu lan, eta konexio estrategikoak lortu nahi ditugu beste lurralde batzuetako pareko elkarteekin.<\/p>\n\n\",\"content_column_breakpoint\":\"m\",\"image\":\"wp-content\/uploads\/2020\/08\/logo_escenagalega-2.png\",\"image_align\":\"top\",\"image_box_shadow_bottom\":false,\"image_grid_breakpoint\":\"m\",\"image_grid_width\":\"1-2\",\"image_height\":\"250\",\"image_svg_color\":\"emphasis\",\"link\":\"http:\/\/www.escenagalega.gal\/\",\"link_style\":\"text\",\"link_target\":true,\"link_text\":\"www.escenagalega.gal\",\"margin_bottom\":\"default\",\"margin_top\":\"default\",\"meta_align\":\"below-title\",\"meta_element\":\"div\",\"meta_style\":\"text-meta\",\"title_align\":\"top\",\"title_element\":\"h3\",\"title_grid_breakpoint\":\"m\",\"title_grid_width\":\"1-2\",\"title_hover_style\":\"reset\"}}]},{\"type\":\"column\",\"props\":{\"image_position\":\"center-center\",\"position_sticky_breakpoint\":\"m\",\"width_medium\":\"1-3\"},\"children\":[{\"type\":\"panel\",\"props\":{\"content\":\"\n\n<p>Asturiasko Arte Eszenikoen Konpainia Profesionalen Elkartea (<strong>EscenAsturias<\/strong>) 2018. urtean eratu zen, erkidegoko arte eszenikoen bi enpresa elkarte batu ondoren (ForoEscena eta ACPTA). Gaur egun ikuskizunen mundura profesionalki lotutako 35 konpainiak osatzen dute; Asturiasen egindako arte eszenikoak sustatu eta estatu mailako zein nazioarteko proiekzioan laguntzea du xede.<\/p>\n\n\",\"content_column_breakpoint\":\"m\",\"image\":\"wp-content\/uploads\/2020\/08\/logo_escenasturias.png\",\"image_align\":\"top\",\"image_grid_breakpoint\":\"m\",\"image_grid_width\":\"1-2\",\"image_height\":\"250\",\"image_svg_color\":\"emphasis\",\"link\":\"http:\/\/www.escenasturias.com\/\",\"link_style\":\"text\",\"link_target\":true,\"link_text\":\"www.escenasturias.com\",\"margin_bottom\":\"default\",\"margin_top\":\"default\",\"meta_align\":\"below-title\",\"meta_element\":\"div\",\"meta_style\":\"text-meta\",\"title_align\":\"top\",\"title_element\":\"h3\",\"title_grid_breakpoint\":\"m\",\"title_grid_width\":\"1-2\",\"title_hover_style\":\"reset\"}}]},{\"type\":\"column\",\"props\":{\"image_position\":\"center-center\",\"position_sticky_breakpoint\":\"m\",\"width_medium\":\"1-3\"},\"children\":[{\"type\":\"panel\",\"props\":{\"content\":\"24 enpresa biltzen dituen elkartea da, eta Kantabriako antzerki, dantza, zirkua eta magia ekoizleak elkartzeko sortu zen. Kideen interes orokorren defentsa, sustapen, koordinazio, ordezkaritza eta kudeaketarako organo modura balio behar du. Elkartea beharrizan modura ulertzen dugu, gure sektorea antolatu eta egituratzeari heltzeko eta gure ofizioa aintzatestea eta duintasuna ematea lortzeko.\",\"content_column_breakpoint\":\"m\",\"image\":\"wp-content\/uploads\/2020\/08\/logo_acepae.png\",\"image_align\":\"top\",\"image_grid_breakpoint\":\"m\",\"image_grid_width\":\"1-2\",\"image_height\":\"250\",\"image_svg_color\":\"emphasis\",\"link\":\"http:\/\/www.acepae.es\/\",\"link_style\":\"text\",\"link_target\":true,\"link_text\":\"www.acepae.es\",\"margin_bottom\":\"default\",\"margin_top\":\"default\",\"meta_align\":\"below-title\",\"meta_element\":\"div\",\"meta_style\":\"text-meta\",\"title_align\":\"top\",\"title_element\":\"h3\",\"title_grid_breakpoint\":\"m\",\"title_grid_width\":\"1-2\",\"title_hover_style\":\"reset\"}}]}]},{\"type\":\"row\",\"props\":{\"layout\":\"1-3,1-3,1-3\"},\"children\":[{\"type\":\"column\",\"props\":{\"image_position\":\"center-center\",\"position_sticky_breakpoint\":\"m\",\"width_medium\":\"1-3\"},\"children\":[{\"type\":\"panel\",\"props\":{\"content\":\"\n\n<p><strong>Eskena<\/strong> elkartea 1995ean sortu zen, euskal antzerki munduaren enpresei ahotsa, espazioa eta aukerak emate aldera. Gaur egun 29 produkzio etxek osatzen dute. Gure erkidegoan sektoreko enpresen komunikazioa, egonkortasuna eta garapena hobetzeko lan egiten duen elkartea gara. 30 urte baino gehiago ibilbidea egin dugu Euskadiko arte eszenikoen solaskide eta sustatzaile gisa erreferentzia sendoa izaten.<br \/>2011z geroztik, Eskena arduratzen da Bilbon dagoen Harrobia Berrikuntza Eszenikoko Zentroa kudeatzeaz.<\/p>\n\n\",\"content_column_breakpoint\":\"m\",\"image\":\"wp-content\/uploads\/2020\/08\/logo_eskena.png\",\"image_align\":\"top\",\"image_grid_breakpoint\":\"m\",\"image_grid_width\":\"1-2\",\"image_height\":\"250\",\"image_svg_color\":\"emphasis\",\"link\":\"http:\/\/www.eskena.org\/\",\"link_style\":\"text\",\"link_target\":true,\"link_text\":\"www.eskena.org\",\"margin_bottom\":\"default\",\"margin_top\":\"default\",\"meta_align\":\"below-title\",\"meta_element\":\"div\",\"meta_style\":\"text-meta\",\"title_align\":\"top\",\"title_element\":\"h3\",\"title_grid_breakpoint\":\"m\",\"title_grid_width\":\"1-2\",\"title_hover_style\":\"reset\"}}]},{\"type\":\"column\",\"props\":{\"image_position\":\"center-center\",\"position_sticky_breakpoint\":\"m\",\"width_medium\":\"1-3\"},\"children\":[{\"type\":\"panel\",\"props\":{\"content\":\"\n\n<p>Escena Navarra Enpresa Elkartea, <strong>ESNA<\/strong>, Nafarroako Foru Erkidegoan lan egiten duten ekoizpen eszenikoko enpresen elkarte profesionala da. Gaur egun, 8 enpresa elkartuk osatzen dute ESNA. Guztiek ibilbide luzea dute antzerki- eta magia-ikuskizunen ekoizpenean, zuzeneko ikuskizunen laguntza teknikoan eta kultura- eta arte-proiektuen garapenean. Era berean, ESNA Antzerki eta Dantza Enpresen Elkarteen Estatuko Federazioa (FAETEDA) osatzen duten 15 erakundeetako bat da, eta gaur egun Nafarroako lurraldea ordezkatzen duen kide bakarra da.<\/p>\n\n\",\"content_column_breakpoint\":\"m\",\"image\":\"wp-content\/uploads\/2023\/05\/logo-ESNA.png\",\"image_align\":\"top\",\"image_grid_breakpoint\":\"m\",\"image_grid_width\":\"1-2\",\"image_height\":\"250\",\"image_svg_color\":\"emphasis\",\"link\":\"http:\/\/www.escenanavarra.com\/\",\"link_style\":\"text\",\"link_target\":true,\"link_text\":\"www.escenanavarra.com\",\"margin_bottom\":\"default\",\"margin_top\":\"default\",\"meta_align\":\"below-title\",\"meta_element\":\"div\",\"meta_style\":\"text-meta\",\"title_align\":\"top\",\"title_element\":\"h3\",\"title_grid_breakpoint\":\"m\",\"title_grid_width\":\"1-2\",\"title_hover_style\":\"reset\"}}]},{\"type\":\"column\",\"props\":{\"image_position\":\"center-center\",\"position_sticky_breakpoint\":\"m\",\"width_medium\":\"1-3\"},\"children\":[{\"type\":\"panel\",\"props\":{\"content\":\"\n\n<p><strong>AESCENA<\/strong> Errioxako arte eszenikoen komunitate profesionala da, askotarikoa lengoaia, formatu eta ibilbideei dagokienez, eta sorkuntza artistikoarekiko eta sektorearen garapenarekiko konpromisoak batua. Gure lurraldearekin elkarrizketan aritzen diren eta bertatik harago proiektatzen diren egitasmo eszenikoak sortu, ikertu, ekoitzi, eratu eta partekatzen ditugu, tokikotik nazioko eta nazioarteko esparruetarantz. Arte eszenikoak topaketarako, berrikuntzarako eta eraldaketa sozialerako gune eta bitarteko izan daitezen egiten dugu haien alde, inklusioa, aniztasuna, elkarlana, jasangarritasuna eta gure komunitatea osatzen duten begirada guztiekiko errespetua sustatuz.<\/p>\n\n\",\"content_column_breakpoint\":\"m\",\"image\":\"wp-content\/uploads\/2025\/02\/AESCENA.png\",\"image_align\":\"top\",\"image_grid_breakpoint\":\"m\",\"image_grid_width\":\"1-2\",\"image_height\":\"250\",\"image_svg_color\":\"emphasis\",\"link\":\"https:\/\/sie.fer.es\/esp\/Asociaciones\/Servicios\/AESCENA\/dir_3361.htm\",\"link_style\":\"text\",\"link_target\":true,\"link_text\":\"aescena\",\"margin_bottom\":\"default\",\"margin_top\":\"default\",\"meta_align\":\"below-title\",\"meta_element\":\"div\",\"meta_style\":\"text-meta\",\"title_align\":\"top\",\"title_element\":\"h3\",\"title_grid_breakpoint\":\"m\",\"title_grid_width\":\"1-2\",\"title_hover_style\":\"reset\"}}]}]}]},{\"type\":\"section\",\"props\":{\"animation\":\"fade\",\"animation_delay\":\"200\",\"image_position\":\"center-center\",\"overlap\":false,\"padding_bottom\":\"none\",\"padding_top\":\"small\",\"style\":\"muted\",\"title_breakpoint\":\"xl\",\"title_position\":\"top-left\",\"title_rotation\":\"left\",\"vertical_align\":\"\",\"width\":\"default\"},\"children\":[{\"type\":\"row\",\"children\":[{\"type\":\"column\",\"props\":{\"image_position\":\"center-center\",\"position_sticky_breakpoint\":\"m\",\"width_medium\":\"1-1\"},\"children\":[{\"type\":\"headline\",\"props\":{\"content\":\"\n\n<p>Proiektuaren lantaldea<\/p>\n\n\",\"image_align\":\"left\",\"image_margin\":\"xsmall\",\"title_color\":\"success\",\"title_element\":\"h1\"}}]}]}]},{\"type\":\"section\",\"props\":{\"animation\":\"fade\",\"animation_delay\":\"200\",\"image_position\":\"center-center\",\"overlap\":true,\"style\":\"muted\",\"title_breakpoint\":\"s\",\"title_position\":\"center-right\",\"title_rotation\":\"left\",\"vertical_align\":\"\",\"width\":\"default\"},\"children\":[{\"type\":\"row\",\"children\":[{\"type\":\"column\",\"props\":{\"image_position\":\"center-center\",\"position_sticky_breakpoint\":\"m\",\"width_medium\":\"1-1\"},\"children\":[{\"type\":\"text\",\"props\":{\"column\":\"1-2\",\"column_breakpoint\":\"l\",\"column_divider\":false,\"content\":\"\n\n<ul>\\n\n\n<li><strong>Koordinazioa:<\/strong> Nerea Soto Guti\u00e9rrez.<\/li>\n\n\\n\n\n<li><strong>Kudeatzailetza:<\/strong> Amaia Ib\u00e1\u00f1ez.<\/li>\n\n\\n\n\n<li><strong>Asturiasko produkzioa:<\/strong> Patricia Baraga\u00f1o, UEvents.<\/li>\n\n\\n\n\n<li><strong>Galiziako produkzioa:<\/strong> <span>CUNDE, Servicios de Producci\u00f3n.<\/span><\/li>\n\n\\n\n\n<li><strong>Nafarroako\u00a0produkzioa: <\/strong>Global Servicios Culturales.<\/li>\n\n\\n\n\n<li><strong>Kantabriako produkzioa:<\/strong> Bego\u00f1a Garc\u00eda.<\/li>\n\n\\n\n\n<li><strong>Euskadiko produkzioa:<\/strong> Idoia Ayestar\u00e1n<\/li>\n\n\\n\n\n<li><strong>Errioxako produkzioa: <\/strong>Fernando Moreno.<\/li>\n\n\\n\n\n<li><strong>Komunikazio kabinetea:<\/strong><span class=\\\"Apple-converted-space\\\">\u00a0<br \/><\/span>Luc\u00eda Pita-The Office Comunicaci\u00f3n (Galizia).<br \/>Marta Barb\u00f3n, MB Comunicaci\u00f3n (Asturias).<br \/><span>Felisa Palacio<\/span> (Kantabria).<span class=\\\"Apple-converted-space\\\"><br \/><\/span>Gontzal Sa\u00e9nz, ieR \u2013 Informaci\u00f3n en Red (Euskadi).<br \/><span><span>Alberto Laiglesia, Global Servicios Culturales (Nafarroa).<br \/><\/span><\/span>Rebeca Ortega - Colibr\u00ed Comunicaci\u00f3n (Errioxa)<\/li>\n\n\\n\n\n<li><strong>Sare sozialak eta <i>online<\/i> estrategia: <\/strong>The Office Comunicaci\u00f3n.<\/li>\n\n\\n\n\n<li><strong>Diseinu grafikoa:<\/strong> MINIM Comunicaci\u00f3n.<\/li>\n\n\\n\n\n<li><strong>Materialak prestatzea eta inprimategia:<br \/><\/strong><span>LAU Creaciones eta Arabako Foru Aldundiaren Inprimategia<\/span>.<\/li>\n\n\\n\n\n<li><strong>Web diseinua:<\/strong> Diego Seixo.<\/li>\n\n\\n\n\n<li><strong><span>Argazki- eta bideo-estaldura<\/span>:<br \/><\/strong>Miguel Lamas Fotograf\u00eda.<br \/>Ana Mart\u00edn-Estudio La Central:<br \/>JPEG Estudio de Fotograf\u00eda.<\/li>\n\n\\n\n\n<li><strong>Bideoen edizioa eta muntaketa:<\/strong>\u00a0Miguel Lamas Fotograf\u00eda.<\/li>\n\n\\n\n\n<li><strong>Itzulpenak eta hizkuntza-aholkularitza:<br \/><\/strong>Laura Iglesia.<br \/>Interwords.<br \/>Santiago Cortegoso.<\/li>\n\n\\n\n\n<li><strong>Proiektuaren Jarraipenaren Batzorde Iraunkorra:<\/strong><span class=\\\"Apple-converted-space\\\"> <br \/><\/span>Marta Alonso Tejada eta Guillermo Carbajo (Escena Galega).<br \/>Luis Alija eta Mayra Fern\u00e1ndez (EscenAsturias).<br \/>Carlos Troyano eta Bego\u00f1a Garc\u00eda (ACEPAE).<br \/>Gorka M\u00ednguez eta Idoia Ayestaran (Eskena).<br \/>David Lainez eta Martxel Rodr\u00edguez (Esna).<br \/>S\u00f3nia Olveira eta Bego\u00f1a Gonz\u00e1lez (aescena)<br \/><span class=\\\"Apple-converted-space\\\"><\/span><\/li>\n\n\\n\n\n<li><span><span><strong>Edizioaren irudia: <\/strong><\/span><\/span>Sergio Llunik.<\/li>\n\n\\n<\/ul>\n\n\\n\n\n\n\n\",\"margin_bottom\":\"default\",\"margin_top\":\"default\"}}]}]}]},{\"type\":\"section\",\"props\":{\"animation\":\"fade\",\"animation_delay\":\"200\",\"image_position\":\"center-center\",\"overlap\":false,\"padding_bottom\":\"none\",\"padding_top\":\"small\",\"style\":\"default\",\"title_breakpoint\":\"xl\",\"title_position\":\"top-left\",\"title_rotation\":\"left\",\"vertical_align\":\"\",\"width\":\"default\"},\"children\":[{\"type\":\"row\",\"children\":[{\"type\":\"column\",\"props\":{\"image_position\":\"center-center\",\"position_sticky_breakpoint\":\"m\",\"width_medium\":\"1-1\"},\"children\":[{\"name\":\"Comisiones\",\"type\":\"headline\",\"props\":{\"content\":\"\n\n<p>Katalogo honetarako ikuskizunak hautatzeko batzorde profesionalen osaera<\/p>\n\n\",\"image_align\":\"left\",\"image_margin\":\"xsmall\",\"title_color\":\"primary\",\"title_element\":\"h1\",\"title_style\":\"h2\"}}]}]}]},{\"name\":\"Asociaciones\",\"type\":\"section\",\"props\":{\"animation\":\"fade\",\"animation_delay\":\"200\",\"image_position\":\"center-center\",\"overlap\":true,\"padding_bottom\":\"none\",\"padding_top\":\"small\",\"style\":\"default\",\"title_breakpoint\":\"s\",\"title_position\":\"center-right\",\"title_rotation\":\"left\",\"vertical_align\":\"\",\"width\":\"default\"},\"children\":[{\"type\":\"row\",\"props\":{\"layout\":\"1-2,1-2\"},\"children\":[{\"type\":\"column\",\"props\":{\"image_position\":\"center-center\",\"position_sticky_breakpoint\":\"m\",\"width_medium\":\"1-2\"},\"children\":[{\"type\":\"panel\",\"props\":{\"content\":\"\n\n<ul>\\n\n\n<li><span class=\\\"iNqyIf\\\" data-sfc-cp=\\\"\\\" jsaction=\\\"\\\" jscontroller=\\\"KdQfFc#d5Qebf\\\" data-sfc-root=\\\"ep\\\" jsuid=\\\"jY9cMd_l\\\" data-complete=\\\"true\\\" data-processed=\\\"true\\\" data-copy-service-computed-style=\\\"font-family: &quot;Google Sans&quot;, &quot;Helvetica Neue&quot;, sans-serif; font-size: 16px; font-weight: 400; margin: 0px; text-decoration: none; border-bottom: 0px rgb(10, 10, 10);\\\"><strong><span data-sfc-cp=\\\"\\\" jsaction=\\\"\\\" jscontroller=\\\"qWh5id#Yojwnf\\\" data-sfc-root=\\\"ep\\\" jsuid=\\\"jY9cMd_m\\\" data-complete=\\\"true\\\" data-processed=\\\"true\\\" data-copy-service-computed-style=\\\"font-family: &quot;Google Sans&quot;, &quot;Helvetica Neue&quot;, sans-serif; font-size: 16px; font-weight: 400; margin: 0px; text-decoration: none; border-bottom: 0px rgb(10, 10, 10);\\\"><span data-sfc-cp=\\\"\\\" jsaction=\\\"\\\" jscontroller=\\\"qWh5id#HfJy7c\\\" data-sfc-root=\\\"c\\\" jsuid=\\\"jY9cMd_n\\\" data-complete=\\\"true\\\" data-processed=\\\"true\\\" data-copy-service-computed-style=\\\"font-family: &quot;Google Sans&quot;, &quot;Helvetica Neue&quot;, sans-serif; font-size: 16px; font-weight: 400; margin: 0px; text-decoration: none; border-bottom: 0px rgb(10, 10, 10);\\\"><span jsuid=\\\"jY9cMd_o\\\" class=\\\"\\\" data-sfc-cp=\\\"\\\" jsaction=\\\"click:&amp;jY9cMd_o|ZUljYd;keydown:&amp;jY9cMd_o|aXD3Gb;\\\" jscontroller=\\\"qWh5id#ekrNbb\\\" data-sfc-root=\\\"c\\\" data-ved=\\\"2ahUKEwjK89HakrKWAxW-REEAHVUbA1UQ0fERegYIAAgFEAE\\\" data-complete=\\\"true\\\" data-processed=\\\"true\\\" data-copy-service-computed-style=\\\"font-family: &quot;Google Sans&quot;, &quot;Helvetica Neue&quot;, sans-serif; font-size: 16px; font-weight: 400; margin: 0px; text-decoration: none; border-bottom: 0px rgb(10, 10, 10);\\\"><span class=\\\"iNqyIf\\\" data-sfc-cp=\\\"\\\" jsaction=\\\"\\\" jscontroller=\\\"KdQfFc#d5Qebf\\\" data-sfc-root=\\\"ep\\\" jsuid=\\\"jY9cMd_p\\\" data-complete=\\\"true\\\" data-processed=\\\"true\\\" data-copy-service-computed-style=\\\"font-family: &quot;Google Sans&quot;, &quot;Helvetica Neue&quot;, sans-serif; font-size: 16px; font-weight: 400; margin: 0px; text-decoration: none; border-bottom: 0px rgb(10, 10, 10);\\\">Santiago S. Nieto Romar\u00eds<\/span><\/span><\/span><\/span>.<\/strong> Karrerako funtzionarioa. A Coru\u00f1ako Concello de Outes Kultura teknikaria.<\/span><\/li>\n\n\\n\n\n<li><span class=\\\"iNqyIf\\\" data-sfc-cp=\\\"\\\" jsaction=\\\"\\\" jscontroller=\\\"KdQfFc#d5Qebf\\\" data-sfc-root=\\\"ep\\\" jsuid=\\\"jY9cMd_s\\\" data-complete=\\\"true\\\" data-processed=\\\"true\\\" data-copy-service-computed-style=\\\"font-family: &quot;Google Sans&quot;, &quot;Helvetica Neue&quot;, sans-serif; font-size: 16px; font-weight: 400; margin: 0px; text-decoration: none; border-bottom: 0px rgb(10, 10, 10);\\\"><strong><span data-sfc-cp=\\\"\\\" jsaction=\\\"\\\" jscontroller=\\\"qWh5id#Yojwnf\\\" data-sfc-root=\\\"ep\\\" jsuid=\\\"jY9cMd_t\\\" data-complete=\\\"true\\\" data-processed=\\\"true\\\" data-copy-service-computed-style=\\\"font-family: &quot;Google Sans&quot;, &quot;Helvetica Neue&quot;, sans-serif; font-size: 16px; font-weight: 400; margin: 0px; text-decoration: none; border-bottom: 0px rgb(10, 10, 10);\\\"><span data-sfc-cp=\\\"\\\" jsaction=\\\"\\\" jscontroller=\\\"qWh5id#HfJy7c\\\" data-sfc-root=\\\"c\\\" jsuid=\\\"jY9cMd_u\\\" data-complete=\\\"true\\\" data-processed=\\\"true\\\" data-copy-service-computed-style=\\\"font-family: &quot;Google Sans&quot;, &quot;Helvetica Neue&quot;, sans-serif; font-size: 16px; font-weight: 400; margin: 0px; text-decoration: none; border-bottom: 0px rgb(10, 10, 10);\\\"><span jsuid=\\\"jY9cMd_v\\\" class=\\\"\\\" data-sfc-cp=\\\"\\\" jsaction=\\\"click:&amp;jY9cMd_v|ZUljYd;keydown:&amp;jY9cMd_v|aXD3Gb;\\\" jscontroller=\\\"qWh5id#ekrNbb\\\" data-sfc-root=\\\"c\\\" data-ved=\\\"2ahUKEwjK89HakrKWAxW-REEAHVUbA1UQ0fERegYIAAgFEAI\\\" data-complete=\\\"true\\\" data-processed=\\\"true\\\" data-copy-service-computed-style=\\\"font-family: &quot;Google Sans&quot;, &quot;Helvetica Neue&quot;, sans-serif; font-size: 16px; font-weight: 400; margin: 0px; text-decoration: none; border-bottom: 0px rgb(10, 10, 10);\\\"><span class=\\\"iNqyIf\\\" data-sfc-cp=\\\"\\\" jsaction=\\\"\\\" jscontroller=\\\"KdQfFc#d5Qebf\\\" data-sfc-root=\\\"ep\\\" jsuid=\\\"jY9cMd_w\\\" data-complete=\\\"true\\\" data-processed=\\\"true\\\" data-copy-service-computed-style=\\\"font-family: &quot;Google Sans&quot;, &quot;Helvetica Neue&quot;, sans-serif; font-size: 16px; font-weight: 400; margin: 0px; text-decoration: none; border-bottom: 0px rgb(10, 10, 10);\\\">Gustavo del R\u00edo Prieto<\/span><\/span><\/span><\/span>.<\/strong> Kultura-kudeatzailea.<\/span><\/li>\n\n\\n\n\n<li><span class=\\\"iNqyIf\\\" data-sfc-cp=\\\"\\\" jsaction=\\\"\\\" jscontroller=\\\"KdQfFc#d5Qebf\\\" data-sfc-root=\\\"ep\\\" jsuid=\\\"jY9cMd_y\\\" data-complete=\\\"true\\\" data-processed=\\\"true\\\" data-copy-service-computed-style=\\\"font-family: &quot;Google Sans&quot;, &quot;Helvetica Neue&quot;, sans-serif; font-size: 16px; font-weight: 400; margin: 0px; text-decoration: none; border-bottom: 0px rgb(10, 10, 10);\\\"><strong>Adolfo Camilo D\u00edaz L\u00f3pez.<\/strong> Corvera Asturiasko Udaleko Kulturako gerentea.<\/span><\/li>\n\n\\n\n\n<li><span class=\\\"iNqyIf\\\" data-sfc-cp=\\\"\\\" jsaction=\\\"\\\" jscontroller=\\\"KdQfFc#d5Qebf\\\" data-sfc-root=\\\"ep\\\" jsuid=\\\"jY9cMd_15\\\" data-complete=\\\"true\\\" data-processed=\\\"true\\\" data-copy-service-computed-style=\\\"font-family: &quot;Google Sans&quot;, &quot;Helvetica Neue&quot;, sans-serif; font-size: 16px; font-weight: 400; margin: 0px; text-decoration: none; border-bottom: 0px rgb(10, 10, 10);\\\"><strong><span data-sfc-cp=\\\"\\\" jsaction=\\\"\\\" jscontroller=\\\"qWh5id#Yojwnf\\\" data-sfc-root=\\\"ep\\\" jsuid=\\\"jY9cMd_16\\\" data-complete=\\\"true\\\" data-processed=\\\"true\\\" data-copy-service-computed-style=\\\"font-family: &quot;Google Sans&quot;, &quot;Helvetica Neue&quot;, sans-serif; font-size: 16px; font-weight: 400; margin: 0px; text-decoration: none; border-bottom: 0px rgb(10, 10, 10);\\\"><span data-sfc-cp=\\\"\\\" jsaction=\\\"\\\" jscontroller=\\\"qWh5id#HfJy7c\\\" data-sfc-root=\\\"c\\\" jsuid=\\\"jY9cMd_17\\\" data-complete=\\\"true\\\" data-processed=\\\"true\\\" data-copy-service-computed-style=\\\"font-family: &quot;Google Sans&quot;, &quot;Helvetica Neue&quot;, sans-serif; font-size: 16px; font-weight: 400; margin: 0px; text-decoration: none; border-bottom: 0px rgb(10, 10, 10);\\\"><span jsuid=\\\"jY9cMd_18\\\" class=\\\"\\\" data-sfc-cp=\\\"\\\" jsaction=\\\"click:&amp;jY9cMd_18|ZUljYd;keydown:&amp;jY9cMd_18|aXD3Gb;\\\" jscontroller=\\\"qWh5id#ekrNbb\\\" data-sfc-root=\\\"c\\\" data-ved=\\\"2ahUKEwjK89HakrKWAxW-REEAHVUbA1UQ0fERegYIAAgFEAQ\\\" data-complete=\\\"true\\\" data-processed=\\\"true\\\" data-copy-service-computed-style=\\\"font-family: &quot;Google Sans&quot;, &quot;Helvetica Neue&quot;, sans-serif; font-size: 16px; font-weight: 400; margin: 0px; text-decoration: none; border-bottom: 0px rgb(10, 10, 10);\\\"><span class=\\\"iNqyIf\\\" data-sfc-cp=\\\"\\\" jsaction=\\\"\\\" jscontroller=\\\"KdQfFc#d5Qebf\\\" data-sfc-root=\\\"ep\\\" jsuid=\\\"jY9cMd_19\\\" data-complete=\\\"true\\\" data-processed=\\\"true\\\" data-copy-service-computed-style=\\\"font-family: &quot;Google Sans&quot;, &quot;Helvetica Neue&quot;, sans-serif; font-size: 16px; font-weight: 400; margin: 0px; text-decoration: none; border-bottom: 0px rgb(10, 10, 10);\\\">Ver\u00f3nica Rodr\u00edguez Fern\u00e1ndez<\/span><\/span><\/span><\/span>.<\/strong> Xixongo Udaleko FMCE eta UPko Kultura Berrikuntzako Departamentuko burua.<\/span><\/li>\n\n\\n\n\n<li><span class=\\\"iNqyIf\\\" data-sfc-cp=\\\"\\\" jsaction=\\\"\\\" jscontroller=\\\"KdQfFc#d5Qebf\\\" data-sfc-root=\\\"ep\\\" jsuid=\\\"jY9cMd_1b\\\" data-complete=\\\"true\\\" data-processed=\\\"true\\\" data-copy-service-computed-style=\\\"font-family: &quot;Google Sans&quot;, &quot;Helvetica Neue&quot;, sans-serif; font-size: 16px; font-weight: 400; margin: 0px; text-decoration: none; border-bottom: 0px rgb(10, 10, 10);\\\"><strong><span data-sfc-cp=\\\"\\\" jsaction=\\\"\\\" jscontroller=\\\"qWh5id#Yojwnf\\\" data-sfc-root=\\\"ep\\\" jsuid=\\\"jY9cMd_1c\\\" data-complete=\\\"true\\\" data-processed=\\\"true\\\" data-copy-service-computed-style=\\\"font-family: &quot;Google Sans&quot;, &quot;Helvetica Neue&quot;, sans-serif; font-size: 16px; font-weight: 400; margin: 0px; text-decoration: none; border-bottom: 0px rgb(10, 10, 10);\\\"><span data-sfc-cp=\\\"\\\" jsaction=\\\"\\\" jscontroller=\\\"qWh5id#HfJy7c\\\" data-sfc-root=\\\"c\\\" jsuid=\\\"jY9cMd_1d\\\" data-complete=\\\"true\\\" data-processed=\\\"true\\\" data-copy-service-computed-style=\\\"font-family: &quot;Google Sans&quot;, &quot;Helvetica Neue&quot;, sans-serif; font-size: 16px; font-weight: 400; margin: 0px; text-decoration: none; border-bottom: 0px rgb(10, 10, 10);\\\"><span jsuid=\\\"jY9cMd_1e\\\" class=\\\"\\\" data-sfc-cp=\\\"\\\" jsaction=\\\"click:&amp;jY9cMd_1e|ZUljYd;keydown:&amp;jY9cMd_1e|aXD3Gb;\\\" jscontroller=\\\"qWh5id#ekrNbb\\\" data-sfc-root=\\\"c\\\" data-ved=\\\"2ahUKEwjK89HakrKWAxW-REEAHVUbA1UQ0fERegYIAAgFEAU\\\" data-complete=\\\"true\\\" data-processed=\\\"true\\\" data-copy-service-computed-style=\\\"font-family: &quot;Google Sans&quot;, &quot;Helvetica Neue&quot;, sans-serif; font-size: 16px; font-weight: 400; margin: 0px; text-decoration: none; border-bottom: 0px rgb(10, 10, 10);\\\"><span class=\\\"iNqyIf\\\" data-sfc-cp=\\\"\\\" jsaction=\\\"\\\" jscontroller=\\\"KdQfFc#d5Qebf\\\" data-sfc-root=\\\"ep\\\" jsuid=\\\"jY9cMd_1f\\\" data-complete=\\\"true\\\" data-processed=\\\"true\\\" data-copy-service-computed-style=\\\"font-family: &quot;Google Sans&quot;, &quot;Helvetica Neue&quot;, sans-serif; font-size: 16px; font-weight: 400; margin: 0px; text-decoration: none; border-bottom: 0px rgb(10, 10, 10);\\\">Marta Romero Diego<\/span><\/span><\/span><\/span>.<\/strong> Kultura-kudeatzailea eta -bitartekaria.<\/span><\/li>\n\n\\n\n\n<li><span class=\\\"iNqyIf\\\" data-sfc-cp=\\\"\\\" jsaction=\\\"\\\" jscontroller=\\\"KdQfFc#d5Qebf\\\" data-sfc-root=\\\"ep\\\" jsuid=\\\"jY9cMd_1h\\\" data-complete=\\\"true\\\" data-processed=\\\"true\\\" aria-owns=\\\"action-menu-parent-container\\\" data-copy-service-computed-style=\\\"font-family: &quot;Google Sans&quot;, &quot;Helvetica Neue&quot;, sans-serif; font-size: 16px; font-weight: 400; margin: 0px; text-decoration: none; border-bottom: 0px rgb(10, 10, 10);\\\"><strong><span data-sfc-cp=\\\"\\\" jsaction=\\\"\\\" jscontroller=\\\"qWh5id#Yojwnf\\\" data-sfc-root=\\\"ep\\\" jsuid=\\\"jY9cMd_1i\\\" data-complete=\\\"true\\\" data-processed=\\\"true\\\" data-copy-service-computed-style=\\\"font-family: &quot;Google Sans&quot;, &quot;Helvetica Neue&quot;, sans-serif; font-size: 16px; font-weight: 400; margin: 0px; text-decoration: none; border-bottom: 0px rgb(10, 10, 10);\\\"><span data-sfc-cp=\\\"\\\" jsaction=\\\"\\\" jscontroller=\\\"qWh5id#HfJy7c\\\" data-sfc-root=\\\"c\\\" jsuid=\\\"jY9cMd_1j\\\" data-complete=\\\"true\\\" data-processed=\\\"true\\\" data-copy-service-computed-style=\\\"font-family: &quot;Google Sans&quot;, &quot;Helvetica Neue&quot;, sans-serif; font-size: 16px; font-weight: 400; margin: 0px; text-decoration: none; border-bottom: 0px rgb(10, 10, 10);\\\"><span jsuid=\\\"jY9cMd_1k\\\" class=\\\"\\\" data-sfc-cp=\\\"\\\" jsaction=\\\"click:&amp;jY9cMd_1k|ZUljYd;keydown:&amp;jY9cMd_1k|aXD3Gb;\\\" jscontroller=\\\"qWh5id#ekrNbb\\\" data-sfc-root=\\\"c\\\" data-ved=\\\"2ahUKEwjK89HakrKWAxW-REEAHVUbA1UQ0fERegYIAAgFEAY\\\" data-complete=\\\"true\\\" data-processed=\\\"true\\\" data-copy-service-computed-style=\\\"font-family: &quot;Google Sans&quot;, &quot;Helvetica Neue&quot;, sans-serif; font-size: 16px; font-weight: 400; margin: 0px; text-decoration: none; border-bottom: 0px rgb(10, 10, 10);\\\"><span class=\\\"iNqyIf\\\" data-sfc-cp=\\\"\\\" jsaction=\\\"\\\" jscontroller=\\\"KdQfFc#d5Qebf\\\" data-sfc-root=\\\"ep\\\" jsuid=\\\"jY9cMd_1l\\\" data-complete=\\\"true\\\" data-processed=\\\"true\\\" data-copy-service-computed-style=\\\"font-family: &quot;Google Sans&quot;, &quot;Helvetica Neue&quot;, sans-serif; font-size: 16px; font-weight: 400; margin: 0px; text-decoration: none; border-bottom: 0px rgb(10, 10, 10);\\\">Isabel Ibarra Arenado<\/span><\/span><\/span><\/span>.<\/strong> Kantabriako Jaialdien Jauregiko Programazio eta Produkzio arduraduna.<\/span><\/li>\n\n\\n<\/ul>\n\n\",\"content_column_breakpoint\":\"m\",\"image\":\"\",\"image_align\":\"top\",\"image_box_shadow_bottom\":false,\"image_grid_breakpoint\":\"m\",\"image_grid_width\":\"1-2\",\"image_height\":\"250\",\"image_svg_color\":\"emphasis\",\"link_style\":\"default\",\"link_text\":\"Read more\",\"margin_bottom\":\"default\",\"margin_top\":\"default\",\"meta\":\"Euskadi, Nafarroako Foru Komunitateko eta Errioxako ikuskizunak aukeratu ditu.\",\"meta_align\":\"below-title\",\"meta_element\":\"div\",\"meta_style\":\"text-meta\",\"title\":\"Galizia, Asturiasko Printzerriko eta Kantabriako Batzordea\",\"title_align\":\"top\",\"title_color\":\"success\",\"title_element\":\"h3\",\"title_grid_breakpoint\":\"m\",\"title_grid_width\":\"1-2\",\"title_hover_style\":\"reset\"}}]},{\"type\":\"column\",\"props\":{\"image_position\":\"center-center\",\"position_sticky_breakpoint\":\"m\",\"width_medium\":\"1-2\"},\"children\":[{\"type\":\"panel\",\"props\":{\"content\":\"\n\n<ul>\\n\n\n<li><strong>Nagore Irastorza Artola.<\/strong> Zarauzko Udaleko Kultura Saileko arduraduna.<\/li>\n\n\\n\n\n<li><strong>Pello Mirena Guti\u00e9rrez Salceda.<\/strong> Eskenako azterlan eta proiektuen koordinatzaile ohia.<\/li>\n\n\\n\n\n<li><strong>Nerea Garde Iriarte.<\/strong> Zizur Nagusiko Udaleko Kultur koordinatzailea.<\/li>\n\n\\n\n\n<li><strong>Iker Bengotxea Goya.<\/strong> RTN-NASeko Sendaberri Zirkuituaren kudeatzailea.<\/li>\n\n\\n\n\n<li><strong>Gabriel Santos Ruiz.<\/strong> Kultura Sustatzeko zerbitzuburua, Errioxako Gobernua.<\/li>\n\n\\n\n\n<li><strong>Yolanda Mar\u00edn Solano.<\/strong> Logro\u00f1oko Udaleko Kultur Jardueren zuzendaria.<\/li>\n\n\\n<\/ul>\n\n\",\"content_column_breakpoint\":\"m\",\"image\":\"\",\"image_align\":\"top\",\"image_grid_breakpoint\":\"m\",\"image_grid_width\":\"1-2\",\"image_height\":\"250\",\"image_svg_color\":\"emphasis\",\"link_style\":\"default\",\"link_text\":\"Read more\",\"margin_bottom\":\"default\",\"margin_top\":\"default\",\"meta\":\"Galizia, Asturiasko Printzerriko eta Kantabriako ikuskizunak aukeratu ditu.\",\"meta_align\":\"below-title\",\"meta_element\":\"div\",\"meta_style\":\"text-meta\",\"title\":\"Euskadi, Nafarroako Foru Komunitateko eta Errioxako Batzordea\",\"title_align\":\"top\",\"title_element\":\"h3\",\"title_grid_breakpoint\":\"m\",\"title_grid_width\":\"1-2\",\"title_hover_style\":\"reset\"}}]}]}]},{\"name\":\"Asociaciones\",\"type\":\"section\",\"props\":{\"animation\":\"fade\",\"animation_delay\":\"200\",\"image_position\":\"center-center\",\"overlap\":true,\"padding_bottom\":\"small\",\"padding_top\":\"none\",\"style\":\"default\",\"title_breakpoint\":\"s\",\"title_position\":\"center-right\",\"title_rotation\":\"left\",\"vertical_align\":\"\",\"width\":\"small\"},\"children\":[{\"type\":\"row\",\"children\":[{\"type\":\"column\",\"props\":{\"image_position\":\"center-center\",\"position_sticky_breakpoint\":\"m\",\"width_medium\":\"1-1\"},\"children\":[{\"type\":\"text\",\"props\":{\"column_breakpoint\":\"m\",\"content\":\"\n\n<p>Eskerrik berezienak Escena Galega, EscenAsturias, ACEPAE, <span>Eskena, Esna eta aescena<\/span> osatzen dituzten konpainia guztiei eta zuzendaritza batzordeei.<\/p>\n\n\",\"dropcap\":false,\"margin_bottom\":\"default\",\"margin_top\":\"default\",\"text_align\":\"center\",\"text_style\":\"lead\"}}]}]}]}],\"version\":\"5.0.42\"} --><\/p>\n","protected":false},"excerpt":{"rendered":"<p>Nor gara? 24 urteko ibilbidearekin, Escena Galega sektore profesionaleko erreferentziazko elkartea da Galizian, eta gaur egun 57 konpainia bazkide ditu. Ondasun komunak diren aldetik, hizkuntza eta kultura defendatzearekin konpromisoa duen [&hellip;]<\/p>\n","protected":false},"author":1,"featured_media":0,"parent":0,"menu_order":0,"comment_status":"closed","ping_status":"open","template":"","meta":{"footnotes":""},"class_list":["post-152","page","type-page","status-publish","hentry"],"yoast_head":"<!-- This site is optimized with the Yoast SEO plugin v28.4 - https:\/\/yoast.com\/product\/yoast-seo-wordpress\/ -->\n<title>Nor gara? - Camino Escena Norte<\/title>\n<meta name=\"robots\" content=\"index, follow, max-snippet:-1, max-image-preview:large, max-video-preview:-1\" \/>\n<link rel=\"canonical\" href=\"https:\/\/escenanorte.com\/eu\/nor-gara\/\" \/>\n<meta property=\"og:locale\" content=\"eu_ES\" \/>\n<meta property=\"og:type\" content=\"article\" \/>\n<meta property=\"og:title\" content=\"Nor gara? - Camino Escena Norte\" \/>\n<meta property=\"og:description\" content=\"Nor gara? 24 urteko ibilbidearekin, Escena Galega sektore profesionaleko erreferentziazko elkartea da Galizian, eta gaur egun 57 konpainia bazkide ditu. Ondasun komunak diren aldetik, hizkuntza eta kultura defendatzearekin konpromisoa duen [&hellip;]\" \/>\n<meta property=\"og:url\" content=\"https:\/\/escenanorte.com\/eu\/nor-gara\/\" \/>\n<meta property=\"og:site_name\" content=\"Camino Escena Norte\" \/>\n<meta property=\"article:publisher\" content=\"https:\/\/www.facebook.com\/escenanorte\" \/>\n<meta property=\"article:modified_time\" content=\"2026-08-26T09:00:09+00:00\" \/>\n<meta property=\"og:image\" content=\"https:\/\/escenanorte.com\/wp-content\/uploads\/2025\/06\/AAFF-CEN-ARTE-50X70-AS.jpg\" \/>\n\t<meta property=\"og:image:width\" content=\"926\" \/>\n\t<meta property=\"og:image:height\" content=\"1280\" \/>\n\t<meta property=\"og:image:type\" content=\"image\/jpeg\" \/>\n<meta name=\"twitter:card\" content=\"summary_large_image\" \/>\n<meta name=\"twitter:label1\" content=\"Est. reading time\" \/>\n\t<meta name=\"twitter:data1\" content=\"4 minutes\" \/>\n<script type=\"application\/ld+json\" class=\"yoast-schema-graph\">{\"@context\":\"https:\\\/\\\/schema.org\",\"@graph\":[{\"@type\":\"WebPage\",\"@id\":\"https:\\\/\\\/escenanorte.com\\\/eu\\\/nor-gara\\\/\",\"url\":\"https:\\\/\\\/escenanorte.com\\\/eu\\\/nor-gara\\\/\",\"name\":\"Nor gara? - Camino Escena Norte\",\"isPartOf\":{\"@id\":\"https:\\\/\\\/escenanorte.com\\\/eu\\\/#website\"},\"datePublished\":\"2020-08-18T09:18:18+00:00\",\"dateModified\":\"2026-08-26T09:00:09+00:00\",\"breadcrumb\":{\"@id\":\"https:\\\/\\\/escenanorte.com\\\/eu\\\/nor-gara\\\/#breadcrumb\"},\"inLanguage\":\"eu-ES\",\"potentialAction\":[{\"@type\":\"ReadAction\",\"target\":[\"https:\\\/\\\/escenanorte.com\\\/eu\\\/nor-gara\\\/\"]}]},{\"@type\":\"BreadcrumbList\",\"@id\":\"https:\\\/\\\/escenanorte.com\\\/eu\\\/nor-gara\\\/#breadcrumb\",\"itemListElement\":[{\"@type\":\"ListItem\",\"position\":1,\"name\":\"Portada\",\"item\":\"https:\\\/\\\/escenanorte.com\\\/eu\\\/\"},{\"@type\":\"ListItem\",\"position\":2,\"name\":\"Nor gara?\"}]},{\"@type\":\"WebSite\",\"@id\":\"https:\\\/\\\/escenanorte.com\\\/eu\\\/#website\",\"url\":\"https:\\\/\\\/escenanorte.com\\\/eu\\\/\",\"name\":\"Camino Escena Norte\",\"description\":\"Escena Norte\",\"publisher\":{\"@id\":\"https:\\\/\\\/escenanorte.com\\\/eu\\\/#organization\"},\"potentialAction\":[{\"@type\":\"SearchAction\",\"target\":{\"@type\":\"EntryPoint\",\"urlTemplate\":\"https:\\\/\\\/escenanorte.com\\\/eu\\\/?s={search_term_string}\"},\"query-input\":{\"@type\":\"PropertyValueSpecification\",\"valueRequired\":true,\"valueName\":\"search_term_string\"}}],\"inLanguage\":\"eu-ES\"},{\"@type\":\"Organization\",\"@id\":\"https:\\\/\\\/escenanorte.com\\\/eu\\\/#organization\",\"name\":\"Camino Escena Norte\",\"url\":\"https:\\\/\\\/escenanorte.com\\\/eu\\\/\",\"logo\":{\"@type\":\"ImageObject\",\"inLanguage\":\"eu-ES\",\"@id\":\"https:\\\/\\\/escenanorte.com\\\/eu\\\/#\\\/schema\\\/logo\\\/image\\\/\",\"url\":\"https:\\\/\\\/escenanorte.com\\\/wp-content\\\/uploads\\\/2025\\\/09\\\/Logo-Escena-Norte-512.png\",\"contentUrl\":\"https:\\\/\\\/escenanorte.com\\\/wp-content\\\/uploads\\\/2025\\\/09\\\/Logo-Escena-Norte-512.png\",\"width\":512,\"height\":512,\"caption\":\"Camino Escena Norte\"},\"image\":{\"@id\":\"https:\\\/\\\/escenanorte.com\\\/eu\\\/#\\\/schema\\\/logo\\\/image\\\/\"},\"sameAs\":[\"https:\\\/\\\/www.facebook.com\\\/escenanorte\",\"https:\\\/\\\/instagram.com\\\/escenanorte\"]}]}<\/script>\n<!-- \/ Yoast SEO plugin. -->","yoast_head_json":{"title":"Nor gara? - Camino Escena Norte","robots":{"index":"index","follow":"follow","max-snippet":"max-snippet:-1","max-image-preview":"max-image-preview:large","max-video-preview":"max-video-preview:-1"},"canonical":"https:\/\/escenanorte.com\/eu\/nor-gara\/","og_locale":"eu_ES","og_type":"article","og_title":"Nor gara? - Camino Escena Norte","og_description":"Nor gara? 24 urteko ibilbidearekin, Escena Galega sektore profesionaleko erreferentziazko elkartea da Galizian, eta gaur egun 57 konpainia bazkide ditu. Ondasun komunak diren aldetik, hizkuntza eta kultura defendatzearekin konpromisoa duen [&hellip;]","og_url":"https:\/\/escenanorte.com\/eu\/nor-gara\/","og_site_name":"Camino Escena Norte","article_publisher":"https:\/\/www.facebook.com\/escenanorte","article_modified_time":"2026-08-26T09:00:09+00:00","og_image":[{"width":926,"height":1280,"url":"https:\/\/escenanorte.com\/wp-content\/uploads\/2025\/06\/AAFF-CEN-ARTE-50X70-AS.jpg","type":"image\/jpeg"}],"twitter_card":"summary_large_image","twitter_misc":{"Est. reading time":"4 minutes"},"schema":{"@context":"https:\/\/schema.org","@graph":[{"@type":"WebPage","@id":"https:\/\/escenanorte.com\/eu\/nor-gara\/","url":"https:\/\/escenanorte.com\/eu\/nor-gara\/","name":"Nor gara? - Camino Escena Norte","isPartOf":{"@id":"https:\/\/escenanorte.com\/eu\/#website"},"datePublished":"2020-08-18T09:18:18+00:00","dateModified":"2026-08-26T09:00:09+00:00","breadcrumb":{"@id":"https:\/\/escenanorte.com\/eu\/nor-gara\/#breadcrumb"},"inLanguage":"eu-ES","potentialAction":[{"@type":"ReadAction","target":["https:\/\/escenanorte.com\/eu\/nor-gara\/"]}]},{"@type":"BreadcrumbList","@id":"https:\/\/escenanorte.com\/eu\/nor-gara\/#breadcrumb","itemListElement":[{"@type":"ListItem","position":1,"name":"Portada","item":"https:\/\/escenanorte.com\/eu\/"},{"@type":"ListItem","position":2,"name":"Nor gara?"}]},{"@type":"WebSite","@id":"https:\/\/escenanorte.com\/eu\/#website","url":"https:\/\/escenanorte.com\/eu\/","name":"Camino Escena Norte","description":"Escena Norte","publisher":{"@id":"https:\/\/escenanorte.com\/eu\/#organization"},"potentialAction":[{"@type":"SearchAction","target":{"@type":"EntryPoint","urlTemplate":"https:\/\/escenanorte.com\/eu\/?s={search_term_string}"},"query-input":{"@type":"PropertyValueSpecification","valueRequired":true,"valueName":"search_term_string"}}],"inLanguage":"eu-ES"},{"@type":"Organization","@id":"https:\/\/escenanorte.com\/eu\/#organization","name":"Camino Escena Norte","url":"https:\/\/escenanorte.com\/eu\/","logo":{"@type":"ImageObject","inLanguage":"eu-ES","@id":"https:\/\/escenanorte.com\/eu\/#\/schema\/logo\/image\/","url":"https:\/\/escenanorte.com\/wp-content\/uploads\/2025\/09\/Logo-Escena-Norte-512.png","contentUrl":"https:\/\/escenanorte.com\/wp-content\/uploads\/2025\/09\/Logo-Escena-Norte-512.png","width":512,"height":512,"caption":"Camino Escena Norte"},"image":{"@id":"https:\/\/escenanorte.com\/eu\/#\/schema\/logo\/image\/"},"sameAs":["https:\/\/www.facebook.com\/escenanorte","https:\/\/instagram.com\/escenanorte"]}]}},"publishpress_future_action":{"enabled":false,"date":"2026-09-13 06:15:40","action":"change-status","newStatus":"draft","terms":[],"taxonomy":"translation_priority","extraData":[]},"publishpress_future_workflow_manual_trigger":{"enabledWorkflows":[]},"_links":{"self":[{"href":"https:\/\/escenanorte.com\/eu\/wp-json\/wp\/v2\/pages\/152","targetHints":{"allow":["GET"]}}],"collection":[{"href":"https:\/\/escenanorte.com\/eu\/wp-json\/wp\/v2\/pages"}],"about":[{"href":"https:\/\/escenanorte.com\/eu\/wp-json\/wp\/v2\/types\/page"}],"author":[{"embeddable":true,"href":"https:\/\/escenanorte.com\/eu\/wp-json\/wp\/v2\/users\/1"}],"replies":[{"embeddable":true,"href":"https:\/\/escenanorte.com\/eu\/wp-json\/wp\/v2\/comments?post=152"}],"version-history":[{"count":111,"href":"https:\/\/escenanorte.com\/eu\/wp-json\/wp\/v2\/pages\/152\/revisions"}],"predecessor-version":[{"id":81892,"href":"https:\/\/escenanorte.com\/eu\/wp-json\/wp\/v2\/pages\/152\/revisions\/81892"}],"wp:attachment":[{"href":"https:\/\/escenanorte.com\/eu\/wp-json\/wp\/v2\/media?parent=152"}],"curies":[{"name":"wp","href":"https:\/\/api.w.org\/{rel}","templated":true}]}}