{"id":82575,"date":"2026-09-04T09:00:44","date_gmt":"2026-09-04T07:00:44","guid":{"rendered":"https:\/\/escenanorte.com\/?post_type=tribe_events&#038;p=82575"},"modified":"2026-09-04T09:17:13","modified_gmt":"2026-09-04T07:17:13","slug":"52-hercios-ados-teatroa-euskadi","status":"publish","type":"tribe_events","link":"https:\/\/escenanorte.com\/es\/evento\/52-hercios-ados-teatroa-euskadi\/","title":{"rendered":"52 Hercios |  Ados Teatroa, Euskadi"},"content":{"rendered":"<h5 class=\"wp-block-heading\"><strong>Tipo: Teatro<\/strong><\/h5>\n<ul class=\"wp-block-list\">\n<li class=\"has-small-font-size\"><strong>P\u00fablico: Todos los p\u00fablicos<\/strong><\/li>\n<li class=\"has-small-font-size\"><strong>Duraci\u00f3n: 75\u2019<\/strong><\/li>\n<li class=\"has-small-font-size\"><strong>Idioma: Castellano \u2013 Euskera<\/strong><\/li>\n<li class=\"has-small-font-size\"><strong>Estreno:3 de octubre de 2025. Teatro Principal, Donostia (Gipuzkoa) \u2013 Euskadi<\/strong><\/li>\n<\/ul>\n<p class=\"wp-block-paragraph\"><strong>El t\u00edtulo de la obra hace referencia a la frecuencia de un extra\u00f1o sonido registrado en los \u00faltimos 35 a\u00f1os en distintos lugares del Pac\u00edfico, similar al canto de una ballena azul. Pero las ballenas azules se comunican en frecuencias que van de los 10 a los 39 hercios, por lo que la voz de esta extra\u00f1a ballena solitaria, vibrando a \u201852 hercios\u2019, queda fuera del umbral auditivo de la especie. Ninguna otra ballena ha podido jam\u00e1s escuchar su <\/strong>l<strong>lamada.<\/strong><\/p>\n<p class=\"wp-block-paragraph\"><strong>Se supone que la ballena de los 52 hercios, o Whalien 52, puede ser sorda de nacimiento y que por eso nunca aprendi\u00f3 a emitir su canto en la frecuencia correcta. La obra utiliza la met\u00e1fora de esa ballena solitaria, convertida en un s\u00edmbolo del aislamiento social, para hilvanar una mirada poli\u00e9drica sobre<br \/>\npersonas que est\u00e1n sufriendo o han padecido momentos de soledad no deseada.<\/strong><\/p>\n<p class=\"wp-block-paragraph\"><strong>El eco de ese sonido traspasa el texto y la puesta en escena, en un tono no realista, lleno de im\u00e1genes po\u00e9ticas y coreogr\u00e1ficas<\/strong><\/p>\n<p class=\"wp-block-paragraph\"><strong>Ados Teatroa <\/strong>fue creada en 1994 con la ilusi\u00f3n de contar historias y levantar espect\u00e1culos que nos divirtieran, nos emocionaran y nos interesaran, creyendo que esa era la forma de interesar, divertir y emocionar a la gente.<\/p>\n<p><span style=\"color: #339966;\"><strong>\u24d8 Entradas en taquilla y en <a style=\"color: #339966;\" href=\"http:\/\/www.reservaentradas.com\/\" target=\"_blank\" rel=\"noopener\">http:\/\/www.reservaentradas.com\/<\/a><\/strong><\/span><\/p>\n<div class=\"epyt-video-wrapper\"><iframe loading=\"lazy\"  id=\"_ytid_50877\"  width=\"800\" height=\"450\"  data-origwidth=\"800\" data-origheight=\"450\"  data-relstop=\"1\" src=\"https:\/\/www.youtube-nocookie.com\/embed\/VnI15GbAbcg?enablejsapi=1&#038;origin=https:\/\/escenanorte.com&#038;autoplay=0&#038;cc_load_policy=1&#038;cc_lang_pref=es&#038;iv_load_policy=1&#038;loop=0&#038;rel=0&#038;fs=1&#038;playsinline=0&#038;autohide=2&#038;hl=es_ES&#038;theme=dark&#038;color=red&#038;controls=1&#038;disablekb=0&#038;\" class=\"__youtube_prefs__  epyt-is-override  no-lazyload\" title=\"YouTube player\"  allow=\"fullscreen; accelerometer; autoplay; clipboard-write; encrypted-media; gyroscope; picture-in-picture; web-share\" referrerpolicy=\"strict-origin-when-cross-origin\" allowfullscreen data-no-lazy=\"1\" data-skipgform_ajax_framebjll=\"\"><\/iframe><\/div>\n","protected":false},"excerpt":{"rendered":"<p>Tipo: Teatro P\u00fablico: Todos los p\u00fablicos Duraci\u00f3n: 75\u2019 Idioma: Castellano \u2013 Euskera Estreno:3 de octubre de 2025. Teatro Principal, Donostia (Gipuzkoa) \u2013 Euskadi El t\u00edtulo de la obra hace referencia [&hellip;]<\/p>\n","protected":false},"author":1,"featured_media":81337,"template":"","meta":{"_tribe_events_status":"","_tribe_events_status_reason":"","footnotes":""},"tags":[],"tribe_events_cat":[382],"class_list":["post-82575","tribe_events","type-tribe_events","status-publish","has-post-thumbnail","hentry","tribe_events_cat-constelaciones-cantabria","cat_constelaciones-cantabria"],"yoast_head":"<!-- This site is optimized with the Yoast SEO plugin v28.4 - https:\/\/yoast.com\/product\/yoast-seo-wordpress\/ -->\n<title>52 Hercios | Ados Teatroa, Euskadi - Camino Escena Norte<\/title>\n<meta name=\"robots\" content=\"index, follow, max-snippet:-1, max-image-preview:large, max-video-preview:-1\" \/>\n<link rel=\"canonical\" href=\"https:\/\/escenanorte.com\/es\/evento\/52-hercios-ados-teatroa-euskadi\/\" \/>\n<meta property=\"og:locale\" content=\"es_ES\" \/>\n<meta property=\"og:type\" content=\"article\" \/>\n<meta property=\"og:title\" content=\"52 Hercios | Ados Teatroa, Euskadi - Camino Escena Norte\" \/>\n<meta property=\"og:description\" content=\"Tipo: Teatro P\u00fablico: Todos los p\u00fablicos Duraci\u00f3n: 75\u2019 Idioma: Castellano \u2013 Euskera Estreno:3 de octubre de 2025. Teatro Principal, Donostia (Gipuzkoa) \u2013 Euskadi El t\u00edtulo de la obra hace referencia [&hellip;]\" \/>\n<meta property=\"og:url\" content=\"https:\/\/escenanorte.com\/es\/evento\/52-hercios-ados-teatroa-euskadi\/\" \/>\n<meta property=\"og:site_name\" content=\"Camino Escena Norte\" \/>\n<meta property=\"article:publisher\" content=\"https:\/\/www.facebook.com\/escenanorte\" \/>\n<meta property=\"article:modified_time\" content=\"2026-09-04T07:17:13+00:00\" \/>\n<meta property=\"og:image\" content=\"https:\/\/escenanorte.com\/wp-content\/uploads\/2026\/06\/1-52-hertz-@Ione-Zabala-scaled.jpg\" \/>\n\t<meta property=\"og:image:width\" content=\"2560\" \/>\n\t<meta property=\"og:image:height\" content=\"1920\" \/>\n\t<meta property=\"og:image:type\" content=\"image\/jpeg\" \/>\n<meta name=\"twitter:card\" content=\"summary_large_image\" \/>\n<meta name=\"twitter:label1\" content=\"Tiempo de lectura\" \/>\n\t<meta name=\"twitter:data1\" content=\"1 minuto\" \/>\n<script type=\"application\/ld+json\" class=\"yoast-schema-graph\">{\"@context\":\"https:\\\/\\\/schema.org\",\"@graph\":[{\"@type\":\"WebPage\",\"@id\":\"https:\\\/\\\/escenanorte.com\\\/es\\\/evento\\\/52-hercios-ados-teatroa-euskadi\\\/\",\"url\":\"https:\\\/\\\/escenanorte.com\\\/es\\\/evento\\\/52-hercios-ados-teatroa-euskadi\\\/\",\"name\":\"52 Hercios | Ados Teatroa, Euskadi - Camino Escena Norte\",\"isPartOf\":{\"@id\":\"https:\\\/\\\/escenanorte.com\\\/es\\\/#website\"},\"primaryImageOfPage\":{\"@id\":\"https:\\\/\\\/escenanorte.com\\\/es\\\/evento\\\/52-hercios-ados-teatroa-euskadi\\\/#primaryimage\"},\"image\":{\"@id\":\"https:\\\/\\\/escenanorte.com\\\/es\\\/evento\\\/52-hercios-ados-teatroa-euskadi\\\/#primaryimage\"},\"thumbnailUrl\":\"https:\\\/\\\/escenanorte.com\\\/wp-content\\\/uploads\\\/2026\\\/06\\\/1-52-hertz-@Ione-Zabala-scaled.jpg\",\"datePublished\":\"2026-09-04T07:00:44+00:00\",\"dateModified\":\"2026-09-04T07:17:13+00:00\",\"breadcrumb\":{\"@id\":\"https:\\\/\\\/escenanorte.com\\\/es\\\/evento\\\/52-hercios-ados-teatroa-euskadi\\\/#breadcrumb\"},\"inLanguage\":\"es\",\"potentialAction\":[{\"@type\":\"ReadAction\",\"target\":[\"https:\\\/\\\/escenanorte.com\\\/es\\\/evento\\\/52-hercios-ados-teatroa-euskadi\\\/\"]}]},{\"@type\":\"ImageObject\",\"inLanguage\":\"es\",\"@id\":\"https:\\\/\\\/escenanorte.com\\\/es\\\/evento\\\/52-hercios-ados-teatroa-euskadi\\\/#primaryimage\",\"url\":\"https:\\\/\\\/escenanorte.com\\\/wp-content\\\/uploads\\\/2026\\\/06\\\/1-52-hertz-@Ione-Zabala-scaled.jpg\",\"contentUrl\":\"https:\\\/\\\/escenanorte.com\\\/wp-content\\\/uploads\\\/2026\\\/06\\\/1-52-hertz-@Ione-Zabala-scaled.jpg\",\"width\":2560,\"height\":1920},{\"@type\":\"BreadcrumbList\",\"@id\":\"https:\\\/\\\/escenanorte.com\\\/es\\\/evento\\\/52-hercios-ados-teatroa-euskadi\\\/#breadcrumb\",\"itemListElement\":[{\"@type\":\"ListItem\",\"position\":1,\"name\":\"Portada\",\"item\":\"https:\\\/\\\/escenanorte.com\\\/es\\\/\"},{\"@type\":\"ListItem\",\"position\":2,\"name\":\"Eventos\",\"item\":\"https:\\\/\\\/escenanorte.com\\\/es\\\/eventos\\\/\"},{\"@type\":\"ListItem\",\"position\":3,\"name\":\"52 Hercios | Ados Teatroa, Euskadi\"}]},{\"@type\":\"WebSite\",\"@id\":\"https:\\\/\\\/escenanorte.com\\\/es\\\/#website\",\"url\":\"https:\\\/\\\/escenanorte.com\\\/es\\\/\",\"name\":\"Camino Escena Norte\",\"description\":\"Escena Norte\",\"publisher\":{\"@id\":\"https:\\\/\\\/escenanorte.com\\\/es\\\/#organization\"},\"potentialAction\":[{\"@type\":\"SearchAction\",\"target\":{\"@type\":\"EntryPoint\",\"urlTemplate\":\"https:\\\/\\\/escenanorte.com\\\/es\\\/?s={search_term_string}\"},\"query-input\":{\"@type\":\"PropertyValueSpecification\",\"valueRequired\":true,\"valueName\":\"search_term_string\"}}],\"inLanguage\":\"es\"},{\"@type\":\"Organization\",\"@id\":\"https:\\\/\\\/escenanorte.com\\\/es\\\/#organization\",\"name\":\"Camino Escena Norte\",\"url\":\"https:\\\/\\\/escenanorte.com\\\/es\\\/\",\"logo\":{\"@type\":\"ImageObject\",\"inLanguage\":\"es\",\"@id\":\"https:\\\/\\\/escenanorte.com\\\/es\\\/#\\\/schema\\\/logo\\\/image\\\/\",\"url\":\"https:\\\/\\\/escenanorte.com\\\/wp-content\\\/uploads\\\/2025\\\/09\\\/Logo-Escena-Norte-512.png\",\"contentUrl\":\"https:\\\/\\\/escenanorte.com\\\/wp-content\\\/uploads\\\/2025\\\/09\\\/Logo-Escena-Norte-512.png\",\"width\":512,\"height\":512,\"caption\":\"Camino Escena Norte\"},\"image\":{\"@id\":\"https:\\\/\\\/escenanorte.com\\\/es\\\/#\\\/schema\\\/logo\\\/image\\\/\"},\"sameAs\":[\"https:\\\/\\\/www.facebook.com\\\/escenanorte\",\"https:\\\/\\\/instagram.com\\\/escenanorte\"]}]}<\/script>\n<!-- \/ Yoast SEO plugin. -->","yoast_head_json":{"title":"52 Hercios | Ados Teatroa, Euskadi - Camino Escena Norte","robots":{"index":"index","follow":"follow","max-snippet":"max-snippet:-1","max-image-preview":"max-image-preview:large","max-video-preview":"max-video-preview:-1"},"canonical":"https:\/\/escenanorte.com\/es\/evento\/52-hercios-ados-teatroa-euskadi\/","og_locale":"es_ES","og_type":"article","og_title":"52 Hercios | Ados Teatroa, Euskadi - Camino Escena Norte","og_description":"Tipo: Teatro P\u00fablico: Todos los p\u00fablicos Duraci\u00f3n: 75\u2019 Idioma: Castellano \u2013 Euskera Estreno:3 de octubre de 2025. Teatro Principal, Donostia (Gipuzkoa) \u2013 Euskadi El t\u00edtulo de la obra hace referencia [&hellip;]","og_url":"https:\/\/escenanorte.com\/es\/evento\/52-hercios-ados-teatroa-euskadi\/","og_site_name":"Camino Escena Norte","article_publisher":"https:\/\/www.facebook.com\/escenanorte","article_modified_time":"2026-09-04T07:17:13+00:00","og_image":[{"width":2560,"height":1920,"url":"https:\/\/escenanorte.com\/wp-content\/uploads\/2026\/06\/1-52-hertz-@Ione-Zabala-scaled.jpg","type":"image\/jpeg"}],"twitter_card":"summary_large_image","twitter_misc":{"Tiempo de lectura":"1 minuto"},"schema":{"@context":"https:\/\/schema.org","@graph":[{"@type":"WebPage","@id":"https:\/\/escenanorte.com\/es\/evento\/52-hercios-ados-teatroa-euskadi\/","url":"https:\/\/escenanorte.com\/es\/evento\/52-hercios-ados-teatroa-euskadi\/","name":"52 Hercios | Ados Teatroa, Euskadi - Camino Escena Norte","isPartOf":{"@id":"https:\/\/escenanorte.com\/es\/#website"},"primaryImageOfPage":{"@id":"https:\/\/escenanorte.com\/es\/evento\/52-hercios-ados-teatroa-euskadi\/#primaryimage"},"image":{"@id":"https:\/\/escenanorte.com\/es\/evento\/52-hercios-ados-teatroa-euskadi\/#primaryimage"},"thumbnailUrl":"https:\/\/escenanorte.com\/wp-content\/uploads\/2026\/06\/1-52-hertz-@Ione-Zabala-scaled.jpg","datePublished":"2026-09-04T07:00:44+00:00","dateModified":"2026-09-04T07:17:13+00:00","breadcrumb":{"@id":"https:\/\/escenanorte.com\/es\/evento\/52-hercios-ados-teatroa-euskadi\/#breadcrumb"},"inLanguage":"es","potentialAction":[{"@type":"ReadAction","target":["https:\/\/escenanorte.com\/es\/evento\/52-hercios-ados-teatroa-euskadi\/"]}]},{"@type":"ImageObject","inLanguage":"es","@id":"https:\/\/escenanorte.com\/es\/evento\/52-hercios-ados-teatroa-euskadi\/#primaryimage","url":"https:\/\/escenanorte.com\/wp-content\/uploads\/2026\/06\/1-52-hertz-@Ione-Zabala-scaled.jpg","contentUrl":"https:\/\/escenanorte.com\/wp-content\/uploads\/2026\/06\/1-52-hertz-@Ione-Zabala-scaled.jpg","width":2560,"height":1920},{"@type":"BreadcrumbList","@id":"https:\/\/escenanorte.com\/es\/evento\/52-hercios-ados-teatroa-euskadi\/#breadcrumb","itemListElement":[{"@type":"ListItem","position":1,"name":"Portada","item":"https:\/\/escenanorte.com\/es\/"},{"@type":"ListItem","position":2,"name":"Eventos","item":"https:\/\/escenanorte.com\/es\/eventos\/"},{"@type":"ListItem","position":3,"name":"52 Hercios | Ados Teatroa, Euskadi"}]},{"@type":"WebSite","@id":"https:\/\/escenanorte.com\/es\/#website","url":"https:\/\/escenanorte.com\/es\/","name":"Camino Escena Norte","description":"Escena Norte","publisher":{"@id":"https:\/\/escenanorte.com\/es\/#organization"},"potentialAction":[{"@type":"SearchAction","target":{"@type":"EntryPoint","urlTemplate":"https:\/\/escenanorte.com\/es\/?s={search_term_string}"},"query-input":{"@type":"PropertyValueSpecification","valueRequired":true,"valueName":"search_term_string"}}],"inLanguage":"es"},{"@type":"Organization","@id":"https:\/\/escenanorte.com\/es\/#organization","name":"Camino Escena Norte","url":"https:\/\/escenanorte.com\/es\/","logo":{"@type":"ImageObject","inLanguage":"es","@id":"https:\/\/escenanorte.com\/es\/#\/schema\/logo\/image\/","url":"https:\/\/escenanorte.com\/wp-content\/uploads\/2025\/09\/Logo-Escena-Norte-512.png","contentUrl":"https:\/\/escenanorte.com\/wp-content\/uploads\/2025\/09\/Logo-Escena-Norte-512.png","width":512,"height":512,"caption":"Camino Escena Norte"},"image":{"@id":"https:\/\/escenanorte.com\/es\/#\/schema\/logo\/image\/"},"sameAs":["https:\/\/www.facebook.com\/escenanorte","https:\/\/instagram.com\/escenanorte"]}]}},"publishpress_future_workflow_manual_trigger":{"enabledWorkflows":[]},"_links":{"self":[{"href":"https:\/\/escenanorte.com\/es\/wp-json\/wp\/v2\/tribe_events\/82575","targetHints":{"allow":["GET"]}}],"collection":[{"href":"https:\/\/escenanorte.com\/es\/wp-json\/wp\/v2\/tribe_events"}],"about":[{"href":"https:\/\/escenanorte.com\/es\/wp-json\/wp\/v2\/types\/tribe_events"}],"author":[{"embeddable":true,"href":"https:\/\/escenanorte.com\/es\/wp-json\/wp\/v2\/users\/1"}],"version-history":[{"count":1,"href":"https:\/\/escenanorte.com\/es\/wp-json\/wp\/v2\/tribe_events\/82575\/revisions"}],"predecessor-version":[{"id":82576,"href":"https:\/\/escenanorte.com\/es\/wp-json\/wp\/v2\/tribe_events\/82575\/revisions\/82576"}],"wp:featuredmedia":[{"embeddable":true,"href":"https:\/\/escenanorte.com\/es\/wp-json\/wp\/v2\/media\/81337"}],"wp:attachment":[{"href":"https:\/\/escenanorte.com\/es\/wp-json\/wp\/v2\/media?parent=82575"}],"wp:term":[{"taxonomy":"post_tag","embeddable":true,"href":"https:\/\/escenanorte.com\/es\/wp-json\/wp\/v2\/tags?post=82575"},{"taxonomy":"tribe_events_cat","embeddable":true,"href":"https:\/\/escenanorte.com\/es\/wp-json\/wp\/v2\/tribe_events_cat?post=82575"}],"curies":[{"name":"wp","href":"https:\/\/api.w.org\/{rel}","templated":true}]}}