{"id":82539,"date":"2026-09-04T09:00:05","date_gmt":"2026-09-04T07:00:05","guid":{"rendered":"https:\/\/escenanorte.com\/?post_type=tribe_events&#038;p=82539"},"modified":"2026-09-01T21:17:51","modified_gmt":"2026-09-01T19:17:51","slug":"juana-i-de-castilla-nueve-lunas-teatro-la-rioja","status":"publish","type":"tribe_events","link":"https:\/\/escenanorte.com\/es\/evento\/juana-i-de-castilla-nueve-lunas-teatro-la-rioja\/","title":{"rendered":"Juana I de Castilla | Nueve Lunas Teatro,  La Rioja"},"content":{"rendered":"<h5 class=\"wp-block-heading\"><strong>Tipo: Teatro<\/strong><\/h5>\n<ul class=\"wp-block-list\">\n<li class=\"has-small-font-size\"><strong>P\u00fablico: Todos los p\u00fablicos<\/strong><\/li>\n<li class=\"has-small-font-size\"><strong>Duraci\u00f3n: 60\u2019<\/strong><\/li>\n<li class=\"has-small-font-size\"><strong>Idioma: Castellano <\/strong><\/li>\n<li class=\"has-small-font-size\"><strong>Estreno: 25 de octubre de 2025. Festival Escenario Vivo. Monasterio San Mill\u00e1n de Yuso, San Mill\u00e1n de la Cogolla \u2013 La Rioja<\/strong><\/li>\n<\/ul>\n<p class=\"wp-block-paragraph\"><strong>Dos mujeres reales puestas al servicio de la ficci\u00f3n: Juana, heredera leg\u00edtima del trono de los Reyes Cat\u00f3licos, y Mar\u00eda Lara, doctora investigadora contempor\u00e1nea. Un di\u00e1logo atemporal, un v\u00ednculo m\u00e1gico o quiz\u00e1s no tanto. Podr\u00edan haber sido amigas que se encuentran donde no pasa el tiempo o, incluso, la misma persona.<\/strong><\/p>\n<p class=\"wp-block-paragraph\"><strong>Dos momentos de la historia se entrelazan en escena, dejando al descubierto circunstancias que no han cambiado a pesar de los siglos que las separan. Las dudas, el miedo, la presi\u00f3n social, las mentiras, la ambici\u00f3n\u2026<\/strong><\/p>\n<p class=\"wp-block-paragraph\"><strong>M\u00e1s conocida como la Loca, Juana ha resultado ser una de las monarcas m\u00e1s cuerdas y preparadas para gobernar de toda la historia. \u00bfY si no estaba loca?<\/strong><\/p>\n<p class=\"wp-block-paragraph\"><strong>Nueve Lunas Teatro <\/strong>es una compa\u00f1\u00eda de La Rioja liderada por Idoia Salguero, profesional esc\u00e9nica desde 2013, productora y creadora de proyectos propios que combina la ligereza formal con temas sociales. Un teatro \u00edntimo y transformador<br \/>\nque busca la conexi\u00f3n directa con el p\u00fablico, apostando por la cercan\u00eda y la participaci\u00f3n como motores de escena. Sus propuestas son accesibles, de mucho valor humano, con una mirada comprometida y sensible. Crea espacios de reflexi\u00f3n y genera sinergias con el territorio, fortaleciendo la escena riojana.<\/p>\n<p class=\"wp-block-paragraph\">Se caracteriza por un teatro contempor\u00e1neo y conmovedor.<\/p>\n<p class=\"wp-block-paragraph\">Nueve Lunas remite a los ciclos de gestaci\u00f3n; cada creaci\u00f3n es un proceso vivo que atraviesa distintas fases, desde la primera intuici\u00f3n hasta su nacimiento esc\u00e9nico.<\/p>\n<p><span style=\"color: #339966;\"><strong>\u24d8 Entradas en taquilla y en <a style=\"color: #339966;\" href=\"https:\/\/www.reservaentradas.com\/cine\/cantabria\/teatrocasinoliceo\" target=\"_blank\" rel=\"noopener\">https:\/\/www.reservaentradas.com\/cine\/cantabria\/teatrocasinoliceo<\/a><span class=\"Apple-converted-space\">\u00a0<\/span><\/strong><\/span><\/p>\n<div class=\"epyt-video-wrapper\"><iframe loading=\"lazy\"  id=\"_ytid_44457\"  width=\"800\" height=\"450\"  data-origwidth=\"800\" data-origheight=\"450\"  data-relstop=\"1\" src=\"https:\/\/www.youtube-nocookie.com\/embed\/_OMBlLvnFos?enablejsapi=1&#038;origin=https:\/\/escenanorte.com&#038;autoplay=0&#038;cc_load_policy=1&#038;cc_lang_pref=es&#038;iv_load_policy=1&#038;loop=0&#038;rel=0&#038;fs=1&#038;playsinline=0&#038;autohide=2&#038;hl=es_ES&#038;theme=dark&#038;color=red&#038;controls=1&#038;disablekb=0&#038;\" class=\"__youtube_prefs__  epyt-is-override  no-lazyload\" title=\"YouTube player\"  allow=\"fullscreen; accelerometer; autoplay; clipboard-write; encrypted-media; gyroscope; picture-in-picture; web-share\" referrerpolicy=\"strict-origin-when-cross-origin\" allowfullscreen data-no-lazy=\"1\" data-skipgform_ajax_framebjll=\"\"><\/iframe><\/div>\n","protected":false},"excerpt":{"rendered":"<p>Tipo: Teatro P\u00fablico: Todos los p\u00fablicos Duraci\u00f3n: 60\u2019 Idioma: Castellano Estreno: 25 de octubre de 2025. Festival Escenario Vivo. Monasterio San Mill\u00e1n de Yuso, San Mill\u00e1n de la Cogolla \u2013 [&hellip;]<\/p>\n","protected":false},"author":1,"featured_media":81381,"template":"","meta":{"_tribe_events_status":"","_tribe_events_status_reason":"","footnotes":""},"tags":[],"tribe_events_cat":[382],"class_list":["post-82539","tribe_events","type-tribe_events","status-publish","has-post-thumbnail","hentry","tribe_events_cat-constelaciones-cantabria","cat_constelaciones-cantabria"],"yoast_head":"<!-- This site is optimized with the Yoast SEO plugin v28.4 - https:\/\/yoast.com\/product\/yoast-seo-wordpress\/ -->\n<title>Juana I de Castilla | Nueve Lunas Teatro, La Rioja - Camino Escena Norte<\/title>\n<meta name=\"robots\" content=\"index, follow, max-snippet:-1, max-image-preview:large, max-video-preview:-1\" \/>\n<link rel=\"canonical\" href=\"https:\/\/escenanorte.com\/es\/evento\/juana-i-de-castilla-nueve-lunas-teatro-la-rioja\/\" \/>\n<meta property=\"og:locale\" content=\"es_ES\" \/>\n<meta property=\"og:type\" content=\"article\" \/>\n<meta property=\"og:title\" content=\"Juana I de Castilla | Nueve Lunas Teatro, La Rioja - Camino Escena Norte\" \/>\n<meta property=\"og:description\" content=\"Tipo: Teatro P\u00fablico: Todos los p\u00fablicos Duraci\u00f3n: 60\u2019 Idioma: Castellano Estreno: 25 de octubre de 2025. Festival Escenario Vivo. Monasterio San Mill\u00e1n de Yuso, San Mill\u00e1n de la Cogolla \u2013 [&hellip;]\" \/>\n<meta property=\"og:url\" content=\"https:\/\/escenanorte.com\/es\/evento\/juana-i-de-castilla-nueve-lunas-teatro-la-rioja\/\" \/>\n<meta property=\"og:site_name\" content=\"Camino Escena Norte\" \/>\n<meta property=\"article:publisher\" content=\"https:\/\/www.facebook.com\/escenanorte\" \/>\n<meta property=\"og:image\" content=\"https:\/\/escenanorte.com\/wp-content\/uploads\/2026\/06\/1-@Festival-Escenario-Vivo-Fundacion-San-Millan-scaled.jpg\" \/>\n\t<meta property=\"og:image:width\" content=\"2560\" \/>\n\t<meta property=\"og:image:height\" content=\"1707\" \/>\n\t<meta property=\"og:image:type\" content=\"image\/jpeg\" \/>\n<meta name=\"twitter:card\" content=\"summary_large_image\" \/>\n<meta name=\"twitter:label1\" content=\"Tiempo de lectura\" \/>\n\t<meta name=\"twitter:data1\" content=\"2 minutos\" \/>\n<script type=\"application\/ld+json\" class=\"yoast-schema-graph\">{\"@context\":\"https:\\\/\\\/schema.org\",\"@graph\":[{\"@type\":\"WebPage\",\"@id\":\"https:\\\/\\\/escenanorte.com\\\/es\\\/evento\\\/juana-i-de-castilla-nueve-lunas-teatro-la-rioja\\\/\",\"url\":\"https:\\\/\\\/escenanorte.com\\\/es\\\/evento\\\/juana-i-de-castilla-nueve-lunas-teatro-la-rioja\\\/\",\"name\":\"Juana I de Castilla | Nueve Lunas Teatro, La Rioja - Camino Escena Norte\",\"isPartOf\":{\"@id\":\"https:\\\/\\\/escenanorte.com\\\/es\\\/#website\"},\"primaryImageOfPage\":{\"@id\":\"https:\\\/\\\/escenanorte.com\\\/es\\\/evento\\\/juana-i-de-castilla-nueve-lunas-teatro-la-rioja\\\/#primaryimage\"},\"image\":{\"@id\":\"https:\\\/\\\/escenanorte.com\\\/es\\\/evento\\\/juana-i-de-castilla-nueve-lunas-teatro-la-rioja\\\/#primaryimage\"},\"thumbnailUrl\":\"https:\\\/\\\/escenanorte.com\\\/wp-content\\\/uploads\\\/2026\\\/06\\\/1-@Festival-Escenario-Vivo-Fundacion-San-Millan-scaled.jpg\",\"datePublished\":\"2026-09-04T07:00:05+00:00\",\"breadcrumb\":{\"@id\":\"https:\\\/\\\/escenanorte.com\\\/es\\\/evento\\\/juana-i-de-castilla-nueve-lunas-teatro-la-rioja\\\/#breadcrumb\"},\"inLanguage\":\"es\",\"potentialAction\":[{\"@type\":\"ReadAction\",\"target\":[\"https:\\\/\\\/escenanorte.com\\\/es\\\/evento\\\/juana-i-de-castilla-nueve-lunas-teatro-la-rioja\\\/\"]}]},{\"@type\":\"ImageObject\",\"inLanguage\":\"es\",\"@id\":\"https:\\\/\\\/escenanorte.com\\\/es\\\/evento\\\/juana-i-de-castilla-nueve-lunas-teatro-la-rioja\\\/#primaryimage\",\"url\":\"https:\\\/\\\/escenanorte.com\\\/wp-content\\\/uploads\\\/2026\\\/06\\\/1-@Festival-Escenario-Vivo-Fundacion-San-Millan-scaled.jpg\",\"contentUrl\":\"https:\\\/\\\/escenanorte.com\\\/wp-content\\\/uploads\\\/2026\\\/06\\\/1-@Festival-Escenario-Vivo-Fundacion-San-Millan-scaled.jpg\",\"width\":2560,\"height\":1707},{\"@type\":\"BreadcrumbList\",\"@id\":\"https:\\\/\\\/escenanorte.com\\\/es\\\/evento\\\/juana-i-de-castilla-nueve-lunas-teatro-la-rioja\\\/#breadcrumb\",\"itemListElement\":[{\"@type\":\"ListItem\",\"position\":1,\"name\":\"Portada\",\"item\":\"https:\\\/\\\/escenanorte.com\\\/es\\\/\"},{\"@type\":\"ListItem\",\"position\":2,\"name\":\"Eventos\",\"item\":\"https:\\\/\\\/escenanorte.com\\\/es\\\/eventos\\\/\"},{\"@type\":\"ListItem\",\"position\":3,\"name\":\"Juana I de Castilla | Nueve Lunas Teatro, La Rioja\"}]},{\"@type\":\"WebSite\",\"@id\":\"https:\\\/\\\/escenanorte.com\\\/es\\\/#website\",\"url\":\"https:\\\/\\\/escenanorte.com\\\/es\\\/\",\"name\":\"Camino Escena Norte\",\"description\":\"Escena Norte\",\"publisher\":{\"@id\":\"https:\\\/\\\/escenanorte.com\\\/es\\\/#organization\"},\"potentialAction\":[{\"@type\":\"SearchAction\",\"target\":{\"@type\":\"EntryPoint\",\"urlTemplate\":\"https:\\\/\\\/escenanorte.com\\\/es\\\/?s={search_term_string}\"},\"query-input\":{\"@type\":\"PropertyValueSpecification\",\"valueRequired\":true,\"valueName\":\"search_term_string\"}}],\"inLanguage\":\"es\"},{\"@type\":\"Organization\",\"@id\":\"https:\\\/\\\/escenanorte.com\\\/es\\\/#organization\",\"name\":\"Camino Escena Norte\",\"url\":\"https:\\\/\\\/escenanorte.com\\\/es\\\/\",\"logo\":{\"@type\":\"ImageObject\",\"inLanguage\":\"es\",\"@id\":\"https:\\\/\\\/escenanorte.com\\\/es\\\/#\\\/schema\\\/logo\\\/image\\\/\",\"url\":\"https:\\\/\\\/escenanorte.com\\\/wp-content\\\/uploads\\\/2025\\\/09\\\/Logo-Escena-Norte-512.png\",\"contentUrl\":\"https:\\\/\\\/escenanorte.com\\\/wp-content\\\/uploads\\\/2025\\\/09\\\/Logo-Escena-Norte-512.png\",\"width\":512,\"height\":512,\"caption\":\"Camino Escena Norte\"},\"image\":{\"@id\":\"https:\\\/\\\/escenanorte.com\\\/es\\\/#\\\/schema\\\/logo\\\/image\\\/\"},\"sameAs\":[\"https:\\\/\\\/www.facebook.com\\\/escenanorte\",\"https:\\\/\\\/instagram.com\\\/escenanorte\"]}]}<\/script>\n<!-- \/ Yoast SEO plugin. -->","yoast_head_json":{"title":"Juana I de Castilla | Nueve Lunas Teatro, La Rioja - Camino Escena Norte","robots":{"index":"index","follow":"follow","max-snippet":"max-snippet:-1","max-image-preview":"max-image-preview:large","max-video-preview":"max-video-preview:-1"},"canonical":"https:\/\/escenanorte.com\/es\/evento\/juana-i-de-castilla-nueve-lunas-teatro-la-rioja\/","og_locale":"es_ES","og_type":"article","og_title":"Juana I de Castilla | Nueve Lunas Teatro, La Rioja - Camino Escena Norte","og_description":"Tipo: Teatro P\u00fablico: Todos los p\u00fablicos Duraci\u00f3n: 60\u2019 Idioma: Castellano Estreno: 25 de octubre de 2025. Festival Escenario Vivo. Monasterio San Mill\u00e1n de Yuso, San Mill\u00e1n de la Cogolla \u2013 [&hellip;]","og_url":"https:\/\/escenanorte.com\/es\/evento\/juana-i-de-castilla-nueve-lunas-teatro-la-rioja\/","og_site_name":"Camino Escena Norte","article_publisher":"https:\/\/www.facebook.com\/escenanorte","og_image":[{"width":2560,"height":1707,"url":"https:\/\/escenanorte.com\/wp-content\/uploads\/2026\/06\/1-@Festival-Escenario-Vivo-Fundacion-San-Millan-scaled.jpg","type":"image\/jpeg"}],"twitter_card":"summary_large_image","twitter_misc":{"Tiempo de lectura":"2 minutos"},"schema":{"@context":"https:\/\/schema.org","@graph":[{"@type":"WebPage","@id":"https:\/\/escenanorte.com\/es\/evento\/juana-i-de-castilla-nueve-lunas-teatro-la-rioja\/","url":"https:\/\/escenanorte.com\/es\/evento\/juana-i-de-castilla-nueve-lunas-teatro-la-rioja\/","name":"Juana I de Castilla | Nueve Lunas Teatro, La Rioja - Camino Escena Norte","isPartOf":{"@id":"https:\/\/escenanorte.com\/es\/#website"},"primaryImageOfPage":{"@id":"https:\/\/escenanorte.com\/es\/evento\/juana-i-de-castilla-nueve-lunas-teatro-la-rioja\/#primaryimage"},"image":{"@id":"https:\/\/escenanorte.com\/es\/evento\/juana-i-de-castilla-nueve-lunas-teatro-la-rioja\/#primaryimage"},"thumbnailUrl":"https:\/\/escenanorte.com\/wp-content\/uploads\/2026\/06\/1-@Festival-Escenario-Vivo-Fundacion-San-Millan-scaled.jpg","datePublished":"2026-09-04T07:00:05+00:00","breadcrumb":{"@id":"https:\/\/escenanorte.com\/es\/evento\/juana-i-de-castilla-nueve-lunas-teatro-la-rioja\/#breadcrumb"},"inLanguage":"es","potentialAction":[{"@type":"ReadAction","target":["https:\/\/escenanorte.com\/es\/evento\/juana-i-de-castilla-nueve-lunas-teatro-la-rioja\/"]}]},{"@type":"ImageObject","inLanguage":"es","@id":"https:\/\/escenanorte.com\/es\/evento\/juana-i-de-castilla-nueve-lunas-teatro-la-rioja\/#primaryimage","url":"https:\/\/escenanorte.com\/wp-content\/uploads\/2026\/06\/1-@Festival-Escenario-Vivo-Fundacion-San-Millan-scaled.jpg","contentUrl":"https:\/\/escenanorte.com\/wp-content\/uploads\/2026\/06\/1-@Festival-Escenario-Vivo-Fundacion-San-Millan-scaled.jpg","width":2560,"height":1707},{"@type":"BreadcrumbList","@id":"https:\/\/escenanorte.com\/es\/evento\/juana-i-de-castilla-nueve-lunas-teatro-la-rioja\/#breadcrumb","itemListElement":[{"@type":"ListItem","position":1,"name":"Portada","item":"https:\/\/escenanorte.com\/es\/"},{"@type":"ListItem","position":2,"name":"Eventos","item":"https:\/\/escenanorte.com\/es\/eventos\/"},{"@type":"ListItem","position":3,"name":"Juana I de Castilla | Nueve Lunas Teatro, La Rioja"}]},{"@type":"WebSite","@id":"https:\/\/escenanorte.com\/es\/#website","url":"https:\/\/escenanorte.com\/es\/","name":"Camino Escena Norte","description":"Escena Norte","publisher":{"@id":"https:\/\/escenanorte.com\/es\/#organization"},"potentialAction":[{"@type":"SearchAction","target":{"@type":"EntryPoint","urlTemplate":"https:\/\/escenanorte.com\/es\/?s={search_term_string}"},"query-input":{"@type":"PropertyValueSpecification","valueRequired":true,"valueName":"search_term_string"}}],"inLanguage":"es"},{"@type":"Organization","@id":"https:\/\/escenanorte.com\/es\/#organization","name":"Camino Escena Norte","url":"https:\/\/escenanorte.com\/es\/","logo":{"@type":"ImageObject","inLanguage":"es","@id":"https:\/\/escenanorte.com\/es\/#\/schema\/logo\/image\/","url":"https:\/\/escenanorte.com\/wp-content\/uploads\/2025\/09\/Logo-Escena-Norte-512.png","contentUrl":"https:\/\/escenanorte.com\/wp-content\/uploads\/2025\/09\/Logo-Escena-Norte-512.png","width":512,"height":512,"caption":"Camino Escena Norte"},"image":{"@id":"https:\/\/escenanorte.com\/es\/#\/schema\/logo\/image\/"},"sameAs":["https:\/\/www.facebook.com\/escenanorte","https:\/\/instagram.com\/escenanorte"]}]}},"publishpress_future_workflow_manual_trigger":{"enabledWorkflows":[]},"_links":{"self":[{"href":"https:\/\/escenanorte.com\/es\/wp-json\/wp\/v2\/tribe_events\/82539","targetHints":{"allow":["GET"]}}],"collection":[{"href":"https:\/\/escenanorte.com\/es\/wp-json\/wp\/v2\/tribe_events"}],"about":[{"href":"https:\/\/escenanorte.com\/es\/wp-json\/wp\/v2\/types\/tribe_events"}],"author":[{"embeddable":true,"href":"https:\/\/escenanorte.com\/es\/wp-json\/wp\/v2\/users\/1"}],"version-history":[{"count":2,"href":"https:\/\/escenanorte.com\/es\/wp-json\/wp\/v2\/tribe_events\/82539\/revisions"}],"predecessor-version":[{"id":82541,"href":"https:\/\/escenanorte.com\/es\/wp-json\/wp\/v2\/tribe_events\/82539\/revisions\/82541"}],"wp:featuredmedia":[{"embeddable":true,"href":"https:\/\/escenanorte.com\/es\/wp-json\/wp\/v2\/media\/81381"}],"wp:attachment":[{"href":"https:\/\/escenanorte.com\/es\/wp-json\/wp\/v2\/media?parent=82539"}],"wp:term":[{"taxonomy":"post_tag","embeddable":true,"href":"https:\/\/escenanorte.com\/es\/wp-json\/wp\/v2\/tags?post=82539"},{"taxonomy":"tribe_events_cat","embeddable":true,"href":"https:\/\/escenanorte.com\/es\/wp-json\/wp\/v2\/tribe_events_cat?post=82539"}],"curies":[{"name":"wp","href":"https:\/\/api.w.org\/{rel}","templated":true}]}}