{"id":2,"date":"2020-08-18T11:18:18","date_gmt":"2020-08-18T09:18:18","guid":{"rendered":"http:\/\/escenaf.cluster028.hosting.ovh.net\/?page_id=2"},"modified":"2026-08-25T13:09:15","modified_gmt":"2026-08-25T11:09:15","slug":"quienes-somos","status":"publish","type":"page","link":"https:\/\/escenanorte.com\/es\/quienes-somos\/","title":{"rendered":"Qui\u00e9nes somos"},"content":{"rendered":"<h1>Qui\u00e9nes somos<\/h1>\n<div>\n<p>        <img decoding=\"async\" src=\"\/wp-content\/uploads\/2020\/08\/logo_escenagalega-2.png\" alt=\"\"><\/p>\n<div>\n<p>Con 24 a\u00f1os de vida <strong>ESCENA GALEGA<\/strong> es la asociaci\u00f3n de referencia del sector profesional en Galicia, actualmente con 57 compa\u00f1\u00edas asociadas. Somos un colectivo comprometido con la defensa de la lengua y la cultura como bien com\u00fan, que trabaja en la interlocuci\u00f3n con las instituciones y con los distintos agentes implicados en la modernizaci\u00f3n del sector de las artes esc\u00e9nicas y que busca conexiones estrat\u00e9gicas con asociaciones afines de otros territorios.<\/p>\n<\/div>\n<p><a href=\"http:\/\/www.escenagalega.gal\/\">www.escenagalega.gal <\/a><\/p>\n<\/div>\n<div>\n<p>        <img decoding=\"async\" src=\"\/wp-content\/uploads\/2020\/08\/logo_eskena.png\" alt=\"\"><\/p>\n<div>\n<p>La asociaci\u00f3n <strong>ESKENA<\/strong> se cre\u00f3 en 1995 con el objetivo de dar voz, espacio y oportunidades a las diferentes empresas del mundo teatral vasco. En la actualidad est\u00e1 formada por 29 productoras. Somos una asociaci\u00f3n que trabaja para la mejora de la comunicaci\u00f3n, la estabilidad y el desarrollo de las empresas del sector en nuestra comunidad. Llevamos m\u00e1s de 30 a\u00f1os siendo una referencia consolidada como promotora e interlocutora de las artes esc\u00e9nicas de Euskadi.<br \/>Desde 2011 Eskena se encarga de gestionar el Centro de Innovaci\u00f3n Esc\u00e9nica Harrobia sito en Bilbao.<\/p>\n<\/div>\n<p><a href=\"http:\/\/www.eskena.org\/\">www.eskena.org<\/a><\/p>\n<\/div>\n<div>\n<p>        <img decoding=\"async\" src=\"\/wp-content\/uploads\/2020\/08\/logo_escenasturias.png\" alt=\"\"><\/p>\n<div>\n<p>La Asociaci\u00f3n de <strong>Compa\u00f1\u00edas Profesionales de Artes Esc\u00e9nicas de Asturias<\/strong> (ESCENASTURIAS) se constituye en el a\u00f1o 2018 tras la uni\u00f3n de las dos asociaciones de empresas de artes esc\u00e9nicas de la regi\u00f3n (FOROESCENA y ACPTA) Integrada actualmente por 35 compa\u00f1\u00edas vinculadas profesionalmente al mundo del espect\u00e1culo, tiene el prop\u00f3sito de promover las artes esc\u00e9nicas que se hacen en Asturias y contribuir a su proyecci\u00f3n a nivel nacional e internacional.<\/p>\n<\/div>\n<p><a href=\"http:\/\/www.escenasturias.com\/\">www.escenasturias.com<\/a><\/p>\n<\/div>\n<div>\n<p>        <img decoding=\"async\" src=\"\/wp-content\/uploads\/2023\/05\/logo-ESNA.png\" alt=\"\"><\/p>\n<div>\n<p>La Asociaci\u00f3n Empresarial Escena Navarra, <strong>ESNA<\/strong>, es una asociaci\u00f3n profesional de empresas de producci\u00f3n esc\u00e9nica que trabajan en la Comunidad Foral de Navarra. Actualmente, ESNA se compone de 8 empresas asociadas, todas ellas con una larga trayectoria en la producci\u00f3n de espect\u00e1culos teatrales y de magia, en la asistencia t\u00e9cnica de espect\u00e1culos en vivo, as\u00ed como en el desarrollo de diversos tipos de proyectos culturales y art\u00edsticos. A su vez, ESNA es una de las 15 organizaciones que componen a la Federaci\u00f3n Estatal de Asociaciones de Empresas de Teatro y Danza, FAETEDA, siendo en la actualidad el \u00fanico miembro en representaci\u00f3n del territorio navarro.<\/p>\n<\/div>\n<p><a href=\"http:\/\/www.escenanavarra.com\/\">www.escenanavarra.com<\/a><\/p>\n<\/div>\n<div>\n<p>        <img decoding=\"async\" src=\"\/wp-content\/uploads\/2020\/08\/logo_acepae.png\" alt=\"\"><\/p>\n<div>\n<p><strong>La Asociaci\u00f3n<\/strong> es una entidad que engloba a 24 empresas creada con el objetivo de reunir productoras de teatro, danza, circo y magia de Cantabria. Ha de servir como \u00f3rgano de coordinaci\u00f3n, representaci\u00f3n, gesti\u00f3n, fomento y defensa de los intereses generales de sus miembros. Entendemos la Asociaci\u00f3n como una necesidad para abordar el ordenamiento y vertebraci\u00f3n de nuestro sector y conseguir el reconocimiento y la dignificaci\u00f3n de nuestro oficio.<\/p>\n<\/div>\n<p><a href=\"http:\/\/www.acepae.es\/\">www.acepae.es<\/a><\/p>\n<\/div>\n<div>\n<p>        <img decoding=\"async\" src=\"\/wp-content\/uploads\/2025\/02\/AESCENA.png\" alt=\"\"><\/p>\n<div>\n<p class=\"p1\"><strong>AESCENA<\/strong> es una comunidad profesional de artes esc\u00e9nicas de La Rioja, diversa en lenguajes, formatos y trayectorias, unida por el compromiso con la creaci\u00f3n art\u00edstica y el desarrollo del sector.<br \/>Creamos, investigamos, producimos, formamos y compartimos proyectos esc\u00e9nicos que dialogan con nuestro territorio y se proyectan m\u00e1s all\u00e1 de \u00e9l, desde lo local hacia \u00e1mbitos nacionales e internacionales.<br \/>Apostamos por las artes esc\u00e9nicas como un espacio de encuentro, innovaci\u00f3n y transformaci\u00f3n social, promoviendo la inclusi\u00f3n, la diversidad, la colaboraci\u00f3n, la sostenibilidad y el respeto a todas las miradas que conforman nuestra comunidad.<\/p>\n<\/div>\n<p><a href=\"https:\/\/sie.fer.es\/esp\/Asociaciones\/Servicios\/AESCENA\/dir_3361.htm\">aescena<\/a><\/p>\n<\/div>\n<h1>El equipo del proyecto<\/h1>\n<div>\n<ul>\n<li><strong>Coordinaci\u00f3n:<\/strong> <span>Nerea Soto Guti\u00e9rrez<\/span><\/li>\n<li><strong>Gerencia:<\/strong> Amaia Ib\u00e1\u00f1ez.<\/li>\n<li><strong>Producci\u00f3n Asturias:<\/strong> Patricia Baraga\u00f1o, <span>UEvents.<\/span><\/li>\n<li><strong>Producci\u00f3n Galicia:<\/strong> CUNDE, Servicios de Producci\u00f3n.<\/li>\n<li><strong>Producci\u00f3n Navarra:<\/strong> Global Servicios Culturales.<\/li>\n<li><strong>Producci\u00f3n Cantabria:<\/strong> Bego\u00f1a Garc\u00eda.<\/li>\n<li><strong>Producci\u00f3n Euskadi.<\/strong> Idoia Ayestar\u00e1n.<\/li>\n<li><span><strong>Producci\u00f3n La Rioja:<\/strong> Fernando Moreno.<\/span><\/li>\n<li><strong>Gabinete de comunicaci\u00f3n:<\/strong><br \/>Marta Barb\u00f3n &#8211; MB Comunicaci\u00f3n (Coordinaci\u00f3n de Comunicaci\u00f3n y Asturias)<br \/>Luc\u00eda Pita (Galicia)<br \/>Felisa Palacio (Cantabria)<br \/>Gontzal Sa\u00e9nz &#8211; ieR &#8211; Informaci\u00f3n en Red (Euskadi)<br \/>Alberto Laiglesia &#8211; Global Servicios Culturales (Navarra)<br \/>Rebeca Ortega &#8211; Colibr\u00ed Comunicaci\u00f3n (La Rioja)<\/li>\n<li><strong>Redes sociales y estrategia online:<\/strong> The Office Comunicaci\u00f3n.<\/li>\n<li><strong>Dise\u00f1o gr\u00e1fico:<\/strong> MINIM Comunicaci\u00f3n.<\/li>\n<li><strong>Elaboraci\u00f3n de materiales e imprenta:<\/strong><br \/>LAU Creaciones <span>e Imprenta de la Diputaci\u00f3n de Araba<\/span>.<\/li>\n<li><strong>Dise\u00f1o web:<\/strong> Diego Seixo.<\/li>\n<li><strong>Cobertura fotogr\u00e1fica y de v\u00eddeo:<\/strong><br \/>Miguel Lamas Fotograf\u00eda<br \/>Ana Mart\u00edn-Estudio La Central<br \/>JPEG Estudio de Fotograf\u00eda.<\/li>\n<li><strong>Montaje y edici\u00f3n de v\u00eddeo:<\/strong> Miguel Lamas Fotograf\u00eda.<\/li>\n<li><strong>Traducciones y asesor\u00eda ling\u00fc\u00edstica<\/strong>:<br \/>Laura Iglesia.<br \/>Interwords.<br \/>Santiago Cortegoso.<\/li>\n<li><strong>Comisi\u00f3n permanente de seguimiento del proyecto:<\/strong><br \/><span>Marta Alonso Tejada y Guillermo Carbajo (Escena Galega).<\/span><br \/><span>Luis Alija y Mayra Fern\u00e1ndez (EscenAsturias).<\/span><br \/><span>Carlos Troyano y Bego\u00f1a Garc\u00eda (ACEPAE).<\/span><br \/><span>Gorka M\u00ednguez e Idoia Ayestaran (Eskena).<\/span><br \/><span>David Lainez y Martxel Rodr\u00edguez (Esna).<\/span><br \/><span>S\u00f3nia Olveira y Bego\u00f1a Gonz\u00e1lez (aescena).<\/span><\/li>\n<li><strong>Imagen de la edici\u00f3n:<\/strong> <span>Sergio Llunik<\/span><\/li>\n<\/ul>\n<\/div>\n<h1>\n<p>Composici\u00f3n de las comisiones profesionales de selecci\u00f3n de espect\u00e1culos para el presente cat\u00e1logo<\/p>\n<\/h1>\n<div>\n<h3>Comisi\u00f3n Galicia, Asturias y Cantabria<\/h3>\n<p>Selecciona espect\u00e1culos de Euskadi, Navarra y La Rioja<\/p>\n<div>\n<ul>\n<li><b>Santiago S. Nieto Romar\u00eds. <\/b>Funcionario de Carrera. T\u00e9cnico de cultura del Concello de Outes, A Coru\u00f1a.<\/li>\n<li><b>Gustavo del R\u00edo Prieto. <\/b>Gestor Cultural.<\/li>\n<li><b>Adolfo Camilo D\u00edaz L\u00f3pez.<span class=\"Apple-converted-space\">\u00a0 <\/span><\/b>Xerente\/gerente de Cultura del Ayuntamiento de Corvera D&#8217;Asturies.<\/li>\n<li><b>Ver\u00f3nica Rodr\u00edguez. Fern\u00e1ndez. <\/b>Jefa del Departamento de Innovaci\u00f3n Cultural de la FMCE y UP del Ayto de Gij\u00f3n\/Xix\u00f3n.<\/li>\n<li><b>Marta Romero Diego. <\/b>Gestora y Mediadora Cultural.<\/li>\n<li><b>Isabel Ibarra Arenado. <\/b>Responsable programaci\u00f3n y Producci\u00f3n Palacio de Festivales de Cantabria<\/li>\n<\/ul>\n<\/div>\n<\/div>\n<div>\n<h3>Comisi\u00f3n Euskadi, Navarra y La Rioja<\/h3>\n<p>Selecciona espect\u00e1culos de Galicia, Asturias y Cantabria<\/p>\n<div>\n<ul>\n<li><strong>Nagore Irastorza Artola.<\/strong> Responsable del Departamento de Cultura del Ayuntamiento de Zarautz.<\/li>\n<li><b>Pello Mirena Guti\u00e9rrez Salceda. <\/b>Ex coordinador de estudios y proyectos de Eskena.<\/li>\n<li><b>Nerea Garde Iriarte. <\/b>Coordinadora cultural del Ayuntamiento de Zizur Mayor \/ Zizur Nagusiko Udaleko Kultur koordinatzailea.<\/li>\n<li><b>Iker Bengotxea Goya. <\/b>Gestor Circuito Sendaberri de la RTN-NAS.<\/li>\n<li><b>Gabriel Santos Ruiz.<span class=\"Apple-converted-space\">\u00a0 <\/span><\/b>Jefe de Servicio de Promoci\u00f3n Cultural. Gobierno de La Rioja.<\/li>\n<li><b>Yolanda Mar\u00edn. <\/b>Directora de Actividades Culturales del Ayuntamiento de Logro\u00f1o.<\/li>\n<\/ul>\n<\/div>\n<\/div>\n<div>\n<p>Un agradecimiento especial a las Juntas Directivas y todas las compa\u00f1\u00edas que forman parte de Escena Galega, EscenAsturias, Acepae, <span>Eskena, Esna y aescena<\/span>.<\/p>\n<\/div>\n<p><!--more--><br \/>\n<!-- {\"type\":\"layout\",\"children\":[{\"name\":\"Cabeceira simple\",\"type\":\"section\",\"props\":{\"animation\":\"fade\",\"animation_delay\":\"200\",\"image_position\":\"center-center\",\"padding_bottom\":\"none\",\"padding_top\":\"small\",\"style\":\"default\",\"title_breakpoint\":\"xl\",\"title_position\":\"top-left\",\"title_rotation\":\"left\",\"vertical_align\":\"\",\"width\":\"default\"},\"children\":[{\"type\":\"row\",\"children\":[{\"type\":\"column\",\"props\":{\"image_position\":\"center-center\",\"position_sticky_breakpoint\":\"m\",\"width_medium\":\"1-1\"},\"children\":[{\"type\":\"headline\",\"props\":{\"content\":\"Qui\u00e9nes somos\",\"image_align\":\"left\",\"image_margin\":\"xsmall\",\"title_element\":\"h1\"}}]}]}]},{\"name\":\"Asociaciones\",\"type\":\"section\",\"props\":{\"animation\":\"fade\",\"animation_delay\":\"200\",\"image_position\":\"center-center\",\"overlap\":true,\"padding_bottom\":\"small\",\"padding_top\":\"small\",\"style\":\"default\",\"title_breakpoint\":\"s\",\"title_position\":\"center-right\",\"title_rotation\":\"left\",\"vertical_align\":\"\",\"width\":\"default\"},\"children\":[{\"type\":\"row\",\"props\":{\"layout\":\"1-3,1-3,1-3\"},\"children\":[{\"type\":\"column\",\"props\":{\"image_position\":\"center-center\",\"position_sticky_breakpoint\":\"m\",\"width_medium\":\"1-3\"},\"children\":[{\"type\":\"panel\",\"props\":{\"content\":\"\n\n<p>Con 24 a\u00f1os de vida <strong>ESCENA GALEGA<\/strong> es la asociaci\u00f3n de referencia del sector profesional en Galicia, actualmente con 57 compa\u00f1\u00edas asociadas. Somos un colectivo comprometido con la defensa de la lengua y la cultura como bien com\u00fan, que trabaja en la interlocuci\u00f3n con las instituciones y con los distintos agentes implicados en la modernizaci\u00f3n del sector de las artes esc\u00e9nicas y que busca conexiones estrat\u00e9gicas con asociaciones afines de otros territorios.<\/p>\n\n\",\"content_column_breakpoint\":\"m\",\"image\":\"wp-content\/uploads\/2020\/08\/logo_escenagalega-2.png\",\"image_align\":\"top\",\"image_box_shadow_bottom\":false,\"image_grid_breakpoint\":\"m\",\"image_grid_width\":\"1-2\",\"image_height\":\"250\",\"image_svg_color\":\"emphasis\",\"link\":\"http:\/\/www.escenagalega.gal\/\",\"link_fullwidth\":false,\"link_style\":\"text\",\"link_target\":true,\"link_text\":\"www.escenagalega.gal \",\"margin_bottom\":\"default\",\"margin_top\":\"default\",\"meta_align\":\"below-title\",\"meta_element\":\"div\",\"meta_style\":\"text-meta\",\"title_align\":\"top\",\"title_element\":\"h3\",\"title_grid_breakpoint\":\"m\",\"title_grid_width\":\"1-2\",\"title_hover_style\":\"reset\"}},{\"type\":\"panel\",\"props\":{\"content\":\"\n\n<p>La asociaci\u00f3n <strong>ESKENA<\/strong> se cre\u00f3 en 1995 con el objetivo de dar voz, espacio y oportunidades a las diferentes empresas del mundo teatral vasco. En la actualidad est\u00e1 formada por 29 productoras. Somos una asociaci\u00f3n que trabaja para la mejora de la comunicaci\u00f3n, la estabilidad y el desarrollo de las empresas del sector en nuestra comunidad. Llevamos m\u00e1s de 30 a\u00f1os siendo una referencia consolidada como promotora e interlocutora de las artes esc\u00e9nicas de Euskadi.<br \/>Desde 2011 Eskena se encarga de gestionar el Centro de Innovaci\u00f3n Esc\u00e9nica Harrobia sito en Bilbao.<\/p>\n\n\",\"content_column_breakpoint\":\"m\",\"image\":\"wp-content\/uploads\/2020\/08\/logo_eskena.png\",\"image_align\":\"top\",\"image_grid_breakpoint\":\"m\",\"image_grid_width\":\"1-2\",\"image_height\":\"250\",\"image_svg_color\":\"emphasis\",\"link\":\"http:\/\/www.eskena.org\/\",\"link_style\":\"text\",\"link_target\":true,\"link_text\":\"www.eskena.org\",\"margin_bottom\":\"default\",\"margin_top\":\"default\",\"meta_align\":\"below-title\",\"meta_element\":\"div\",\"meta_style\":\"text-meta\",\"title_align\":\"top\",\"title_element\":\"h3\",\"title_grid_breakpoint\":\"m\",\"title_grid_width\":\"1-2\",\"title_hover_style\":\"reset\"}}]},{\"type\":\"column\",\"props\":{\"image_position\":\"center-center\",\"position_sticky_breakpoint\":\"m\",\"width_medium\":\"1-3\"},\"children\":[{\"type\":\"panel\",\"props\":{\"content\":\"\n\n<p>La Asociaci\u00f3n de <strong>Compa\u00f1\u00edas Profesionales de Artes Esc\u00e9nicas de Asturias<\/strong> (ESCENASTURIAS) se constituye en el a\u00f1o 2018 tras la uni\u00f3n de las dos asociaciones de empresas de artes esc\u00e9nicas de la regi\u00f3n (FOROESCENA y ACPTA) Integrada actualmente por 35 compa\u00f1\u00edas vinculadas profesionalmente al mundo del espect\u00e1culo, tiene el prop\u00f3sito de promover las artes esc\u00e9nicas que se hacen en Asturias y contribuir a su proyecci\u00f3n a nivel nacional e internacional.<\/p>\n\n\",\"content_column_breakpoint\":\"m\",\"image\":\"wp-content\/uploads\/2020\/08\/logo_escenasturias.png\",\"image_align\":\"top\",\"image_grid_breakpoint\":\"m\",\"image_grid_width\":\"1-2\",\"image_height\":\"250\",\"image_svg_color\":\"emphasis\",\"link\":\"http:\/\/www.escenasturias.com\/\",\"link_style\":\"text\",\"link_target\":true,\"link_text\":\"www.escenasturias.com\",\"margin_bottom\":\"default\",\"margin_top\":\"default\",\"meta_align\":\"below-title\",\"meta_element\":\"div\",\"meta_style\":\"text-meta\",\"title_align\":\"top\",\"title_element\":\"h3\",\"title_grid_breakpoint\":\"m\",\"title_grid_width\":\"1-2\",\"title_hover_style\":\"reset\"}},{\"type\":\"panel\",\"props\":{\"content\":\"\n\n<p>La Asociaci\u00f3n Empresarial Escena Navarra, <strong>ESNA<\/strong>, es una asociaci\u00f3n profesional de empresas de producci\u00f3n esc\u00e9nica que trabajan en la Comunidad Foral de Navarra. Actualmente, ESNA se compone de 8 empresas asociadas, todas ellas con una larga trayectoria en la producci\u00f3n de espect\u00e1culos teatrales y de magia, en la asistencia t\u00e9cnica de espect\u00e1culos en vivo, as\u00ed como en el desarrollo de diversos tipos de proyectos culturales y art\u00edsticos. A su vez, ESNA es una de las 15 organizaciones que componen a la Federaci\u00f3n Estatal de Asociaciones de Empresas de Teatro y Danza, FAETEDA, siendo en la actualidad el \u00fanico miembro en representaci\u00f3n del territorio navarro.<\/p>\n\n\",\"content_column_breakpoint\":\"m\",\"image\":\"wp-content\/uploads\/2023\/05\/logo-ESNA.png\",\"image_align\":\"top\",\"image_grid_breakpoint\":\"m\",\"image_grid_width\":\"1-2\",\"image_height\":\"250\",\"image_svg_color\":\"emphasis\",\"link\":\"http:\/\/www.escenanavarra.com\/\",\"link_style\":\"text\",\"link_target\":true,\"link_text\":\"www.escenanavarra.com\",\"margin_bottom\":\"default\",\"margin_top\":\"default\",\"meta_align\":\"below-title\",\"meta_element\":\"div\",\"meta_style\":\"text-meta\",\"title_align\":\"top\",\"title_element\":\"h3\",\"title_grid_breakpoint\":\"m\",\"title_grid_width\":\"1-2\",\"title_hover_style\":\"reset\"}}]},{\"type\":\"column\",\"props\":{\"image_position\":\"center-center\",\"position_sticky_breakpoint\":\"m\",\"width_medium\":\"1-3\"},\"children\":[{\"type\":\"panel\",\"props\":{\"content\":\"\n\n<p><strong>La Asociaci\u00f3n<\/strong> es una entidad que engloba a 24 empresas creada con el objetivo de reunir productoras de teatro, danza, circo y magia de Cantabria. Ha de servir como \u00f3rgano de coordinaci\u00f3n, representaci\u00f3n, gesti\u00f3n, fomento y defensa de los intereses generales de sus miembros. Entendemos la Asociaci\u00f3n como una necesidad para abordar el ordenamiento y vertebraci\u00f3n de nuestro sector y conseguir el reconocimiento y la dignificaci\u00f3n de nuestro oficio.<\/p>\n\n\",\"content_column_breakpoint\":\"m\",\"image\":\"wp-content\/uploads\/2020\/08\/logo_acepae.png\",\"image_align\":\"top\",\"image_grid_breakpoint\":\"m\",\"image_grid_width\":\"1-2\",\"image_height\":\"250\",\"image_svg_color\":\"emphasis\",\"link\":\"http:\/\/www.acepae.es\/\",\"link_style\":\"text\",\"link_target\":true,\"link_text\":\"www.acepae.es\",\"margin_bottom\":\"default\",\"margin_top\":\"default\",\"meta_align\":\"below-title\",\"meta_element\":\"div\",\"meta_style\":\"text-meta\",\"title_align\":\"top\",\"title_element\":\"h3\",\"title_grid_breakpoint\":\"m\",\"title_grid_width\":\"1-2\",\"title_hover_style\":\"reset\"}},{\"type\":\"panel\",\"props\":{\"content\":\"\n\n<p class=\\\"p1\\\"><strong>AESCENA<\/strong> es una comunidad profesional de artes esc\u00e9nicas de La Rioja, diversa en lenguajes, formatos y trayectorias, unida por el compromiso con la creaci\u00f3n art\u00edstica y el desarrollo del sector.<br \/>Creamos, investigamos, producimos, formamos y compartimos proyectos esc\u00e9nicos que dialogan con nuestro territorio y se proyectan m\u00e1s all\u00e1 de \u00e9l, desde lo local hacia \u00e1mbitos nacionales e internacionales.<br \/>Apostamos por las artes esc\u00e9nicas como un espacio de encuentro, innovaci\u00f3n y transformaci\u00f3n social, promoviendo la inclusi\u00f3n, la diversidad, la colaboraci\u00f3n, la sostenibilidad y el respeto a todas las miradas que conforman nuestra comunidad.<\/p>\n\n\",\"content_column_breakpoint\":\"m\",\"height_expand\":true,\"image\":\"wp-content\/uploads\/2025\/02\/AESCENA.png\",\"image_align\":\"top\",\"image_grid_breakpoint\":\"m\",\"image_grid_width\":\"1-2\",\"image_height\":\"250\",\"image_svg_color\":\"emphasis\",\"link\":\"https:\/\/sie.fer.es\/esp\/Asociaciones\/Servicios\/AESCENA\/dir_3361.htm\",\"link_style\":\"text\",\"link_target\":true,\"link_text\":\"aescena\",\"margin_bottom\":\"default\",\"margin_top\":\"default\",\"meta_align\":\"below-title\",\"meta_element\":\"div\",\"meta_style\":\"text-meta\",\"title_align\":\"top\",\"title_element\":\"h3\",\"title_grid_breakpoint\":\"m\",\"title_grid_width\":\"1-2\",\"title_hover_style\":\"reset\"}}]}]}]},{\"type\":\"section\",\"props\":{\"animation\":\"fade\",\"animation_delay\":\"200\",\"image_position\":\"center-center\",\"overlap\":false,\"padding_bottom\":\"none\",\"padding_top\":\"small\",\"style\":\"muted\",\"title_breakpoint\":\"xl\",\"title_position\":\"top-left\",\"title_rotation\":\"left\",\"vertical_align\":\"\",\"width\":\"default\"},\"children\":[{\"type\":\"row\",\"children\":[{\"type\":\"column\",\"props\":{\"image_position\":\"center-center\",\"position_sticky_breakpoint\":\"m\",\"width_medium\":\"1-1\"},\"children\":[{\"type\":\"headline\",\"props\":{\"content\":\"El equipo del proyecto\",\"image_align\":\"left\",\"image_margin\":\"xsmall\",\"title_color\":\"success\",\"title_element\":\"h1\"}}]}]}]},{\"type\":\"section\",\"props\":{\"animation\":\"fade\",\"animation_delay\":\"200\",\"image_position\":\"center-center\",\"overlap\":true,\"style\":\"muted\",\"title_breakpoint\":\"s\",\"title_position\":\"center-right\",\"title_rotation\":\"left\",\"vertical_align\":\"\",\"width\":\"default\"},\"children\":[{\"type\":\"row\",\"children\":[{\"type\":\"column\",\"props\":{\"image_position\":\"center-center\",\"position_sticky_breakpoint\":\"m\",\"width_medium\":\"1-1\"},\"children\":[{\"type\":\"text\",\"props\":{\"column\":\"1-2\",\"column_breakpoint\":\"l\",\"content\":\"\n\n<ul>\\n\n\n<li><strong>Coordinaci\u00f3n:<\/strong> <span>Nerea Soto Guti\u00e9rrez<\/span><\/li>\n\n\\n\n\n<li><strong>Gerencia:<\/strong> Amaia Ib\u00e1\u00f1ez.<\/li>\n\n\\n\n\n<li><strong>Producci\u00f3n Asturias:<\/strong> Patricia Baraga\u00f1o, <span>UEvents.<\/span><\/li>\n\n\\n\n\n<li><strong>Producci\u00f3n Galicia:<\/strong> CUNDE, Servicios de Producci\u00f3n.<\/li>\n\n\\n\n\n<li><strong>Producci\u00f3n Navarra:<\/strong> Global Servicios Culturales.<\/li>\n\n\\n\n\n<li><strong>Producci\u00f3n Cantabria:<\/strong> Bego\u00f1a Garc\u00eda.<\/li>\n\n\\n\n\n<li><strong>Producci\u00f3n Euskadi.<\/strong> Idoia Ayestar\u00e1n.<\/li>\n\n\\n\n\n<li><span><strong>Producci\u00f3n La Rioja:<\/strong> Fernando Moreno.<\/span><\/li>\n\n\\n\n\n<li><strong>Gabinete de comunicaci\u00f3n:<\/strong><br \/>Marta Barb\u00f3n - MB Comunicaci\u00f3n (Coordinaci\u00f3n de Comunicaci\u00f3n y Asturias)<br \/>Luc\u00eda Pita (Galicia)<br \/>Felisa Palacio (Cantabria)<br \/>Gontzal Sa\u00e9nz - ieR - Informaci\u00f3n en Red (Euskadi)<br \/>Alberto Laiglesia - Global Servicios Culturales (Navarra)<br \/>Rebeca Ortega - Colibr\u00ed Comunicaci\u00f3n (La Rioja)<\/li>\n\n\\n\n\n<li><strong>Redes sociales y estrategia online:<\/strong> The Office Comunicaci\u00f3n.<\/li>\n\n\\n\n\n<li><strong>Dise\u00f1o gr\u00e1fico:<\/strong> MINIM Comunicaci\u00f3n.<\/li>\n\n\\n\n\n<li><strong>Elaboraci\u00f3n de materiales e imprenta:<\/strong><br \/>LAU Creaciones <span>e Imprenta de la Diputaci\u00f3n de Araba<\/span>.<\/li>\n\n\\n\n\n<li><strong>Dise\u00f1o web:<\/strong> Diego Seixo.<\/li>\n\n\\n\n\n<li><strong>Cobertura fotogr\u00e1fica y de v\u00eddeo:<\/strong><br \/>Miguel Lamas Fotograf\u00eda<br \/>Ana Mart\u00edn-Estudio La Central<br \/>JPEG Estudio de Fotograf\u00eda.<\/li>\n\n\\n\n\n<li><strong>Montaje y edici\u00f3n de v\u00eddeo:<\/strong> Miguel Lamas Fotograf\u00eda.<\/li>\n\n\\n\n\n<li><strong>Traducciones y asesor\u00eda ling\u00fc\u00edstica<\/strong>:<br \/>Laura Iglesia.<br \/>Interwords.<br \/>Santiago Cortegoso.<\/li>\n\n\\n\n\n<li><strong>Comisi\u00f3n permanente de seguimiento del proyecto:<\/strong><br \/><span>Marta Alonso Tejada y Guillermo Carbajo (Escena Galega).<\/span><br \/><span>Luis Alija y Mayra Fern\u00e1ndez (EscenAsturias).<\/span><br \/><span>Carlos Troyano y Bego\u00f1a Garc\u00eda (ACEPAE).<\/span><br \/><span>Gorka M\u00ednguez e Idoia Ayestaran (Eskena).<\/span><br \/><span>David Lainez y Martxel Rodr\u00edguez (Esna).<\/span><br \/><span>S\u00f3nia Olveira y Bego\u00f1a Gonz\u00e1lez (aescena).<\/span><\/li>\n\n\\n\n\n<li><strong>Imagen de la edici\u00f3n:<\/strong> <span>Sergio Llunik<\/span><\/li>\n\n\\n<\/ul>\n\n\\n\n\n\n\n\",\"margin_bottom\":\"default\",\"margin_top\":\"default\"}}]}]}]},{\"type\":\"section\",\"props\":{\"animation\":\"fade\",\"animation_delay\":\"200\",\"image_position\":\"center-center\",\"overlap\":false,\"padding_bottom\":\"none\",\"padding_top\":\"small\",\"style\":\"default\",\"title_breakpoint\":\"xl\",\"title_position\":\"top-left\",\"title_rotation\":\"left\",\"vertical_align\":\"\",\"width\":\"default\"},\"children\":[{\"type\":\"row\",\"children\":[{\"type\":\"column\",\"props\":{\"image_position\":\"center-center\",\"position_sticky_breakpoint\":\"m\",\"width_medium\":\"1-1\"},\"children\":[{\"name\":\"Comisiones\",\"type\":\"headline\",\"props\":{\"content\":\"\n\n<p>Composici\u00f3n de las comisiones profesionales de selecci\u00f3n de espect\u00e1culos para el presente cat\u00e1logo<\/p>\n\n\",\"image_align\":\"left\",\"image_margin\":\"xsmall\",\"title_color\":\"primary\",\"title_element\":\"h1\",\"title_style\":\"h2\"}}]}]}]},{\"name\":\"Asociaciones\",\"type\":\"section\",\"props\":{\"animation\":\"fade\",\"animation_delay\":\"200\",\"image_position\":\"center-center\",\"overlap\":true,\"padding_bottom\":\"none\",\"padding_top\":\"small\",\"style\":\"default\",\"title_breakpoint\":\"s\",\"title_position\":\"center-right\",\"title_rotation\":\"left\",\"vertical_align\":\"\",\"width\":\"default\"},\"children\":[{\"type\":\"row\",\"props\":{\"layout\":\"1-2,1-2\"},\"children\":[{\"type\":\"column\",\"props\":{\"image_position\":\"center-center\",\"position_sticky_breakpoint\":\"m\",\"width_medium\":\"1-2\"},\"children\":[{\"type\":\"panel\",\"props\":{\"content\":\"\n\n<ul>\\n\n\n<li><b>Santiago S. Nieto Romar\u00eds. <\/b>Funcionario de Carrera. T\u00e9cnico de cultura del Concello de Outes, A Coru\u00f1a.<\/li>\n\n\\n\n\n<li><b>Gustavo del R\u00edo Prieto. <\/b>Gestor Cultural.<\/li>\n\n\\n\n\n<li><b>Adolfo Camilo D\u00edaz L\u00f3pez.<span class=\\\"Apple-converted-space\\\">\u00a0 <\/span><\/b>Xerente\/gerente de Cultura del Ayuntamiento de Corvera D'Asturies.<\/li>\n\n\\n\n\n<li><b>Ver\u00f3nica Rodr\u00edguez. Fern\u00e1ndez. <\/b>Jefa del Departamento de Innovaci\u00f3n Cultural de la FMCE y UP del Ayto de Gij\u00f3n\/Xix\u00f3n.<\/li>\n\n\\n\n\n<li><b>Marta Romero Diego. <\/b>Gestora y Mediadora Cultural.<\/li>\n\n\\n\n\n<li><b>Isabel Ibarra Arenado. <\/b>Responsable programaci\u00f3n y Producci\u00f3n Palacio de Festivales de Cantabria<\/li>\n\n\\n<\/ul>\n\n\",\"content_column_breakpoint\":\"m\",\"image\":\"\",\"image_align\":\"top\",\"image_box_shadow_bottom\":false,\"image_grid_breakpoint\":\"m\",\"image_grid_width\":\"1-2\",\"image_height\":\"250\",\"image_svg_color\":\"emphasis\",\"link_style\":\"default\",\"link_text\":\"Read more\",\"margin_bottom\":\"default\",\"margin_top\":\"default\",\"meta\":\"Selecciona espect\u00e1culos de Euskadi, Navarra y La Rioja\",\"meta_align\":\"below-title\",\"meta_element\":\"div\",\"meta_style\":\"text-meta\",\"title\":\"Comisi\u00f3n Galicia, Asturias y Cantabria\",\"title_align\":\"top\",\"title_color\":\"success\",\"title_element\":\"h3\",\"title_grid_breakpoint\":\"m\",\"title_grid_width\":\"1-2\",\"title_hover_style\":\"reset\"}}]},{\"type\":\"column\",\"props\":{\"image_position\":\"center-center\",\"position_sticky_breakpoint\":\"m\",\"width_medium\":\"1-2\"},\"children\":[{\"type\":\"panel\",\"props\":{\"content\":\"\n\n<ul>\\n\n\n<li><strong>Nagore Irastorza Artola.<\/strong> Responsable del Departamento de Cultura del Ayuntamiento de Zarautz.<\/li>\n\n\\n\n\n<li><b>Pello Mirena Guti\u00e9rrez Salceda. <\/b>Ex coordinador de estudios y proyectos de Eskena.<\/li>\n\n\\n\n\n<li><b>Nerea Garde Iriarte. <\/b>Coordinadora cultural del Ayuntamiento de Zizur Mayor \/ Zizur Nagusiko Udaleko Kultur koordinatzailea.<\/li>\n\n\\n\n\n<li><b>Iker Bengotxea Goya. <\/b>Gestor Circuito Sendaberri de la RTN-NAS.<\/li>\n\n\\n\n\n<li><b>Gabriel Santos Ruiz.<span class=\\\"Apple-converted-space\\\">\u00a0 <\/span><\/b>Jefe de Servicio de Promoci\u00f3n Cultural. Gobierno de La Rioja.<\/li>\n\n\\n\n\n<li><b>Yolanda Mar\u00edn. <\/b>Directora de Actividades Culturales del Ayuntamiento de Logro\u00f1o.<\/li>\n\n\\n<\/ul>\n\n\",\"content_column_breakpoint\":\"m\",\"image\":\"\",\"image_align\":\"top\",\"image_grid_breakpoint\":\"m\",\"image_grid_width\":\"1-2\",\"image_height\":\"250\",\"image_svg_color\":\"emphasis\",\"link_style\":\"default\",\"link_text\":\"Read more\",\"margin_bottom\":\"default\",\"margin_top\":\"default\",\"meta\":\"Selecciona espect\u00e1culos de Galicia, Asturias y Cantabria\",\"meta_align\":\"below-title\",\"meta_element\":\"div\",\"meta_style\":\"text-meta\",\"title\":\"Comisi\u00f3n Euskadi, Navarra y La Rioja\",\"title_align\":\"top\",\"title_element\":\"h3\",\"title_grid_breakpoint\":\"m\",\"title_grid_width\":\"1-2\",\"title_hover_style\":\"reset\"}}]}]}]},{\"name\":\"Asociaciones\",\"type\":\"section\",\"props\":{\"animation\":\"fade\",\"animation_delay\":\"200\",\"image_position\":\"center-center\",\"overlap\":true,\"padding_bottom\":\"small\",\"padding_top\":\"none\",\"style\":\"default\",\"title_breakpoint\":\"s\",\"title_position\":\"center-right\",\"title_rotation\":\"left\",\"vertical_align\":\"\",\"width\":\"small\"},\"children\":[{\"type\":\"row\",\"children\":[{\"type\":\"column\",\"props\":{\"image_position\":\"center-center\",\"position_sticky_breakpoint\":\"m\",\"width_medium\":\"1-1\"},\"children\":[{\"type\":\"text\",\"props\":{\"column_breakpoint\":\"m\",\"content\":\"\n\n<p>Un agradecimiento especial a las Juntas Directivas y todas las compa\u00f1\u00edas que forman parte de Escena Galega, EscenAsturias, Acepae, <span>Eskena, Esna y aescena<\/span>.<\/p>\n\n\",\"dropcap\":false,\"margin_bottom\":\"default\",\"margin_top\":\"default\",\"text_align\":\"center\",\"text_style\":\"lead\"}}]}]}]}],\"version\":\"5.0.42\"} --><\/p>\n","protected":false},"excerpt":{"rendered":"<p>Qui\u00e9nes somos Con 24 a\u00f1os de vida ESCENA GALEGA es la asociaci\u00f3n de referencia del sector profesional en Galicia, actualmente con 57 compa\u00f1\u00edas asociadas. Somos un colectivo comprometido con la [&hellip;]<\/p>\n","protected":false},"author":1,"featured_media":0,"parent":0,"menu_order":0,"comment_status":"closed","ping_status":"open","template":"","meta":{"footnotes":""},"class_list":["post-2","page","type-page","status-publish","hentry"],"yoast_head":"<!-- This site is optimized with the Yoast SEO plugin v28.4 - https:\/\/yoast.com\/product\/yoast-seo-wordpress\/ -->\n<title>Qui\u00e9nes somos - Camino Escena Norte<\/title>\n<meta name=\"robots\" content=\"index, follow, max-snippet:-1, max-image-preview:large, max-video-preview:-1\" \/>\n<link rel=\"canonical\" href=\"https:\/\/escenanorte.com\/es\/quienes-somos\/\" \/>\n<meta property=\"og:locale\" content=\"es_ES\" \/>\n<meta property=\"og:type\" content=\"article\" \/>\n<meta property=\"og:title\" content=\"Qui\u00e9nes somos - Camino Escena Norte\" \/>\n<meta property=\"og:description\" content=\"Qui\u00e9nes somos Con 24 a\u00f1os de vida ESCENA GALEGA es la asociaci\u00f3n de referencia del sector profesional en Galicia, actualmente con 57 compa\u00f1\u00edas asociadas. Somos un colectivo comprometido con la [&hellip;]\" \/>\n<meta property=\"og:url\" content=\"https:\/\/escenanorte.com\/es\/quienes-somos\/\" \/>\n<meta property=\"og:site_name\" content=\"Camino Escena Norte\" \/>\n<meta property=\"article:publisher\" content=\"https:\/\/www.facebook.com\/escenanorte\" \/>\n<meta property=\"article:modified_time\" content=\"2026-08-25T11:09:15+00:00\" \/>\n<meta property=\"og:image\" content=\"https:\/\/escenanorte.com\/wp-content\/uploads\/2025\/06\/AAFF-CEN-ARTE-50X70-AS.jpg\" \/>\n\t<meta property=\"og:image:width\" content=\"926\" \/>\n\t<meta property=\"og:image:height\" content=\"1280\" \/>\n\t<meta property=\"og:image:type\" content=\"image\/jpeg\" \/>\n<meta name=\"twitter:card\" content=\"summary_large_image\" \/>\n<meta name=\"twitter:label1\" content=\"Tiempo de lectura\" \/>\n\t<meta name=\"twitter:data1\" content=\"5 minutos\" \/>\n<script type=\"application\/ld+json\" class=\"yoast-schema-graph\">{\"@context\":\"https:\\\/\\\/schema.org\",\"@graph\":[{\"@type\":\"WebPage\",\"@id\":\"https:\\\/\\\/escenanorte.com\\\/es\\\/quienes-somos\\\/\",\"url\":\"https:\\\/\\\/escenanorte.com\\\/es\\\/quienes-somos\\\/\",\"name\":\"Qui\u00e9nes somos - Camino Escena Norte\",\"isPartOf\":{\"@id\":\"https:\\\/\\\/escenanorte.com\\\/es\\\/#website\"},\"datePublished\":\"2020-08-18T09:18:18+00:00\",\"dateModified\":\"2026-08-25T11:09:15+00:00\",\"breadcrumb\":{\"@id\":\"https:\\\/\\\/escenanorte.com\\\/es\\\/quienes-somos\\\/#breadcrumb\"},\"inLanguage\":\"es\",\"potentialAction\":[{\"@type\":\"ReadAction\",\"target\":[\"https:\\\/\\\/escenanorte.com\\\/es\\\/quienes-somos\\\/\"]}]},{\"@type\":\"BreadcrumbList\",\"@id\":\"https:\\\/\\\/escenanorte.com\\\/es\\\/quienes-somos\\\/#breadcrumb\",\"itemListElement\":[{\"@type\":\"ListItem\",\"position\":1,\"name\":\"Portada\",\"item\":\"https:\\\/\\\/escenanorte.com\\\/es\\\/\"},{\"@type\":\"ListItem\",\"position\":2,\"name\":\"Qui\u00e9nes somos\"}]},{\"@type\":\"WebSite\",\"@id\":\"https:\\\/\\\/escenanorte.com\\\/es\\\/#website\",\"url\":\"https:\\\/\\\/escenanorte.com\\\/es\\\/\",\"name\":\"Camino Escena Norte\",\"description\":\"Escena Norte\",\"publisher\":{\"@id\":\"https:\\\/\\\/escenanorte.com\\\/es\\\/#organization\"},\"potentialAction\":[{\"@type\":\"SearchAction\",\"target\":{\"@type\":\"EntryPoint\",\"urlTemplate\":\"https:\\\/\\\/escenanorte.com\\\/es\\\/?s={search_term_string}\"},\"query-input\":{\"@type\":\"PropertyValueSpecification\",\"valueRequired\":true,\"valueName\":\"search_term_string\"}}],\"inLanguage\":\"es\"},{\"@type\":\"Organization\",\"@id\":\"https:\\\/\\\/escenanorte.com\\\/es\\\/#organization\",\"name\":\"Camino Escena Norte\",\"url\":\"https:\\\/\\\/escenanorte.com\\\/es\\\/\",\"logo\":{\"@type\":\"ImageObject\",\"inLanguage\":\"es\",\"@id\":\"https:\\\/\\\/escenanorte.com\\\/es\\\/#\\\/schema\\\/logo\\\/image\\\/\",\"url\":\"https:\\\/\\\/escenanorte.com\\\/wp-content\\\/uploads\\\/2025\\\/09\\\/Logo-Escena-Norte-512.png\",\"contentUrl\":\"https:\\\/\\\/escenanorte.com\\\/wp-content\\\/uploads\\\/2025\\\/09\\\/Logo-Escena-Norte-512.png\",\"width\":512,\"height\":512,\"caption\":\"Camino Escena Norte\"},\"image\":{\"@id\":\"https:\\\/\\\/escenanorte.com\\\/es\\\/#\\\/schema\\\/logo\\\/image\\\/\"},\"sameAs\":[\"https:\\\/\\\/www.facebook.com\\\/escenanorte\",\"https:\\\/\\\/instagram.com\\\/escenanorte\"]}]}<\/script>\n<!-- \/ Yoast SEO plugin. -->","yoast_head_json":{"title":"Qui\u00e9nes somos - Camino Escena Norte","robots":{"index":"index","follow":"follow","max-snippet":"max-snippet:-1","max-image-preview":"max-image-preview:large","max-video-preview":"max-video-preview:-1"},"canonical":"https:\/\/escenanorte.com\/es\/quienes-somos\/","og_locale":"es_ES","og_type":"article","og_title":"Qui\u00e9nes somos - Camino Escena Norte","og_description":"Qui\u00e9nes somos Con 24 a\u00f1os de vida ESCENA GALEGA es la asociaci\u00f3n de referencia del sector profesional en Galicia, actualmente con 57 compa\u00f1\u00edas asociadas. Somos un colectivo comprometido con la [&hellip;]","og_url":"https:\/\/escenanorte.com\/es\/quienes-somos\/","og_site_name":"Camino Escena Norte","article_publisher":"https:\/\/www.facebook.com\/escenanorte","article_modified_time":"2026-08-25T11:09:15+00:00","og_image":[{"width":926,"height":1280,"url":"https:\/\/escenanorte.com\/wp-content\/uploads\/2025\/06\/AAFF-CEN-ARTE-50X70-AS.jpg","type":"image\/jpeg"}],"twitter_card":"summary_large_image","twitter_misc":{"Tiempo de lectura":"5 minutos"},"schema":{"@context":"https:\/\/schema.org","@graph":[{"@type":"WebPage","@id":"https:\/\/escenanorte.com\/es\/quienes-somos\/","url":"https:\/\/escenanorte.com\/es\/quienes-somos\/","name":"Qui\u00e9nes somos - Camino Escena Norte","isPartOf":{"@id":"https:\/\/escenanorte.com\/es\/#website"},"datePublished":"2020-08-18T09:18:18+00:00","dateModified":"2026-08-25T11:09:15+00:00","breadcrumb":{"@id":"https:\/\/escenanorte.com\/es\/quienes-somos\/#breadcrumb"},"inLanguage":"es","potentialAction":[{"@type":"ReadAction","target":["https:\/\/escenanorte.com\/es\/quienes-somos\/"]}]},{"@type":"BreadcrumbList","@id":"https:\/\/escenanorte.com\/es\/quienes-somos\/#breadcrumb","itemListElement":[{"@type":"ListItem","position":1,"name":"Portada","item":"https:\/\/escenanorte.com\/es\/"},{"@type":"ListItem","position":2,"name":"Qui\u00e9nes somos"}]},{"@type":"WebSite","@id":"https:\/\/escenanorte.com\/es\/#website","url":"https:\/\/escenanorte.com\/es\/","name":"Camino Escena Norte","description":"Escena Norte","publisher":{"@id":"https:\/\/escenanorte.com\/es\/#organization"},"potentialAction":[{"@type":"SearchAction","target":{"@type":"EntryPoint","urlTemplate":"https:\/\/escenanorte.com\/es\/?s={search_term_string}"},"query-input":{"@type":"PropertyValueSpecification","valueRequired":true,"valueName":"search_term_string"}}],"inLanguage":"es"},{"@type":"Organization","@id":"https:\/\/escenanorte.com\/es\/#organization","name":"Camino Escena Norte","url":"https:\/\/escenanorte.com\/es\/","logo":{"@type":"ImageObject","inLanguage":"es","@id":"https:\/\/escenanorte.com\/es\/#\/schema\/logo\/image\/","url":"https:\/\/escenanorte.com\/wp-content\/uploads\/2025\/09\/Logo-Escena-Norte-512.png","contentUrl":"https:\/\/escenanorte.com\/wp-content\/uploads\/2025\/09\/Logo-Escena-Norte-512.png","width":512,"height":512,"caption":"Camino Escena Norte"},"image":{"@id":"https:\/\/escenanorte.com\/es\/#\/schema\/logo\/image\/"},"sameAs":["https:\/\/www.facebook.com\/escenanorte","https:\/\/instagram.com\/escenanorte"]}]}},"publishpress_future_action":{"enabled":false,"date":"2026-09-13 05:57:53","action":"change-status","newStatus":"draft","terms":[],"taxonomy":"translation_priority","extraData":[]},"publishpress_future_workflow_manual_trigger":{"enabledWorkflows":[]},"_links":{"self":[{"href":"https:\/\/escenanorte.com\/es\/wp-json\/wp\/v2\/pages\/2","targetHints":{"allow":["GET"]}}],"collection":[{"href":"https:\/\/escenanorte.com\/es\/wp-json\/wp\/v2\/pages"}],"about":[{"href":"https:\/\/escenanorte.com\/es\/wp-json\/wp\/v2\/types\/page"}],"author":[{"embeddable":true,"href":"https:\/\/escenanorte.com\/es\/wp-json\/wp\/v2\/users\/1"}],"replies":[{"embeddable":true,"href":"https:\/\/escenanorte.com\/es\/wp-json\/wp\/v2\/comments?post=2"}],"version-history":[{"count":70,"href":"https:\/\/escenanorte.com\/es\/wp-json\/wp\/v2\/pages\/2\/revisions"}],"predecessor-version":[{"id":81862,"href":"https:\/\/escenanorte.com\/es\/wp-json\/wp\/v2\/pages\/2\/revisions\/81862"}],"wp:attachment":[{"href":"https:\/\/escenanorte.com\/es\/wp-json\/wp\/v2\/media?parent=2"}],"curies":[{"name":"wp","href":"https:\/\/api.w.org\/{rel}","templated":true}]}}