{"id":82586,"date":"2026-09-04T09:00:22","date_gmt":"2026-09-04T07:00:22","guid":{"rendered":"https:\/\/escenanorte.com\/?post_type=tribe_events&#038;p=82586"},"modified":"2026-09-02T19:15:32","modified_gmt":"2026-09-02T17:15:32","slug":"la-balada-del-norte-saltantes-teatro-asturias","status":"publish","type":"tribe_events","link":"https:\/\/escenanorte.com\/ast\/evento\/la-balada-del-norte-saltantes-teatro-asturias\/","title":{"rendered":"La balada del norte | Saltantes Teatro,  Asturias"},"content":{"rendered":"<h5 class=\"wp-block-heading\"><strong>Tipo: Teatro<\/strong><\/h5>\n<ul class=\"wp-block-list\">\n<li class=\"has-small-font-size\"><strong>P\u00fablico: Adulto<\/strong><\/li>\n<li class=\"has-small-font-size\"><strong>Duraci\u00f3n: 120\u2019<\/strong><\/li>\n<li class=\"has-small-font-size\"><strong>Idioma: Castellano \u2013 Asturiano<\/strong><\/li>\n<li class=\"has-small-font-size\"><strong>Estreno: 17 de octubre de 2025. Teatro Bergidum, Ponferrada \u2013 Castilla y Le\u00f3n<\/strong><\/li>\n<\/ul>\n<p class=\"wp-block-paragraph\"><strong>\u2018La balada del norte\u2019 recrea con pulso firme unos tiempos convulsos de grandes desigualdades con la gestaci\u00f3n de la Revoluci\u00f3n de Asturias de 1934 como tel\u00f3n de fondo.<\/strong><\/p>\n<p class=\"wp-block-paragraph\"><strong>Trist\u00e1n Valdivia, periodista sin peri\u00f3dico, editor sin \u00e9xito y amante sin ilusi\u00f3n, abandona la capital en 1933 para volver al norte. All\u00ed le espera su padre, el marqu\u00e9s de Montecorvo. De la negrura de los valles mineros de Asturias surgen personajes luminosos y bajo el ruido atronador de las minas de carb\u00f3n<br \/>\nse escucha el susurro de una canci\u00f3n antigua.<\/strong><\/p>\n<p class=\"wp-block-paragraph\"><strong>Los viejos y nuevos tiempos chocan brutalmente poniendo a prueba al protagonista y a la humanidad entera. Este es el sonido de \u2018La balada del norte\u2019.<\/strong><\/p>\n<p class=\"wp-block-paragraph\">En 2013, Luis Alija y Nerea V\u00e1zquez crean <strong>Saltantes Teatro.<\/strong><br \/>\nEn sus m\u00e1s de 10 a\u00f1os de trayectoria, han llevado a los escenarios una veintena de producciones con variedad de estilos y tem\u00e1ticas: teatro familiar y juvenil, cuentacuentos, musical, terror psicol\u00f3gico, hist\u00f3rico, freak, b\u00e9lico\u2026 Adem\u00e1s de distintos tipos de actividades y proyectos dentro del \u00e1mbito cultural y teatral.<\/p>\n<p class=\"wp-block-paragraph\">Sus \u00faltimas producciones: \u2018Misery\u2019 (Premio Oh! 2023 a Mejor Producci\u00f3n), \u2018El gorrumbu\u2019 (Premiu Nel Amaro 2023), \u2018El chigre menguante\u2019 (Premio Oh! 2024 a Mejor Escenograf\u00eda y Mejor Autor\u00eda), \u2018La par\u00e1bola del carb\u00f3n\u2019 y, en 2025, \u2018La folcl\u00f3rica\u2019, concierto-espect\u00e1culo con la voz de Nerea V\u00e1zquez y m\u00fasica en directo de Carla Armas, y \u2018La balada del norte\u2019, adaptaci\u00f3n teatral de la novela gr\u00e1fica hom\u00f3nima de Alfonso Zapico.<\/p>\n<p><span style=\"color: #339966;\"><strong>Entradas en taquilla y en <a style=\"color: #339966;\" href=\"http:\/\/www.reservaentradas.com\/\">http:\/\/www.reservaentradas.com\/<\/a><\/strong><\/span><\/p>\n<div class=\"epyt-video-wrapper\"><iframe loading=\"lazy\"  id=\"_ytid_56552\"  width=\"800\" height=\"450\"  data-origwidth=\"800\" data-origheight=\"450\"  data-relstop=\"1\" src=\"https:\/\/www.youtube-nocookie.com\/embed\/nO5lGQ3D9rk?enablejsapi=1&#038;origin=https:\/\/escenanorte.com&#038;autoplay=0&#038;cc_load_policy=1&#038;cc_lang_pref=es&#038;iv_load_policy=1&#038;loop=0&#038;rel=0&#038;fs=1&#038;playsinline=0&#038;autohide=2&#038;hl=ast_ES&#038;theme=dark&#038;color=red&#038;controls=1&#038;disablekb=0&#038;\" class=\"__youtube_prefs__  epyt-is-override  no-lazyload\" title=\"YouTube player\"  allow=\"fullscreen; accelerometer; autoplay; clipboard-write; encrypted-media; gyroscope; picture-in-picture; web-share\" referrerpolicy=\"strict-origin-when-cross-origin\" allowfullscreen data-no-lazy=\"1\" data-skipgform_ajax_framebjll=\"\"><\/iframe><\/div>\n","protected":false},"excerpt":{"rendered":"<p>Tipo: Teatro P\u00fablico: Adulto Duraci\u00f3n: 120\u2019 Idioma: Castellano \u2013 Asturiano Estreno: 17 de octubre de 2025. Teatro Bergidum, Ponferrada \u2013 Castilla y Le\u00f3n \u2018La balada del norte\u2019 recrea con pulso [&hellip;]<\/p>\n","protected":false},"author":1,"featured_media":81596,"template":"","meta":{"_tribe_events_status":"","_tribe_events_status_reason":"","footnotes":""},"tags":[],"tribe_events_cat":[400],"class_list":["post-82586","tribe_events","type-tribe_events","status-publish","has-post-thumbnail","hentry","tribe_events_cat-constelaciones-cantabria-ast","cat_constelaciones-cantabria-ast"],"yoast_head":"<!-- This site is optimized with the Yoast SEO plugin v28.4 - https:\/\/yoast.com\/product\/yoast-seo-wordpress\/ -->\n<title>La balada del norte | Saltantes Teatro, Asturias - Camino Escena Norte<\/title>\n<meta name=\"robots\" content=\"index, follow, max-snippet:-1, max-image-preview:large, max-video-preview:-1\" \/>\n<link rel=\"canonical\" href=\"https:\/\/escenanorte.com\/ast\/evento\/la-balada-del-norte-saltantes-teatro-asturias\/\" \/>\n<meta property=\"og:locale\" content=\"en_US\" \/>\n<meta property=\"og:type\" content=\"article\" \/>\n<meta property=\"og:title\" content=\"La balada del norte | Saltantes Teatro, Asturias - Camino Escena Norte\" \/>\n<meta property=\"og:description\" content=\"Tipo: Teatro P\u00fablico: Adulto Duraci\u00f3n: 120\u2019 Idioma: Castellano \u2013 Asturiano Estreno: 17 de octubre de 2025. Teatro Bergidum, Ponferrada \u2013 Castilla y Le\u00f3n \u2018La balada del norte\u2019 recrea con pulso [&hellip;]\" \/>\n<meta property=\"og:url\" content=\"https:\/\/escenanorte.com\/ast\/evento\/la-balada-del-norte-saltantes-teatro-asturias\/\" \/>\n<meta property=\"og:site_name\" content=\"Camino Escena Norte\" \/>\n<meta property=\"article:publisher\" content=\"https:\/\/www.facebook.com\/escenanorte\" \/>\n<meta property=\"og:image\" content=\"https:\/\/escenanorte.com\/wp-content\/uploads\/2026\/06\/2-La-Balada-del-Norte-Saltantes-Teatro-Foto-J-Lueje-scaled.jpg\" \/>\n\t<meta property=\"og:image:width\" content=\"2560\" \/>\n\t<meta property=\"og:image:height\" content=\"1439\" \/>\n\t<meta property=\"og:image:type\" content=\"image\/jpeg\" \/>\n<meta name=\"twitter:card\" content=\"summary_large_image\" \/>\n<meta name=\"twitter:label1\" content=\"Est. reading time\" \/>\n\t<meta name=\"twitter:data1\" content=\"1 minute\" \/>\n<script type=\"application\/ld+json\" class=\"yoast-schema-graph\">{\"@context\":\"https:\\\/\\\/schema.org\",\"@graph\":[{\"@type\":\"WebPage\",\"@id\":\"https:\\\/\\\/escenanorte.com\\\/ast\\\/evento\\\/la-balada-del-norte-saltantes-teatro-asturias\\\/\",\"url\":\"https:\\\/\\\/escenanorte.com\\\/ast\\\/evento\\\/la-balada-del-norte-saltantes-teatro-asturias\\\/\",\"name\":\"La balada del norte | Saltantes Teatro, Asturias - Camino Escena Norte\",\"isPartOf\":{\"@id\":\"https:\\\/\\\/escenanorte.com\\\/ast\\\/#website\"},\"primaryImageOfPage\":{\"@id\":\"https:\\\/\\\/escenanorte.com\\\/ast\\\/evento\\\/la-balada-del-norte-saltantes-teatro-asturias\\\/#primaryimage\"},\"image\":{\"@id\":\"https:\\\/\\\/escenanorte.com\\\/ast\\\/evento\\\/la-balada-del-norte-saltantes-teatro-asturias\\\/#primaryimage\"},\"thumbnailUrl\":\"https:\\\/\\\/escenanorte.com\\\/wp-content\\\/uploads\\\/2026\\\/06\\\/2-La-Balada-del-Norte-Saltantes-Teatro-Foto-J-Lueje-scaled.jpg\",\"datePublished\":\"2026-09-04T07:00:22+00:00\",\"breadcrumb\":{\"@id\":\"https:\\\/\\\/escenanorte.com\\\/ast\\\/evento\\\/la-balada-del-norte-saltantes-teatro-asturias\\\/#breadcrumb\"},\"inLanguage\":\"ast-ES\",\"potentialAction\":[{\"@type\":\"ReadAction\",\"target\":[\"https:\\\/\\\/escenanorte.com\\\/ast\\\/evento\\\/la-balada-del-norte-saltantes-teatro-asturias\\\/\"]}]},{\"@type\":\"ImageObject\",\"inLanguage\":\"ast-ES\",\"@id\":\"https:\\\/\\\/escenanorte.com\\\/ast\\\/evento\\\/la-balada-del-norte-saltantes-teatro-asturias\\\/#primaryimage\",\"url\":\"https:\\\/\\\/escenanorte.com\\\/wp-content\\\/uploads\\\/2026\\\/06\\\/2-La-Balada-del-Norte-Saltantes-Teatro-Foto-J-Lueje-scaled.jpg\",\"contentUrl\":\"https:\\\/\\\/escenanorte.com\\\/wp-content\\\/uploads\\\/2026\\\/06\\\/2-La-Balada-del-Norte-Saltantes-Teatro-Foto-J-Lueje-scaled.jpg\",\"width\":2560,\"height\":1439},{\"@type\":\"BreadcrumbList\",\"@id\":\"https:\\\/\\\/escenanorte.com\\\/ast\\\/evento\\\/la-balada-del-norte-saltantes-teatro-asturias\\\/#breadcrumb\",\"itemListElement\":[{\"@type\":\"ListItem\",\"position\":1,\"name\":\"Portada\",\"item\":\"https:\\\/\\\/escenanorte.com\\\/ast\\\/\"},{\"@type\":\"ListItem\",\"position\":2,\"name\":\"Eventos\",\"item\":\"https:\\\/\\\/escenanorte.com\\\/ast\\\/eventos\\\/\"},{\"@type\":\"ListItem\",\"position\":3,\"name\":\"La balada del norte | Saltantes Teatro, Asturias\"}]},{\"@type\":\"WebSite\",\"@id\":\"https:\\\/\\\/escenanorte.com\\\/ast\\\/#website\",\"url\":\"https:\\\/\\\/escenanorte.com\\\/ast\\\/\",\"name\":\"Camino Escena Norte\",\"description\":\"Escena Norte\",\"publisher\":{\"@id\":\"https:\\\/\\\/escenanorte.com\\\/ast\\\/#organization\"},\"potentialAction\":[{\"@type\":\"SearchAction\",\"target\":{\"@type\":\"EntryPoint\",\"urlTemplate\":\"https:\\\/\\\/escenanorte.com\\\/ast\\\/?s={search_term_string}\"},\"query-input\":{\"@type\":\"PropertyValueSpecification\",\"valueRequired\":true,\"valueName\":\"search_term_string\"}}],\"inLanguage\":\"ast-ES\"},{\"@type\":\"Organization\",\"@id\":\"https:\\\/\\\/escenanorte.com\\\/ast\\\/#organization\",\"name\":\"Camino Escena Norte\",\"url\":\"https:\\\/\\\/escenanorte.com\\\/ast\\\/\",\"logo\":{\"@type\":\"ImageObject\",\"inLanguage\":\"ast-ES\",\"@id\":\"https:\\\/\\\/escenanorte.com\\\/ast\\\/#\\\/schema\\\/logo\\\/image\\\/\",\"url\":\"https:\\\/\\\/escenanorte.com\\\/wp-content\\\/uploads\\\/2025\\\/09\\\/Logo-Escena-Norte-512.png\",\"contentUrl\":\"https:\\\/\\\/escenanorte.com\\\/wp-content\\\/uploads\\\/2025\\\/09\\\/Logo-Escena-Norte-512.png\",\"width\":512,\"height\":512,\"caption\":\"Camino Escena Norte\"},\"image\":{\"@id\":\"https:\\\/\\\/escenanorte.com\\\/ast\\\/#\\\/schema\\\/logo\\\/image\\\/\"},\"sameAs\":[\"https:\\\/\\\/www.facebook.com\\\/escenanorte\",\"https:\\\/\\\/instagram.com\\\/escenanorte\"]}]}<\/script>\n<!-- \/ Yoast SEO plugin. -->","yoast_head_json":{"title":"La balada del norte | Saltantes Teatro, Asturias - Camino Escena Norte","robots":{"index":"index","follow":"follow","max-snippet":"max-snippet:-1","max-image-preview":"max-image-preview:large","max-video-preview":"max-video-preview:-1"},"canonical":"https:\/\/escenanorte.com\/ast\/evento\/la-balada-del-norte-saltantes-teatro-asturias\/","og_locale":"en_US","og_type":"article","og_title":"La balada del norte | Saltantes Teatro, Asturias - Camino Escena Norte","og_description":"Tipo: Teatro P\u00fablico: Adulto Duraci\u00f3n: 120\u2019 Idioma: Castellano \u2013 Asturiano Estreno: 17 de octubre de 2025. Teatro Bergidum, Ponferrada \u2013 Castilla y Le\u00f3n \u2018La balada del norte\u2019 recrea con pulso [&hellip;]","og_url":"https:\/\/escenanorte.com\/ast\/evento\/la-balada-del-norte-saltantes-teatro-asturias\/","og_site_name":"Camino Escena Norte","article_publisher":"https:\/\/www.facebook.com\/escenanorte","og_image":[{"width":2560,"height":1439,"url":"https:\/\/escenanorte.com\/wp-content\/uploads\/2026\/06\/2-La-Balada-del-Norte-Saltantes-Teatro-Foto-J-Lueje-scaled.jpg","type":"image\/jpeg"}],"twitter_card":"summary_large_image","twitter_misc":{"Est. reading time":"1 minute"},"schema":{"@context":"https:\/\/schema.org","@graph":[{"@type":"WebPage","@id":"https:\/\/escenanorte.com\/ast\/evento\/la-balada-del-norte-saltantes-teatro-asturias\/","url":"https:\/\/escenanorte.com\/ast\/evento\/la-balada-del-norte-saltantes-teatro-asturias\/","name":"La balada del norte | Saltantes Teatro, Asturias - Camino Escena Norte","isPartOf":{"@id":"https:\/\/escenanorte.com\/ast\/#website"},"primaryImageOfPage":{"@id":"https:\/\/escenanorte.com\/ast\/evento\/la-balada-del-norte-saltantes-teatro-asturias\/#primaryimage"},"image":{"@id":"https:\/\/escenanorte.com\/ast\/evento\/la-balada-del-norte-saltantes-teatro-asturias\/#primaryimage"},"thumbnailUrl":"https:\/\/escenanorte.com\/wp-content\/uploads\/2026\/06\/2-La-Balada-del-Norte-Saltantes-Teatro-Foto-J-Lueje-scaled.jpg","datePublished":"2026-09-04T07:00:22+00:00","breadcrumb":{"@id":"https:\/\/escenanorte.com\/ast\/evento\/la-balada-del-norte-saltantes-teatro-asturias\/#breadcrumb"},"inLanguage":"ast-ES","potentialAction":[{"@type":"ReadAction","target":["https:\/\/escenanorte.com\/ast\/evento\/la-balada-del-norte-saltantes-teatro-asturias\/"]}]},{"@type":"ImageObject","inLanguage":"ast-ES","@id":"https:\/\/escenanorte.com\/ast\/evento\/la-balada-del-norte-saltantes-teatro-asturias\/#primaryimage","url":"https:\/\/escenanorte.com\/wp-content\/uploads\/2026\/06\/2-La-Balada-del-Norte-Saltantes-Teatro-Foto-J-Lueje-scaled.jpg","contentUrl":"https:\/\/escenanorte.com\/wp-content\/uploads\/2026\/06\/2-La-Balada-del-Norte-Saltantes-Teatro-Foto-J-Lueje-scaled.jpg","width":2560,"height":1439},{"@type":"BreadcrumbList","@id":"https:\/\/escenanorte.com\/ast\/evento\/la-balada-del-norte-saltantes-teatro-asturias\/#breadcrumb","itemListElement":[{"@type":"ListItem","position":1,"name":"Portada","item":"https:\/\/escenanorte.com\/ast\/"},{"@type":"ListItem","position":2,"name":"Eventos","item":"https:\/\/escenanorte.com\/ast\/eventos\/"},{"@type":"ListItem","position":3,"name":"La balada del norte | Saltantes Teatro, Asturias"}]},{"@type":"WebSite","@id":"https:\/\/escenanorte.com\/ast\/#website","url":"https:\/\/escenanorte.com\/ast\/","name":"Camino Escena Norte","description":"Escena Norte","publisher":{"@id":"https:\/\/escenanorte.com\/ast\/#organization"},"potentialAction":[{"@type":"SearchAction","target":{"@type":"EntryPoint","urlTemplate":"https:\/\/escenanorte.com\/ast\/?s={search_term_string}"},"query-input":{"@type":"PropertyValueSpecification","valueRequired":true,"valueName":"search_term_string"}}],"inLanguage":"ast-ES"},{"@type":"Organization","@id":"https:\/\/escenanorte.com\/ast\/#organization","name":"Camino Escena Norte","url":"https:\/\/escenanorte.com\/ast\/","logo":{"@type":"ImageObject","inLanguage":"ast-ES","@id":"https:\/\/escenanorte.com\/ast\/#\/schema\/logo\/image\/","url":"https:\/\/escenanorte.com\/wp-content\/uploads\/2025\/09\/Logo-Escena-Norte-512.png","contentUrl":"https:\/\/escenanorte.com\/wp-content\/uploads\/2025\/09\/Logo-Escena-Norte-512.png","width":512,"height":512,"caption":"Camino Escena Norte"},"image":{"@id":"https:\/\/escenanorte.com\/ast\/#\/schema\/logo\/image\/"},"sameAs":["https:\/\/www.facebook.com\/escenanorte","https:\/\/instagram.com\/escenanorte"]}]}},"publishpress_future_workflow_manual_trigger":{"enabledWorkflows":[]},"_links":{"self":[{"href":"https:\/\/escenanorte.com\/ast\/wp-json\/wp\/v2\/tribe_events\/82586","targetHints":{"allow":["GET"]}}],"collection":[{"href":"https:\/\/escenanorte.com\/ast\/wp-json\/wp\/v2\/tribe_events"}],"about":[{"href":"https:\/\/escenanorte.com\/ast\/wp-json\/wp\/v2\/types\/tribe_events"}],"author":[{"embeddable":true,"href":"https:\/\/escenanorte.com\/ast\/wp-json\/wp\/v2\/users\/1"}],"version-history":[{"count":1,"href":"https:\/\/escenanorte.com\/ast\/wp-json\/wp\/v2\/tribe_events\/82586\/revisions"}],"predecessor-version":[{"id":82589,"href":"https:\/\/escenanorte.com\/ast\/wp-json\/wp\/v2\/tribe_events\/82586\/revisions\/82589"}],"wp:featuredmedia":[{"embeddable":true,"href":"https:\/\/escenanorte.com\/ast\/wp-json\/wp\/v2\/media\/81596"}],"wp:attachment":[{"href":"https:\/\/escenanorte.com\/ast\/wp-json\/wp\/v2\/media?parent=82586"}],"wp:term":[{"taxonomy":"post_tag","embeddable":true,"href":"https:\/\/escenanorte.com\/ast\/wp-json\/wp\/v2\/tags?post=82586"},{"taxonomy":"tribe_events_cat","embeddable":true,"href":"https:\/\/escenanorte.com\/ast\/wp-json\/wp\/v2\/tribe_events_cat?post=82586"}],"curies":[{"name":"wp","href":"https:\/\/api.w.org\/{rel}","templated":true}]}}