{"id":82569,"date":"2026-09-04T09:00:20","date_gmt":"2026-09-04T07:00:20","guid":{"rendered":"https:\/\/escenanorte.com\/?post_type=tribe_events&#038;p=82569"},"modified":"2026-09-02T18:48:27","modified_gmt":"2026-09-02T16:48:27","slug":"la-nina-104-104-haurra-yarleku-teatro-navarra","status":"publish","type":"tribe_events","link":"https:\/\/escenanorte.com\/ast\/evento\/la-nina-104-104-haurra-yarleku-teatro-navarra\/","title":{"rendered":"La ni\u00f1a 104 \/ 104. Haurra | Yarleku Teatro,  Navarra"},"content":{"rendered":"<h5 class=\"wp-block-heading\"><strong>Tipo: Teatro<\/strong> y t\u00edteres<\/h5>\n<ul class=\"wp-block-list\">\n<li class=\"has-small-font-size\"><strong>P\u00fablico: Todos los p\u00fablicos<\/strong><\/li>\n<li class=\"has-small-font-size\"><strong>Duraci\u00f3n: 50\u2019<\/strong><\/li>\n<li class=\"has-small-font-size\"><strong>Idioma: Castellano \u2013 Euskera<\/strong><\/li>\n<li class=\"has-small-font-size\"><strong>Estreno: 27 de febrero de 2024. FETEN, Gij\u00f3n. Principado de Asturias<\/strong><\/li>\n<\/ul>\n<p class=\"wp-block-paragraph\"><strong>\u2018La ni\u00f1a 104\u2019 se encuentra en un orfanato deseando ser adoptada, donde, al igual que otras ni\u00f1as en su misma situaci\u00f3n, pasa los d\u00edas confeccionando y cosiendo prendas. Un buen d\u00eda llega otra ni\u00f1a que no parece compartir la ilusi\u00f3n de la ni\u00f1a 104 por el trabajo.<\/strong><\/p>\n<p class=\"wp-block-paragraph\"><strong>Sin embargo, quien quiera ser elegida por una familia de adopci\u00f3n deber\u00e1 trabajar duro y hacerlo todo perfecto.<\/strong><\/p>\n<p class=\"wp-block-paragraph\"><strong>\u00bfEncontrar\u00e1 cada una de ellas una familia que la quiera?<\/strong><\/p>\n<p class=\"wp-block-paragraph\"><strong>Yarleku <\/strong>es una compa\u00f1\u00eda que surge en el a\u00f1o 2003 con af\u00e1n de crear espect\u00e1culos de car\u00e1cter socioeducativo en los que aunar la visi\u00f3n pl\u00e1stica del teatro y la transmisi\u00f3n de<br \/>\nvalores.<\/p>\n<p class=\"wp-block-paragraph\">Hoy damos un paso m\u00e1s. Hemos apostado firmemente por la accesibilidad, incorporando en tres de nuestras obras -\u2018Los ladrones de tiempo\u2019, \u2018La ni\u00f1a 104\u2019 y \u2018La casa m\u00e1s peque\u00f1a\u2019- cuatro medidas fundamentales que garantizan una experiencia<br \/>\nesc\u00e9nica m\u00e1s inclusiva:<\/p>\n<ul class=\"wp-block-list\">\n<li>Audiodescripci\u00f3n y sonido amplificado individual.<\/li>\n<li>Subtitulado adaptado.<\/li>\n<li>\u201cTouch tour\u201d previo a la funci\u00f3n.<\/li>\n<li>Programa de mano en lectura f\u00e1cil. Cuatro herramientas que eliminan barreras y ampl\u00edan la<br \/>\nvivencia teatral para que m\u00e1s personas puedan emocionarse,<br \/>\ncomprender y participar.<\/li>\n<\/ul>\n<p><span style=\"color: #339966;\"><strong>\u24d8 Entradas en taquilla y en <a style=\"color: #339966;\" href=\"https:\/\/www.reservaentradas.com\/cine\/cantabria\/salabreton\/\" target=\"_blank\" rel=\"noopener\">https:\/\/www.reservaentradas.com\/cine\/cantabria\/salabreton\/<\/a><\/strong><\/span><\/p>\n<p><iframe loading=\"lazy\" title=\"La ni\u00f1a 104. Teaser\" src=\"https:\/\/player.vimeo.com\/video\/904420486?dnt=1&amp;app_id=122963\" width=\"500\" height=\"281\" frameborder=\"0\" allow=\"autoplay; fullscreen; picture-in-picture; clipboard-write; encrypted-media; web-share\" referrerpolicy=\"strict-origin-when-cross-origin\"><\/iframe><\/p>\n","protected":false},"excerpt":{"rendered":"<p>Tipo: Teatro y t\u00edteres P\u00fablico: Todos los p\u00fablicos Duraci\u00f3n: 50\u2019 Idioma: Castellano \u2013 Euskera Estreno: 27 de febrero de 2024. FETEN, Gij\u00f3n. Principado de Asturias \u2018La ni\u00f1a 104\u2019 se encuentra [&hellip;]<\/p>\n","protected":false},"author":1,"featured_media":81372,"template":"","meta":{"_tribe_events_status":"","_tribe_events_status_reason":"","footnotes":""},"tags":[],"tribe_events_cat":[400],"class_list":["post-82569","tribe_events","type-tribe_events","status-publish","has-post-thumbnail","hentry","tribe_events_cat-constelaciones-cantabria-ast","cat_constelaciones-cantabria-ast"],"yoast_head":"<!-- This site is optimized with the Yoast SEO plugin v28.4 - https:\/\/yoast.com\/product\/yoast-seo-wordpress\/ -->\n<title>La ni\u00f1a 104 \/ 104. Haurra | Yarleku Teatro, Navarra - Camino Escena Norte<\/title>\n<meta name=\"robots\" content=\"index, follow, max-snippet:-1, max-image-preview:large, max-video-preview:-1\" \/>\n<link rel=\"canonical\" href=\"https:\/\/escenanorte.com\/ast\/evento\/la-nina-104-104-haurra-yarleku-teatro-navarra\/\" \/>\n<meta property=\"og:locale\" content=\"en_US\" \/>\n<meta property=\"og:type\" content=\"article\" \/>\n<meta property=\"og:title\" content=\"La ni\u00f1a 104 \/ 104. Haurra | Yarleku Teatro, Navarra - Camino Escena Norte\" \/>\n<meta property=\"og:description\" content=\"Tipo: Teatro y t\u00edteres P\u00fablico: Todos los p\u00fablicos Duraci\u00f3n: 50\u2019 Idioma: Castellano \u2013 Euskera Estreno: 27 de febrero de 2024. FETEN, Gij\u00f3n. Principado de Asturias \u2018La ni\u00f1a 104\u2019 se encuentra [&hellip;]\" \/>\n<meta property=\"og:url\" content=\"https:\/\/escenanorte.com\/ast\/evento\/la-nina-104-104-haurra-yarleku-teatro-navarra\/\" \/>\n<meta property=\"og:site_name\" content=\"Camino Escena Norte\" \/>\n<meta property=\"article:publisher\" content=\"https:\/\/www.facebook.com\/escenanorte\" \/>\n<meta property=\"og:image\" content=\"https:\/\/escenanorte.com\/wp-content\/uploads\/2026\/06\/1.-La-nina-104.-@Enara-Otxoa-errarte-scaled.jpg\" \/>\n\t<meta property=\"og:image:width\" content=\"2560\" \/>\n\t<meta property=\"og:image:height\" content=\"1707\" \/>\n\t<meta property=\"og:image:type\" content=\"image\/jpeg\" \/>\n<meta name=\"twitter:card\" content=\"summary_large_image\" \/>\n<meta name=\"twitter:label1\" content=\"Est. reading time\" \/>\n\t<meta name=\"twitter:data1\" content=\"1 minute\" \/>\n<script type=\"application\/ld+json\" class=\"yoast-schema-graph\">{\"@context\":\"https:\\\/\\\/schema.org\",\"@graph\":[{\"@type\":\"WebPage\",\"@id\":\"https:\\\/\\\/escenanorte.com\\\/ast\\\/evento\\\/la-nina-104-104-haurra-yarleku-teatro-navarra\\\/\",\"url\":\"https:\\\/\\\/escenanorte.com\\\/ast\\\/evento\\\/la-nina-104-104-haurra-yarleku-teatro-navarra\\\/\",\"name\":\"La ni\u00f1a 104 \\\/ 104. Haurra | Yarleku Teatro, Navarra - Camino Escena Norte\",\"isPartOf\":{\"@id\":\"https:\\\/\\\/escenanorte.com\\\/ast\\\/#website\"},\"primaryImageOfPage\":{\"@id\":\"https:\\\/\\\/escenanorte.com\\\/ast\\\/evento\\\/la-nina-104-104-haurra-yarleku-teatro-navarra\\\/#primaryimage\"},\"image\":{\"@id\":\"https:\\\/\\\/escenanorte.com\\\/ast\\\/evento\\\/la-nina-104-104-haurra-yarleku-teatro-navarra\\\/#primaryimage\"},\"thumbnailUrl\":\"https:\\\/\\\/escenanorte.com\\\/wp-content\\\/uploads\\\/2026\\\/06\\\/1.-La-nina-104.-@Enara-Otxoa-errarte-scaled.jpg\",\"datePublished\":\"2026-09-04T07:00:20+00:00\",\"breadcrumb\":{\"@id\":\"https:\\\/\\\/escenanorte.com\\\/ast\\\/evento\\\/la-nina-104-104-haurra-yarleku-teatro-navarra\\\/#breadcrumb\"},\"inLanguage\":\"ast-ES\",\"potentialAction\":[{\"@type\":\"ReadAction\",\"target\":[\"https:\\\/\\\/escenanorte.com\\\/ast\\\/evento\\\/la-nina-104-104-haurra-yarleku-teatro-navarra\\\/\"]}]},{\"@type\":\"ImageObject\",\"inLanguage\":\"ast-ES\",\"@id\":\"https:\\\/\\\/escenanorte.com\\\/ast\\\/evento\\\/la-nina-104-104-haurra-yarleku-teatro-navarra\\\/#primaryimage\",\"url\":\"https:\\\/\\\/escenanorte.com\\\/wp-content\\\/uploads\\\/2026\\\/06\\\/1.-La-nina-104.-@Enara-Otxoa-errarte-scaled.jpg\",\"contentUrl\":\"https:\\\/\\\/escenanorte.com\\\/wp-content\\\/uploads\\\/2026\\\/06\\\/1.-La-nina-104.-@Enara-Otxoa-errarte-scaled.jpg\",\"width\":2560,\"height\":1707},{\"@type\":\"BreadcrumbList\",\"@id\":\"https:\\\/\\\/escenanorte.com\\\/ast\\\/evento\\\/la-nina-104-104-haurra-yarleku-teatro-navarra\\\/#breadcrumb\",\"itemListElement\":[{\"@type\":\"ListItem\",\"position\":1,\"name\":\"Portada\",\"item\":\"https:\\\/\\\/escenanorte.com\\\/ast\\\/\"},{\"@type\":\"ListItem\",\"position\":2,\"name\":\"Eventos\",\"item\":\"https:\\\/\\\/escenanorte.com\\\/ast\\\/eventos\\\/\"},{\"@type\":\"ListItem\",\"position\":3,\"name\":\"La ni\u00f1a 104 \\\/ 104. Haurra | Yarleku Teatro, Navarra\"}]},{\"@type\":\"WebSite\",\"@id\":\"https:\\\/\\\/escenanorte.com\\\/ast\\\/#website\",\"url\":\"https:\\\/\\\/escenanorte.com\\\/ast\\\/\",\"name\":\"Camino Escena Norte\",\"description\":\"Escena Norte\",\"publisher\":{\"@id\":\"https:\\\/\\\/escenanorte.com\\\/ast\\\/#organization\"},\"potentialAction\":[{\"@type\":\"SearchAction\",\"target\":{\"@type\":\"EntryPoint\",\"urlTemplate\":\"https:\\\/\\\/escenanorte.com\\\/ast\\\/?s={search_term_string}\"},\"query-input\":{\"@type\":\"PropertyValueSpecification\",\"valueRequired\":true,\"valueName\":\"search_term_string\"}}],\"inLanguage\":\"ast-ES\"},{\"@type\":\"Organization\",\"@id\":\"https:\\\/\\\/escenanorte.com\\\/ast\\\/#organization\",\"name\":\"Camino Escena Norte\",\"url\":\"https:\\\/\\\/escenanorte.com\\\/ast\\\/\",\"logo\":{\"@type\":\"ImageObject\",\"inLanguage\":\"ast-ES\",\"@id\":\"https:\\\/\\\/escenanorte.com\\\/ast\\\/#\\\/schema\\\/logo\\\/image\\\/\",\"url\":\"https:\\\/\\\/escenanorte.com\\\/wp-content\\\/uploads\\\/2025\\\/09\\\/Logo-Escena-Norte-512.png\",\"contentUrl\":\"https:\\\/\\\/escenanorte.com\\\/wp-content\\\/uploads\\\/2025\\\/09\\\/Logo-Escena-Norte-512.png\",\"width\":512,\"height\":512,\"caption\":\"Camino Escena Norte\"},\"image\":{\"@id\":\"https:\\\/\\\/escenanorte.com\\\/ast\\\/#\\\/schema\\\/logo\\\/image\\\/\"},\"sameAs\":[\"https:\\\/\\\/www.facebook.com\\\/escenanorte\",\"https:\\\/\\\/instagram.com\\\/escenanorte\"]}]}<\/script>\n<!-- \/ Yoast SEO plugin. -->","yoast_head_json":{"title":"La ni\u00f1a 104 \/ 104. Haurra | Yarleku Teatro, Navarra - Camino Escena Norte","robots":{"index":"index","follow":"follow","max-snippet":"max-snippet:-1","max-image-preview":"max-image-preview:large","max-video-preview":"max-video-preview:-1"},"canonical":"https:\/\/escenanorte.com\/ast\/evento\/la-nina-104-104-haurra-yarleku-teatro-navarra\/","og_locale":"en_US","og_type":"article","og_title":"La ni\u00f1a 104 \/ 104. Haurra | Yarleku Teatro, Navarra - Camino Escena Norte","og_description":"Tipo: Teatro y t\u00edteres P\u00fablico: Todos los p\u00fablicos Duraci\u00f3n: 50\u2019 Idioma: Castellano \u2013 Euskera Estreno: 27 de febrero de 2024. FETEN, Gij\u00f3n. Principado de Asturias \u2018La ni\u00f1a 104\u2019 se encuentra [&hellip;]","og_url":"https:\/\/escenanorte.com\/ast\/evento\/la-nina-104-104-haurra-yarleku-teatro-navarra\/","og_site_name":"Camino Escena Norte","article_publisher":"https:\/\/www.facebook.com\/escenanorte","og_image":[{"width":2560,"height":1707,"url":"https:\/\/escenanorte.com\/wp-content\/uploads\/2026\/06\/1.-La-nina-104.-@Enara-Otxoa-errarte-scaled.jpg","type":"image\/jpeg"}],"twitter_card":"summary_large_image","twitter_misc":{"Est. reading time":"1 minute"},"schema":{"@context":"https:\/\/schema.org","@graph":[{"@type":"WebPage","@id":"https:\/\/escenanorte.com\/ast\/evento\/la-nina-104-104-haurra-yarleku-teatro-navarra\/","url":"https:\/\/escenanorte.com\/ast\/evento\/la-nina-104-104-haurra-yarleku-teatro-navarra\/","name":"La ni\u00f1a 104 \/ 104. Haurra | Yarleku Teatro, Navarra - Camino Escena Norte","isPartOf":{"@id":"https:\/\/escenanorte.com\/ast\/#website"},"primaryImageOfPage":{"@id":"https:\/\/escenanorte.com\/ast\/evento\/la-nina-104-104-haurra-yarleku-teatro-navarra\/#primaryimage"},"image":{"@id":"https:\/\/escenanorte.com\/ast\/evento\/la-nina-104-104-haurra-yarleku-teatro-navarra\/#primaryimage"},"thumbnailUrl":"https:\/\/escenanorte.com\/wp-content\/uploads\/2026\/06\/1.-La-nina-104.-@Enara-Otxoa-errarte-scaled.jpg","datePublished":"2026-09-04T07:00:20+00:00","breadcrumb":{"@id":"https:\/\/escenanorte.com\/ast\/evento\/la-nina-104-104-haurra-yarleku-teatro-navarra\/#breadcrumb"},"inLanguage":"ast-ES","potentialAction":[{"@type":"ReadAction","target":["https:\/\/escenanorte.com\/ast\/evento\/la-nina-104-104-haurra-yarleku-teatro-navarra\/"]}]},{"@type":"ImageObject","inLanguage":"ast-ES","@id":"https:\/\/escenanorte.com\/ast\/evento\/la-nina-104-104-haurra-yarleku-teatro-navarra\/#primaryimage","url":"https:\/\/escenanorte.com\/wp-content\/uploads\/2026\/06\/1.-La-nina-104.-@Enara-Otxoa-errarte-scaled.jpg","contentUrl":"https:\/\/escenanorte.com\/wp-content\/uploads\/2026\/06\/1.-La-nina-104.-@Enara-Otxoa-errarte-scaled.jpg","width":2560,"height":1707},{"@type":"BreadcrumbList","@id":"https:\/\/escenanorte.com\/ast\/evento\/la-nina-104-104-haurra-yarleku-teatro-navarra\/#breadcrumb","itemListElement":[{"@type":"ListItem","position":1,"name":"Portada","item":"https:\/\/escenanorte.com\/ast\/"},{"@type":"ListItem","position":2,"name":"Eventos","item":"https:\/\/escenanorte.com\/ast\/eventos\/"},{"@type":"ListItem","position":3,"name":"La ni\u00f1a 104 \/ 104. Haurra | Yarleku Teatro, Navarra"}]},{"@type":"WebSite","@id":"https:\/\/escenanorte.com\/ast\/#website","url":"https:\/\/escenanorte.com\/ast\/","name":"Camino Escena Norte","description":"Escena Norte","publisher":{"@id":"https:\/\/escenanorte.com\/ast\/#organization"},"potentialAction":[{"@type":"SearchAction","target":{"@type":"EntryPoint","urlTemplate":"https:\/\/escenanorte.com\/ast\/?s={search_term_string}"},"query-input":{"@type":"PropertyValueSpecification","valueRequired":true,"valueName":"search_term_string"}}],"inLanguage":"ast-ES"},{"@type":"Organization","@id":"https:\/\/escenanorte.com\/ast\/#organization","name":"Camino Escena Norte","url":"https:\/\/escenanorte.com\/ast\/","logo":{"@type":"ImageObject","inLanguage":"ast-ES","@id":"https:\/\/escenanorte.com\/ast\/#\/schema\/logo\/image\/","url":"https:\/\/escenanorte.com\/wp-content\/uploads\/2025\/09\/Logo-Escena-Norte-512.png","contentUrl":"https:\/\/escenanorte.com\/wp-content\/uploads\/2025\/09\/Logo-Escena-Norte-512.png","width":512,"height":512,"caption":"Camino Escena Norte"},"image":{"@id":"https:\/\/escenanorte.com\/ast\/#\/schema\/logo\/image\/"},"sameAs":["https:\/\/www.facebook.com\/escenanorte","https:\/\/instagram.com\/escenanorte"]}]}},"publishpress_future_workflow_manual_trigger":{"enabledWorkflows":[]},"_links":{"self":[{"href":"https:\/\/escenanorte.com\/ast\/wp-json\/wp\/v2\/tribe_events\/82569","targetHints":{"allow":["GET"]}}],"collection":[{"href":"https:\/\/escenanorte.com\/ast\/wp-json\/wp\/v2\/tribe_events"}],"about":[{"href":"https:\/\/escenanorte.com\/ast\/wp-json\/wp\/v2\/types\/tribe_events"}],"author":[{"embeddable":true,"href":"https:\/\/escenanorte.com\/ast\/wp-json\/wp\/v2\/users\/1"}],"version-history":[{"count":1,"href":"https:\/\/escenanorte.com\/ast\/wp-json\/wp\/v2\/tribe_events\/82569\/revisions"}],"predecessor-version":[{"id":82572,"href":"https:\/\/escenanorte.com\/ast\/wp-json\/wp\/v2\/tribe_events\/82569\/revisions\/82572"}],"wp:featuredmedia":[{"embeddable":true,"href":"https:\/\/escenanorte.com\/ast\/wp-json\/wp\/v2\/media\/81372"}],"wp:attachment":[{"href":"https:\/\/escenanorte.com\/ast\/wp-json\/wp\/v2\/media?parent=82569"}],"wp:term":[{"taxonomy":"post_tag","embeddable":true,"href":"https:\/\/escenanorte.com\/ast\/wp-json\/wp\/v2\/tags?post=82569"},{"taxonomy":"tribe_events_cat","embeddable":true,"href":"https:\/\/escenanorte.com\/ast\/wp-json\/wp\/v2\/tribe_events_cat?post=82569"}],"curies":[{"name":"wp","href":"https:\/\/api.w.org\/{rel}","templated":true}]}}