{"id":82297,"date":"2026-09-02T09:00:09","date_gmt":"2026-09-02T07:00:09","guid":{"rendered":"https:\/\/escenanorte.com\/?post_type=tribe_events&#038;p=82297"},"modified":"2026-08-29T19:17:17","modified_gmt":"2026-08-29T17:17:17","slug":"donde-estan-los-ninos-tartean-teatroa-euskadi","status":"publish","type":"tribe_events","link":"https:\/\/escenanorte.com\/ast\/evento\/donde-estan-los-ninos-tartean-teatroa-euskadi\/","title":{"rendered":"\u00bfD\u00f3nde est\u00e1n los ni\u00f1os? | Tartean Teatroa,  Euskadi"},"content":{"rendered":"<h5 class=\"wp-block-heading\"><strong>Tipo: Teatro y nuevos lenguajes<\/strong><\/h5>\n<ul class=\"wp-block-list\">\n<li class=\"has-small-font-size\"><strong>P\u00fablico: Adulto<\/strong><\/li>\n<li class=\"has-small-font-size\"><strong>Duraci\u00f3n: 90\u2019<\/strong><\/li>\n<li class=\"has-small-font-size\"><strong>Idioma: Castellano \u2013 Euskera<\/strong><\/li>\n<li class=\"has-small-font-size\"><strong>Estreno: 27 de septiembre de 2024. Sala BBK, Bilbao (Bizkaia) Euskadi<\/strong><\/li>\n<\/ul>\n<p class=\"wp-block-paragraph\"><strong>Nos encontramos ante una obra que narra un hecho ins\u00f3lito: el intento de suicidio de una ni\u00f1a de ocho a\u00f1os.<\/strong><\/p>\n<p class=\"wp-block-paragraph\"><strong>Maddi, que es como se llama la ni\u00f1a de nuestra historia, lleva una larga temporada mostrando signos de que algo no va bien. Se muestra inapetente, sus notas en clase han empeorado considerablemente y en casa se muestra esquiva ante los intentos de sus padres por saber qu\u00e9 le pasa. Finalmente deciden llevarla a la consulta de Leire, la psic\u00f3loga. Sin embargo, nadie puede evitar el tr\u00e1gico suceso. La ni\u00f1a ha sido rescatada gravemente herida al pie de un acantilado.<\/strong><\/p>\n<p class=\"wp-block-paragraph\"><strong>Sobre estos hechos se cimenta una dramaturgia que revela la presi\u00f3n a la que son sometidos los ni\u00f1os por una sociedad quebrada, cruelmente exigente y absolutamente depresiva.<\/strong><\/p>\n<p class=\"wp-block-paragraph\"><strong>Tartean Teatro <\/strong>apuesta por la creaci\u00f3n original. Es decir, la compa\u00f1\u00eda crea, produce y distribuye espect\u00e1culos propios.<\/p>\n<p class=\"wp-block-paragraph\">Todas nuestras obras son originales y las creamos en grupo, desde el germen inicial hasta su final sobre el escenario.<\/p>\n<p class=\"wp-block-paragraph\">Es un teatro contempor\u00e1neo que habla de las preocupaciones de nuestro tiempo, basado en el teatro aristot\u00e9lico (la palabra y la trama), utilizando las nuevas formas y utilidades que ofrece el teatro posdram\u00e1tico, en cada momento y seg\u00fan lo requiera la propuesta.<\/p>\n<p class=\"wp-block-paragraph\">Este tipo de teatro utiliza registros de comedia y tragedia, y muchas veces combinamos ambos en una misma pieza: drama con burbujas de comedia o comedia con toques de<br \/>\ndrama.<\/p>\n<p><span style=\"color: #339966;\"><b>\u24d8 Encuentro posterior con el p\u00fablico de la mano de la compa\u00f1\u00eda<\/b><\/span><\/p>\n<p><iframe loading=\"lazy\" title=\"D\u00d3NDE ESTAN LOS NI\u00d1OS - TEASER\" src=\"https:\/\/player.vimeo.com\/video\/1019718869?dnt=1&amp;app_id=122963\" width=\"500\" height=\"281\" frameborder=\"0\" allow=\"autoplay; fullscreen; picture-in-picture; clipboard-write; encrypted-media; web-share\" referrerpolicy=\"strict-origin-when-cross-origin\"><\/iframe><\/p>\n","protected":false},"excerpt":{"rendered":"<p>Tipo: Teatro y nuevos lenguajes P\u00fablico: Adulto Duraci\u00f3n: 90\u2019 Idioma: Castellano \u2013 Euskera Estreno: 27 de septiembre de 2024. Sala BBK, Bilbao (Bizkaia) Euskadi Nos encontramos ante una obra que [&hellip;]<\/p>\n","protected":false},"author":1,"featured_media":81353,"template":"","meta":{"_tribe_events_status":"","_tribe_events_status_reason":"","footnotes":""},"tags":[],"tribe_events_cat":[403],"class_list":["post-82297","tribe_events","type-tribe_events","status-publish","has-post-thumbnail","hentry","tribe_events_cat-constelaciones-la-rioxa","cat_constelaciones-la-rioxa"],"yoast_head":"<!-- This site is optimized with the Yoast SEO plugin v28.4 - https:\/\/yoast.com\/product\/yoast-seo-wordpress\/ -->\n<title>\u00bfD\u00f3nde est\u00e1n los ni\u00f1os? | Tartean Teatroa, Euskadi - Camino Escena Norte<\/title>\n<meta name=\"robots\" content=\"index, follow, max-snippet:-1, max-image-preview:large, max-video-preview:-1\" \/>\n<link rel=\"canonical\" href=\"https:\/\/escenanorte.com\/ast\/evento\/donde-estan-los-ninos-tartean-teatroa-euskadi\/\" \/>\n<meta property=\"og:locale\" content=\"en_US\" \/>\n<meta property=\"og:type\" content=\"article\" \/>\n<meta property=\"og:title\" content=\"\u00bfD\u00f3nde est\u00e1n los ni\u00f1os? | Tartean Teatroa, Euskadi - Camino Escena Norte\" \/>\n<meta property=\"og:description\" content=\"Tipo: Teatro y nuevos lenguajes P\u00fablico: Adulto Duraci\u00f3n: 90\u2019 Idioma: Castellano \u2013 Euskera Estreno: 27 de septiembre de 2024. Sala BBK, Bilbao (Bizkaia) Euskadi Nos encontramos ante una obra que [&hellip;]\" \/>\n<meta property=\"og:url\" content=\"https:\/\/escenanorte.com\/ast\/evento\/donde-estan-los-ninos-tartean-teatroa-euskadi\/\" \/>\n<meta property=\"og:site_name\" content=\"Camino Escena Norte\" \/>\n<meta property=\"article:publisher\" content=\"https:\/\/www.facebook.com\/escenanorte\" \/>\n<meta property=\"og:image\" content=\"https:\/\/escenanorte.com\/wp-content\/uploads\/2026\/06\/FOTO1-@PIO-ORTIZ-DE-PINEDO-scaled.jpg\" \/>\n\t<meta property=\"og:image:width\" content=\"2560\" \/>\n\t<meta property=\"og:image:height\" content=\"1494\" \/>\n\t<meta property=\"og:image:type\" content=\"image\/jpeg\" \/>\n<meta name=\"twitter:card\" content=\"summary_large_image\" \/>\n<meta name=\"twitter:label1\" content=\"Est. reading time\" \/>\n\t<meta name=\"twitter:data1\" content=\"1 minute\" \/>\n<script type=\"application\/ld+json\" class=\"yoast-schema-graph\">{\"@context\":\"https:\\\/\\\/schema.org\",\"@graph\":[{\"@type\":\"WebPage\",\"@id\":\"https:\\\/\\\/escenanorte.com\\\/ast\\\/evento\\\/donde-estan-los-ninos-tartean-teatroa-euskadi\\\/\",\"url\":\"https:\\\/\\\/escenanorte.com\\\/ast\\\/evento\\\/donde-estan-los-ninos-tartean-teatroa-euskadi\\\/\",\"name\":\"\u00bfD\u00f3nde est\u00e1n los ni\u00f1os? | Tartean Teatroa, Euskadi - Camino Escena Norte\",\"isPartOf\":{\"@id\":\"https:\\\/\\\/escenanorte.com\\\/ast\\\/#website\"},\"primaryImageOfPage\":{\"@id\":\"https:\\\/\\\/escenanorte.com\\\/ast\\\/evento\\\/donde-estan-los-ninos-tartean-teatroa-euskadi\\\/#primaryimage\"},\"image\":{\"@id\":\"https:\\\/\\\/escenanorte.com\\\/ast\\\/evento\\\/donde-estan-los-ninos-tartean-teatroa-euskadi\\\/#primaryimage\"},\"thumbnailUrl\":\"https:\\\/\\\/escenanorte.com\\\/wp-content\\\/uploads\\\/2026\\\/06\\\/FOTO1-@PIO-ORTIZ-DE-PINEDO-scaled.jpg\",\"datePublished\":\"2026-09-02T07:00:09+00:00\",\"breadcrumb\":{\"@id\":\"https:\\\/\\\/escenanorte.com\\\/ast\\\/evento\\\/donde-estan-los-ninos-tartean-teatroa-euskadi\\\/#breadcrumb\"},\"inLanguage\":\"ast-ES\",\"potentialAction\":[{\"@type\":\"ReadAction\",\"target\":[\"https:\\\/\\\/escenanorte.com\\\/ast\\\/evento\\\/donde-estan-los-ninos-tartean-teatroa-euskadi\\\/\"]}]},{\"@type\":\"ImageObject\",\"inLanguage\":\"ast-ES\",\"@id\":\"https:\\\/\\\/escenanorte.com\\\/ast\\\/evento\\\/donde-estan-los-ninos-tartean-teatroa-euskadi\\\/#primaryimage\",\"url\":\"https:\\\/\\\/escenanorte.com\\\/wp-content\\\/uploads\\\/2026\\\/06\\\/FOTO1-@PIO-ORTIZ-DE-PINEDO-scaled.jpg\",\"contentUrl\":\"https:\\\/\\\/escenanorte.com\\\/wp-content\\\/uploads\\\/2026\\\/06\\\/FOTO1-@PIO-ORTIZ-DE-PINEDO-scaled.jpg\",\"width\":2560,\"height\":1494},{\"@type\":\"BreadcrumbList\",\"@id\":\"https:\\\/\\\/escenanorte.com\\\/ast\\\/evento\\\/donde-estan-los-ninos-tartean-teatroa-euskadi\\\/#breadcrumb\",\"itemListElement\":[{\"@type\":\"ListItem\",\"position\":1,\"name\":\"Portada\",\"item\":\"https:\\\/\\\/escenanorte.com\\\/ast\\\/\"},{\"@type\":\"ListItem\",\"position\":2,\"name\":\"Eventos\",\"item\":\"https:\\\/\\\/escenanorte.com\\\/ast\\\/eventos\\\/\"},{\"@type\":\"ListItem\",\"position\":3,\"name\":\"\u00bfD\u00f3nde est\u00e1n los ni\u00f1os? | Tartean Teatroa, Euskadi\"}]},{\"@type\":\"WebSite\",\"@id\":\"https:\\\/\\\/escenanorte.com\\\/ast\\\/#website\",\"url\":\"https:\\\/\\\/escenanorte.com\\\/ast\\\/\",\"name\":\"Camino Escena Norte\",\"description\":\"Escena Norte\",\"publisher\":{\"@id\":\"https:\\\/\\\/escenanorte.com\\\/ast\\\/#organization\"},\"potentialAction\":[{\"@type\":\"SearchAction\",\"target\":{\"@type\":\"EntryPoint\",\"urlTemplate\":\"https:\\\/\\\/escenanorte.com\\\/ast\\\/?s={search_term_string}\"},\"query-input\":{\"@type\":\"PropertyValueSpecification\",\"valueRequired\":true,\"valueName\":\"search_term_string\"}}],\"inLanguage\":\"ast-ES\"},{\"@type\":\"Organization\",\"@id\":\"https:\\\/\\\/escenanorte.com\\\/ast\\\/#organization\",\"name\":\"Camino Escena Norte\",\"url\":\"https:\\\/\\\/escenanorte.com\\\/ast\\\/\",\"logo\":{\"@type\":\"ImageObject\",\"inLanguage\":\"ast-ES\",\"@id\":\"https:\\\/\\\/escenanorte.com\\\/ast\\\/#\\\/schema\\\/logo\\\/image\\\/\",\"url\":\"https:\\\/\\\/escenanorte.com\\\/wp-content\\\/uploads\\\/2025\\\/09\\\/Logo-Escena-Norte-512.png\",\"contentUrl\":\"https:\\\/\\\/escenanorte.com\\\/wp-content\\\/uploads\\\/2025\\\/09\\\/Logo-Escena-Norte-512.png\",\"width\":512,\"height\":512,\"caption\":\"Camino Escena Norte\"},\"image\":{\"@id\":\"https:\\\/\\\/escenanorte.com\\\/ast\\\/#\\\/schema\\\/logo\\\/image\\\/\"},\"sameAs\":[\"https:\\\/\\\/www.facebook.com\\\/escenanorte\",\"https:\\\/\\\/instagram.com\\\/escenanorte\"]}]}<\/script>\n<!-- \/ Yoast SEO plugin. -->","yoast_head_json":{"title":"\u00bfD\u00f3nde est\u00e1n los ni\u00f1os? | Tartean Teatroa, Euskadi - Camino Escena Norte","robots":{"index":"index","follow":"follow","max-snippet":"max-snippet:-1","max-image-preview":"max-image-preview:large","max-video-preview":"max-video-preview:-1"},"canonical":"https:\/\/escenanorte.com\/ast\/evento\/donde-estan-los-ninos-tartean-teatroa-euskadi\/","og_locale":"en_US","og_type":"article","og_title":"\u00bfD\u00f3nde est\u00e1n los ni\u00f1os? | Tartean Teatroa, Euskadi - Camino Escena Norte","og_description":"Tipo: Teatro y nuevos lenguajes P\u00fablico: Adulto Duraci\u00f3n: 90\u2019 Idioma: Castellano \u2013 Euskera Estreno: 27 de septiembre de 2024. Sala BBK, Bilbao (Bizkaia) Euskadi Nos encontramos ante una obra que [&hellip;]","og_url":"https:\/\/escenanorte.com\/ast\/evento\/donde-estan-los-ninos-tartean-teatroa-euskadi\/","og_site_name":"Camino Escena Norte","article_publisher":"https:\/\/www.facebook.com\/escenanorte","og_image":[{"width":2560,"height":1494,"url":"https:\/\/escenanorte.com\/wp-content\/uploads\/2026\/06\/FOTO1-@PIO-ORTIZ-DE-PINEDO-scaled.jpg","type":"image\/jpeg"}],"twitter_card":"summary_large_image","twitter_misc":{"Est. reading time":"1 minute"},"schema":{"@context":"https:\/\/schema.org","@graph":[{"@type":"WebPage","@id":"https:\/\/escenanorte.com\/ast\/evento\/donde-estan-los-ninos-tartean-teatroa-euskadi\/","url":"https:\/\/escenanorte.com\/ast\/evento\/donde-estan-los-ninos-tartean-teatroa-euskadi\/","name":"\u00bfD\u00f3nde est\u00e1n los ni\u00f1os? | Tartean Teatroa, Euskadi - Camino Escena Norte","isPartOf":{"@id":"https:\/\/escenanorte.com\/ast\/#website"},"primaryImageOfPage":{"@id":"https:\/\/escenanorte.com\/ast\/evento\/donde-estan-los-ninos-tartean-teatroa-euskadi\/#primaryimage"},"image":{"@id":"https:\/\/escenanorte.com\/ast\/evento\/donde-estan-los-ninos-tartean-teatroa-euskadi\/#primaryimage"},"thumbnailUrl":"https:\/\/escenanorte.com\/wp-content\/uploads\/2026\/06\/FOTO1-@PIO-ORTIZ-DE-PINEDO-scaled.jpg","datePublished":"2026-09-02T07:00:09+00:00","breadcrumb":{"@id":"https:\/\/escenanorte.com\/ast\/evento\/donde-estan-los-ninos-tartean-teatroa-euskadi\/#breadcrumb"},"inLanguage":"ast-ES","potentialAction":[{"@type":"ReadAction","target":["https:\/\/escenanorte.com\/ast\/evento\/donde-estan-los-ninos-tartean-teatroa-euskadi\/"]}]},{"@type":"ImageObject","inLanguage":"ast-ES","@id":"https:\/\/escenanorte.com\/ast\/evento\/donde-estan-los-ninos-tartean-teatroa-euskadi\/#primaryimage","url":"https:\/\/escenanorte.com\/wp-content\/uploads\/2026\/06\/FOTO1-@PIO-ORTIZ-DE-PINEDO-scaled.jpg","contentUrl":"https:\/\/escenanorte.com\/wp-content\/uploads\/2026\/06\/FOTO1-@PIO-ORTIZ-DE-PINEDO-scaled.jpg","width":2560,"height":1494},{"@type":"BreadcrumbList","@id":"https:\/\/escenanorte.com\/ast\/evento\/donde-estan-los-ninos-tartean-teatroa-euskadi\/#breadcrumb","itemListElement":[{"@type":"ListItem","position":1,"name":"Portada","item":"https:\/\/escenanorte.com\/ast\/"},{"@type":"ListItem","position":2,"name":"Eventos","item":"https:\/\/escenanorte.com\/ast\/eventos\/"},{"@type":"ListItem","position":3,"name":"\u00bfD\u00f3nde est\u00e1n los ni\u00f1os? | Tartean Teatroa, Euskadi"}]},{"@type":"WebSite","@id":"https:\/\/escenanorte.com\/ast\/#website","url":"https:\/\/escenanorte.com\/ast\/","name":"Camino Escena Norte","description":"Escena Norte","publisher":{"@id":"https:\/\/escenanorte.com\/ast\/#organization"},"potentialAction":[{"@type":"SearchAction","target":{"@type":"EntryPoint","urlTemplate":"https:\/\/escenanorte.com\/ast\/?s={search_term_string}"},"query-input":{"@type":"PropertyValueSpecification","valueRequired":true,"valueName":"search_term_string"}}],"inLanguage":"ast-ES"},{"@type":"Organization","@id":"https:\/\/escenanorte.com\/ast\/#organization","name":"Camino Escena Norte","url":"https:\/\/escenanorte.com\/ast\/","logo":{"@type":"ImageObject","inLanguage":"ast-ES","@id":"https:\/\/escenanorte.com\/ast\/#\/schema\/logo\/image\/","url":"https:\/\/escenanorte.com\/wp-content\/uploads\/2025\/09\/Logo-Escena-Norte-512.png","contentUrl":"https:\/\/escenanorte.com\/wp-content\/uploads\/2025\/09\/Logo-Escena-Norte-512.png","width":512,"height":512,"caption":"Camino Escena Norte"},"image":{"@id":"https:\/\/escenanorte.com\/ast\/#\/schema\/logo\/image\/"},"sameAs":["https:\/\/www.facebook.com\/escenanorte","https:\/\/instagram.com\/escenanorte"]}]}},"publishpress_future_workflow_manual_trigger":{"enabledWorkflows":[]},"_links":{"self":[{"href":"https:\/\/escenanorte.com\/ast\/wp-json\/wp\/v2\/tribe_events\/82297","targetHints":{"allow":["GET"]}}],"collection":[{"href":"https:\/\/escenanorte.com\/ast\/wp-json\/wp\/v2\/tribe_events"}],"about":[{"href":"https:\/\/escenanorte.com\/ast\/wp-json\/wp\/v2\/types\/tribe_events"}],"author":[{"embeddable":true,"href":"https:\/\/escenanorte.com\/ast\/wp-json\/wp\/v2\/users\/1"}],"version-history":[{"count":1,"href":"https:\/\/escenanorte.com\/ast\/wp-json\/wp\/v2\/tribe_events\/82297\/revisions"}],"predecessor-version":[{"id":82313,"href":"https:\/\/escenanorte.com\/ast\/wp-json\/wp\/v2\/tribe_events\/82297\/revisions\/82313"}],"wp:featuredmedia":[{"embeddable":true,"href":"https:\/\/escenanorte.com\/ast\/wp-json\/wp\/v2\/media\/81353"}],"wp:attachment":[{"href":"https:\/\/escenanorte.com\/ast\/wp-json\/wp\/v2\/media?parent=82297"}],"wp:term":[{"taxonomy":"post_tag","embeddable":true,"href":"https:\/\/escenanorte.com\/ast\/wp-json\/wp\/v2\/tags?post=82297"},{"taxonomy":"tribe_events_cat","embeddable":true,"href":"https:\/\/escenanorte.com\/ast\/wp-json\/wp\/v2\/tribe_events_cat?post=82297"}],"curies":[{"name":"wp","href":"https:\/\/api.w.org\/{rel}","templated":true}]}}