{"id":82037,"date":"2026-09-01T10:00:48","date_gmt":"2026-09-01T08:00:48","guid":{"rendered":"https:\/\/escenanorte.com\/?post_type=tribe_events&#038;p=82037"},"modified":"2026-08-27T11:38:42","modified_gmt":"2026-08-27T09:38:42","slug":"voo-vuelo-teatro-o-cubo-galicia","status":"publish","type":"tribe_events","link":"https:\/\/escenanorte.com\/ast\/evento\/voo-vuelo-teatro-o-cubo-galicia\/","title":{"rendered":"Voo \/ Vuelo | Teatro O Cubo,  Galicia"},"content":{"rendered":"<h5 class=\"wp-block-heading\"><strong>Tipo: Teatro y danza<\/strong><\/h5>\n<ul class=\"wp-block-list\">\n<li class=\"has-small-font-size\"><strong>P\u00fablico: Infantil y familiar<\/strong><\/li>\n<li class=\"has-small-font-size\"><strong>Duraci\u00f3n: 45\u2019<\/strong><\/li>\n<li class=\"has-small-font-size\"><strong>Idioma: Castellano \u2013 Gallego<\/strong><\/li>\n<li class=\"has-small-font-size\"><strong>Estreno: 27 de diciembre de 2025. Auditorio de Galicia, Santiago de Compostela (A Coru\u00f1a) \u2013 Galicia<\/strong><\/li>\n<\/ul>\n<p class=\"wp-block-paragraph\"><strong>\u2018Voo\u2019 es el nuevo espect\u00e1culo de Teatro O Cubo, una hermosa pieza de teatro f\u00edsico y manipulaci\u00f3n de objetos para p\u00fablico infantil y familiar que aborda la meta m\u00e1s so\u00f1ada por el ser humano: \u00a1poder volar sin alas!<\/strong><\/p>\n<p class=\"wp-block-paragraph\"><strong>Inspiradas por esta utop\u00eda, dos personajes se lanzar\u00e1n a la b\u00fasqueda del cielo envolviendo al p\u00fablico en la ingravidez y la fantas\u00eda. Empezar\u00e1n con ilusi\u00f3n y asombro, entrar\u00e1 en juego la exigencia y la avidez por el \u00e9xito y pasar\u00e1n por otros lugares como la convivencia, la amistad y el descubrimiento del goce de so\u00f1ar alto sin tener que ganar o perder.<\/strong><\/p>\n<p class=\"wp-block-paragraph\"><strong>La danza, la m\u00fasica, el movimiento, la poes\u00eda visual y la comicidad est\u00e1n presentes en todo momento, haciendo de esta propuesta un viaje para los sentidos.<\/strong><\/p>\n<p class=\"wp-block-paragraph\"><strong>Teatro O Cubo<\/strong> es una compa\u00f1\u00eda gallega de artes esc\u00e9nicas fundada en 2016 por Sof\u00eda Espi\u00f1eira y Roberto C. Mouri\u00f1o. Su propuesta profesional se fundamenta en la hibridaci\u00f3n de lenguajes, utilizando el teatro como soporte para integrar disciplinas como el circo, la danza, la m\u00fasica en directo y el teatro de objetos y marionetas. Su trabajo se orienta principalmente hacia el teatro familiar, de calle y de peque\u00f1o formato, y se caracteriza por una puesta en escena donde el movimiento f\u00edsico y la manipulaci\u00f3n de objetos tienen tanto peso narrativo como el texto.<\/p>\n<p class=\"wp-block-paragraph\">En su trayectoria destacan montajes como \u2018Nube, Nube, Sol\u2019, \u2018Ghop!\u2019, \u2018De Vilatriste a Vilalegre\u2019 y \u2018Voo\u2019, producciones que reflejan su modelo de creaci\u00f3n interdisciplinar y su formaci\u00f3n t\u00e9cnica en diversas \u00e1reas art\u00edsticas.<\/p>\n<p><strong><span style=\"color: #339966;\">\u24d8 Funci\u00f3n concertada con Centros Educativos, previa inscripci\u00f3n de los centros.<\/span><\/strong><\/p>\n<div class=\"epyt-video-wrapper\"><iframe loading=\"lazy\"  id=\"_ytid_97503\"  width=\"800\" height=\"450\"  data-origwidth=\"800\" data-origheight=\"450\"  data-relstop=\"1\" src=\"https:\/\/www.youtube-nocookie.com\/embed\/2YgG9w1g2qI?enablejsapi=1&#038;origin=https:\/\/escenanorte.com&#038;autoplay=0&#038;cc_load_policy=1&#038;cc_lang_pref=es&#038;iv_load_policy=1&#038;loop=0&#038;rel=0&#038;fs=1&#038;playsinline=0&#038;autohide=2&#038;hl=ast_ES&#038;theme=dark&#038;color=red&#038;controls=1&#038;disablekb=0&#038;\" class=\"__youtube_prefs__  epyt-is-override  no-lazyload\" title=\"YouTube player\"  allow=\"fullscreen; accelerometer; autoplay; clipboard-write; encrypted-media; gyroscope; picture-in-picture; web-share\" referrerpolicy=\"strict-origin-when-cross-origin\" allowfullscreen data-no-lazy=\"1\" data-skipgform_ajax_framebjll=\"\"><\/iframe><\/div>\n","protected":false},"excerpt":{"rendered":"<p>Tipo: Teatro y danza P\u00fablico: Infantil y familiar Duraci\u00f3n: 45\u2019 Idioma: Castellano \u2013 Gallego Estreno: 27 de diciembre de 2025. Auditorio de Galicia, Santiago de Compostela (A Coru\u00f1a) \u2013 Galicia [&hellip;]<\/p>\n","protected":false},"author":1,"featured_media":81297,"template":"","meta":{"_tribe_events_status":"","_tribe_events_status_reason":"","footnotes":""},"tags":[],"tribe_events_cat":[386,127],"class_list":["post-82037","tribe_events","type-tribe_events","status-publish","has-post-thumbnail","hentry","tribe_events_cat-constelaciones-asturies","tribe_events_cat-siendas","cat_constelaciones-asturies","cat_siendas"],"yoast_head":"<!-- This site is optimized with the Yoast SEO plugin v28.4 - https:\/\/yoast.com\/product\/yoast-seo-wordpress\/ -->\n<title>Voo \/ Vuelo | Teatro O Cubo, Galicia - Camino Escena Norte<\/title>\n<meta name=\"robots\" content=\"index, follow, max-snippet:-1, max-image-preview:large, max-video-preview:-1\" \/>\n<link rel=\"canonical\" href=\"https:\/\/escenanorte.com\/ast\/evento\/voo-vuelo-teatro-o-cubo-galicia\/\" \/>\n<meta property=\"og:locale\" content=\"en_US\" \/>\n<meta property=\"og:type\" content=\"article\" \/>\n<meta property=\"og:title\" content=\"Voo \/ Vuelo | Teatro O Cubo, Galicia - Camino Escena Norte\" \/>\n<meta property=\"og:description\" content=\"Tipo: Teatro y danza P\u00fablico: Infantil y familiar Duraci\u00f3n: 45\u2019 Idioma: Castellano \u2013 Gallego Estreno: 27 de diciembre de 2025. Auditorio de Galicia, Santiago de Compostela (A Coru\u00f1a) \u2013 Galicia [&hellip;]\" \/>\n<meta property=\"og:url\" content=\"https:\/\/escenanorte.com\/ast\/evento\/voo-vuelo-teatro-o-cubo-galicia\/\" \/>\n<meta property=\"og:site_name\" content=\"Camino Escena Norte\" \/>\n<meta property=\"article:publisher\" content=\"https:\/\/www.facebook.com\/escenanorte\" \/>\n<meta property=\"og:image\" content=\"https:\/\/escenanorte.com\/wp-content\/uploads\/2026\/06\/2.-Voo-Teatro-O-Cubo-@Diego-Bea-Besada-scaled.jpg\" \/>\n\t<meta property=\"og:image:width\" content=\"2560\" \/>\n\t<meta property=\"og:image:height\" content=\"1707\" \/>\n\t<meta property=\"og:image:type\" content=\"image\/jpeg\" \/>\n<meta name=\"twitter:card\" content=\"summary_large_image\" \/>\n<meta name=\"twitter:label1\" content=\"Est. reading time\" \/>\n\t<meta name=\"twitter:data1\" content=\"2 minutes\" \/>\n<script type=\"application\/ld+json\" class=\"yoast-schema-graph\">{\"@context\":\"https:\\\/\\\/schema.org\",\"@graph\":[{\"@type\":\"WebPage\",\"@id\":\"https:\\\/\\\/escenanorte.com\\\/ast\\\/evento\\\/voo-vuelo-teatro-o-cubo-galicia\\\/\",\"url\":\"https:\\\/\\\/escenanorte.com\\\/ast\\\/evento\\\/voo-vuelo-teatro-o-cubo-galicia\\\/\",\"name\":\"Voo \\\/ Vuelo | Teatro O Cubo, Galicia - Camino Escena Norte\",\"isPartOf\":{\"@id\":\"https:\\\/\\\/escenanorte.com\\\/ast\\\/#website\"},\"primaryImageOfPage\":{\"@id\":\"https:\\\/\\\/escenanorte.com\\\/ast\\\/evento\\\/voo-vuelo-teatro-o-cubo-galicia\\\/#primaryimage\"},\"image\":{\"@id\":\"https:\\\/\\\/escenanorte.com\\\/ast\\\/evento\\\/voo-vuelo-teatro-o-cubo-galicia\\\/#primaryimage\"},\"thumbnailUrl\":\"https:\\\/\\\/escenanorte.com\\\/wp-content\\\/uploads\\\/2026\\\/06\\\/2.-Voo-Teatro-O-Cubo-@Diego-Bea-Besada-scaled.jpg\",\"datePublished\":\"2026-09-01T08:00:48+00:00\",\"breadcrumb\":{\"@id\":\"https:\\\/\\\/escenanorte.com\\\/ast\\\/evento\\\/voo-vuelo-teatro-o-cubo-galicia\\\/#breadcrumb\"},\"inLanguage\":\"ast-ES\",\"potentialAction\":[{\"@type\":\"ReadAction\",\"target\":[\"https:\\\/\\\/escenanorte.com\\\/ast\\\/evento\\\/voo-vuelo-teatro-o-cubo-galicia\\\/\"]}]},{\"@type\":\"ImageObject\",\"inLanguage\":\"ast-ES\",\"@id\":\"https:\\\/\\\/escenanorte.com\\\/ast\\\/evento\\\/voo-vuelo-teatro-o-cubo-galicia\\\/#primaryimage\",\"url\":\"https:\\\/\\\/escenanorte.com\\\/wp-content\\\/uploads\\\/2026\\\/06\\\/2.-Voo-Teatro-O-Cubo-@Diego-Bea-Besada-scaled.jpg\",\"contentUrl\":\"https:\\\/\\\/escenanorte.com\\\/wp-content\\\/uploads\\\/2026\\\/06\\\/2.-Voo-Teatro-O-Cubo-@Diego-Bea-Besada-scaled.jpg\",\"width\":2560,\"height\":1707},{\"@type\":\"BreadcrumbList\",\"@id\":\"https:\\\/\\\/escenanorte.com\\\/ast\\\/evento\\\/voo-vuelo-teatro-o-cubo-galicia\\\/#breadcrumb\",\"itemListElement\":[{\"@type\":\"ListItem\",\"position\":1,\"name\":\"Portada\",\"item\":\"https:\\\/\\\/escenanorte.com\\\/ast\\\/\"},{\"@type\":\"ListItem\",\"position\":2,\"name\":\"Eventos\",\"item\":\"https:\\\/\\\/escenanorte.com\\\/ast\\\/eventos\\\/\"},{\"@type\":\"ListItem\",\"position\":3,\"name\":\"Voo \\\/ Vuelo | Teatro O Cubo, Galicia\"}]},{\"@type\":\"WebSite\",\"@id\":\"https:\\\/\\\/escenanorte.com\\\/ast\\\/#website\",\"url\":\"https:\\\/\\\/escenanorte.com\\\/ast\\\/\",\"name\":\"Camino Escena Norte\",\"description\":\"Escena Norte\",\"publisher\":{\"@id\":\"https:\\\/\\\/escenanorte.com\\\/ast\\\/#organization\"},\"potentialAction\":[{\"@type\":\"SearchAction\",\"target\":{\"@type\":\"EntryPoint\",\"urlTemplate\":\"https:\\\/\\\/escenanorte.com\\\/ast\\\/?s={search_term_string}\"},\"query-input\":{\"@type\":\"PropertyValueSpecification\",\"valueRequired\":true,\"valueName\":\"search_term_string\"}}],\"inLanguage\":\"ast-ES\"},{\"@type\":\"Organization\",\"@id\":\"https:\\\/\\\/escenanorte.com\\\/ast\\\/#organization\",\"name\":\"Camino Escena Norte\",\"url\":\"https:\\\/\\\/escenanorte.com\\\/ast\\\/\",\"logo\":{\"@type\":\"ImageObject\",\"inLanguage\":\"ast-ES\",\"@id\":\"https:\\\/\\\/escenanorte.com\\\/ast\\\/#\\\/schema\\\/logo\\\/image\\\/\",\"url\":\"https:\\\/\\\/escenanorte.com\\\/wp-content\\\/uploads\\\/2025\\\/09\\\/Logo-Escena-Norte-512.png\",\"contentUrl\":\"https:\\\/\\\/escenanorte.com\\\/wp-content\\\/uploads\\\/2025\\\/09\\\/Logo-Escena-Norte-512.png\",\"width\":512,\"height\":512,\"caption\":\"Camino Escena Norte\"},\"image\":{\"@id\":\"https:\\\/\\\/escenanorte.com\\\/ast\\\/#\\\/schema\\\/logo\\\/image\\\/\"},\"sameAs\":[\"https:\\\/\\\/www.facebook.com\\\/escenanorte\",\"https:\\\/\\\/instagram.com\\\/escenanorte\"]}]}<\/script>\n<!-- \/ Yoast SEO plugin. -->","yoast_head_json":{"title":"Voo \/ Vuelo | Teatro O Cubo, Galicia - Camino Escena Norte","robots":{"index":"index","follow":"follow","max-snippet":"max-snippet:-1","max-image-preview":"max-image-preview:large","max-video-preview":"max-video-preview:-1"},"canonical":"https:\/\/escenanorte.com\/ast\/evento\/voo-vuelo-teatro-o-cubo-galicia\/","og_locale":"en_US","og_type":"article","og_title":"Voo \/ Vuelo | Teatro O Cubo, Galicia - Camino Escena Norte","og_description":"Tipo: Teatro y danza P\u00fablico: Infantil y familiar Duraci\u00f3n: 45\u2019 Idioma: Castellano \u2013 Gallego Estreno: 27 de diciembre de 2025. Auditorio de Galicia, Santiago de Compostela (A Coru\u00f1a) \u2013 Galicia [&hellip;]","og_url":"https:\/\/escenanorte.com\/ast\/evento\/voo-vuelo-teatro-o-cubo-galicia\/","og_site_name":"Camino Escena Norte","article_publisher":"https:\/\/www.facebook.com\/escenanorte","og_image":[{"width":2560,"height":1707,"url":"https:\/\/escenanorte.com\/wp-content\/uploads\/2026\/06\/2.-Voo-Teatro-O-Cubo-@Diego-Bea-Besada-scaled.jpg","type":"image\/jpeg"}],"twitter_card":"summary_large_image","twitter_misc":{"Est. reading time":"2 minutes"},"schema":{"@context":"https:\/\/schema.org","@graph":[{"@type":"WebPage","@id":"https:\/\/escenanorte.com\/ast\/evento\/voo-vuelo-teatro-o-cubo-galicia\/","url":"https:\/\/escenanorte.com\/ast\/evento\/voo-vuelo-teatro-o-cubo-galicia\/","name":"Voo \/ Vuelo | Teatro O Cubo, Galicia - Camino Escena Norte","isPartOf":{"@id":"https:\/\/escenanorte.com\/ast\/#website"},"primaryImageOfPage":{"@id":"https:\/\/escenanorte.com\/ast\/evento\/voo-vuelo-teatro-o-cubo-galicia\/#primaryimage"},"image":{"@id":"https:\/\/escenanorte.com\/ast\/evento\/voo-vuelo-teatro-o-cubo-galicia\/#primaryimage"},"thumbnailUrl":"https:\/\/escenanorte.com\/wp-content\/uploads\/2026\/06\/2.-Voo-Teatro-O-Cubo-@Diego-Bea-Besada-scaled.jpg","datePublished":"2026-09-01T08:00:48+00:00","breadcrumb":{"@id":"https:\/\/escenanorte.com\/ast\/evento\/voo-vuelo-teatro-o-cubo-galicia\/#breadcrumb"},"inLanguage":"ast-ES","potentialAction":[{"@type":"ReadAction","target":["https:\/\/escenanorte.com\/ast\/evento\/voo-vuelo-teatro-o-cubo-galicia\/"]}]},{"@type":"ImageObject","inLanguage":"ast-ES","@id":"https:\/\/escenanorte.com\/ast\/evento\/voo-vuelo-teatro-o-cubo-galicia\/#primaryimage","url":"https:\/\/escenanorte.com\/wp-content\/uploads\/2026\/06\/2.-Voo-Teatro-O-Cubo-@Diego-Bea-Besada-scaled.jpg","contentUrl":"https:\/\/escenanorte.com\/wp-content\/uploads\/2026\/06\/2.-Voo-Teatro-O-Cubo-@Diego-Bea-Besada-scaled.jpg","width":2560,"height":1707},{"@type":"BreadcrumbList","@id":"https:\/\/escenanorte.com\/ast\/evento\/voo-vuelo-teatro-o-cubo-galicia\/#breadcrumb","itemListElement":[{"@type":"ListItem","position":1,"name":"Portada","item":"https:\/\/escenanorte.com\/ast\/"},{"@type":"ListItem","position":2,"name":"Eventos","item":"https:\/\/escenanorte.com\/ast\/eventos\/"},{"@type":"ListItem","position":3,"name":"Voo \/ Vuelo | Teatro O Cubo, Galicia"}]},{"@type":"WebSite","@id":"https:\/\/escenanorte.com\/ast\/#website","url":"https:\/\/escenanorte.com\/ast\/","name":"Camino Escena Norte","description":"Escena Norte","publisher":{"@id":"https:\/\/escenanorte.com\/ast\/#organization"},"potentialAction":[{"@type":"SearchAction","target":{"@type":"EntryPoint","urlTemplate":"https:\/\/escenanorte.com\/ast\/?s={search_term_string}"},"query-input":{"@type":"PropertyValueSpecification","valueRequired":true,"valueName":"search_term_string"}}],"inLanguage":"ast-ES"},{"@type":"Organization","@id":"https:\/\/escenanorte.com\/ast\/#organization","name":"Camino Escena Norte","url":"https:\/\/escenanorte.com\/ast\/","logo":{"@type":"ImageObject","inLanguage":"ast-ES","@id":"https:\/\/escenanorte.com\/ast\/#\/schema\/logo\/image\/","url":"https:\/\/escenanorte.com\/wp-content\/uploads\/2025\/09\/Logo-Escena-Norte-512.png","contentUrl":"https:\/\/escenanorte.com\/wp-content\/uploads\/2025\/09\/Logo-Escena-Norte-512.png","width":512,"height":512,"caption":"Camino Escena Norte"},"image":{"@id":"https:\/\/escenanorte.com\/ast\/#\/schema\/logo\/image\/"},"sameAs":["https:\/\/www.facebook.com\/escenanorte","https:\/\/instagram.com\/escenanorte"]}]}},"publishpress_future_workflow_manual_trigger":{"enabledWorkflows":[]},"_links":{"self":[{"href":"https:\/\/escenanorte.com\/ast\/wp-json\/wp\/v2\/tribe_events\/82037","targetHints":{"allow":["GET"]}}],"collection":[{"href":"https:\/\/escenanorte.com\/ast\/wp-json\/wp\/v2\/tribe_events"}],"about":[{"href":"https:\/\/escenanorte.com\/ast\/wp-json\/wp\/v2\/types\/tribe_events"}],"author":[{"embeddable":true,"href":"https:\/\/escenanorte.com\/ast\/wp-json\/wp\/v2\/users\/1"}],"version-history":[{"count":3,"href":"https:\/\/escenanorte.com\/ast\/wp-json\/wp\/v2\/tribe_events\/82037\/revisions"}],"predecessor-version":[{"id":82080,"href":"https:\/\/escenanorte.com\/ast\/wp-json\/wp\/v2\/tribe_events\/82037\/revisions\/82080"}],"wp:featuredmedia":[{"embeddable":true,"href":"https:\/\/escenanorte.com\/ast\/wp-json\/wp\/v2\/media\/81297"}],"wp:attachment":[{"href":"https:\/\/escenanorte.com\/ast\/wp-json\/wp\/v2\/media?parent=82037"}],"wp:term":[{"taxonomy":"post_tag","embeddable":true,"href":"https:\/\/escenanorte.com\/ast\/wp-json\/wp\/v2\/tags?post=82037"},{"taxonomy":"tribe_events_cat","embeddable":true,"href":"https:\/\/escenanorte.com\/ast\/wp-json\/wp\/v2\/tribe_events_cat?post=82037"}],"curies":[{"name":"wp","href":"https:\/\/api.w.org\/{rel}","templated":true}]}}