{"id":151,"date":"2020-08-18T11:18:18","date_gmt":"2020-08-18T09:18:18","guid":{"rendered":"http:\/\/escenaf.cluster028.hosting.ovh.net\/index.php\/quienes-somos\/"},"modified":"2026-08-26T11:00:57","modified_gmt":"2026-08-26T09:00:57","slug":"quienes-somos","status":"publish","type":"page","link":"https:\/\/escenanorte.com\/ast\/quienes-somos\/","title":{"rendered":"Qui\u00e9n somos"},"content":{"rendered":"<h1>Qui\u00e9n somos<\/h1>\n<div>\n<p>        <img decoding=\"async\" src=\"\/wp-content\/uploads\/2020\/08\/logo_escenagalega-2.png\" alt=\"\"><\/p>\n<div>\n<p>Con 24 a\u00f1os de vida <strong>ESCENA GALEGA<\/strong> ye l&#8217;asociaci\u00f3n de referencia del sector profesional en Galicia, angua\u00f1o con 57 compa\u00f1\u00edes acomu\u00f1aes. Somos un colectivu compromet\u00edu cola defensa de la llingua y la cultura como bien com\u00fan, que trabaya na interlocuci\u00f3n coles instituciones y colos distintos axentes implicaos na modernizaci\u00f3n del sector de les artes esc\u00e9niques y que busca conexones estrat\u00e9xiques con asociaciones allegaes d&#8217;otros territorios.<\/p>\n<\/div>\n<p><a href=\"http:\/\/www.escenagalega.gal\/\">www.escenagalega.gal<\/a><\/p>\n<\/div>\n<div>\n<p>        <img decoding=\"async\" src=\"\/wp-content\/uploads\/2020\/08\/logo_escenasturias.png\" alt=\"\"><\/p>\n<div>\n<p><strong>L&#8217;Asociaci\u00f3n de Compa\u00f1\u00edes Profesionales d&#8217;Artes Esc\u00e9niques d&#8217;Asturies<\/strong> (ESCENASTURIAS) constituyir nel a\u00f1u 2018 tres la uni\u00f3n de les dos asociaciones d&#8217;empreses d&#8217;artes esc\u00e9niques de la rex\u00f3n (FOROESCENA y ACPTA) Integrada angua\u00f1o por 35 compa\u00f1\u00edes venceyaes profesionalmente al mundu del espect\u00e1culu, tien el prop\u00f3situ de promover les artes esc\u00e9niques que se faen n&#8217;Asturies y contribuyir a la so proyecci\u00f3n a nivel nacional ya internacional.<\/p>\n<\/div>\n<p><a href=\"http:\/\/www.escenasturias.com\/\"> www.escenasturias.com<\/a><\/p>\n<\/div>\n<div>\n<p>        <img decoding=\"async\" src=\"\/wp-content\/uploads\/2020\/08\/logo_acepae.png\" alt=\"\"><\/p>\n<div>\n<p>L&#8217;Asociaci\u00f3n ye una entid\u00e1 que engloba a 24 empreses creada<span class=\"Apple-converted-space\">\u00a0 <\/span>coles mires d&#8217;axuntar productores de teatru, danza, circo y maxa de Cantabria. Hai de sirvir como \u00f3rganu de coordinaci\u00f3n, representaci\u00f3n, xesti\u00f3n, fomentu y defensa de los intereses xenerales de los sos miembros. Entendemos l&#8217;Asociaci\u00f3n como una necesid\u00e1 para encetar l&#8217;ordenamientu y vertebraci\u00f3n del nuesu sector y consiguir la reconocencia y la dignificaci\u00f3n del nuesu oficiu.<\/p>\n<\/div>\n<p><a href=\"http:\/\/www.acepae.es\/\">www.acepae.es <\/a><\/p>\n<\/div>\n<div>\n<p>        <img decoding=\"async\" src=\"\/wp-content\/uploads\/2020\/08\/logo_eskena.png\" alt=\"\"><\/p>\n<div>\n<p>L&#8217;asociaci\u00f3n <strong>ESKENA<\/strong> crear en 1995 coles mires de dar voz, espaciu y oportunidaes a les distintes empreses del mundu teatral vascu. Na actualid\u00e1 ta formada por 29 productores. Somos una asociaci\u00f3n que trabaya para la meyora de la comunicaci\u00f3n, la estabilid\u00e1 y el desenvolvimientu de les empreses del sector na nuesa comunid\u00e1. Llevamos m\u00e1s de 30 a\u00f1os siendo una referencia consolidada como promotora ya interlocutora de les artes esc\u00e9niques n&#8217;Euskadi.<br \/>Dende 2011 Eskena encargar de xestionar el Centru d&#8217;Innovaci\u00f3n Esc\u00e9nica Harrobia sito en Bilbao.<\/p>\n<\/div>\n<p><a href=\"http:\/\/www.eskena.org\/\">www.eskena.org<\/a><\/p>\n<\/div>\n<div>\n<p>        <img decoding=\"async\" src=\"\/wp-content\/uploads\/2023\/05\/logo-ESNA.png\" alt=\"\"><\/p>\n<div>\n<p>L&#8217;Asociaci\u00f3n Empresarial Escena Navarra, ESNA, ye una asociaci\u00f3n profesional d&#8217;empreses de producci\u00f3n esc\u00e9nica que trabayen na Comunid\u00e1 Foral de Navarra. Angua\u00f1o, ESNA componer de 8 empreses acomu\u00f1aes, toes elles con una llarga trayectoria na producci\u00f3n d&#8217;espect\u00e1culos teatrales y de maxa, na asistencia t\u00e9cnica d&#8217;espect\u00e1culos en vivu, seg\u00fan nel desenvolvimientu de diversos tipos de proyectos culturales y art\u00edsticos. De la mesma, ESNA ye una de les 15 organizaciones que componen a la Federaci\u00f3n Estatal d&#8217;Asociaciones d&#8217;Empreses de Teatru y Danza, FAETEDA, siendo na actualid\u00e1 l&#8217;\u00fanicu miembru en representaci\u00f3n del territoriu navarru.<\/p>\n<\/div>\n<p><a href=\"http:\/\/www.escenanavarra.com\/\">www.escenanavarra.com<\/a><\/p>\n<\/div>\n<div>\n<p>        <img decoding=\"async\" src=\"\/wp-content\/uploads\/2025\/02\/AESCENA.png\" alt=\"\"><\/p>\n<div>\n<p><strong>AESCENA<\/strong> ye una comunid\u00e1 profesional d&#8217;artes esc\u00e9niques de La Rioxa, diversa en llinguaxes, formatos y trayectories, unida pol compromisu cola creaci\u00f3n art\u00edstica y el desendolcu del sector.<br \/>Creemos, investigamos, producimos, formamos y compartimos proyectos esc\u00e9nicos que dialoguen col nuesu territoriu y se proyecten acull\u00e1 d&#8217;\u00e9l, dende lo llocal hacia \u00e1mbitos nacionales ya internacionales.<br \/>Apostamos poles artes esc\u00e9niques como un espaciu d&#8217;alcuentru, innovaci\u00f3n y tresformamientu social, dando puxu a la inclusi\u00f3n, la diversid\u00e1, la collaboraci\u00f3n, la sostenibilid\u00e1 y el respetu a toles miraes que conformen la nuesa comunid\u00e1.<\/p>\n<\/div>\n<p><a href=\"https:\/\/sie.fer.es\/esp\/Asociaciones\/Servicios\/AESCENA\/dir_3361.htm\">aescena<\/a><\/p>\n<\/div>\n<h1>\n<p>L&#8217;equipu del proyectu<\/p>\n<\/h1>\n<div>\n<ul>\n<li><b>Coordinaci\u00f3n:<\/b> Nerea Soto Guti\u00e9rrez.<\/li>\n<li><b>Xerencia: <\/b>Amaia Ib\u00e1\u00f1ez.<\/li>\n<li><b>Producci\u00f3n Asturies:<\/b> Patricia Baraga\u00f1o, UEvents.<\/li>\n<li><b>Producci\u00f3n Galicia: <\/b><span>CUNDE, Servicios de Producci\u00f3n.<\/span><\/li>\n<li><strong>Producci\u00f3n Navarra:<\/strong> Global Servicios Culturales.<\/li>\n<li><b>Producci\u00f3n Cantabria: <\/b>Bego\u00f1a Garc\u00eda.<\/li>\n<li><b><b>Producci\u00f3n Euskadi: <\/b><\/b>Idoia Ayestar\u00e1n.<\/li>\n<li><strong>Producci\u00f3n La Rioxa:<\/strong> Fernando Moreno.<\/li>\n<li><b>Gabinete de comunicaci\u00f3n:<\/b><span class=\"Apple-converted-space\">\u00a0<br \/><\/span><span>Luc\u00eda Pita-The Office Comunicaci\u00f3n (Galicia)<\/span><br \/><span>Marta Barb\u00f3n-MB Comunicaci\u00f3n (Asturies)<\/span><br \/><span>Felisa Palacio (Cantabria)<\/span><br \/><span>Gontzal Sa\u00e9nz-ieR \u2013 Informaci\u00f3n en Red (Euskadi)<\/span><br \/><span><span>Alberto Laiglesia &#8211; Global Servicios Culturales (Navarra)<br \/><\/span><\/span>Rebeca Ortega &#8211; Colibr\u00ed Comunicaci\u00f3n (La Rioxa)<\/li>\n<li><b>Redes sociales y estratexa online: <\/b>The Office Comunicaci\u00f3n.<\/li>\n<li><b>Dise\u00f1u gr\u00e1ficu:<\/b> MINIM Comunicaci\u00f3n.<\/li>\n<li><b>Ellaboraci\u00f3n de materiales ya imprenta:<br \/><\/b><span><span>LAU Creaciones ya Imprenta de la Diputaci\u00f3n d&#8217;Araba<\/span><\/span>.<\/li>\n<li><b>Dise\u00f1o web: <\/b>Diego Seixo.<\/li>\n<li><b><span data-subtree=\"aimfl\" data-processed=\"true\" data-copy-service-computed-style=\"font-family: &quot;Google Sans&quot;, &quot;Helvetica Neue&quot;, sans-serif; font-size: 16px; font-weight: 400; margin: 0px; text-decoration: none; border-bottom: 0px rgb(10, 10, 10);\"><\/span><strong class=\"rQesXe MPyX\" data-sfc-cp=\"\" jsaction=\"\" jscontroller=\"tP2kf#s32ZS\" data-sfc-root=\"ep\" jsuid=\"xhv9xf_m\" data-complete=\"true\" data-processed=\"true\" aria-owns=\"action-menu-parent-container\" data-copy-service-computed-style=\"font-family: &quot;Google Sans&quot;, &quot;Helvetica Neue&quot;, sans-serif; font-size: 16px; font-weight: 700; margin: 0px; text-decoration: none; border-bottom: 0px rgb(10, 10, 10);\">Cobertura fotogr\u00e1fica ya de v\u00eddeu<\/strong>:<br \/><\/b>Miguel Llambas Fotograf\u00eda<br \/>Ana Mart\u00edn-Estudio La Central<br \/>JPEG Estudio de Fotograf\u00eda.<\/li>\n<li><b>Montaxe y edici\u00f3n de v\u00eddeu:\u00a0<\/b>Miguel Lamas Fotograf\u00eda.<\/li>\n<li><b>Traducciones y asesor\u00eda lling\u00fc\u00edstica:<span class=\"Apple-converted-space\">\u00a0<br \/><\/span><\/b>Laura Iglesia.<br \/>Interwords.<br \/><span>Santiago Cortegoso.<\/span><\/li>\n<li><b>Comisi\u00f3n permanente de siguimientu del proyectu:<span class=\"Apple-converted-space\"> <br \/><\/span><\/b>Marta Alonso Tejada y Guillermo Carbajo (Escena Galega).<br \/>Luis Alija y Mayra Fern\u00e1ndez (EscenAsturias).<br \/>Carlos Troyano y Bego\u00f1a Garc\u00eda (ACEPAE).<br \/>Gorka M\u00ednguez e Idoia Ayestaran (Eskena).<br \/>David Lainez y Martxel Rodr\u00edguez (Esna)<br \/>S\u00f3nia Olveira y Bego\u00f1a Gonz\u00e1lez (aescena)<\/li>\n<li><span><strong>Imaxe de la edici\u00f3n:<\/strong> Sergio Llunik.<\/span><\/li>\n<\/ul>\n<\/div>\n<h1>\n<p>Comisiones de selecci\u00f3n de los espect\u00e1culos del Itinerariu Constelaciones<\/p>\n<\/h1>\n<div>\n<h3>Comisi\u00f3n de Galicia, Princip\u00e1u d\u2019Asturies y Cantabria<\/h3>\n<p>Escoy\u00f3 espect\u00e1culos d\u2019Euskadi, Comunid\u00e1 Foral Navarra y La Rioxa.<\/p>\n<div>\n<ul>\n<li class=\"Z1qcYe\" data-sfc-cp=\"\" jsaction=\"\" jscontroller=\"oSLmPe#HokZ0d\" data-sfc-root=\"ep\" jsuid=\"hrNx6d_t\" data-hveid=\"CAAIBhAB\" data-complete=\"true\" data-sae=\"\" data-copy-service-computed-style=\"font-family: &quot;Google Sans&quot;, &quot;Helvetica Neue&quot;, sans-serif; font-size: 16px; font-weight: 400; margin: 0px 0px 12px; text-decoration: none; border-bottom: 0px rgb(10, 10, 10);\"><span class=\"iNqyIf\" data-sfc-cp=\"\" jsaction=\"\" jscontroller=\"KdQfFc#d5Qebf\" data-sfc-root=\"ep\" jsuid=\"hrNx6d_u\" data-complete=\"true\" data-copy-service-computed-style=\"font-family: &quot;Google Sans&quot;, &quot;Helvetica Neue&quot;, sans-serif; font-size: 16px; font-weight: 400; margin: 0px; text-decoration: none; border-bottom: 0px rgb(10, 10, 10);\"><strong>Santiago S. Nieto Romar\u00eds.<\/strong> Funcionariu de Carrera. T\u00e9cnicu de Cultura del Concello de Outes, A Coru\u00f1a.<\/span><\/li>\n<li class=\"Z1qcYe\" data-sfc-cp=\"\" jsaction=\"\" jscontroller=\"oSLmPe#HokZ0d\" data-sfc-root=\"ep\" jsuid=\"hrNx6d_v\" data-hveid=\"CAAIBhAC\" data-complete=\"true\" data-sae=\"\" data-copy-service-computed-style=\"font-family: &quot;Google Sans&quot;, &quot;Helvetica Neue&quot;, sans-serif; font-size: 16px; font-weight: 400; margin: 0px 0px 12px; text-decoration: none; border-bottom: 0px rgb(10, 10, 10);\"><span class=\"iNqyIf\" data-sfc-cp=\"\" jsaction=\"\" jscontroller=\"KdQfFc#d5Qebf\" data-sfc-root=\"ep\" jsuid=\"hrNx6d_w\" data-complete=\"true\" data-copy-service-computed-style=\"font-family: &quot;Google Sans&quot;, &quot;Helvetica Neue&quot;, sans-serif; font-size: 16px; font-weight: 400; margin: 0px; text-decoration: none; border-bottom: 0px rgb(10, 10, 10);\"><strong>Gustavo del R\u00edo Prieto.<\/strong> Xestor cultural.<\/span><\/li>\n<li class=\"Z1qcYe\" data-sfc-cp=\"\" jsaction=\"\" jscontroller=\"oSLmPe#HokZ0d\" data-sfc-root=\"ep\" jsuid=\"hrNx6d_x\" data-hveid=\"CAAIBhAD\" data-complete=\"true\" data-sae=\"\" data-copy-service-computed-style=\"font-family: &quot;Google Sans&quot;, &quot;Helvetica Neue&quot;, sans-serif; font-size: 16px; font-weight: 400; margin: 0px 0px 12px; text-decoration: none; border-bottom: 0px rgb(10, 10, 10);\"><span class=\"iNqyIf\" data-sfc-cp=\"\" jsaction=\"\" jscontroller=\"KdQfFc#d5Qebf\" data-sfc-root=\"ep\" jsuid=\"hrNx6d_y\" data-complete=\"true\" data-copy-service-computed-style=\"font-family: &quot;Google Sans&quot;, &quot;Helvetica Neue&quot;, sans-serif; font-size: 16px; font-weight: 400; margin: 0px; text-decoration: none; border-bottom: 0px rgb(10, 10, 10);\"><strong>Adolfo Camilo D\u00edaz L\u00f3pez.<\/strong> Xerente de Cultura del Conceyu de Corvera D\u2019Asturies.<\/span><\/li>\n<li class=\"Z1qcYe\" data-sfc-cp=\"\" jsaction=\"\" jscontroller=\"oSLmPe#HokZ0d\" data-sfc-root=\"ep\" jsuid=\"hrNx6d_z\" data-hveid=\"CAAIBhAE\" data-complete=\"true\" data-sae=\"\" data-copy-service-computed-style=\"font-family: &quot;Google Sans&quot;, &quot;Helvetica Neue&quot;, sans-serif; font-size: 16px; font-weight: 400; margin: 0px 0px 12px; text-decoration: none; border-bottom: 0px rgb(10, 10, 10);\"><span class=\"iNqyIf\" data-sfc-cp=\"\" jsaction=\"\" jscontroller=\"KdQfFc#d5Qebf\" data-sfc-root=\"ep\" jsuid=\"hrNx6d_10\" data-complete=\"true\" data-copy-service-computed-style=\"font-family: &quot;Google Sans&quot;, &quot;Helvetica Neue&quot;, sans-serif; font-size: 16px; font-weight: 400; margin: 0px; text-decoration: none; border-bottom: 0px rgb(10, 10, 10);\"><strong>Ver\u00f3nica Rodr\u00edguez Fern\u00e1ndez.<\/strong> Xefa del Departamentu d\u2019Innovaci\u00f3n Cultural de la FMCE y UP del Conceyu de Xix\u00f3n.<\/span><\/li>\n<li class=\"Z1qcYe\" data-sfc-cp=\"\" jsaction=\"\" jscontroller=\"oSLmPe#HokZ0d\" data-sfc-root=\"ep\" jsuid=\"hrNx6d_11\" data-hveid=\"CAAIBhAF\" data-complete=\"true\" data-sae=\"\" data-copy-service-computed-style=\"font-family: &quot;Google Sans&quot;, &quot;Helvetica Neue&quot;, sans-serif; font-size: 16px; font-weight: 400; margin: 0px 0px 12px; text-decoration: none; border-bottom: 0px rgb(10, 10, 10);\"><span class=\"iNqyIf\" data-sfc-cp=\"\" jsaction=\"\" jscontroller=\"KdQfFc#d5Qebf\" data-sfc-root=\"ep\" jsuid=\"hrNx6d_12\" data-complete=\"true\" data-copy-service-computed-style=\"font-family: &quot;Google Sans&quot;, &quot;Helvetica Neue&quot;, sans-serif; font-size: 16px; font-weight: 400; margin: 0px; text-decoration: none; border-bottom: 0px rgb(10, 10, 10);\"><strong>Marta Romero Diego.<\/strong> Xestora y mediadora cultural.<\/span><\/li>\n<li class=\"Z1qcYe\" data-sfc-cp=\"\" jsaction=\"\" jscontroller=\"oSLmPe#HokZ0d\" data-sfc-root=\"ep\" jsuid=\"hrNx6d_13\" data-hveid=\"CAAIBhAG\" data-complete=\"true\" data-sae=\"\" data-copy-service-computed-style=\"font-family: &quot;Google Sans&quot;, &quot;Helvetica Neue&quot;, sans-serif; font-size: 16px; font-weight: 400; margin: 0px 0px 12px; text-decoration: none; border-bottom: 0px rgb(10, 10, 10);\"><span class=\"iNqyIf\" data-sfc-cp=\"\" jsaction=\"\" jscontroller=\"KdQfFc#d5Qebf\" data-sfc-root=\"ep\" jsuid=\"hrNx6d_14\" data-complete=\"true\" data-copy-service-computed-style=\"font-family: &quot;Google Sans&quot;, &quot;Helvetica Neue&quot;, sans-serif; font-size: 16px; font-weight: 400; margin: 0px; text-decoration: none; border-bottom: 0px rgb(10, 10, 10);\"><strong>Isabel Ibarra Arenado.<\/strong> Responsable de Programaci\u00f3n y Producci\u00f3n del Palacio de Festivales de Cantabria.<\/span><\/li>\n<\/ul>\n<\/div>\n<\/div>\n<div>\n<h3>Comisi\u00f3n d\u2019Euskadi, Comunid\u00e1 Foral Navarra y La Rioxa<\/h3>\n<p>Escoy\u00f3 espect\u00e1culos de Galicia, Princip\u00e1u d\u2019Asturies y Cantabria.<\/p>\n<div>\n<ul>\n<li><strong>Nagore Irastorza Artola.<\/strong> Responsable del Departamentu de Cultura del Conceyu de Zarautz.<\/li>\n<li><strong>Pello Mirena Guti\u00e9rrez Salceda.<\/strong> Ex-coordinador d\u2019Estudios y Proyectos de Eskena.<\/li>\n<li><strong>Nerea Garde Iriarte.<\/strong> Coordinadora cultural del Conceyu de Zizur Mayor.<\/li>\n<li><strong>Iker Bengotxea Goya.<\/strong> Xestor del Circuitu Sendaberri de la RTN-NAS.<\/li>\n<li><strong>Gabriel Santos Ruiz.<\/strong> Xefe de Serviciu de Promoci\u00f3n Cultural, Gobiernu de La Rioxa.<\/li>\n<li><strong>Yolanda Mar\u00edn Solano.<\/strong> Directora d\u2019Actividaes Culturales del Conceyu de Logro\u00f1o.<\/li>\n<\/ul>\n<\/div>\n<\/div>\n<div>\n<p>Un agradecimientu especial a les Xuntes Directives y toles compa\u00f1\u00edes que formen parte d\u2019Escena Galega, EscenAsturias, Acepae, Eskena, Esna y aescena.<\/p>\n<\/div>\n<p><!--more--><br \/>\n<!-- {\"name\":\"Quienes somos\",\"type\":\"layout\",\"children\":[{\"type\":\"section\",\"props\":{\"animation\":\"fade\",\"animation_delay\":\"200\",\"image_position\":\"center-center\",\"padding_bottom\":\"none\",\"padding_top\":\"small\",\"style\":\"default\",\"title_breakpoint\":\"xl\",\"title_position\":\"top-left\",\"title_rotation\":\"left\",\"vertical_align\":\"\",\"width\":\"default\"},\"children\":[{\"type\":\"row\",\"children\":[{\"type\":\"column\",\"props\":{\"image_position\":\"center-center\",\"position_sticky_breakpoint\":\"m\",\"width_medium\":\"1-1\"},\"children\":[{\"type\":\"headline\",\"props\":{\"content\":\"Qui\u00e9n somos\",\"image_align\":\"left\",\"image_margin\":\"xsmall\",\"title_element\":\"h1\"}}]}]}]},{\"name\":\"Asociaciones\",\"type\":\"section\",\"props\":{\"animation\":\"fade\",\"animation_delay\":\"200\",\"image_position\":\"center-center\",\"overlap\":true,\"padding_bottom\":\"small\",\"padding_top\":\"small\",\"style\":\"default\",\"title_breakpoint\":\"s\",\"title_position\":\"center-right\",\"title_rotation\":\"left\",\"vertical_align\":\"\",\"width\":\"default\"},\"children\":[{\"type\":\"row\",\"props\":{\"layout\":\"1-3,1-3,1-3\"},\"children\":[{\"type\":\"column\",\"props\":{\"image_position\":\"center-center\",\"position_sticky_breakpoint\":\"m\",\"width_medium\":\"1-3\"},\"children\":[{\"type\":\"panel\",\"props\":{\"content\":\"\n\n<p>Con 24 a\u00f1os de vida <strong>ESCENA GALEGA<\/strong> ye l'asociaci\u00f3n de referencia del sector profesional en Galicia, angua\u00f1o con 57 compa\u00f1\u00edes acomu\u00f1aes. Somos un colectivu compromet\u00edu cola defensa de la llingua y la cultura como bien com\u00fan, que trabaya na interlocuci\u00f3n coles instituciones y colos distintos axentes implicaos na modernizaci\u00f3n del sector de les artes esc\u00e9niques y que busca conexones estrat\u00e9xiques con asociaciones allegaes d'otros territorios.<\/p>\n\n\",\"content_column_breakpoint\":\"m\",\"image\":\"wp-content\/uploads\/2020\/08\/logo_escenagalega-2.png\",\"image_align\":\"top\",\"image_box_shadow_bottom\":false,\"image_grid_breakpoint\":\"m\",\"image_grid_width\":\"1-2\",\"image_height\":\"250\",\"image_svg_color\":\"emphasis\",\"link\":\"http:\/\/www.escenagalega.gal\/\",\"link_style\":\"text\",\"link_target\":true,\"link_text\":\"www.escenagalega.gal\",\"margin_bottom\":\"default\",\"margin_top\":\"default\",\"meta_align\":\"below-title\",\"meta_element\":\"div\",\"meta_style\":\"text-meta\",\"title_align\":\"top\",\"title_element\":\"h3\",\"title_grid_breakpoint\":\"m\",\"title_grid_width\":\"1-2\",\"title_hover_style\":\"reset\"}}]},{\"type\":\"column\",\"props\":{\"image_position\":\"center-center\",\"position_sticky_breakpoint\":\"m\",\"width_medium\":\"1-3\"},\"children\":[{\"type\":\"panel\",\"props\":{\"content\":\"\n\n<p><strong>L'Asociaci\u00f3n de Compa\u00f1\u00edes Profesionales d'Artes Esc\u00e9niques d'Asturies<\/strong> (ESCENASTURIAS) constituyir nel a\u00f1u 2018 tres la uni\u00f3n de les dos asociaciones d'empreses d'artes esc\u00e9niques de la rex\u00f3n (FOROESCENA y ACPTA) Integrada angua\u00f1o por 35 compa\u00f1\u00edes venceyaes profesionalmente al mundu del espect\u00e1culu, tien el prop\u00f3situ de promover les artes esc\u00e9niques que se faen n'Asturies y contribuyir a la so proyecci\u00f3n a nivel nacional ya internacional.<\/p>\n\n\",\"content_column_breakpoint\":\"m\",\"image\":\"wp-content\/uploads\/2020\/08\/logo_escenasturias.png\",\"image_align\":\"top\",\"image_grid_breakpoint\":\"m\",\"image_grid_width\":\"1-2\",\"image_height\":\"250\",\"image_svg_color\":\"emphasis\",\"link\":\"http:\/\/www.escenasturias.com\/\",\"link_style\":\"text\",\"link_target\":true,\"link_text\":\" www.escenasturias.com\",\"margin_bottom\":\"default\",\"margin_top\":\"default\",\"meta_align\":\"below-title\",\"meta_element\":\"div\",\"meta_style\":\"text-meta\",\"title_align\":\"top\",\"title_element\":\"h3\",\"title_grid_breakpoint\":\"m\",\"title_grid_width\":\"1-2\",\"title_hover_style\":\"reset\"}}]},{\"type\":\"column\",\"props\":{\"image_position\":\"center-center\",\"position_sticky_breakpoint\":\"m\",\"width_medium\":\"1-3\"},\"children\":[{\"type\":\"panel\",\"props\":{\"content\":\"\n\n<p>L'Asociaci\u00f3n ye una entid\u00e1 que engloba a 24 empreses creada<span class=\\\"Apple-converted-space\\\">\u00a0 <\/span>coles mires d'axuntar productores de teatru, danza, circo y maxa de Cantabria. Hai de sirvir como \u00f3rganu de coordinaci\u00f3n, representaci\u00f3n, xesti\u00f3n, fomentu y defensa de los intereses xenerales de los sos miembros. Entendemos l'Asociaci\u00f3n como una necesid\u00e1 para encetar l'ordenamientu y vertebraci\u00f3n del nuesu sector y consiguir la reconocencia y la dignificaci\u00f3n del nuesu oficiu.<\/p>\n\n\",\"content_column_breakpoint\":\"m\",\"image\":\"wp-content\/uploads\/2020\/08\/logo_acepae.png\",\"image_align\":\"top\",\"image_grid_breakpoint\":\"m\",\"image_grid_width\":\"1-2\",\"image_height\":\"250\",\"image_svg_color\":\"emphasis\",\"link\":\"http:\/\/www.acepae.es\/\",\"link_style\":\"text\",\"link_target\":true,\"link_text\":\"www.acepae.es \",\"margin_bottom\":\"default\",\"margin_top\":\"default\",\"meta_align\":\"below-title\",\"meta_element\":\"div\",\"meta_style\":\"text-meta\",\"title_align\":\"top\",\"title_element\":\"h3\",\"title_grid_breakpoint\":\"m\",\"title_grid_width\":\"1-2\",\"title_hover_style\":\"reset\"}}]}]},{\"type\":\"row\",\"props\":{\"layout\":\"1-3,1-3,1-3\"},\"children\":[{\"type\":\"column\",\"props\":{\"image_position\":\"center-center\",\"position_sticky_breakpoint\":\"m\",\"width_medium\":\"1-3\"},\"children\":[{\"type\":\"panel\",\"props\":{\"content\":\"\n\n<p>L'asociaci\u00f3n <strong>ESKENA<\/strong> crear en 1995 coles mires de dar voz, espaciu y oportunidaes a les distintes empreses del mundu teatral vascu. Na actualid\u00e1 ta formada por 29 productores. Somos una asociaci\u00f3n que trabaya para la meyora de la comunicaci\u00f3n, la estabilid\u00e1 y el desenvolvimientu de les empreses del sector na nuesa comunid\u00e1. Llevamos m\u00e1s de 30 a\u00f1os siendo una referencia consolidada como promotora ya interlocutora de les artes esc\u00e9niques n'Euskadi.<br \/>Dende 2011 Eskena encargar de xestionar el Centru d'Innovaci\u00f3n Esc\u00e9nica Harrobia sito en Bilbao.<\/p>\n\n\",\"content_column_breakpoint\":\"m\",\"image\":\"wp-content\/uploads\/2020\/08\/logo_eskena.png\",\"image_align\":\"top\",\"image_grid_breakpoint\":\"m\",\"image_grid_width\":\"1-2\",\"image_height\":\"250\",\"image_svg_color\":\"emphasis\",\"link\":\"http:\/\/www.eskena.org\/\",\"link_style\":\"text\",\"link_target\":true,\"link_text\":\"www.eskena.org\",\"margin_bottom\":\"default\",\"margin_top\":\"default\",\"meta_align\":\"below-title\",\"meta_element\":\"div\",\"meta_style\":\"text-meta\",\"title_align\":\"top\",\"title_element\":\"h3\",\"title_grid_breakpoint\":\"m\",\"title_grid_width\":\"1-2\",\"title_hover_style\":\"reset\"}}]},{\"type\":\"column\",\"props\":{\"image_position\":\"center-center\",\"position_sticky_breakpoint\":\"m\",\"width_medium\":\"1-3\"},\"children\":[{\"type\":\"panel\",\"props\":{\"content\":\"\n\n<p>L'Asociaci\u00f3n Empresarial Escena Navarra, ESNA, ye una asociaci\u00f3n profesional d'empreses de producci\u00f3n esc\u00e9nica que trabayen na Comunid\u00e1 Foral de Navarra. Angua\u00f1o, ESNA componer de 8 empreses acomu\u00f1aes, toes elles con una llarga trayectoria na producci\u00f3n d'espect\u00e1culos teatrales y de maxa, na asistencia t\u00e9cnica d'espect\u00e1culos en vivu, seg\u00fan nel desenvolvimientu de diversos tipos de proyectos culturales y art\u00edsticos. De la mesma, ESNA ye una de les 15 organizaciones que componen a la Federaci\u00f3n Estatal d'Asociaciones d'Empreses de Teatru y Danza, FAETEDA, siendo na actualid\u00e1 l'\u00fanicu miembru en representaci\u00f3n del territoriu navarru.<\/p>\n\n\",\"content_column_breakpoint\":\"m\",\"image\":\"wp-content\/uploads\/2023\/05\/logo-ESNA.png\",\"image_align\":\"top\",\"image_grid_breakpoint\":\"m\",\"image_grid_width\":\"1-2\",\"image_height\":\"250\",\"image_svg_color\":\"emphasis\",\"link\":\"http:\/\/www.escenanavarra.com\/\",\"link_style\":\"text\",\"link_target\":true,\"link_text\":\"www.escenanavarra.com\",\"margin_bottom\":\"default\",\"margin_top\":\"default\",\"meta_align\":\"below-title\",\"meta_element\":\"div\",\"meta_style\":\"text-meta\",\"title_align\":\"top\",\"title_element\":\"h3\",\"title_grid_breakpoint\":\"m\",\"title_grid_width\":\"1-2\",\"title_hover_style\":\"reset\"}}]},{\"type\":\"column\",\"props\":{\"image_position\":\"center-center\",\"position_sticky_breakpoint\":\"m\",\"width_medium\":\"1-3\"},\"children\":[{\"type\":\"panel\",\"props\":{\"content\":\"\n\n<p><strong>AESCENA<\/strong> ye una comunid\u00e1 profesional d'artes esc\u00e9niques de La Rioxa, diversa en llinguaxes, formatos y trayectories, unida pol compromisu cola creaci\u00f3n art\u00edstica y el desendolcu del sector.<br \/>Creemos, investigamos, producimos, formamos y compartimos proyectos esc\u00e9nicos que dialoguen col nuesu territoriu y se proyecten acull\u00e1 d'\u00e9l, dende lo llocal hacia \u00e1mbitos nacionales ya internacionales.<br \/>Apostamos poles artes esc\u00e9niques como un espaciu d'alcuentru, innovaci\u00f3n y tresformamientu social, dando puxu a la inclusi\u00f3n, la diversid\u00e1, la collaboraci\u00f3n, la sostenibilid\u00e1 y el respetu a toles miraes que conformen la nuesa comunid\u00e1.<\/p>\n\n\",\"content_column_breakpoint\":\"m\",\"image\":\"wp-content\/uploads\/2025\/02\/AESCENA.png\",\"image_align\":\"top\",\"image_grid_breakpoint\":\"m\",\"image_grid_width\":\"1-2\",\"image_height\":\"250\",\"image_svg_color\":\"emphasis\",\"link\":\"https:\/\/sie.fer.es\/esp\/Asociaciones\/Servicios\/AESCENA\/dir_3361.htm\",\"link_style\":\"text\",\"link_target\":true,\"link_text\":\"aescena\",\"margin_bottom\":\"default\",\"margin_top\":\"default\",\"meta_align\":\"below-title\",\"meta_element\":\"div\",\"meta_style\":\"text-meta\",\"title_align\":\"top\",\"title_element\":\"h3\",\"title_grid_breakpoint\":\"m\",\"title_grid_width\":\"1-2\",\"title_hover_style\":\"reset\"}}]}]}]},{\"type\":\"section\",\"props\":{\"animation\":\"fade\",\"animation_delay\":\"200\",\"image_position\":\"center-center\",\"overlap\":false,\"padding_bottom\":\"none\",\"padding_top\":\"small\",\"style\":\"muted\",\"title_breakpoint\":\"xl\",\"title_position\":\"top-left\",\"title_rotation\":\"left\",\"vertical_align\":\"\",\"width\":\"default\"},\"children\":[{\"type\":\"row\",\"children\":[{\"type\":\"column\",\"props\":{\"image_position\":\"center-center\",\"position_sticky_breakpoint\":\"m\",\"width_medium\":\"1-1\"},\"children\":[{\"type\":\"headline\",\"props\":{\"content\":\"\n\n<p>L'equipu del proyectu<\/p>\n\n\",\"image_align\":\"left\",\"image_margin\":\"xsmall\",\"title_color\":\"success\",\"title_element\":\"h1\"}}]}]}]},{\"type\":\"section\",\"props\":{\"animation\":\"fade\",\"animation_delay\":\"200\",\"image_position\":\"center-center\",\"overlap\":true,\"style\":\"muted\",\"title_breakpoint\":\"s\",\"title_position\":\"center-right\",\"title_rotation\":\"left\",\"vertical_align\":\"\",\"width\":\"default\"},\"children\":[{\"type\":\"row\",\"children\":[{\"type\":\"column\",\"props\":{\"image_position\":\"center-center\",\"position_sticky_breakpoint\":\"m\",\"width_medium\":\"1-1\"},\"children\":[{\"type\":\"text\",\"props\":{\"column\":\"1-2\",\"column_breakpoint\":\"l\",\"content\":\"\n\n<ul>\\n\n\n<li><b>Coordinaci\u00f3n:<\/b> Nerea Soto Guti\u00e9rrez.<\/li>\n\n\\n\n\n<li><b>Xerencia: <\/b>Amaia Ib\u00e1\u00f1ez.<\/li>\n\n\\n\n\n<li><b>Producci\u00f3n Asturies:<\/b> Patricia Baraga\u00f1o, UEvents.<\/li>\n\n\\n\n\n<li><b>Producci\u00f3n Galicia: <\/b><span>CUNDE, Servicios de Producci\u00f3n.<\/span><\/li>\n\n\\n\n\n<li><strong>Producci\u00f3n Navarra:<\/strong> Global Servicios Culturales.<\/li>\n\n\\n\n\n<li><b>Producci\u00f3n Cantabria: <\/b>Bego\u00f1a Garc\u00eda.<\/li>\n\n\\n\n\n<li><b><b>Producci\u00f3n Euskadi: <\/b><\/b>Idoia Ayestar\u00e1n.<\/li>\n\n\\n\n\n<li><strong>Producci\u00f3n La Rioxa:<\/strong> Fernando Moreno.<\/li>\n\n\\n\n\n<li><b>Gabinete de comunicaci\u00f3n:<\/b><span class=\\\"Apple-converted-space\\\">\u00a0<br \/><\/span><span>Luc\u00eda Pita-The Office Comunicaci\u00f3n (Galicia)<\/span><br \/><span>Marta Barb\u00f3n-MB Comunicaci\u00f3n (Asturies)<\/span><br \/><span>Felisa Palacio (Cantabria)<\/span><br \/><span>Gontzal Sa\u00e9nz-ieR \u2013 Informaci\u00f3n en Red (Euskadi)<\/span><br \/><span><span>Alberto Laiglesia - Global Servicios Culturales (Navarra)<br \/><\/span><\/span>Rebeca Ortega - Colibr\u00ed Comunicaci\u00f3n (La Rioxa)<\/li>\n\n\\n\n\n<li><b>Redes sociales y estratexa online: <\/b>The Office Comunicaci\u00f3n.<\/li>\n\n\\n\n\n<li><b>Dise\u00f1u gr\u00e1ficu:<\/b> MINIM Comunicaci\u00f3n.<\/li>\n\n\\n\n\n<li><b>Ellaboraci\u00f3n de materiales ya imprenta:<br \/><\/b><span><span>LAU Creaciones ya Imprenta de la Diputaci\u00f3n d'Araba<\/span><\/span>.<\/li>\n\n\\n\n\n<li><b>Dise\u00f1o web: <\/b>Diego Seixo.<\/li>\n\n\\n\n\n<li><b><span data-subtree=\\\"aimfl\\\" data-processed=\\\"true\\\" data-copy-service-computed-style=\\\"font-family: &quot;Google Sans&quot;, &quot;Helvetica Neue&quot;, sans-serif; font-size: 16px; font-weight: 400; margin: 0px; text-decoration: none; border-bottom: 0px rgb(10, 10, 10);\\\"><\/span><strong class=\\\"rQesXe MPyX\\\" data-sfc-cp=\\\"\\\" jsaction=\\\"\\\" jscontroller=\\\"tP2kf#s32ZS\\\" data-sfc-root=\\\"ep\\\" jsuid=\\\"xhv9xf_m\\\" data-complete=\\\"true\\\" data-processed=\\\"true\\\" aria-owns=\\\"action-menu-parent-container\\\" data-copy-service-computed-style=\\\"font-family: &quot;Google Sans&quot;, &quot;Helvetica Neue&quot;, sans-serif; font-size: 16px; font-weight: 700; margin: 0px; text-decoration: none; border-bottom: 0px rgb(10, 10, 10);\\\">Cobertura fotogr\u00e1fica ya de v\u00eddeu<\/strong>:<br \/><\/b>Miguel Llambas Fotograf\u00eda<br \/>Ana Mart\u00edn-Estudio La Central<br \/>JPEG Estudio de Fotograf\u00eda.<\/li>\n\n\\n\n\n<li><b>Montaxe y edici\u00f3n de v\u00eddeu:\u00a0<\/b>Miguel Lamas Fotograf\u00eda.<\/li>\n\n\\n\n\n<li><b>Traducciones y asesor\u00eda lling\u00fc\u00edstica:<span class=\\\"Apple-converted-space\\\">\u00a0<br \/><\/span><\/b>Laura Iglesia.<br \/>Interwords.<br \/><span>Santiago Cortegoso.<\/span><\/li>\n\n\\n\n\n<li><b>Comisi\u00f3n permanente de siguimientu del proyectu:<span class=\\\"Apple-converted-space\\\"> <br \/><\/span><\/b>Marta Alonso Tejada y Guillermo Carbajo (Escena Galega).<br \/>Luis Alija y Mayra Fern\u00e1ndez (EscenAsturias).<br \/>Carlos Troyano y Bego\u00f1a Garc\u00eda (ACEPAE).<br \/>Gorka M\u00ednguez e Idoia Ayestaran (Eskena).<br \/>David Lainez y Martxel Rodr\u00edguez (Esna)<br \/>S\u00f3nia Olveira y Bego\u00f1a Gonz\u00e1lez (aescena)<\/li>\n\n\\n\n\n<li><span><strong>Imaxe de la edici\u00f3n:<\/strong> Sergio Llunik.<\/span><\/li>\n\n\\n<\/ul>\n\n\\n\n\n\n\n\",\"margin_bottom\":\"default\",\"margin_top\":\"default\"}}]}]}]},{\"type\":\"section\",\"props\":{\"animation\":\"fade\",\"animation_delay\":\"200\",\"image_position\":\"center-center\",\"overlap\":false,\"padding_bottom\":\"none\",\"padding_top\":\"small\",\"style\":\"default\",\"title_breakpoint\":\"xl\",\"title_position\":\"top-left\",\"title_rotation\":\"left\",\"vertical_align\":\"\",\"width\":\"default\"},\"children\":[{\"type\":\"row\",\"children\":[{\"type\":\"column\",\"props\":{\"image_position\":\"center-center\",\"position_sticky_breakpoint\":\"m\",\"width_medium\":\"1-1\"},\"children\":[{\"name\":\"Comisiones\",\"type\":\"headline\",\"props\":{\"content\":\"\n\n<p>Comisiones de selecci\u00f3n de los espect\u00e1culos del Itinerariu Constelaciones<\/p>\n\n\",\"image_align\":\"left\",\"image_margin\":\"xsmall\",\"title_color\":\"primary\",\"title_element\":\"h1\",\"title_style\":\"h2\"}}]}]}]},{\"name\":\"Asociaciones\",\"type\":\"section\",\"props\":{\"animation\":\"fade\",\"animation_delay\":\"200\",\"image_position\":\"center-center\",\"overlap\":true,\"padding_bottom\":\"none\",\"padding_top\":\"small\",\"style\":\"default\",\"title_breakpoint\":\"s\",\"title_position\":\"center-right\",\"title_rotation\":\"left\",\"vertical_align\":\"\",\"width\":\"default\"},\"children\":[{\"type\":\"row\",\"props\":{\"layout\":\"1-2,1-2\"},\"children\":[{\"type\":\"column\",\"props\":{\"image_position\":\"center-center\",\"position_sticky_breakpoint\":\"m\",\"width_medium\":\"1-2\"},\"children\":[{\"type\":\"panel\",\"props\":{\"content\":\"\n\n<ul>\\n\n\n<li class=\\\"Z1qcYe\\\" data-sfc-cp=\\\"\\\" jsaction=\\\"\\\" jscontroller=\\\"oSLmPe#HokZ0d\\\" data-sfc-root=\\\"ep\\\" jsuid=\\\"hrNx6d_t\\\" data-hveid=\\\"CAAIBhAB\\\" data-complete=\\\"true\\\" data-sae=\\\"\\\" data-copy-service-computed-style=\\\"font-family: &quot;Google Sans&quot;, &quot;Helvetica Neue&quot;, sans-serif; font-size: 16px; font-weight: 400; margin: 0px 0px 12px; text-decoration: none; border-bottom: 0px rgb(10, 10, 10);\\\"><span class=\\\"iNqyIf\\\" data-sfc-cp=\\\"\\\" jsaction=\\\"\\\" jscontroller=\\\"KdQfFc#d5Qebf\\\" data-sfc-root=\\\"ep\\\" jsuid=\\\"hrNx6d_u\\\" data-complete=\\\"true\\\" data-copy-service-computed-style=\\\"font-family: &quot;Google Sans&quot;, &quot;Helvetica Neue&quot;, sans-serif; font-size: 16px; font-weight: 400; margin: 0px; text-decoration: none; border-bottom: 0px rgb(10, 10, 10);\\\"><strong>Santiago S. Nieto Romar\u00eds.<\/strong> Funcionariu de Carrera. T\u00e9cnicu de Cultura del Concello de Outes, A Coru\u00f1a.<\/span><\/li>\n\n\\n\n\n<li class=\\\"Z1qcYe\\\" data-sfc-cp=\\\"\\\" jsaction=\\\"\\\" jscontroller=\\\"oSLmPe#HokZ0d\\\" data-sfc-root=\\\"ep\\\" jsuid=\\\"hrNx6d_v\\\" data-hveid=\\\"CAAIBhAC\\\" data-complete=\\\"true\\\" data-sae=\\\"\\\" data-copy-service-computed-style=\\\"font-family: &quot;Google Sans&quot;, &quot;Helvetica Neue&quot;, sans-serif; font-size: 16px; font-weight: 400; margin: 0px 0px 12px; text-decoration: none; border-bottom: 0px rgb(10, 10, 10);\\\"><span class=\\\"iNqyIf\\\" data-sfc-cp=\\\"\\\" jsaction=\\\"\\\" jscontroller=\\\"KdQfFc#d5Qebf\\\" data-sfc-root=\\\"ep\\\" jsuid=\\\"hrNx6d_w\\\" data-complete=\\\"true\\\" data-copy-service-computed-style=\\\"font-family: &quot;Google Sans&quot;, &quot;Helvetica Neue&quot;, sans-serif; font-size: 16px; font-weight: 400; margin: 0px; text-decoration: none; border-bottom: 0px rgb(10, 10, 10);\\\"><strong>Gustavo del R\u00edo Prieto.<\/strong> Xestor cultural.<\/span><\/li>\n\n\\n\n\n<li class=\\\"Z1qcYe\\\" data-sfc-cp=\\\"\\\" jsaction=\\\"\\\" jscontroller=\\\"oSLmPe#HokZ0d\\\" data-sfc-root=\\\"ep\\\" jsuid=\\\"hrNx6d_x\\\" data-hveid=\\\"CAAIBhAD\\\" data-complete=\\\"true\\\" data-sae=\\\"\\\" data-copy-service-computed-style=\\\"font-family: &quot;Google Sans&quot;, &quot;Helvetica Neue&quot;, sans-serif; font-size: 16px; font-weight: 400; margin: 0px 0px 12px; text-decoration: none; border-bottom: 0px rgb(10, 10, 10);\\\"><span class=\\\"iNqyIf\\\" data-sfc-cp=\\\"\\\" jsaction=\\\"\\\" jscontroller=\\\"KdQfFc#d5Qebf\\\" data-sfc-root=\\\"ep\\\" jsuid=\\\"hrNx6d_y\\\" data-complete=\\\"true\\\" data-copy-service-computed-style=\\\"font-family: &quot;Google Sans&quot;, &quot;Helvetica Neue&quot;, sans-serif; font-size: 16px; font-weight: 400; margin: 0px; text-decoration: none; border-bottom: 0px rgb(10, 10, 10);\\\"><strong>Adolfo Camilo D\u00edaz L\u00f3pez.<\/strong> Xerente de Cultura del Conceyu de Corvera D\u2019Asturies.<\/span><\/li>\n\n\\n\n\n<li class=\\\"Z1qcYe\\\" data-sfc-cp=\\\"\\\" jsaction=\\\"\\\" jscontroller=\\\"oSLmPe#HokZ0d\\\" data-sfc-root=\\\"ep\\\" jsuid=\\\"hrNx6d_z\\\" data-hveid=\\\"CAAIBhAE\\\" data-complete=\\\"true\\\" data-sae=\\\"\\\" data-copy-service-computed-style=\\\"font-family: &quot;Google Sans&quot;, &quot;Helvetica Neue&quot;, sans-serif; font-size: 16px; font-weight: 400; margin: 0px 0px 12px; text-decoration: none; border-bottom: 0px rgb(10, 10, 10);\\\"><span class=\\\"iNqyIf\\\" data-sfc-cp=\\\"\\\" jsaction=\\\"\\\" jscontroller=\\\"KdQfFc#d5Qebf\\\" data-sfc-root=\\\"ep\\\" jsuid=\\\"hrNx6d_10\\\" data-complete=\\\"true\\\" data-copy-service-computed-style=\\\"font-family: &quot;Google Sans&quot;, &quot;Helvetica Neue&quot;, sans-serif; font-size: 16px; font-weight: 400; margin: 0px; text-decoration: none; border-bottom: 0px rgb(10, 10, 10);\\\"><strong>Ver\u00f3nica Rodr\u00edguez Fern\u00e1ndez.<\/strong> Xefa del Departamentu d\u2019Innovaci\u00f3n Cultural de la FMCE y UP del Conceyu de Xix\u00f3n.<\/span><\/li>\n\n\\n\n\n<li class=\\\"Z1qcYe\\\" data-sfc-cp=\\\"\\\" jsaction=\\\"\\\" jscontroller=\\\"oSLmPe#HokZ0d\\\" data-sfc-root=\\\"ep\\\" jsuid=\\\"hrNx6d_11\\\" data-hveid=\\\"CAAIBhAF\\\" data-complete=\\\"true\\\" data-sae=\\\"\\\" data-copy-service-computed-style=\\\"font-family: &quot;Google Sans&quot;, &quot;Helvetica Neue&quot;, sans-serif; font-size: 16px; font-weight: 400; margin: 0px 0px 12px; text-decoration: none; border-bottom: 0px rgb(10, 10, 10);\\\"><span class=\\\"iNqyIf\\\" data-sfc-cp=\\\"\\\" jsaction=\\\"\\\" jscontroller=\\\"KdQfFc#d5Qebf\\\" data-sfc-root=\\\"ep\\\" jsuid=\\\"hrNx6d_12\\\" data-complete=\\\"true\\\" data-copy-service-computed-style=\\\"font-family: &quot;Google Sans&quot;, &quot;Helvetica Neue&quot;, sans-serif; font-size: 16px; font-weight: 400; margin: 0px; text-decoration: none; border-bottom: 0px rgb(10, 10, 10);\\\"><strong>Marta Romero Diego.<\/strong> Xestora y mediadora cultural.<\/span><\/li>\n\n\\n\n\n<li class=\\\"Z1qcYe\\\" data-sfc-cp=\\\"\\\" jsaction=\\\"\\\" jscontroller=\\\"oSLmPe#HokZ0d\\\" data-sfc-root=\\\"ep\\\" jsuid=\\\"hrNx6d_13\\\" data-hveid=\\\"CAAIBhAG\\\" data-complete=\\\"true\\\" data-sae=\\\"\\\" data-copy-service-computed-style=\\\"font-family: &quot;Google Sans&quot;, &quot;Helvetica Neue&quot;, sans-serif; font-size: 16px; font-weight: 400; margin: 0px 0px 12px; text-decoration: none; border-bottom: 0px rgb(10, 10, 10);\\\"><span class=\\\"iNqyIf\\\" data-sfc-cp=\\\"\\\" jsaction=\\\"\\\" jscontroller=\\\"KdQfFc#d5Qebf\\\" data-sfc-root=\\\"ep\\\" jsuid=\\\"hrNx6d_14\\\" data-complete=\\\"true\\\" data-copy-service-computed-style=\\\"font-family: &quot;Google Sans&quot;, &quot;Helvetica Neue&quot;, sans-serif; font-size: 16px; font-weight: 400; margin: 0px; text-decoration: none; border-bottom: 0px rgb(10, 10, 10);\\\"><strong>Isabel Ibarra Arenado.<\/strong> Responsable de Programaci\u00f3n y Producci\u00f3n del Palacio de Festivales de Cantabria.<\/span><\/li>\n\n\\n<\/ul>\n\n\",\"content_column_breakpoint\":\"m\",\"image\":\"\",\"image_align\":\"top\",\"image_box_shadow_bottom\":false,\"image_grid_breakpoint\":\"m\",\"image_grid_width\":\"1-2\",\"image_height\":\"250\",\"image_svg_color\":\"emphasis\",\"link_style\":\"default\",\"link_text\":\"Read more\",\"margin_bottom\":\"default\",\"margin_top\":\"default\",\"meta\":\"Escoy\u00f3 espect\u00e1culos d\u2019Euskadi, Comunid\u00e1 Foral Navarra y La Rioxa.\",\"meta_align\":\"below-title\",\"meta_element\":\"div\",\"meta_style\":\"text-meta\",\"title\":\"Comisi\u00f3n de Galicia, Princip\u00e1u d\u2019Asturies y Cantabria\",\"title_align\":\"top\",\"title_color\":\"success\",\"title_element\":\"h3\",\"title_grid_breakpoint\":\"m\",\"title_grid_width\":\"1-2\",\"title_hover_style\":\"reset\"}}]},{\"type\":\"column\",\"props\":{\"image_position\":\"center-center\",\"position_sticky_breakpoint\":\"m\",\"width_medium\":\"1-2\"},\"children\":[{\"type\":\"panel\",\"props\":{\"content\":\"\n\n<ul>\\n\n\n<li><strong>Nagore Irastorza Artola.<\/strong> Responsable del Departamentu de Cultura del Conceyu de Zarautz.<\/li>\n\n\\n\n\n<li><strong>Pello Mirena Guti\u00e9rrez Salceda.<\/strong> Ex-coordinador d\u2019Estudios y Proyectos de Eskena.<\/li>\n\n\\n\n\n<li><strong>Nerea Garde Iriarte.<\/strong> Coordinadora cultural del Conceyu de Zizur Mayor.<\/li>\n\n\\n\n\n<li><strong>Iker Bengotxea Goya.<\/strong> Xestor del Circuitu Sendaberri de la RTN-NAS.<\/li>\n\n\\n\n\n<li><strong>Gabriel Santos Ruiz.<\/strong> Xefe de Serviciu de Promoci\u00f3n Cultural, Gobiernu de La Rioxa.<\/li>\n\n\\n\n\n<li><strong>Yolanda Mar\u00edn Solano.<\/strong> Directora d\u2019Actividaes Culturales del Conceyu de Logro\u00f1o.<\/li>\n\n\\n<\/ul>\n\n\",\"content_column_breakpoint\":\"m\",\"image\":\"\",\"image_align\":\"top\",\"image_grid_breakpoint\":\"m\",\"image_grid_width\":\"1-2\",\"image_height\":\"250\",\"image_svg_color\":\"emphasis\",\"link_style\":\"default\",\"link_text\":\"Read more\",\"margin_bottom\":\"default\",\"margin_top\":\"default\",\"meta\":\"Escoy\u00f3 espect\u00e1culos de Galicia, Princip\u00e1u d\u2019Asturies y Cantabria.\",\"meta_align\":\"below-title\",\"meta_element\":\"div\",\"meta_style\":\"text-meta\",\"title\":\"Comisi\u00f3n d\u2019Euskadi, Comunid\u00e1 Foral Navarra y La Rioxa\",\"title_align\":\"top\",\"title_element\":\"h3\",\"title_grid_breakpoint\":\"m\",\"title_grid_width\":\"1-2\",\"title_hover_style\":\"reset\"}}]}]}]},{\"name\":\"Asociaciones\",\"type\":\"section\",\"props\":{\"animation\":\"fade\",\"animation_delay\":\"200\",\"image_position\":\"center-center\",\"overlap\":true,\"padding_bottom\":\"small\",\"padding_top\":\"none\",\"style\":\"default\",\"title_breakpoint\":\"s\",\"title_position\":\"center-right\",\"title_rotation\":\"left\",\"vertical_align\":\"\",\"width\":\"small\"},\"children\":[{\"type\":\"row\",\"children\":[{\"type\":\"column\",\"props\":{\"image_position\":\"center-center\",\"position_sticky_breakpoint\":\"m\",\"width_medium\":\"1-1\"},\"children\":[{\"type\":\"text\",\"props\":{\"column_breakpoint\":\"m\",\"content\":\"\n\n<p>Un agradecimientu especial a les Xuntes Directives y toles compa\u00f1\u00edes que formen parte d\u2019Escena Galega, EscenAsturias, Acepae, Eskena, Esna y aescena.<\/p>\n\n\",\"dropcap\":false,\"margin_bottom\":\"default\",\"margin_top\":\"default\",\"text_align\":\"center\",\"text_style\":\"lead\"}}]}]}]}],\"version\":\"5.0.42\"} --><\/p>\n","protected":false},"excerpt":{"rendered":"<p>Qui\u00e9n somos Con 24 a\u00f1os de vida ESCENA GALEGA ye l&#8217;asociaci\u00f3n de referencia del sector profesional en Galicia, angua\u00f1o con 57 compa\u00f1\u00edes acomu\u00f1aes. Somos un colectivu compromet\u00edu cola defensa de [&hellip;]<\/p>\n","protected":false},"author":1,"featured_media":0,"parent":0,"menu_order":0,"comment_status":"closed","ping_status":"open","template":"","meta":{"footnotes":""},"class_list":["post-151","page","type-page","status-publish","hentry"],"yoast_head":"<!-- This site is optimized with the Yoast SEO plugin v28.4 - https:\/\/yoast.com\/product\/yoast-seo-wordpress\/ -->\n<title>Qui\u00e9n somos - Camino Escena Norte<\/title>\n<meta name=\"robots\" content=\"index, follow, max-snippet:-1, max-image-preview:large, max-video-preview:-1\" \/>\n<link rel=\"canonical\" href=\"https:\/\/escenanorte.com\/ast\/quienes-somos\/\" \/>\n<meta property=\"og:locale\" content=\"en_US\" \/>\n<meta property=\"og:type\" content=\"article\" \/>\n<meta property=\"og:title\" content=\"Qui\u00e9n somos - Camino Escena Norte\" \/>\n<meta property=\"og:description\" content=\"Qui\u00e9n somos Con 24 a\u00f1os de vida ESCENA GALEGA ye l&#8217;asociaci\u00f3n de referencia del sector profesional en Galicia, angua\u00f1o con 57 compa\u00f1\u00edes acomu\u00f1aes. Somos un colectivu compromet\u00edu cola defensa de [&hellip;]\" \/>\n<meta property=\"og:url\" content=\"https:\/\/escenanorte.com\/ast\/quienes-somos\/\" \/>\n<meta property=\"og:site_name\" content=\"Camino Escena Norte\" \/>\n<meta property=\"article:publisher\" content=\"https:\/\/www.facebook.com\/escenanorte\" \/>\n<meta property=\"article:modified_time\" content=\"2026-08-26T09:00:57+00:00\" \/>\n<meta property=\"og:image\" content=\"https:\/\/escenanorte.com\/wp-content\/uploads\/2025\/06\/AAFF-CEN-ARTE-50X70-AS.jpg\" \/>\n\t<meta property=\"og:image:width\" content=\"926\" \/>\n\t<meta property=\"og:image:height\" content=\"1280\" \/>\n\t<meta property=\"og:image:type\" content=\"image\/jpeg\" \/>\n<meta name=\"twitter:card\" content=\"summary_large_image\" \/>\n<meta name=\"twitter:label1\" content=\"Est. reading time\" \/>\n\t<meta name=\"twitter:data1\" content=\"5 minutes\" \/>\n<script type=\"application\/ld+json\" class=\"yoast-schema-graph\">{\"@context\":\"https:\\\/\\\/schema.org\",\"@graph\":[{\"@type\":\"WebPage\",\"@id\":\"https:\\\/\\\/escenanorte.com\\\/ast\\\/quienes-somos\\\/\",\"url\":\"https:\\\/\\\/escenanorte.com\\\/ast\\\/quienes-somos\\\/\",\"name\":\"Qui\u00e9n somos - Camino Escena Norte\",\"isPartOf\":{\"@id\":\"https:\\\/\\\/escenanorte.com\\\/ast\\\/#website\"},\"datePublished\":\"2020-08-18T09:18:18+00:00\",\"dateModified\":\"2026-08-26T09:00:57+00:00\",\"breadcrumb\":{\"@id\":\"https:\\\/\\\/escenanorte.com\\\/ast\\\/quienes-somos\\\/#breadcrumb\"},\"inLanguage\":\"ast-ES\",\"potentialAction\":[{\"@type\":\"ReadAction\",\"target\":[\"https:\\\/\\\/escenanorte.com\\\/ast\\\/quienes-somos\\\/\"]}]},{\"@type\":\"BreadcrumbList\",\"@id\":\"https:\\\/\\\/escenanorte.com\\\/ast\\\/quienes-somos\\\/#breadcrumb\",\"itemListElement\":[{\"@type\":\"ListItem\",\"position\":1,\"name\":\"Portada\",\"item\":\"https:\\\/\\\/escenanorte.com\\\/ast\\\/\"},{\"@type\":\"ListItem\",\"position\":2,\"name\":\"Qui\u00e9n somos\"}]},{\"@type\":\"WebSite\",\"@id\":\"https:\\\/\\\/escenanorte.com\\\/ast\\\/#website\",\"url\":\"https:\\\/\\\/escenanorte.com\\\/ast\\\/\",\"name\":\"Camino Escena Norte\",\"description\":\"Escena Norte\",\"publisher\":{\"@id\":\"https:\\\/\\\/escenanorte.com\\\/ast\\\/#organization\"},\"potentialAction\":[{\"@type\":\"SearchAction\",\"target\":{\"@type\":\"EntryPoint\",\"urlTemplate\":\"https:\\\/\\\/escenanorte.com\\\/ast\\\/?s={search_term_string}\"},\"query-input\":{\"@type\":\"PropertyValueSpecification\",\"valueRequired\":true,\"valueName\":\"search_term_string\"}}],\"inLanguage\":\"ast-ES\"},{\"@type\":\"Organization\",\"@id\":\"https:\\\/\\\/escenanorte.com\\\/ast\\\/#organization\",\"name\":\"Camino Escena Norte\",\"url\":\"https:\\\/\\\/escenanorte.com\\\/ast\\\/\",\"logo\":{\"@type\":\"ImageObject\",\"inLanguage\":\"ast-ES\",\"@id\":\"https:\\\/\\\/escenanorte.com\\\/ast\\\/#\\\/schema\\\/logo\\\/image\\\/\",\"url\":\"https:\\\/\\\/escenanorte.com\\\/wp-content\\\/uploads\\\/2025\\\/09\\\/Logo-Escena-Norte-512.png\",\"contentUrl\":\"https:\\\/\\\/escenanorte.com\\\/wp-content\\\/uploads\\\/2025\\\/09\\\/Logo-Escena-Norte-512.png\",\"width\":512,\"height\":512,\"caption\":\"Camino Escena Norte\"},\"image\":{\"@id\":\"https:\\\/\\\/escenanorte.com\\\/ast\\\/#\\\/schema\\\/logo\\\/image\\\/\"},\"sameAs\":[\"https:\\\/\\\/www.facebook.com\\\/escenanorte\",\"https:\\\/\\\/instagram.com\\\/escenanorte\"]}]}<\/script>\n<!-- \/ Yoast SEO plugin. -->","yoast_head_json":{"title":"Qui\u00e9n somos - Camino Escena Norte","robots":{"index":"index","follow":"follow","max-snippet":"max-snippet:-1","max-image-preview":"max-image-preview:large","max-video-preview":"max-video-preview:-1"},"canonical":"https:\/\/escenanorte.com\/ast\/quienes-somos\/","og_locale":"en_US","og_type":"article","og_title":"Qui\u00e9n somos - Camino Escena Norte","og_description":"Qui\u00e9n somos Con 24 a\u00f1os de vida ESCENA GALEGA ye l&#8217;asociaci\u00f3n de referencia del sector profesional en Galicia, angua\u00f1o con 57 compa\u00f1\u00edes acomu\u00f1aes. Somos un colectivu compromet\u00edu cola defensa de [&hellip;]","og_url":"https:\/\/escenanorte.com\/ast\/quienes-somos\/","og_site_name":"Camino Escena Norte","article_publisher":"https:\/\/www.facebook.com\/escenanorte","article_modified_time":"2026-08-26T09:00:57+00:00","og_image":[{"width":926,"height":1280,"url":"https:\/\/escenanorte.com\/wp-content\/uploads\/2025\/06\/AAFF-CEN-ARTE-50X70-AS.jpg","type":"image\/jpeg"}],"twitter_card":"summary_large_image","twitter_misc":{"Est. reading time":"5 minutes"},"schema":{"@context":"https:\/\/schema.org","@graph":[{"@type":"WebPage","@id":"https:\/\/escenanorte.com\/ast\/quienes-somos\/","url":"https:\/\/escenanorte.com\/ast\/quienes-somos\/","name":"Qui\u00e9n somos - Camino Escena Norte","isPartOf":{"@id":"https:\/\/escenanorte.com\/ast\/#website"},"datePublished":"2020-08-18T09:18:18+00:00","dateModified":"2026-08-26T09:00:57+00:00","breadcrumb":{"@id":"https:\/\/escenanorte.com\/ast\/quienes-somos\/#breadcrumb"},"inLanguage":"ast-ES","potentialAction":[{"@type":"ReadAction","target":["https:\/\/escenanorte.com\/ast\/quienes-somos\/"]}]},{"@type":"BreadcrumbList","@id":"https:\/\/escenanorte.com\/ast\/quienes-somos\/#breadcrumb","itemListElement":[{"@type":"ListItem","position":1,"name":"Portada","item":"https:\/\/escenanorte.com\/ast\/"},{"@type":"ListItem","position":2,"name":"Qui\u00e9n somos"}]},{"@type":"WebSite","@id":"https:\/\/escenanorte.com\/ast\/#website","url":"https:\/\/escenanorte.com\/ast\/","name":"Camino Escena Norte","description":"Escena Norte","publisher":{"@id":"https:\/\/escenanorte.com\/ast\/#organization"},"potentialAction":[{"@type":"SearchAction","target":{"@type":"EntryPoint","urlTemplate":"https:\/\/escenanorte.com\/ast\/?s={search_term_string}"},"query-input":{"@type":"PropertyValueSpecification","valueRequired":true,"valueName":"search_term_string"}}],"inLanguage":"ast-ES"},{"@type":"Organization","@id":"https:\/\/escenanorte.com\/ast\/#organization","name":"Camino Escena Norte","url":"https:\/\/escenanorte.com\/ast\/","logo":{"@type":"ImageObject","inLanguage":"ast-ES","@id":"https:\/\/escenanorte.com\/ast\/#\/schema\/logo\/image\/","url":"https:\/\/escenanorte.com\/wp-content\/uploads\/2025\/09\/Logo-Escena-Norte-512.png","contentUrl":"https:\/\/escenanorte.com\/wp-content\/uploads\/2025\/09\/Logo-Escena-Norte-512.png","width":512,"height":512,"caption":"Camino Escena Norte"},"image":{"@id":"https:\/\/escenanorte.com\/ast\/#\/schema\/logo\/image\/"},"sameAs":["https:\/\/www.facebook.com\/escenanorte","https:\/\/instagram.com\/escenanorte"]}]}},"publishpress_future_action":{"enabled":false,"date":"2026-09-13 06:11:39","action":"change-status","newStatus":"draft","terms":[],"taxonomy":"translation_priority","extraData":[]},"publishpress_future_workflow_manual_trigger":{"enabledWorkflows":[]},"_links":{"self":[{"href":"https:\/\/escenanorte.com\/ast\/wp-json\/wp\/v2\/pages\/151","targetHints":{"allow":["GET"]}}],"collection":[{"href":"https:\/\/escenanorte.com\/ast\/wp-json\/wp\/v2\/pages"}],"about":[{"href":"https:\/\/escenanorte.com\/ast\/wp-json\/wp\/v2\/types\/page"}],"author":[{"embeddable":true,"href":"https:\/\/escenanorte.com\/ast\/wp-json\/wp\/v2\/users\/1"}],"replies":[{"embeddable":true,"href":"https:\/\/escenanorte.com\/ast\/wp-json\/wp\/v2\/comments?post=151"}],"version-history":[{"count":83,"href":"https:\/\/escenanorte.com\/ast\/wp-json\/wp\/v2\/pages\/151\/revisions"}],"predecessor-version":[{"id":81893,"href":"https:\/\/escenanorte.com\/ast\/wp-json\/wp\/v2\/pages\/151\/revisions\/81893"}],"wp:attachment":[{"href":"https:\/\/escenanorte.com\/ast\/wp-json\/wp\/v2\/media?parent=151"}],"curies":[{"name":"wp","href":"https:\/\/api.w.org\/{rel}","templated":true}]}}